{"id":24578,"date":"2017-03-08T00:00:00","date_gmt":"2017-03-08T00:00:00","guid":{"rendered":"http:\/\/194.35.43.170\/~aitamenninueva\/articulo\/prevencion-de-las-ulceras-por-presion-en-las-personas-mayores\/"},"modified":"2025-11-01T13:11:36","modified_gmt":"2025-11-01T11:11:36","slug":"prevencion-de-las-ulceras-por-presion-en-las-personas-mayores","status":"publish","type":"articulo","link":"https:\/\/ospitalarioakfundazioaeuskadi.org\/es\/articulo\/prevencion-de-las-ulceras-por-presion-en-las-personas-mayores\/","title":{"rendered":"Prevenci\u00f3n de las \u00falceras por presi\u00f3n en las personas mayores"},"content":{"rendered":"<h2>\u00bfC\u00f3mo prevenir las \u00falceras por presi\u00f3n en personas mayores?<\/h2>\n<p>Revisa la piel a diario, sobre todo en zonas en las que la piel puede quedar comprimida; mant\u00e9n higiene e hidrataci\u00f3n; gestiona la incontinencia; usa colch\u00f3n o cojines antiescaras y <strong>cambia la postura<\/strong> con frecuencia (cama: cada 2 h; silla: cada 1 h). Ante enrojecimiento persistente que no palidece, consulta con un m\u00e9dico.<\/p>\n<p><!-- TABLA DE CONTENIDOS --><\/p>\n<nav class=\"toc\" aria-label=\"Tabla de contenidos\">\n<h2 class=\"toc__title\">Contenido<\/h2>\n<ol class=\"toc__list\">\n<li><a href=\"#que-son-ulceras-presion\">\u00bfQu\u00e9 son las \u00falceras por presi\u00f3n?<\/a><\/li>\n<li><a href=\"#donde-aparecen-ulceras-presion\">\u00bfD\u00f3nde suelen aparecer las \u00falceras por presi\u00f3n en las personas mayores?<\/a>\n<ol>\n<li><a href=\"#posicion-supino\">Posici\u00f3n tumbada boca arriba (dec\u00fabito dorsal)<\/a><\/li>\n<li><a href=\"#posicion-prono\">Posici\u00f3n tumbada boca abajo (dec\u00fabito prono)<\/a><\/li>\n<li><a href=\"#posicion-lateral\">Posici\u00f3n tumbado lateral (dec\u00fabito lateral)<\/a><\/li>\n<li><a href=\"#posicion-sedestacion\">Posici\u00f3n sentado (sedestaci\u00f3n)<\/a><\/li>\n<\/ol>\n<\/li>\n<li><a href=\"#riesgos-ulceras-presion\">\u00bfCu\u00e1les son los riesgos de padecer \u00falceras por presi\u00f3n?<\/a><\/li>\n<li><a href=\"#fases-desarrollo-up\">Fases de desarrollo de \u00falceras por presi\u00f3n<\/a><\/li>\n<li><a href=\"#como-prevenir-lesiones-presion\">\u00bfC\u00f3mo prevenir las lesiones por presi\u00f3n?<\/a>\n<ol>\n<li><a href=\"#cuidado-piel-higiene\">Cuidando la piel de la persona mayor<\/a><\/li>\n<li><a href=\"#movilidad-posicion\">Favoreciendo la movilidad y una posici\u00f3n correcta<\/a><\/li>\n<li><a href=\"#dispositivos-apoyo\">Utilizando dispositivos de apoyo<\/a><\/li>\n<\/ol>\n<\/li>\n<li><a href=\"#como-tratar-up\">\u00bfC\u00f3mo tratar las \u00falceras por presi\u00f3n?<\/a><\/li>\n<li><a href=\"#fuentes\">Fuentes<\/a><\/li>\n<\/ol>\n<\/nav>\n<p>&nbsp;<\/p>\n<h2 id=\"que-son-ulceras-presion\">\u00bfQu\u00e9 son las \u00falceras por presi\u00f3n?<\/h2>\n<p>Las \u00falceras por presi\u00f3n (UPP) son lesiones que aparecen en la piel por la presi\u00f3n o el roce continuado del cuerpo contra materiales diversos. Es posible que aparezcan \u00falceras por presi\u00f3n en personas que pasan mucho tiempo encamadas o sentadas en la misma postura, pero tambi\u00e9n a causa del roce de elementos de diagn\u00f3stico o tratamiento, como sondas, mascarillas, f\u00e9rulas, yesos\u2026<\/p>\n<p>La presi\u00f3n continuada sobre una zona concreta de la piel provoca el aplastamiento de los tejidos y dificulta la circulaci\u00f3n de la sangre por ellos (isquemia), provocando la muerte de las c\u00e9lulas de esos tejidos (necrosis).<\/p>\n<p>Si no se toman las medidas adecuadas, las lesiones pueden llegar a afectar no s\u00f3lo a la piel, sino tambi\u00e9n a los tejidos situados bajo \u00e9sta o incluso al m\u00fasculo o a algunos \u00f3rganos.<\/p>\n<p>Las \u00falceras por presi\u00f3n pueden aparecer en personas de cualquier grupo de edad, pero en las personas mayores hay m\u00e1s probabilidades de sufrirlas debido a que en este grupo se dan con mayor frecuencia problemas a\u00f1adidos que colaboran en su aparici\u00f3n:<\/p>\n<ul>\n<li>Estancia prolongada en cama o en sillones.<\/li>\n<li>Falta de movilidad.<\/li>\n<li>Exceso de humedad a causa de incontinencia urinaria o fecal.<\/li>\n<li>Bajo nivel de percepci\u00f3n de las lesiones por presi\u00f3n a causa de demencias o problemas cognitivos.<\/li>\n<li>Alteraciones de la circulaci\u00f3n.<\/li>\n<li>Piel en mal estado.<\/li>\n<li>Mala higiene.<\/li>\n<li>Desnutrici\u00f3n, deshidrataci\u00f3n, delgadez, obesidad.<\/li>\n<\/ul>\n<h2 id=\"donde-aparecen-ulceras-presion\">\u00bfD\u00f3nde suelen aparecer las \u00falceras por presi\u00f3n en las personas mayores?<\/h2>\n<p>Las \u00falceras aparecen en puntos del cuerpo en los que la piel queda comprimida entre un hueso y un elemento exterior por un periodo largo de tiempo.<\/p>\n<div class=\"nofloat\"><img loading=\"lazy\" decoding=\"async\" class=\" wp-image-9115 size-medium alignright\" style=\"border-radius: 0;\" src=\"https:\/\/www.aita-menni.org\/wp-content\/uploads\/2021\/09\/ulceras-ancianos-de-pie-172x179-1.png\" alt=\"Puntos de aparici\u00f3n de \u00falceras en personas mayores\" width=\"172\" height=\"179\" title=\"\"><\/div>\n<div class=\"470\">\n<h3 id=\"posicion-supino\">Posici\u00f3n tumbada boca arriba (dec\u00fabito dorsal)<\/h3>\n<ul>\n<li>Cabeza<\/li>\n<li>Om\u00f3platos<\/li>\n<li>Codos<\/li>\n<li>Sacro (parte inferior de la columna vertebral)<\/li>\n<li>Talones<\/li>\n<\/ul>\n<h3 id=\"posicion-prono\">Posici\u00f3n tumbada boca abajo (dec\u00fabito prono)<\/h3>\n<ul>\n<li>Frente<\/li>\n<li>Pechos (en mujeres)<\/li>\n<li>Genitales (en hombres)<\/li>\n<li>Rodillas<\/li>\n<li>Dedos de los pies<\/li>\n<\/ul>\n<\/div>\n<div class=\"nofloat\"><img loading=\"lazy\" decoding=\"async\" class=\" wp-image-9117 size-medium alignright\" src=\"https:\/\/www.aita-menni.org\/wp-content\/uploads\/2021\/09\/ulceras-ancianos-lateral-270x141-1.png\" alt=\"Puntos de aparici\u00f3n de \u00falceras en personas mayores\" width=\"270\" height=\"141\" title=\"\"><\/div>\n<div class=\"470\">\n<p>&nbsp;<\/p>\n<h3 id=\"posicion-lateral\">Posici\u00f3n tumbado lateral (dec\u00fabito lateral)<\/h3>\n<ul>\n<li>Orejas<\/li>\n<li>Hombros<\/li>\n<li>Costillas<\/li>\n<li>Caderas<\/li>\n<li>Rodillas<\/li>\n<li>Tobillos<\/li>\n<\/ul>\n<\/div>\n<div class=\"nofloat\"><strong><img loading=\"lazy\" decoding=\"async\" class=\"alignright wp-image-9119 \" src=\"https:\/\/www.aita-menni.org\/wp-content\/uploads\/2021\/09\/ulceras-sentado.png\" alt=\"Puntos de aparici\u00f3n de \u00falceras en personas mayores\" width=\"137\" height=\"251\" title=\"\"><\/strong><\/div>\n<div class=\"470\">\n<p>&nbsp;<\/p>\n<h3 id=\"posicion-sedestacion\">Posici\u00f3n sentado<\/h3>\n<ul>\n<li>Nuca<\/li>\n<li>Om\u00f3platos<\/li>\n<li>Codos<\/li>\n<li>Sacro<\/li>\n<li>Nalgas<\/li>\n<li>Gemelos<\/li>\n<li>Talones<\/li>\n<\/ul>\n<p>&nbsp;<\/p>\n<\/div>\n<h2 id=\"riesgos-ulceras-presion\">\u00bfCu\u00e1les son los riesgos de padecer \u00falceras por presi\u00f3n?<\/h2>\n<ul>\n<li>Dolor producido por la lesi\u00f3n por presi\u00f3n, que puede ser superficial o convertirse en una llaga.<\/li>\n<li>Infecciones.<\/li>\n<li>Anemia.<\/li>\n<\/ul>\n<h2 id=\"fases-desarrollo-up\">Fases de desarrollo de \u00falceras por presi\u00f3n<\/h2>\n<ol>\n<li><strong>Primera fase.<\/strong> Aparece un enrojecimiento en la zona que sufre presi\u00f3n continuada.<\/li>\n<li><strong>Segunda fase.<\/strong> Aparecen ampollas cerradas o abiertas, o \u00falceras abiertas poco profundas (\u201cen carne viva\u201d).<\/li>\n<li><strong>Tercera fase.<\/strong> Ha desaparecido la piel. El tejido graso aparece visible, aunque no el tejido muscular, huesos o tendones.<\/li>\n<li><strong>Cuarta fase.<\/strong> La ulceraci\u00f3n llega hasta el m\u00fasculo, hueso, articulaciones e, incluso algunas cavidades org\u00e1nicas, que aparecen visibles.<\/li>\n<\/ol>\n<h2 id=\"como-prevenir-lesiones-presion\">\u00bfC\u00f3mo prevenir las lesiones por presi\u00f3n?<\/h2>\n<h3 id=\"cuidado-piel-higiene\">Cuidando la piel de la persona mayor<\/h3>\n<ul>\n<li>Inspeccionar toda la piel del cuerpo al menos una vez al d\u00eda.<\/li>\n<li>Limpiar la piel con agua tibia y jab\u00f3n neutro.<\/li>\n<li>Paliar factores ambientales que secan la piel, evitando el fr\u00edo y garantizando una humedad del ambiente superior al 40%.<\/li>\n<li>Hidratar la piel.<\/li>\n<li>Evitar la desnutrici\u00f3n y mantener a la persona bien hidratada,<\/li>\n<li>Si hay incontinencia, usar pa\u00f1ales desechables y cambiarlos con frecuencia.<\/li>\n<li>Fomentar la circulaci\u00f3n de la sangre en la piel masaje\u00e1ndola suavemente tras el lavado.<\/li>\n<li>Evitar los masajes sobre las prominencias \u00f3seas.<\/li>\n<li>Evitar las arrugas en la ropa de cama.<\/li>\n<li>Utilizar t\u00e9cnicas adecuadas de posici\u00f3n y transferencia, evitando fricciones y rozamientos sobre la piel.<\/li>\n<\/ul>\n<h3 id=\"movilidad-posicion\">Favoreciendo la movilidad de la persona mayor y una posici\u00f3n correcta<\/h3>\n<ul>\n<li>Fomentar que se mueva ella misma si puede hacerlo.<\/li>\n<li>Cambiarle de postura cada 2 horas si est\u00e1 en la cama y no puede hacerlo por ella misma.<\/li>\n<li>Cambiarle de postura cada hora si est\u00e1 sentada, levant\u00e1ndola un poco e inclin\u00e1ndola hacia los lados.<\/li>\n<li>Utilizar una butaca con respaldo alto, que d\u00e9 apoyo a la cabeza y a toda la espalda.<\/li>\n<li>Continuar haciendo los cambios posturales aunque la persona mayor utilice colchones o cojines antiescaras.<\/li>\n<\/ul>\n<h3 id=\"dispositivos-apoyo\">Utilizando dispositivos de apoyo que disminuyan la presi\u00f3n sobre la piel<\/h3>\n<ul>\n<li>Colchones y cojines antiescaras (de espuma, de aire, de agua, de gel, de silicona).<\/li>\n<li>Protectores espec\u00edficos: mantas, taloneras, rodilleras, coderas antiescaras.<\/li>\n<\/ul>\n<h2 id=\"como-tratar-up\">\u00bfC\u00f3mo tratar las \u00falceras por presi\u00f3n?<\/h2>\n<p>Ante la aparici\u00f3n de enrojecimientos en la piel en las zonas de presi\u00f3n o lesiones:<\/p>\n<ul>\n<li>Valoraci\u00f3n de las lesiones por personal m\u00e9dico o de Enfermer\u00eda y seguimiento del tratamiento que se establezca.<\/li>\n<li>Mantenimiento de las medidas de prevenci\u00f3n.<\/li>\n<li>Mantenimiento de un buen estado nutricional.<\/li>\n<\/ul>\n<p>&nbsp;<\/p>\n<div style=\"background-color: #ededed; padding: 20px;\">\n<h2 id=\"fuentes\">Fuentes bibliogr\u00e1ficas:<\/h2>\n<p>Garc\u00eda-Fern\u00e1ndez, FP; Soldevilla-\u00c1greda, JJ; Pancorbo-Hidalgo, PL; Verd\u00fa Soriano, J; L\u00f3pez-Casanova, P; Rodr\u00edguez-Palma, M. <em>Prevenci\u00f3n de las \u00falceras por presi\u00f3n.<\/em> Serie Documentos T\u00e9cnicos GNEAUPP n\u00ba I. Grupo Nacional para el Estudio y Asesoramiento en \u00dalceras por Presi\u00f3n y Heridas Cr\u00f3nicas. Logro\u00f1o. 2014.<\/p>\n<p>Arango, C.; Fern\u00e1ndez, O.; Torres, B. (2017). \u00dalceras por presi\u00f3n. En: <em>Tratado de Geriatr\u00eda para Residentes.<\/em> Madrid: Sociedad Espa\u00f1ola de Geriatr\u00eda y Gerontolog\u00eda.<\/p>\n<p><em>Manual de habilidades para cuidadores familiares de personas mayores dependientes.<\/em> Madrid: Sociedad Espa\u00f1ola de Geriatr\u00eda y Gerontolog\u00eda. 2013.<\/p>\n<p>Rodr\u00edguez Torres, M.C.; D\u00edaz Mart\u00ednez, J.M. <em>Herramientas para cuidadores de pacientes con heridas cr\u00f3nicas.<\/em> Serie Documentos de Posicionamiento GNEAUPP n\u00ba 13. Grupo Nacional para el Estudio y Asesoramiento en \u00dalceras por Presi\u00f3n y Heridas Cr\u00f3nicas. Logro\u00f1o. 2016.<\/p>\n<p>Rodr\u00edguez-Palma M.; L\u00f3pez-Casanova P.; Garc\u00eda-Molina P.; Ibars-Moncasi P. <em>Superficies especiales para el manejo de la presi\u00f3n en prevenci\u00f3n y tratamiento de las \u00falceras por presi\u00f3n.<\/em> Serie Documentos T\u00e9cnicos GNEAUPP n\u00ba XIII. Grupo Nacional para el Estudio y Asesoramiento en \u00dalceras por Presi\u00f3n y Heridas Cr\u00f3nicas. Logro\u00f1o. 2011.<\/p>\n<\/div>\n<p>&nbsp;<\/p>\n","protected":false},"excerpt":{"rendered":"<div class=\"entry-summary\">\nLas \u00falceras por presi\u00f3n (UPP) son lesiones que aparecen en la piel por la presi\u00f3n o el roce continuado del cuerpo contra materiales diversos. Es posible que aparezcan \u00falceras por presi\u00f3n en personas que pasan mucho tiempo encamadas o sentadas en la misma postura, una circunstancia habitual en personas mayores dependientes.\n<\/div>\n","protected":false},"featured_media":24585,"menu_order":0,"template":"","format":"standard","categories":[],"tags":[],"linea-asistencial":[980],"class_list":["post-24578","articulo","type-articulo","status-publish","format-standard","has-post-thumbnail","hentry","linea-asistencial-4-persona-mayor","entry"],"_links":{"self":[{"href":"https:\/\/ospitalarioakfundazioaeuskadi.org\/es\/wp-json\/wp\/v2\/articulo\/24578","targetHints":{"allow":["GET"]}}],"collection":[{"href":"https:\/\/ospitalarioakfundazioaeuskadi.org\/es\/wp-json\/wp\/v2\/articulo"}],"about":[{"href":"https:\/\/ospitalarioakfundazioaeuskadi.org\/es\/wp-json\/wp\/v2\/types\/articulo"}],"wp:featuredmedia":[{"embeddable":true,"href":"https:\/\/ospitalarioakfundazioaeuskadi.org\/es\/wp-json\/wp\/v2\/media\/24585"}],"wp:attachment":[{"href":"https:\/\/ospitalarioakfundazioaeuskadi.org\/es\/wp-json\/wp\/v2\/media?parent=24578"}],"wp:term":[{"taxonomy":"category","embeddable":true,"href":"https:\/\/ospitalarioakfundazioaeuskadi.org\/es\/wp-json\/wp\/v2\/categories?post=24578"},{"taxonomy":"post_tag","embeddable":true,"href":"https:\/\/ospitalarioakfundazioaeuskadi.org\/es\/wp-json\/wp\/v2\/tags?post=24578"},{"taxonomy":"linea-asistencial","embeddable":true,"href":"https:\/\/ospitalarioakfundazioaeuskadi.org\/es\/wp-json\/wp\/v2\/linea-asistencial?post=24578"}],"curies":[{"name":"wp","href":"https:\/\/api.w.org\/{rel}","templated":true}]}}