{"id":24522,"date":"2021-09-25T18:06:52","date_gmt":"2021-09-25T18:06:52","guid":{"rendered":"http:\/\/194.35.43.170\/~aitamenninueva\/?page_id=24522"},"modified":"2025-01-08T01:57:54","modified_gmt":"2025-01-08T01:57:54","slug":"solidaridad","status":"publish","type":"page","link":"https:\/\/ospitalarioakfundazioaeuskadi.org\/es\/hospitalidad\/solidaridad\/","title":{"rendered":"Solidaridad"},"content":{"rendered":"<div class=\"wpb-content-wrapper\"><p>[vc_row][vc_column width=\u00bb1\/2&#8243; el_class=\u00bbvc_col-sm-push-6&#8243;][vc_single_image image=\u00bb41859&#8243; img_size=\u00bblarge\u00bb][\/vc_column][vc_column width=\u00bb1\/2&#8243; el_class=\u00bbvc_col-sm-pull-6&#8243;][vc_column_text el_class=\u00bbalter-1&#8243;]<\/p>\n<h1>Solidaridad<\/h1>\n<p>Nuestros proyectos sociales son\u00a0<b>iniciativas solidarias que responden a inquietudes de gran valor humano<\/b>. Las personas y entidades que los sustentan se vinculan a proyectos de car\u00e1cter social y asistencial cuyo objetivo es mejorar la calidad de vida de quienes viven con enfermedad mental, dependencia o discapacidad, o de quienes padecen necesidades.<\/p>\n<p>Con ilusi\u00f3n y compromiso, trabajamos para dar cobertura a las necesidades de distintos colectivos.[\/vc_column_text][\/vc_column][\/vc_row][vc_row css=\u00bb.vc_custom_1650533032882{margin-top: 60px !important;margin-bottom: 20px !important;}\u00bb][vc_column][vc_column_text el_class=\u00bbray-m-b-3&#8243;]<\/p>\n<h2>Cooperaci\u00f3n internacional al desarrollo<\/h2>\n<p>[\/vc_column_text][\/vc_column][\/vc_row][vc_row gap=\u00bb35&#8243;][vc_column width=\u00bb1\/2&#8243;][vc_column_text css=\u00bb\u00bb]<strong><a href=\"https:\/\/www.hospitalarias.org\" rel=\"nofollow noopener\" target=\"_blank\">Hermanas Hospitalarias<\/a> es una instituci\u00f3n con car\u00e1cter internacional, con presencias y proyectos en pa\u00edses desfavorecidos o con necesidades apremiantes.<\/strong>\u00a0Por ello contamos con un Servicio de Solidaridad y Cooperaci\u00f3n Internacional, el cual se coordina desde el Gobierno general ubicado en Roma (Italia).<\/p>\n<p>Tambi\u00e9n disponemos de la <strong><a href=\"https:\/\/www.fbmenni.org\/\" target=\"_blank\" rel=\"noreferrer noopener nofollow\" aria-label=\"Fundaci\u00f3n Benito Menni (se abre en una nueva pesta\u00f1a)\">Fundaci\u00f3n Benito Menni<\/a><\/strong>, ONG de la Congregaci\u00f3n, que lleva a cabo diferentes proyectos en el campo de la cooperaci\u00f3n al desarrollo en \u00c1frica, Am\u00e9rica Latina y Asia. <strong>Este servicio tiene como finalidad favorecer la solidaridad y la transformaci\u00f3n social<\/strong>, no permaneciendo indiferentes ante los problemas de los dem\u00e1s e invitando a la propia responsabilidad.<\/p>\n<p>Adem\u00e1s, <strong>Ospitalarioak Fundazioa Euskadi<\/strong> mantiene un acuerdo de hermanamiento con el centro de salud <a href=\"https:\/\/www.sistershospitallers.org\/centres\/benedict-menni-rehabilitation-centre\/\" rel=\"nofollow noopener\" target=\"_blank\">Saint Benedict Menni Health Center<\/a> de Monrovia, en Liberia, uno de los pa\u00edses m\u00e1s empobrecidos del mundo, gracias al cual impulsamos directamente la iniciativa <strong><a href=\"https:\/\/www.wearelikeyou.org\" rel=\"nofollow noopener\" target=\"_blank\">We Are Like You<\/a><\/strong>, un proyecto nacido en 2014 y plasmado en una <strong>Unidad de Salud Mental<\/strong> que atiende a mujeres con enfermedad mental y discapacidad intelectual, a menudo repudiadas por sus familias y comunidades a causa del desconocimiento y el temor que a\u00fan existe hacia la enfermedad mental en muchos pa\u00edses de \u00c1frica.[\/vc_column_text][\/vc_column][vc_column width=\u00bb1\/2&#8243;][vc_column_text css=\u00bb\u00bb]El proyecto contempla acciones de creaci\u00f3n y renovaci\u00f3n de estructuras para incorporar al Benedict Menni Center <strong>consultas externas especializadas<\/strong> en des\u00f3rdenes mentales y una <strong>unidad de convalecencia<\/strong>, as\u00ed como acciones de <strong>formaci\u00f3n de equipos sanitarios locales<\/strong> en el cuidado de pacientes con enfermedad mental.<\/p>\n<p>El proyecto sigue las l\u00edneas de las pol\u00edticas de salud mental impulsadas desde el <strong>Ministerio de Salud y Bienestar Social de Liberia<\/strong> y las acciones puestas en marcha en el <strong>Grant Mental Hospital<\/strong>, con quienes los impulsores del proyecto colaboramos estrechamente.<\/p>\n<p>M\u00e1s informaci\u00f3n sobre la iniciativa <strong>We Are Like You<\/strong>:<\/p>\n<p><a href=\"https:\/\/www.wearelikeyou.org\" rel=\"nofollow noopener\" target=\"_blank\"><strong><img loading=\"lazy\" decoding=\"async\" class=\"alignnone wp-image-27316 size-full\" title=\"Logo de We Are Like You\" src=\"https:\/\/www.ospitalarioakfundazioaeuskadi.org\/wp-content\/uploads\/2021\/09\/wearelikeyou_h-530x171x100-1.jpg\" alt=\"Logo de We Are Like You\" width=\"529\" height=\"171\" srcset=\"https:\/\/ospitalarioakfundazioaeuskadi.org\/wp-content\/uploads\/2021\/09\/wearelikeyou_h-530x171x100-1.jpg 529w, https:\/\/ospitalarioakfundazioaeuskadi.org\/wp-content\/uploads\/2021\/09\/wearelikeyou_h-530x171x100-1-300x97.jpg 300w\" sizes=\"auto, (max-width: 529px) 100vw, 529px\" \/><\/strong><\/a><\/p>\n<p><strong>Ospitalarioak Fundazioa Euskadi<\/strong>, adem\u00e1s, gestiona tambi\u00e9n <strong>apadrinamientos<\/strong> de menores del entorno del centro, a quienes se pagan los estudios.[\/vc_column_text][\/vc_column][\/vc_row][vc_row css=\u00bb.vc_custom_1650533004180{margin-top: 60px !important;}\u00bb][vc_column][vc_column_text el_class=\u00bbray-m-b-3&#8243;]<\/p>\n<h2>Otras acciones solidarias<\/h2>\n<p>[\/vc_column_text][\/vc_column][\/vc_row][vc_row gap=\u00bb35&#8243; css=\u00bb.vc_custom_1660727732284{margin-bottom: 60px !important;}\u00bb][vc_column width=\u00bb1\/2&#8243;][vc_column_text css=\u00bb\u00bb]Contamos con un grupo de trabajo dedicado a proyectos de solidaridad que organiza actividades de sensibilizaci\u00f3n en nuestros centros y colabora con las campa\u00f1as de diversas ONGs y entidades solidarias.[\/vc_column_text][\/vc_column][vc_column width=\u00bb1\/2&#8243;][vc_column_text]<strong>C\u00e1ritas<\/strong>, <strong>Cruz Roja, Unicef, Manos Unidas<\/strong> o los <strong>Bancos de Alimento<\/strong>s de Bizkaia y Gipuzkoa son algunas de las entidades con las que tenemos un contacto y una colaboraci\u00f3n frecuentes.<\/p>\n<p>Apoyamos tambi\u00e9n a otras entidades que trabajan en el \u00e1mbito del <strong>comercio justo<\/strong>, la <strong>migraci\u00f3n<\/strong> y las <strong>personas refugiadas<\/strong>, y otros colectivos desfavorecidos.[\/vc_column_text][\/vc_column][\/vc_row][vc_row full_width=\u00bbstretch_row\u00bb el_class=\u00bbnot\u00bb][vc_column][vc_column_text]\n\n\n<div id=\"wpv-view-layout-40875-CATTR3aacc231c13976481b268b9ffbccdf7d\" class=\"js-wpv-view-layout js-wpv-layout-responsive js-wpv-view-layout-40875-CATTR3aacc231c13976481b268b9ffbccdf7d\" data-viewnumber=\"40875-CATTR3aacc231c13976481b268b9ffbccdf7d\" data-pagination=\"{&quot;id&quot;:40875,&quot;query&quot;:&quot;normal&quot;,&quot;type&quot;:&quot;disabled&quot;,&quot;effect&quot;:&quot;slideh&quot;,&quot;duration&quot;:350,&quot;speed&quot;:5,&quot;pause_on_hover&quot;:&quot;enabled&quot;,&quot;stop_rollover&quot;:&quot;false&quot;,&quot;cache_pages&quot;:&quot;enabled&quot;,&quot;preload_images&quot;:&quot;enabled&quot;,&quot;preload_pages&quot;:&quot;enabled&quot;,&quot;preload_reach&quot;:1,&quot;spinner&quot;:&quot;disabled&quot;,&quot;spinner_image&quot;:&quot;https:\/\/www.aita-menni.org\/wp-content\/plugins\/toolset-blocks\/embedded\/res\/img\/ajax-loader2.svg&quot;,&quot;callback_next&quot;:&quot;&quot;,&quot;manage_history&quot;:&quot;disabled&quot;,&quot;has_controls_in_form&quot;:&quot;disabled&quot;,&quot;infinite_tolerance&quot;:100,&quot;max_pages&quot;:1,&quot;page&quot;:1,&quot;base_permalink&quot;:&quot;\/es\/wp-json\/wp\/v2\/pages\/24522?wpv_view_count=40875-CATTR3aacc231c13976481b268b9ffbccdf7d&amp;wpv_paged=WPV_PAGE_NUM&quot;,&quot;loop&quot;:{&quot;type&quot;:&quot;&quot;,&quot;name&quot;:&quot;&quot;,&quot;data&quot;:[],&quot;id&quot;:0}}\" data-permalink=\"\/es\/wp-json\/wp\/v2\/pages\/24522?wpv_view_count=40875-CATTR3aacc231c13976481b268b9ffbccdf7d\">\n\n\t\n<h2 style=\"text-align:center;\">Actualidad<\/h2>\n<div class=\"sli\">\n\n\t\n\t\t<div class=\"diapo\"><div style=\"margin-bottom:0px;padding-bottom:20px;\">\n<article>\n<figure><a href=\"https:\/\/ospitalarioakfundazioaeuskadi.org\/es\/recogida-ayudas-tecnicas-bizkaia\/\"><img loading=\"lazy\" decoding=\"async\" width=\"425\" height=\"213\" src=\"https:\/\/ospitalarioakfundazioaeuskadi.org\/wp-content\/uploads\/2025\/11\/recogida-ayudas-tecnicas-2-425x213.jpg\" class=\"attachment-medium size-medium cropar wp-post-image\" alt=\"Dos mujeres y uun hombre, delante de una pantalla con logotipos\" srcset=\"https:\/\/ospitalarioakfundazioaeuskadi.org\/wp-content\/uploads\/2025\/11\/recogida-ayudas-tecnicas-2-425x213.jpg 425w, https:\/\/ospitalarioakfundazioaeuskadi.org\/wp-content\/uploads\/2025\/11\/recogida-ayudas-tecnicas-2-768x384.jpg 768w, https:\/\/ospitalarioakfundazioaeuskadi.org\/wp-content\/uploads\/2025\/11\/recogida-ayudas-tecnicas-2.jpg 850w\" sizes=\"auto, (max-width: 425px) 100vw, 425px\" title=\"\"><\/a><\/figure>\n<p><time>20 de noviembre de 2025<\/time><\/p>\n<h3 class=\"morado\"><a href=\"https:\/\/ospitalarioakfundazioaeuskadi.org\/es\/recogida-ayudas-tecnicas-bizkaia\/\">Colaboramos de nuevo en la recogida de ayudas t\u00e9cnicas en Bizkaia<\/a><\/h3>\n<\/article>\n<\/div>\n<\/div>\n\t\n\t\t<div class=\"diapo\"><div style=\"margin-bottom:0px;padding-bottom:20px;\">\n<article>\n<figure><a href=\"https:\/\/ospitalarioakfundazioaeuskadi.org\/es\/banco-alimentos-bizkaia-gran-recogida-2025\/\"><img loading=\"lazy\" decoding=\"async\" width=\"319\" height=\"425\" src=\"https:\/\/ospitalarioakfundazioaeuskadi.org\/wp-content\/uploads\/2025\/11\/20251107-txurdinaganarri-recogida-alimentos-7-319x425.jpg\" class=\"attachment-medium size-medium cropar wp-post-image\" alt=\"Una mujer mayor con un chaleco de voluntaria coloca alimentos en una caja\" srcset=\"https:\/\/ospitalarioakfundazioaeuskadi.org\/wp-content\/uploads\/2025\/11\/20251107-txurdinaganarri-recogida-alimentos-7-319x425.jpg 319w, https:\/\/ospitalarioakfundazioaeuskadi.org\/wp-content\/uploads\/2025\/11\/20251107-txurdinaganarri-recogida-alimentos-7.jpg 638w\" sizes=\"auto, (max-width: 319px) 100vw, 319px\" title=\"\"><\/a><\/figure>\n<p><time>13 de noviembre de 2025<\/time><\/p>\n<h3 class=\"morado\"><a href=\"https:\/\/ospitalarioakfundazioaeuskadi.org\/es\/banco-alimentos-bizkaia-gran-recogida-2025\/\">En la Gran Recogida del Banco de Alimentos de Bizkaia<\/a><\/h3>\n<\/article>\n<\/div>\n<\/div>\n\t\n\t\t<div class=\"diapo\"><div style=\"margin-bottom:0px;padding-bottom:20px;\">\n<article>\n<figure><a href=\"https:\/\/ospitalarioakfundazioaeuskadi.org\/es\/mensajeros-por-la-paz-proyecto-solidario-liberia\/\"><img loading=\"lazy\" decoding=\"async\" width=\"349\" height=\"425\" src=\"https:\/\/ospitalarioakfundazioaeuskadi.org\/wp-content\/uploads\/2025\/04\/20250402-egoitz-padre-angel-349x425.jpg\" class=\"attachment-medium size-medium cropar wp-post-image\" alt=\"Egoitz Zabala y el Padre \u00c1ngel\" srcset=\"https:\/\/ospitalarioakfundazioaeuskadi.org\/wp-content\/uploads\/2025\/04\/20250402-egoitz-padre-angel-349x425.jpg 349w, https:\/\/ospitalarioakfundazioaeuskadi.org\/wp-content\/uploads\/2025\/04\/20250402-egoitz-padre-angel.jpg 697w\" sizes=\"auto, (max-width: 349px) 100vw, 349px\" title=\"\"><\/a><\/figure>\n<p><time>4 de abril de 2025<\/time><\/p>\n<h3 class=\"morado\"><a href=\"https:\/\/ospitalarioakfundazioaeuskadi.org\/es\/mensajeros-por-la-paz-proyecto-solidario-liberia\/\">Reconocimiento a Mensajeros por la Paz por su apoyo a nuestro proyecto solidario en Liberia<\/a><\/h3>\n<\/article>\n<\/div>\n<\/div>\n\t\n\t\t<div class=\"diapo\"><div style=\"margin-bottom:0px;padding-bottom:20px;\">\n<article>\n<figure><a href=\"https:\/\/ospitalarioakfundazioaeuskadi.org\/es\/campana-solidaria-caritas-valencia-dana\/\"><img loading=\"lazy\" decoding=\"async\" width=\"425\" height=\"239\" src=\"https:\/\/ospitalarioakfundazioaeuskadi.org\/wp-content\/uploads\/2024\/10\/Campana_solidaria_DANA-425x239.jpg\" class=\"attachment-medium size-medium cropar wp-post-image\" alt=\"\" srcset=\"https:\/\/ospitalarioakfundazioaeuskadi.org\/wp-content\/uploads\/2024\/10\/Campana_solidaria_DANA-425x239.jpg 425w, https:\/\/ospitalarioakfundazioaeuskadi.org\/wp-content\/uploads\/2024\/10\/Campana_solidaria_DANA-768x432.jpg 768w, https:\/\/ospitalarioakfundazioaeuskadi.org\/wp-content\/uploads\/2024\/10\/Campana_solidaria_DANA.jpg 850w\" sizes=\"auto, (max-width: 425px) 100vw, 425px\" title=\"\"><\/a><\/figure>\n<p><time>31 de octubre de 2024<\/time><\/p>\n<h3 class=\"morado\"><a href=\"https:\/\/ospitalarioakfundazioaeuskadi.org\/es\/campana-solidaria-caritas-valencia-dana\/\">Campa\u00f1a solidaria de Hermanas Hospitalarias con las personas afectadas por la DANA<\/a><\/h3>\n<\/article>\n<\/div>\n<\/div>\n\t\n\t\t<div class=\"diapo\"><div style=\"margin-bottom:0px;padding-bottom:20px;\">\n<article>\n<figure><a href=\"https:\/\/ospitalarioakfundazioaeuskadi.org\/es\/reunion-equipo-unidad-salud-mental-liberia\/\"><img loading=\"lazy\" decoding=\"async\" width=\"425\" height=\"319\" src=\"https:\/\/ospitalarioakfundazioaeuskadi.org\/wp-content\/uploads\/2024\/09\/20240917-reunion-liberia-425x319.jpg\" class=\"attachment-medium size-medium cropar wp-post-image\" alt=\"De izquierda a derecha, Mikel Tellaeche, Cecilia \u00c1lvarez, Cristina Bressel, Enrique Gonz\u00e1lez, Macarena Aspiunza y Egoitz Zabala.\" srcset=\"https:\/\/ospitalarioakfundazioaeuskadi.org\/wp-content\/uploads\/2024\/09\/20240917-reunion-liberia-425x319.jpg 425w, https:\/\/ospitalarioakfundazioaeuskadi.org\/wp-content\/uploads\/2024\/09\/20240917-reunion-liberia-768x576.jpg 768w, https:\/\/ospitalarioakfundazioaeuskadi.org\/wp-content\/uploads\/2024\/09\/20240917-reunion-liberia.jpg 850w\" sizes=\"auto, (max-width: 425px) 100vw, 425px\" title=\"\"><\/a><\/figure>\n<p><time>18 de septiembre de 2024<\/time><\/p>\n<h3 class=\"morado\"><a href=\"https:\/\/ospitalarioakfundazioaeuskadi.org\/es\/reunion-equipo-unidad-salud-mental-liberia\/\">Reuni\u00f3n del equipo asistencial de apoyo a la Unidad de Salud Mental de Liberia<\/a><\/h3>\n<\/article>\n<\/div>\n<\/div>\n\t\n\t\t<div class=\"diapo\"><div style=\"margin-bottom:0px;padding-bottom:20px;\">\n<article>\n<figure><a href=\"https:\/\/ospitalarioakfundazioaeuskadi.org\/es\/residencia-txurdinagabarri-banco-alimentos-mercadillo\/\"><img loading=\"lazy\" decoding=\"async\" width=\"265\" height=\"425\" src=\"https:\/\/ospitalarioakfundazioaeuskadi.org\/wp-content\/uploads\/2024\/04\/20240417-residencia-txurdinagabarri-banco-alimentos-4-265x425.jpg\" class=\"attachment-medium size-medium cropar wp-post-image\" alt=\"Una monitora y una residente, junto a la representante del Banco de Alimentos de Bizkaia\" srcset=\"https:\/\/ospitalarioakfundazioaeuskadi.org\/wp-content\/uploads\/2024\/04\/20240417-residencia-txurdinagabarri-banco-alimentos-4-265x425.jpg 265w, https:\/\/ospitalarioakfundazioaeuskadi.org\/wp-content\/uploads\/2024\/04\/20240417-residencia-txurdinagabarri-banco-alimentos-4.jpg 529w\" sizes=\"auto, (max-width: 265px) 100vw, 265px\" title=\"\"><\/a><\/figure>\n<p><time>22 de abril de 2024<\/time><\/p>\n<h3 class=\"morado\"><a href=\"https:\/\/ospitalarioakfundazioaeuskadi.org\/es\/residencia-txurdinagabarri-banco-alimentos-mercadillo\/\">Entregamos al Banco de Alimentos de Bizkaia la recaudaci\u00f3n del mercadillo solidario<\/a><\/h3>\n<\/article>\n<\/div>\n<\/div>\n\t\n\t\t<div class=\"diapo\"><div style=\"margin-bottom:0px;padding-bottom:20px;\">\n<article>\n<figure><a href=\"https:\/\/ospitalarioakfundazioaeuskadi.org\/es\/banco-alimentos-voluntariado-txurdinagabarri\/\"><img loading=\"lazy\" decoding=\"async\" width=\"319\" height=\"425\" src=\"https:\/\/ospitalarioakfundazioaeuskadi.org\/wp-content\/uploads\/2023\/12\/20231124-residencia-txurdinagabarri-alimentos-3-319x425.jpg\" class=\"attachment-medium size-medium cropar wp-post-image\" alt=\"Una caja con productos de alimentaci\u00f3n\" srcset=\"https:\/\/ospitalarioakfundazioaeuskadi.org\/wp-content\/uploads\/2023\/12\/20231124-residencia-txurdinagabarri-alimentos-3-319x425.jpg 319w, https:\/\/ospitalarioakfundazioaeuskadi.org\/wp-content\/uploads\/2023\/12\/20231124-residencia-txurdinagabarri-alimentos-3.jpg 638w\" sizes=\"auto, (max-width: 319px) 100vw, 319px\" title=\"\"><\/a><\/figure>\n<p><time>2 de diciembre de 2023<\/time><\/p>\n<h3 class=\"morado\"><a href=\"https:\/\/ospitalarioakfundazioaeuskadi.org\/es\/banco-alimentos-voluntariado-txurdinagabarri\/\">Volvemos a colaborar con el Banco de Alimentos<\/a><\/h3>\n<\/article>\n<\/div>\n<\/div>\n\t\n\t\t<div class=\"diapo\"><div style=\"margin-bottom:0px;padding-bottom:20px;\">\n<article>\n<figure><a href=\"https:\/\/ospitalarioakfundazioaeuskadi.org\/es\/campana-recogida-ayudas-tecnicas-2023\/\"><img loading=\"lazy\" decoding=\"async\" width=\"425\" height=\"319\" src=\"https:\/\/ospitalarioakfundazioaeuskadi.org\/wp-content\/uploads\/2023\/11\/recogida-ayudas-tecnicas-bizkaia-2023-425x319.jpg\" class=\"attachment-medium size-medium cropar wp-post-image\" alt=\"Un grupo amplio de personas posa en una sala con carteles de la camapa\u00f1 de recogida de ayudas t\u00e9cnicas de Bizkaia\" srcset=\"https:\/\/ospitalarioakfundazioaeuskadi.org\/wp-content\/uploads\/2023\/11\/recogida-ayudas-tecnicas-bizkaia-2023-425x319.jpg 425w, https:\/\/ospitalarioakfundazioaeuskadi.org\/wp-content\/uploads\/2023\/11\/recogida-ayudas-tecnicas-bizkaia-2023-768x576.jpg 768w, https:\/\/ospitalarioakfundazioaeuskadi.org\/wp-content\/uploads\/2023\/11\/recogida-ayudas-tecnicas-bizkaia-2023.jpg 850w\" sizes=\"auto, (max-width: 425px) 100vw, 425px\" title=\"\"><\/a><\/figure>\n<p><time>27 de noviembre de 2023<\/time><\/p>\n<h3 class=\"morado\"><a href=\"https:\/\/ospitalarioakfundazioaeuskadi.org\/es\/campana-recogida-ayudas-tecnicas-2023\/\">Recogemos ayudas t\u00e9cnicas en la IV Campa\u00f1a de Donaci\u00f3n de Bizkaia<\/a><\/h3>\n<\/article>\n<\/div>\n<\/div>\n\t\n\t\t<div class=\"diapo\"><div style=\"margin-bottom:0px;padding-bottom:20px;\">\n<article>\n<figure><a href=\"https:\/\/ospitalarioakfundazioaeuskadi.org\/es\/estropatada-enfermedades-neurodegenerativas\/\"><img loading=\"lazy\" decoding=\"async\" width=\"319\" height=\"425\" src=\"https:\/\/ospitalarioakfundazioaeuskadi.org\/wp-content\/uploads\/2023\/11\/20231114-txurdinagabarri-estropatada-11-319x425.jpg\" class=\"attachment-medium size-medium cropar wp-post-image\" alt=\"Tres patos peque\u00f1os de goma de color amarillo\" srcset=\"https:\/\/ospitalarioakfundazioaeuskadi.org\/wp-content\/uploads\/2023\/11\/20231114-txurdinagabarri-estropatada-11-319x425.jpg 319w, https:\/\/ospitalarioakfundazioaeuskadi.org\/wp-content\/uploads\/2023\/11\/20231114-txurdinagabarri-estropatada-11.jpg 638w\" sizes=\"auto, (max-width: 319px) 100vw, 319px\" title=\"\"><\/a><\/figure>\n<p><time>17 de noviembre de 2023<\/time><\/p>\n<h3 class=\"morado\"><a href=\"https:\/\/ospitalarioakfundazioaeuskadi.org\/es\/estropatada-enfermedades-neurodegenerativas\/\">Participamos en la Estropatada contra las enfermedades neurodegenerativas<\/a><\/h3>\n<\/article>\n<\/div>\n<\/div>\n\t\n\t\t<div class=\"diapo\"><div style=\"margin-bottom:0px;padding-bottom:20px;\">\n<article>\n<figure><a href=\"https:\/\/ospitalarioakfundazioaeuskadi.org\/es\/hermanas-hospitalarias-congreso-nacional-voluntariado\/\"><img loading=\"lazy\" decoding=\"async\" width=\"425\" height=\"319\" src=\"https:\/\/ospitalarioakfundazioaeuskadi.org\/wp-content\/uploads\/2023\/10\/III-Congreso-Nacional-de-Voluntariado-425x319.jpg\" class=\"attachment-medium size-medium cropar wp-post-image\" alt=\"El grupo de personas voluntarias de Hermanas Hospitalarias Aita Menni asistente al Congreso.\" srcset=\"https:\/\/ospitalarioakfundazioaeuskadi.org\/wp-content\/uploads\/2023\/10\/III-Congreso-Nacional-de-Voluntariado-425x319.jpg 425w, https:\/\/ospitalarioakfundazioaeuskadi.org\/wp-content\/uploads\/2023\/10\/III-Congreso-Nacional-de-Voluntariado-768x576.jpg 768w, https:\/\/ospitalarioakfundazioaeuskadi.org\/wp-content\/uploads\/2023\/10\/III-Congreso-Nacional-de-Voluntariado.jpg 850w\" sizes=\"auto, (max-width: 425px) 100vw, 425px\" title=\"\"><\/a><\/figure>\n<p><time>3 de octubre de 2023<\/time><\/p>\n<h3 class=\"morado\"><a href=\"https:\/\/ospitalarioakfundazioaeuskadi.org\/es\/hermanas-hospitalarias-congreso-nacional-voluntariado\/\">Volvemos del III Congreso Nacional de Voluntariado con el coraz\u00f3n lleno<\/a><\/h3>\n<\/article>\n<\/div>\n<\/div>\n\t\n\t\t<div class=\"diapo\"><div style=\"margin-bottom:0px;padding-bottom:20px;\">\n<article>\n<figure><a href=\"https:\/\/ospitalarioakfundazioaeuskadi.org\/es\/campana-solidaria-hermanas-hospitalarias-marruecos-libia\/\"><img loading=\"lazy\" decoding=\"async\" width=\"425\" height=\"425\" src=\"https:\/\/ospitalarioakfundazioaeuskadi.org\/wp-content\/uploads\/2023\/09\/solidaridad-marruecos-libia-425x425.jpg\" class=\"attachment-medium size-medium cropar wp-post-image\" alt=\"Cartel de la campa\u00f1a solidaria con Marruecos y Libia\" srcset=\"https:\/\/ospitalarioakfundazioaeuskadi.org\/wp-content\/uploads\/2023\/09\/solidaridad-marruecos-libia-425x425.jpg 425w, https:\/\/ospitalarioakfundazioaeuskadi.org\/wp-content\/uploads\/2023\/09\/solidaridad-marruecos-libia-200x200.jpg 200w, https:\/\/ospitalarioakfundazioaeuskadi.org\/wp-content\/uploads\/2023\/09\/solidaridad-marruecos-libia-768x768.jpg 768w, https:\/\/ospitalarioakfundazioaeuskadi.org\/wp-content\/uploads\/2023\/09\/solidaridad-marruecos-libia.jpg 850w\" sizes=\"auto, (max-width: 425px) 100vw, 425px\" title=\"\"><\/a><\/figure>\n<p><time>15 de septiembre de 2023<\/time><\/p>\n<h3 class=\"morado\"><a href=\"https:\/\/ospitalarioakfundazioaeuskadi.org\/es\/campana-solidaria-hermanas-hospitalarias-marruecos-libia\/\">Campa\u00f1a solidaria de Hermanas Hospitalarias con Marruecos y Libia<\/a><\/h3>\n<\/article>\n<\/div>\n<\/div>\n\t\n\t\t<div class=\"diapo\"><div style=\"margin-bottom:0px;padding-bottom:20px;\">\n<article>\n<figure><a href=\"https:\/\/ospitalarioakfundazioaeuskadi.org\/es\/sor-inca-gonzalez-premio-anesvad-heallth\/\"><img loading=\"lazy\" decoding=\"async\" width=\"425\" height=\"284\" src=\"https:\/\/ospitalarioakfundazioaeuskadi.org\/wp-content\/uploads\/2023\/05\/20230509-anesvad-inca-gonzalez-1-425x284.jpg\" class=\"attachment-medium size-medium cropar wp-post-image\" alt=\"Sor Encarnaci\u00f3n Gonz\u00e1lez recibe el premio de la Fundaci\u00f3n Anesvad\" srcset=\"https:\/\/ospitalarioakfundazioaeuskadi.org\/wp-content\/uploads\/2023\/05\/20230509-anesvad-inca-gonzalez-1-425x284.jpg 425w, https:\/\/ospitalarioakfundazioaeuskadi.org\/wp-content\/uploads\/2023\/05\/20230509-anesvad-inca-gonzalez-1-768x512.jpg 768w, https:\/\/ospitalarioakfundazioaeuskadi.org\/wp-content\/uploads\/2023\/05\/20230509-anesvad-inca-gonzalez-1.jpg 850w\" sizes=\"auto, (max-width: 425px) 100vw, 425px\" title=\"\"><\/a><\/figure>\n<p><time>10 de mayo de 2023<\/time><\/p>\n<h3 class=\"morado\"><a href=\"https:\/\/ospitalarioakfundazioaeuskadi.org\/es\/sor-inca-gonzalez-premio-anesvad-heallth\/\">Anesvad premia los 30 a\u00f1os de sor \u201cInca\u201d Gonz\u00e1lez como misionera en Liberia<\/a><\/h3>\n<\/article>\n<\/div>\n<\/div>\n\t\n\t\n<\/div>\n<div class=\"boton-morado\" style=\"padding-top:40px;\"><p style=\"text-align: center;\"><a title=\"Todas las noticias\" href=\"https:\/\/www.aita-menni.org\/es\/comunicacion\/actualidad\/\" rel=\"nofollow noopener\" target=\"_blank\">Todas las noticias \u2192<\/a><\/p><\/div>\n\t\n\t\n<\/div>[\/vc_column_text][\/vc_column][\/vc_row][vc_row full_width=\u00bbstretch_row\u00bb][vc_column][vc_column_text]\n\n\n<div id=\"wpv-view-layout-41727-CATTR3aacc231c13976481b268b9ffbccdf7d\" class=\"js-wpv-view-layout js-wpv-layout-responsive js-wpv-view-layout-41727-CATTR3aacc231c13976481b268b9ffbccdf7d\" data-viewnumber=\"41727-CATTR3aacc231c13976481b268b9ffbccdf7d\" data-pagination=\"{&quot;id&quot;:41727,&quot;query&quot;:&quot;normal&quot;,&quot;type&quot;:&quot;disabled&quot;,&quot;effect&quot;:&quot;fade&quot;,&quot;duration&quot;:500,&quot;speed&quot;:5,&quot;pause_on_hover&quot;:&quot;enabled&quot;,&quot;stop_rollover&quot;:&quot;false&quot;,&quot;cache_pages&quot;:&quot;enabled&quot;,&quot;preload_images&quot;:&quot;enabled&quot;,&quot;preload_pages&quot;:&quot;enabled&quot;,&quot;preload_reach&quot;:1,&quot;spinner&quot;:&quot;builtin&quot;,&quot;spinner_image&quot;:&quot;https:\/\/www.aita-menni.org\/wp-content\/plugins\/toolset-blocks\/embedded\/res\/img\/ajax-loader.gif&quot;,&quot;callback_next&quot;:&quot;&quot;,&quot;manage_history&quot;:&quot;enabled&quot;,&quot;has_controls_in_form&quot;:&quot;disabled&quot;,&quot;infinite_tolerance&quot;:&quot;0&quot;,&quot;max_pages&quot;:1,&quot;page&quot;:1,&quot;base_permalink&quot;:&quot;\/es\/wp-json\/wp\/v2\/pages\/24522?wpv_view_count=41727-CATTR3aacc231c13976481b268b9ffbccdf7d&amp;wpv_paged=WPV_PAGE_NUM&quot;,&quot;loop&quot;:{&quot;type&quot;:&quot;&quot;,&quot;name&quot;:&quot;&quot;,&quot;data&quot;:[],&quot;id&quot;:0}}\" data-permalink=\"\/es\/wp-json\/wp\/v2\/pages\/24522?wpv_view_count=41727-CATTR3aacc231c13976481b268b9ffbccdf7d\">\n\n\t\n\t\n\t\t<strong><\/strong>\n\t\n<\/div>\n[\/vc_column_text][\/vc_column][\/vc_row]<\/p>\n<\/div>","protected":false},"excerpt":{"rendered":"<div class=\"entry-summary\">\n Solidaridad Nuestros proyectos sociales son\u00a0iniciativas solidarias que responden a inquietudes de gran valor humano. Las personas y entidades que los sustentan se vinculan a proyectos de car\u00e1cter social y asistencial cuyo objetivo&hellip;\n<\/div>\n<div class=\"link-more\"><a href=\"https:\/\/ospitalarioakfundazioaeuskadi.org\/es\/hospitalidad\/solidaridad\/\" class=\"more-link\">Seguir leyendo<span class=\"screen-reader-text\"> &ldquo;Solidaridad&rdquo;<\/span>&hellip;<\/a><\/div>\n","protected":false},"author":1,"featured_media":0,"parent":24472,"menu_order":96,"comment_status":"closed","ping_status":"closed","template":"templates\/sin-head-h1.php","meta":{"footnotes":""},"class_list":["post-24522","page","type-page","status-publish","hentry","entry"],"_links":{"self":[{"href":"https:\/\/ospitalarioakfundazioaeuskadi.org\/es\/wp-json\/wp\/v2\/pages\/24522","targetHints":{"allow":["GET"]}}],"collection":[{"href":"https:\/\/ospitalarioakfundazioaeuskadi.org\/es\/wp-json\/wp\/v2\/pages"}],"about":[{"href":"https:\/\/ospitalarioakfundazioaeuskadi.org\/es\/wp-json\/wp\/v2\/types\/page"}],"author":[{"embeddable":true,"href":"https:\/\/ospitalarioakfundazioaeuskadi.org\/es\/wp-json\/wp\/v2\/users\/1"}],"replies":[{"embeddable":true,"href":"https:\/\/ospitalarioakfundazioaeuskadi.org\/es\/wp-json\/wp\/v2\/comments?post=24522"}],"version-history":[{"count":3,"href":"https:\/\/ospitalarioakfundazioaeuskadi.org\/es\/wp-json\/wp\/v2\/pages\/24522\/revisions"}],"predecessor-version":[{"id":70911,"href":"https:\/\/ospitalarioakfundazioaeuskadi.org\/es\/wp-json\/wp\/v2\/pages\/24522\/revisions\/70911"}],"up":[{"embeddable":true,"href":"https:\/\/ospitalarioakfundazioaeuskadi.org\/es\/wp-json\/wp\/v2\/pages\/24472"}],"wp:attachment":[{"href":"https:\/\/ospitalarioakfundazioaeuskadi.org\/es\/wp-json\/wp\/v2\/media?parent=24522"}],"curies":[{"name":"wp","href":"https:\/\/api.w.org\/{rel}","templated":true}]}}