{"id":24523,"date":"2021-09-25T18:07:01","date_gmt":"2021-09-25T18:07:01","guid":{"rendered":"http:\/\/194.35.43.170\/~aitamenninueva\/?page_id=24523"},"modified":"2025-06-23T15:45:49","modified_gmt":"2025-06-23T15:45:49","slug":"bioetica","status":"publish","type":"page","link":"https:\/\/ospitalarioakfundazioaeuskadi.org\/es\/hospitalidad\/bioetica\/","title":{"rendered":"Bio\u00e9tica"},"content":{"rendered":"<div class=\"wpb-content-wrapper\"><p>[vc_row][vc_column width=\u00bb1\/2&#8243; el_class=\u00bbvc_col-sm-push-6&#8243;][vc_single_image image=\u00bb74041&#8243; img_size=\u00bblarge\u00bb css=\u00bb\u00bb][\/vc_column][vc_column width=\u00bb1\/2&#8243; el_class=\u00bbvc_col-sm-pull-6&#8243;][vc_column_text css=\u00bb\u00bb el_class=\u00bbalter-1&#8243;]<\/p>\n<h1>Bio\u00e9tica<\/h1>\n<p>Los centros de <a href=\"https:\/\/www.hospitalarias.org\" rel=\"nofollow noopener\" target=\"_blank\">Fundaci\u00f3n Hospitalarias<\/a> incorporan los principios y valores propios de la <strong>Bio\u00e9tica<\/strong> en la toma de decisiones asistenciales, a fin de aumentar la correcci\u00f3n y calidad en la asistencia.<\/p>\n<p><strong>La defensa de la dignidad de la persona, cuando por motivos de salud puede sentirse m\u00e1s vulnerable, centraliza nuestros esfuerzos, uniendo ciencia y humanizaci\u00f3n.<\/strong><\/p>\n<p>A\u00f1adimos la dimensi\u00f3n \u00e9tica en toda la actuaci\u00f3n, desde la asistencia sanitaria hasta la acci\u00f3n socioeducativa, promoviendo el di\u00e1logo bio\u00e9tico para clarificar la implicaci\u00f3n de los principios y criterios comunes en la pr\u00e1ctica diaria.[\/vc_column_text][\/vc_column][\/vc_row][vc_row][vc_column][vc_row_inner gap=\u00bb35&#8243;][vc_column_inner width=\u00bb1\/3&#8243;][vc_column_text el_class=\u00bbrg-20&#8243;]<\/p>\n<h2>Dimensi\u00f3n \u00e9tica en toda actuaci\u00f3n asistencial y educativa<\/h2>\n<p>Conscientes de los interrogantes nuevos que la \u00e9tica plantea en el quehacer diario de los Centros, la incluimos entre nuestros valores; la Hospitalidad es ella misma una experiencia \u00e9tica fundamental y englobante de nuestra misi\u00f3n, que refuerza la dimensi\u00f3n \u00e9tica propia de toda actuaci\u00f3n con la persona acogida.<br \/>\nLa \u00e9tica forma parte de toda actuaci\u00f3n hospitalaria de la Provincia de Espa\u00f1a y debe ser garantizada tanto en los fines como en cualquiera de los medios.<\/p>\n<p>Para el desarrollo de la dimensi\u00f3n \u00e9tica en nuestra actividad asistencial y educativa, contamos con <strong>Comit\u00e9s, Comisiones y Grupos de Bio\u00e9tica<\/strong>.<\/p>\n<p>[\/vc_column_text][\/vc_column_inner][vc_column_inner width=\u00bb1\/3&#8243;][vc_column_text el_class=\u00bbrg-20&#8243;]<\/p>\n<h2>Desarrollo de valores \u00e9ticos en la pr\u00e1ctica asistencial y educativa<\/h2>\n<p>La \u00e9tica nos orienta en la toma de decisiones, tomando como referencia los siguientes criterios:<\/p>\n<ul>\n<li><strong>El respeto a la dignidad humana<\/strong>: toda persona merece un trato digno y por tanto ser tratada como un fin y no como un mero medio.<\/li>\n<li><strong>La defensa de la vida humana<\/strong>: que permita a la persona la posibilidad de desarrollarse plenamente.Consideramos cuatro principios \u00e9ticos en cualquier toma de decisiones: principio de no maleficencia, principio de beneficencia, principio de autonom\u00eda y principio de justicia.<\/li>\n<\/ul>\n<p>[\/vc_column_text][\/vc_column_inner][vc_column_inner width=\u00bb1\/3&#8243;][vc_column_text el_class=\u00bbrg-20&#8243;]<\/p>\n<h2>Defensa de derechos<\/h2>\n<p>El respeto de los derechos humanos y las libertades fundamentales del individuo deben garantizarse en todos nuestros centros. Adem\u00e1s, desde nuestra responsabilidad social consideramos que debe promoverse en entornos comunitarios.<\/p>\n<p>Es por ello que la lucha contra el estigma, habitualmente asociado a las personas con trastornos mentales, discapacidades intelectuales, etc., se convierte no en una opci\u00f3n sino en un compromiso \u00e9tico.<\/p>\n<p>[\/vc_column_text][\/vc_column_inner][\/vc_row_inner][\/vc_column][\/vc_row][vc_row][vc_column][vc_separator el_width=\u00bb50&#8243;][vc_column_text css=\u00bb\u00bb el_class=\u00bbray-m-b-3&#8243;]<\/p>\n<h2>El Comit\u00e9 de \u00c9tica Asistencial de Ospitalarioak Fundazioa Euskadi<\/h2>\n<p>[\/vc_column_text][vc_row_inner gap=\u00bb35&#8243;][vc_column_inner width=\u00bb1\/2&#8243;][vc_column_text css=\u00bb\u00bb]<b>Ospitalarioak Fundazioa Euskadi<\/b> cuenta con un <strong>Comit\u00e9 de \u00c9tica Asistencial<\/strong> (CEA), cuyo cometido es orientar a quienes solicitan asesoramiento ante conflictos \u00e9ticos que pueden surgir durante la asistencia a las personas enfermas. El CEA aporta calidad asistencial y ayuda en la resoluci\u00f3n de problemas \u00e9ticos, introduciendo los valores en la toma de decisiones en la pr\u00e1ctica asistencial.<\/p>\n<p>En el final de la vida, es habitual que se presenten conflictos \u00e9ticos: sedaci\u00f3n, rechazo al tratamiento, eutanasia, adecuaci\u00f3n del esfuerzo terap\u00e9utico, suicidio m\u00e9dicamente asistido, cuidados paliativos&#8230; Con frecuencia, estos y otros muchos son aspectos que requieren an\u00e1lisis y estudio, an\u00e1lisis que se realiza siguiendo un m\u00e9todo: <strong>el\u00a0m\u00e9todo deliberativo<\/strong> de\u00a0<a href=\"https:\/\/es.wikipedia.org\/wiki\/Diego_Gracia_Guill%C3%A9n\" target=\"_blank\" rel=\"external nofollow noopener\">Diego Gracia<\/a>.<\/p>\n<p>\u00bfEs l\u00edcita la contenci\u00f3n en los pacientes? \u00bfC\u00f3mo preservar la seguridad (propia y del paciente) al manejar un paciente que nos est\u00e1 agrediendo? \u00bfPuede la familia negarse, aunque sean tutores legales, a que usemos la jeringa de alimentaci\u00f3n como forma de nutrici\u00f3n en personas con demencia severa? De ser as\u00ed, \u00bfestar\u00edamos obligados a intervenir? \u00bfDebe el personal m\u00e9dico trasladar al hospital a su paciente en contra de su voluntad cumpliendo el deseo de la familia?\u00a0<strong>Ofrecer respuestas a preguntas de este tipo es la funci\u00f3n de nuestro Comit\u00e9 de \u00c9tica Asistencial.<\/strong>[\/vc_column_text][\/vc_column_inner][vc_column_inner width=\u00bb1\/2&#8243;][vc_column_text css=\u00bb\u00bb]Para ello,\u00a0una de las herramientas m\u00e1s importantes\u00a0que nos va a facilitar la toma de decisiones a todos los profesionales ser\u00e1 la realizaci\u00f3n de una <strong>Planificaci\u00f3n Anticipada de las Decisiones o Cuidados<\/strong>. Conocer la voluntad anticipada, sus gustos, creencias y preferencias o rechazo acerca de tratamientos concretos\u00a0hace que disminuya la angustia en quien tiene que tomar las decisiones, ya sea la familia por representaci\u00f3n (se deja por escrito) o sustituci\u00f3n (se act\u00faa pensando que as\u00ed lo har\u00eda, sin conocer su voluntad previa).<\/p>\n<p>En <b>Ospitalarioak Fundazioa Euskadi<\/b> se constituy\u00f3, en 2015, el <strong>Comit\u00e9 de \u00c9tica Asistencial<\/strong>, formado por distintos profesionales. En la actualidad, el centro ha dado un nuevo impulso a este servicio, que tiene como finalidad principal orientar a toda persona, sea profesional o no, ante problemas \u00e9ticos que pueden surgir en el proceso asistencial. De este modo, \u201cNuestra hospitalidad refuerza la pr\u00e1ctica \u00e9tica; Promovemos la bio\u00e9tica en fidelidad a sus principios y los valores identitarios; Nos exigimos una conducta \u00e9tica en todos los campos y decisiones, en la asistencia, en la organizaci\u00f3n y en la gesti\u00f3n\u00bb. (Cf. Valores Hospitalarios. \u00c9tica en toda actuaci\u00f3n. Marco de Identidad de la Instituci\u00f3n, n\u00ba 38).[\/vc_column_text][\/vc_column_inner][vc_column_inner][vc_separator el_width=\u00bb50&#8243;][\/vc_column_inner][\/vc_row_inner][vc_row_inner gap=\u00bb35&#8243;][vc_column_inner width=\u00bb1\/2&#8243;][vc_column_text]<\/p>\n<h3>Funciones y objetivos<\/h3>\n<p>Entre las tareas que desarrolla el Comit\u00e9, se encuentra la de asesorar todas las personas, profesionales o no, implicadas en la relaci\u00f3n asistencial. Sus <strong>funciones principales<\/strong> son:<\/p>\n<ul>\n<li>Promover un <strong>entorno asistencial<\/strong> lo m\u00e1s humano posible.<\/li>\n<li>Velar por el <strong>respeto de la dignidad de las personas<\/strong> que intervienen en la relaci\u00f3n asistencial.<\/li>\n<li><strong>Asesorar en el proceso de toma de decisiones<\/strong> en aquellas situaciones en que se planteen conflictos \u00e9ticos.<\/li>\n<li>Asesorar desde una perspectiva \u00e9tica.<\/li>\n<li>Colaborar en la <strong>formaci\u00f3n bio\u00e9tica<\/strong> de la plantilla asistencial.<\/li>\n<\/ul>\n<p>Consigue sus objetivos:<\/p>\n<ul>\n<li><strong>Introduciendo los valores<\/strong> en la toma de decisiones\u00a0en la pr\u00e1ctica asistencial.<\/li>\n<li><strong>Orientando en conflictos<\/strong> generales y particulares\u00a0para lograr una mayor calidad asistencial.<\/li>\n<li><strong>Aumentando el conocimient<\/strong>o en estos campos: por ejemplo,\u00a0elaborando protocolos, documentos de recomendaciones y gu\u00edas sobre conflictos que se presentan de manera reiterada e impartiendo formaci\u00f3n en bio\u00e9tica.<\/li>\n<\/ul>\n<p><strong>Entre las funciones del CEA no est\u00e1 realizar juicios sobre la conducta \u00e9tica del personal sanitario<\/strong>. Tampoco sustituye a los profesionales en la toma de decisiones que les competen.[\/vc_column_text][\/vc_column_inner][vc_column_inner width=\u00bb1\/2&#8243;][vc_column_text css=\u00bb\u00bb]<\/p>\n<h3>Composici\u00f3n<\/h3>\n<p>El <strong>Comit\u00e9 de \u00c9tica Asistencial<\/strong> tiene una composici\u00f3n pluridisciplinar: personal sanitario, juristas, integrantes legos y especialistas en bio\u00e9tica. Est\u00e1 acreditado y regulados por el Decreto 143\/1995, de 7 de febrero, sobre creaci\u00f3n y acreditaci\u00f3n de Comit\u00e9s de \u00c9tica Asistencial del Pa\u00eds Vasco, al igual que sucede en el resto de los hospitales vascos, y cuenta con un reglamento de funcionamiento.<\/p>\n<p><strong>Las personas interesadas en contactar pueden ponerse en contacto<\/strong> a trav\u00e9s de cualquiera de las personas integrantes del CEA o llamando al\u00a0<strong>tel\u00e9fono 943 79 44 11<\/strong>.<\/p>\n<p>Desde el CEA se responde por escrito a quien realiza la consulta, con total garant\u00eda de confidencialidad. Los casos son totalmente confidenciales: s\u00f3lo quien pide el asesoramiento puede hacerlo p\u00fablico, si quiere. La mayor\u00eda de las consultas proceden de profesionales que solicitan asesoramiento.<\/p>\n<p>Los informes que elabora el CEA tienen car\u00e1cter de recomendaci\u00f3n; no son de obligado cumplimiento.<\/p>\n<p>El CEA se re\u00fane una vez al mes. Las personas que constituyen este organismo lo hacen voluntariamente y de forma no remunerada.[\/vc_column_text][\/vc_column_inner][\/vc_row_inner][\/vc_column][\/vc_row][vc_row full_width=\u00bbstretch_row_content\u00bb el_class=\u00bbnot mar-60-t-b\u00bb css=\u00bb.vc_custom_1666029604267{padding-right: 40px !important;padding-left: 40px !important;background-color: #f5f5f5 !important;}\u00bb][vc_column][vc_column_text]\n\n\n<div id=\"wpv-view-layout-40875-CATTR984260680cb0642bad395d240833bb01\" class=\"js-wpv-view-layout js-wpv-layout-responsive js-wpv-view-layout-40875-CATTR984260680cb0642bad395d240833bb01\" data-viewnumber=\"40875-CATTR984260680cb0642bad395d240833bb01\" data-pagination=\"{&quot;id&quot;:40875,&quot;query&quot;:&quot;normal&quot;,&quot;type&quot;:&quot;disabled&quot;,&quot;effect&quot;:&quot;slideh&quot;,&quot;duration&quot;:350,&quot;speed&quot;:5,&quot;pause_on_hover&quot;:&quot;enabled&quot;,&quot;stop_rollover&quot;:&quot;false&quot;,&quot;cache_pages&quot;:&quot;enabled&quot;,&quot;preload_images&quot;:&quot;enabled&quot;,&quot;preload_pages&quot;:&quot;enabled&quot;,&quot;preload_reach&quot;:1,&quot;spinner&quot;:&quot;disabled&quot;,&quot;spinner_image&quot;:&quot;https:\/\/www.aita-menni.org\/wp-content\/plugins\/toolset-blocks\/embedded\/res\/img\/ajax-loader2.svg&quot;,&quot;callback_next&quot;:&quot;&quot;,&quot;manage_history&quot;:&quot;disabled&quot;,&quot;has_controls_in_form&quot;:&quot;disabled&quot;,&quot;infinite_tolerance&quot;:100,&quot;max_pages&quot;:1,&quot;page&quot;:1,&quot;base_permalink&quot;:&quot;\/es\/wp-json\/wp\/v2\/pages\/24523?wpv_view_count=40875-CATTR984260680cb0642bad395d240833bb01&amp;wpv_paged=WPV_PAGE_NUM&quot;,&quot;loop&quot;:{&quot;type&quot;:&quot;&quot;,&quot;name&quot;:&quot;&quot;,&quot;data&quot;:[],&quot;id&quot;:0}}\" data-permalink=\"\/es\/wp-json\/wp\/v2\/pages\/24523?wpv_view_count=40875-CATTR984260680cb0642bad395d240833bb01\">\n\n\t\n<h2 style=\"text-align:center;\">Actualidad<\/h2>\n<div class=\"sli\">\n\n\t\n\t\t<div class=\"diapo\"><div style=\"margin-bottom:0px;padding-bottom:20px;\">\n<article>\n<figure><a href=\"https:\/\/ospitalarioakfundazioaeuskadi.org\/es\/jornada-identidad-valores-hospitalarios-octubre-2025\/\"><img loading=\"lazy\" decoding=\"async\" width=\"425\" height=\"319\" src=\"https:\/\/ospitalarioakfundazioaeuskadi.org\/wp-content\/uploads\/2025\/10\/20251028-formacion-valores-3-425x319.jpg\" class=\"attachment-medium size-medium cropar wp-post-image\" alt=\"Un grupo de personas sentadas atiende las explicaciones de un hombre que se\u00f1ala una pantalla\" srcset=\"https:\/\/ospitalarioakfundazioaeuskadi.org\/wp-content\/uploads\/2025\/10\/20251028-formacion-valores-3-425x319.jpg 425w, https:\/\/ospitalarioakfundazioaeuskadi.org\/wp-content\/uploads\/2025\/10\/20251028-formacion-valores-3-768x576.jpg 768w, https:\/\/ospitalarioakfundazioaeuskadi.org\/wp-content\/uploads\/2025\/10\/20251028-formacion-valores-3.jpg 850w\" sizes=\"auto, (max-width: 425px) 100vw, 425px\" title=\"\"><\/a><\/figure>\n<p><time>30 de octubre de 2025<\/time><\/p>\n<h3 class=\"morado\"><a href=\"https:\/\/ospitalarioakfundazioaeuskadi.org\/es\/jornada-identidad-valores-hospitalarios-octubre-2025\/\">\u00abHospitalidad que transforma vidas\u00bb: profundizando en los valores que nos inspiran<\/a><\/h3>\n<\/article>\n<\/div>\n<\/div>\n\t\n\t\t<div class=\"diapo\"><div style=\"margin-bottom:0px;padding-bottom:20px;\">\n<article>\n<figure><a href=\"https:\/\/ospitalarioakfundazioaeuskadi.org\/es\/guia-quiero-que-sepas-cuidados-compartidos-musakola\/\"><img loading=\"lazy\" decoding=\"async\" width=\"425\" height=\"213\" src=\"https:\/\/ospitalarioakfundazioaeuskadi.org\/wp-content\/uploads\/2025\/04\/guia-quiero-que-sepas-musakola-1-425x213.jpg\" class=\"attachment-medium size-medium cropar wp-post-image\" alt=\"Un grupo de personas mayores sentadas atiende las explicaciones de una mujer, de pie, delante de una pantalla\" srcset=\"https:\/\/ospitalarioakfundazioaeuskadi.org\/wp-content\/uploads\/2025\/04\/guia-quiero-que-sepas-musakola-1-425x213.jpg 425w, https:\/\/ospitalarioakfundazioaeuskadi.org\/wp-content\/uploads\/2025\/04\/guia-quiero-que-sepas-musakola-1-768x384.jpg 768w, https:\/\/ospitalarioakfundazioaeuskadi.org\/wp-content\/uploads\/2025\/04\/guia-quiero-que-sepas-musakola-1.jpg 850w\" sizes=\"auto, (max-width: 425px) 100vw, 425px\" title=\"\"><\/a><\/figure>\n<p><time>14 de abril de 2025<\/time><\/p>\n<h3 class=\"morado\"><a href=\"https:\/\/ospitalarioakfundazioaeuskadi.org\/es\/guia-quiero-que-sepas-cuidados-compartidos-musakola\/\">La gu\u00eda \u00abQuiero que sepas&#8230;\u00bb, presentada en Musakola<\/a><\/h3>\n<\/article>\n<\/div>\n<\/div>\n\t\n\t\t<div class=\"diapo\"><div style=\"margin-bottom:0px;padding-bottom:20px;\">\n<article>\n<figure><a href=\"https:\/\/ospitalarioakfundazioaeuskadi.org\/es\/ruben-de-pedro-el-tratamiento-sociocomunitario-asertivo-es-la-psiquiatria-del-futuro\/\"><img loading=\"lazy\" decoding=\"async\" width=\"425\" height=\"239\" src=\"https:\/\/ospitalarioakfundazioaeuskadi.org\/wp-content\/uploads\/2023\/04\/Ruben-de-Pedro-y-Eglee-Castillo-425x239.jpg\" class=\"attachment-medium size-medium cropar wp-post-image\" alt=\"El psiquiatra de Osakidetza Rub\u00e9n de Pedro, durante su charla, junto a la doctora Eglee Castillo, m\u00e9dica responsable de Unidades de Larga Estancia de Hermanas Hospitalarias Aita Menni\" srcset=\"https:\/\/ospitalarioakfundazioaeuskadi.org\/wp-content\/uploads\/2023\/04\/Ruben-de-Pedro-y-Eglee-Castillo-425x239.jpg 425w, https:\/\/ospitalarioakfundazioaeuskadi.org\/wp-content\/uploads\/2023\/04\/Ruben-de-Pedro-y-Eglee-Castillo-768x432.jpg 768w, https:\/\/ospitalarioakfundazioaeuskadi.org\/wp-content\/uploads\/2023\/04\/Ruben-de-Pedro-y-Eglee-Castillo.jpg 850w\" sizes=\"auto, (max-width: 425px) 100vw, 425px\" title=\"\"><\/a><\/figure>\n<p><time>24 de abril de 2023<\/time><\/p>\n<h3 class=\"morado\"><a href=\"https:\/\/ospitalarioakfundazioaeuskadi.org\/es\/ruben-de-pedro-el-tratamiento-sociocomunitario-asertivo-es-la-psiquiatria-del-futuro\/\">Rub\u00e9n de Pedro: \u201cEl tratamiento sociocomunitario asertivo es la psiquiatr\u00eda del futuro\u201d<\/a><\/h3>\n<\/article>\n<\/div>\n<\/div>\n\t\n\t\t<div class=\"diapo\"><div style=\"margin-bottom:0px;padding-bottom:20px;\">\n<article>\n<figure><a href=\"https:\/\/ospitalarioakfundazioaeuskadi.org\/es\/voluntades-anticipadas-residencia-barandiaran\/\"><img loading=\"lazy\" decoding=\"async\" width=\"425\" height=\"310\" src=\"https:\/\/ospitalarioakfundazioaeuskadi.org\/wp-content\/uploads\/2023\/02\/voluntades-anticipadas-barandiaran-20230202.jpg\" class=\"attachment-medium size-medium cropar wp-post-image\" alt=\"Sesi\u00f3n sobre voluntades anticipadas y testamento vital\" srcset=\"https:\/\/ospitalarioakfundazioaeuskadi.org\/wp-content\/uploads\/2023\/02\/voluntades-anticipadas-barandiaran-20230202.jpg 850w, https:\/\/ospitalarioakfundazioaeuskadi.org\/wp-content\/uploads\/2023\/02\/voluntades-anticipadas-barandiaran-20230202-768x560.jpg 768w\" sizes=\"auto, (max-width: 425px) 100vw, 425px\" title=\"\"><\/a><\/figure>\n<p><time>3 de febrero de 2023<\/time><\/p>\n<h3 class=\"morado\"><a href=\"https:\/\/ospitalarioakfundazioaeuskadi.org\/es\/voluntades-anticipadas-residencia-barandiaran\/\">Sesi\u00f3n sobre voluntades anticipadas en la Residencia Barandiaran<\/a><\/h3>\n<\/article>\n<\/div>\n<\/div>\n\t\n\t\t<div class=\"diapo\"><div style=\"margin-bottom:0px;padding-bottom:20px;\">\n<article>\n<figure><a href=\"https:\/\/ospitalarioakfundazioaeuskadi.org\/es\/valores-construyen-cada-buena-actuacion-15099\/\"><img loading=\"lazy\" decoding=\"async\" width=\"425\" height=\"247\" src=\"https:\/\/ospitalarioakfundazioaeuskadi.org\/wp-content\/uploads\/2022\/11\/etica-en-toda-actuacion-744x432.jpg\" class=\"attachment-medium size-medium cropar wp-post-image\" alt=\"Asistentes a la charla de la doctora Mabel Mariju\u00e1n\" srcset=\"https:\/\/ospitalarioakfundazioaeuskadi.org\/wp-content\/uploads\/2022\/11\/etica-en-toda-actuacion-744x432.jpg 744w, https:\/\/ospitalarioakfundazioaeuskadi.org\/wp-content\/uploads\/2022\/11\/etica-en-toda-actuacion-768x445.jpg 768w, https:\/\/ospitalarioakfundazioaeuskadi.org\/wp-content\/uploads\/2022\/11\/etica-en-toda-actuacion.jpg 850w\" sizes=\"auto, (max-width: 425px) 100vw, 425px\" title=\"\"><\/a><\/figure>\n<p><time>8 de noviembre de 2022<\/time><\/p>\n<h3 class=\"morado\"><a href=\"https:\/\/ospitalarioakfundazioaeuskadi.org\/es\/valores-construyen-cada-buena-actuacion-15099\/\">Mabel Mariju\u00e1n: \u00abLos valores se construyen en cada buena actuaci\u00f3n, no son una lista\u00bb<\/a><\/h3>\n<\/article>\n<\/div>\n<\/div>\n\t\n\t\t<div class=\"diapo\"><div style=\"margin-bottom:0px;padding-bottom:20px;\">\n<article>\n<figure><a href=\"https:\/\/ospitalarioakfundazioaeuskadi.org\/es\/celebramos-jornada-eutanasia-conflictos-eticos-14630\/\"><img loading=\"lazy\" decoding=\"async\" width=\"425\" height=\"237\" src=\"https:\/\/ospitalarioakfundazioaeuskadi.org\/wp-content\/uploads\/2022\/09\/jornada-final-de-la-vida\ufe561.jpg\" class=\"attachment-medium size-medium cropar wp-post-image\" alt=\"\" title=\"\"><\/a><\/figure>\n<p><time>10 de diciembre de 2021<\/time><\/p>\n<h3 class=\"morado\"><a href=\"https:\/\/ospitalarioakfundazioaeuskadi.org\/es\/celebramos-jornada-eutanasia-conflictos-eticos-14630\/\">Celebramos la Jornada &#8216;Ley de eutanasia y conflictos \u00e9ticos a al final de la vida&#8217;<\/a><\/h3>\n<\/article>\n<\/div>\n<\/div>\n\t\n\t\t<div class=\"diapo\"><div style=\"margin-bottom:0px;padding-bottom:20px;\">\n<article>\n<figure><a href=\"https:\/\/ospitalarioakfundazioaeuskadi.org\/es\/temor-vector-contagio-para-nuestros-13792\/\"><img loading=\"lazy\" decoding=\"async\" width=\"300\" height=\"254\" src=\"https:\/\/ospitalarioakfundazioaeuskadi.org\/wp-content\/uploads\/2021\/09\/crisis-psicologica-coronavirus-1-300x254.jpg\" class=\"attachment-medium size-medium cropar wp-post-image\" alt=\"Gure pazienteak eta erabiltzaileak kutsatzeko bektorea izateko beldurra\" srcset=\"https:\/\/ospitalarioakfundazioaeuskadi.org\/wp-content\/uploads\/2021\/09\/crisis-psicologica-coronavirus-1-300x254.jpg 300w, https:\/\/ospitalarioakfundazioaeuskadi.org\/wp-content\/uploads\/2021\/09\/crisis-psicologica-coronavirus-1.jpg 535w\" sizes=\"auto, (max-width: 300px) 100vw, 300px\" title=\"\"><\/a><\/figure>\n<p><time>5 de mayo de 2020<\/time><\/p>\n<h3 class=\"morado\"><a href=\"https:\/\/ospitalarioakfundazioaeuskadi.org\/es\/temor-vector-contagio-para-nuestros-13792\/\">Temor a ser vector de contagio para nuestros pacientes y personas usuarias<\/a><\/h3>\n<\/article>\n<\/div>\n<\/div>\n\t\n\t\t<div class=\"diapo\"><div style=\"margin-bottom:0px;padding-bottom:20px;\">\n<article>\n<figure><a href=\"https:\/\/ospitalarioakfundazioaeuskadi.org\/es\/aprendiendo-sobre-planificacion-compartida-cuidados-13411\/\"><img loading=\"lazy\" decoding=\"async\" width=\"300\" height=\"198\" src=\"https:\/\/ospitalarioakfundazioaeuskadi.org\/wp-content\/uploads\/2021\/09\/planificacion-compartida-0-300x198.jpg\" class=\"attachment-medium size-medium cropar wp-post-image\" alt=\"Bizitzaren amaierako zainketen plangintza partekatuaz ikasten\" srcset=\"https:\/\/ospitalarioakfundazioaeuskadi.org\/wp-content\/uploads\/2021\/09\/planificacion-compartida-0-300x198.jpg 300w, https:\/\/ospitalarioakfundazioaeuskadi.org\/wp-content\/uploads\/2021\/09\/planificacion-compartida-0.jpg 540w\" sizes=\"auto, (max-width: 300px) 100vw, 300px\" title=\"\"><\/a><\/figure>\n<p><time>3 de diciembre de 2019<\/time><\/p>\n<h3 class=\"morado\"><a href=\"https:\/\/ospitalarioakfundazioaeuskadi.org\/es\/aprendiendo-sobre-planificacion-compartida-cuidados-13411\/\">Aprendiendo sobre planificaci\u00f3n compartida de los cuidados al final de la vida<\/a><\/h3>\n<\/article>\n<\/div>\n<\/div>\n\t\n\t\t<div class=\"diapo\"><div style=\"margin-bottom:0px;padding-bottom:20px;\">\n<article>\n<figure><a href=\"https:\/\/ospitalarioakfundazioaeuskadi.org\/es\/como-gustaria-cuidaran-final-vida-12756\/\"><img loading=\"lazy\" decoding=\"async\" width=\"300\" height=\"195\" src=\"https:\/\/ospitalarioakfundazioaeuskadi.org\/wp-content\/uploads\/2021\/09\/cartas-vivir-con-tu-propia-voz-0-300x195.jpg\" class=\"attachment-medium size-medium cropar wp-post-image\" alt=\"Nola nahi genuke gu zaintzea bizitzaren amaieran?\" srcset=\"https:\/\/ospitalarioakfundazioaeuskadi.org\/wp-content\/uploads\/2021\/09\/cartas-vivir-con-tu-propia-voz-0-300x195.jpg 300w, https:\/\/ospitalarioakfundazioaeuskadi.org\/wp-content\/uploads\/2021\/09\/cartas-vivir-con-tu-propia-voz-0.jpg 535w\" sizes=\"auto, (max-width: 300px) 100vw, 300px\" title=\"\"><\/a><\/figure>\n<p><time>10 de febrero de 2019<\/time><\/p>\n<h3 class=\"morado\"><a href=\"https:\/\/ospitalarioakfundazioaeuskadi.org\/es\/como-gustaria-cuidaran-final-vida-12756\/\">\u00bfC\u00f3mo nos gustar\u00eda que nos cuidaran al final de la vida?<\/a><\/h3>\n<\/article>\n<\/div>\n<\/div>\n\t\n\t\t<div class=\"diapo\"><div style=\"margin-bottom:0px;padding-bottom:20px;\">\n<article>\n<figure><a href=\"https:\/\/ospitalarioakfundazioaeuskadi.org\/es\/primera-sesion-clinica-2019-analiza-12715\/\"><img loading=\"lazy\" decoding=\"async\" width=\"300\" height=\"211\" src=\"https:\/\/ospitalarioakfundazioaeuskadi.org\/wp-content\/uploads\/2021\/09\/blanca-morera-0-300x211.jpg\" class=\"attachment-medium size-medium cropar wp-post-image\" alt=\"2019ko lehen saio klinikoak gaitasuna ebaluatzeari lotutako alderdiak aztertu ditu\" srcset=\"https:\/\/ospitalarioakfundazioaeuskadi.org\/wp-content\/uploads\/2021\/09\/blanca-morera-0-300x211.jpg 300w, https:\/\/ospitalarioakfundazioaeuskadi.org\/wp-content\/uploads\/2021\/09\/blanca-morera-0.jpg 535w\" sizes=\"auto, (max-width: 300px) 100vw, 300px\" title=\"\"><\/a><\/figure>\n<p><time>24 de enero de 2019<\/time><\/p>\n<h3 class=\"morado\"><a href=\"https:\/\/ospitalarioakfundazioaeuskadi.org\/es\/primera-sesion-clinica-2019-analiza-12715\/\">La primera sesi\u00f3n cl\u00ednica de 2019 analiza aspectos relacionados con la evaluaci\u00f3n de la capacidad<\/a><\/h3>\n<\/article>\n<\/div>\n<\/div>\n\t\n\t\t<div class=\"diapo\"><div style=\"margin-bottom:0px;padding-bottom:20px;\">\n<article>\n<figure><a href=\"https:\/\/ospitalarioakfundazioaeuskadi.org\/es\/jornada-abierta-sobre-final-vida-12702\/\"><img loading=\"lazy\" decoding=\"async\" width=\"214\" height=\"300\" src=\"https:\/\/ospitalarioakfundazioaeuskadi.org\/wp-content\/uploads\/2021\/09\/etica-asistencial-0-214x300.jpg\" class=\"attachment-medium size-medium cropar wp-post-image\" alt=\"Bizitzaren amaierari buruzko jardunaldia Arrasateko Kulturate aretoan\" srcset=\"https:\/\/ospitalarioakfundazioaeuskadi.org\/wp-content\/uploads\/2021\/09\/etica-asistencial-0-214x300.jpg 214w, https:\/\/ospitalarioakfundazioaeuskadi.org\/wp-content\/uploads\/2021\/09\/etica-asistencial-0.jpg 540w\" sizes=\"auto, (max-width: 214px) 100vw, 214px\" title=\"\"><\/a><\/figure>\n<p><time>15 de enero de 2019<\/time><\/p>\n<h3 class=\"morado\"><a href=\"https:\/\/ospitalarioakfundazioaeuskadi.org\/es\/jornada-abierta-sobre-final-vida-12702\/\">I Jornada abierta sobre el final de la vida en Kulturate de Arrasate-Mondrag\u00f3n<\/a><\/h3>\n<\/article>\n<\/div>\n<\/div>\n\t\n\t\t<div class=\"diapo\"><div style=\"margin-bottom:0px;padding-bottom:20px;\">\n<article>\n<figure><a href=\"https:\/\/ospitalarioakfundazioaeuskadi.org\/es\/identidad-hospitalaria-define-nuestro-trabajo-12049\/\"><img loading=\"lazy\" decoding=\"async\" width=\"300\" height=\"201\" src=\"https:\/\/ospitalarioakfundazioaeuskadi.org\/wp-content\/uploads\/2021\/09\/alejandro-florit-0-300x201.jpg\" class=\"attachment-medium size-medium cropar wp-post-image\" alt=\"Nortasun abegikorrak gure laguntza-lana definitzen du\" srcset=\"https:\/\/ospitalarioakfundazioaeuskadi.org\/wp-content\/uploads\/2021\/09\/alejandro-florit-0-300x201.jpg 300w, https:\/\/ospitalarioakfundazioaeuskadi.org\/wp-content\/uploads\/2021\/09\/alejandro-florit-0.jpg 535w\" sizes=\"auto, (max-width: 300px) 100vw, 300px\" title=\"\"><\/a><\/figure>\n<p><time>26 de abril de 2018<\/time><\/p>\n<h3 class=\"morado\"><a href=\"https:\/\/ospitalarioakfundazioaeuskadi.org\/es\/identidad-hospitalaria-define-nuestro-trabajo-12049\/\">La Identidad Hospitalaria define nuestro trabajo asistencial<\/a><\/h3>\n<\/article>\n<\/div>\n<\/div>\n\t\n\t\n<\/div>\n<div class=\"boton-morado\" style=\"padding-top:40px;\"><p style=\"text-align: center;\"><a title=\"Todas las noticias\" href=\"https:\/\/www.aita-menni.org\/es\/comunicacion\/actualidad\/\" rel=\"nofollow noopener\" target=\"_blank\">Todas las noticias \u2192<\/a><\/p><\/div>\n\t\n\t\n<\/div>[\/vc_column_text][\/vc_column][\/vc_row][vc_row full_width=\u00bbstretch_row_content\u00bb el_class=\u00bbmar-60-t-b\u00bb css=\u00bb.vc_custom_1666029618157{padding-right: 40px !important;padding-left: 40px !important;}\u00bb][vc_column][vc_column_text]\n\n\n<div id=\"wpv-view-layout-41727-CATTR984260680cb0642bad395d240833bb01\" class=\"js-wpv-view-layout js-wpv-layout-responsive js-wpv-view-layout-41727-CATTR984260680cb0642bad395d240833bb01\" data-viewnumber=\"41727-CATTR984260680cb0642bad395d240833bb01\" data-pagination=\"{&quot;id&quot;:41727,&quot;query&quot;:&quot;normal&quot;,&quot;type&quot;:&quot;disabled&quot;,&quot;effect&quot;:&quot;fade&quot;,&quot;duration&quot;:500,&quot;speed&quot;:5,&quot;pause_on_hover&quot;:&quot;enabled&quot;,&quot;stop_rollover&quot;:&quot;false&quot;,&quot;cache_pages&quot;:&quot;enabled&quot;,&quot;preload_images&quot;:&quot;enabled&quot;,&quot;preload_pages&quot;:&quot;enabled&quot;,&quot;preload_reach&quot;:1,&quot;spinner&quot;:&quot;builtin&quot;,&quot;spinner_image&quot;:&quot;https:\/\/www.aita-menni.org\/wp-content\/plugins\/toolset-blocks\/embedded\/res\/img\/ajax-loader.gif&quot;,&quot;callback_next&quot;:&quot;&quot;,&quot;manage_history&quot;:&quot;enabled&quot;,&quot;has_controls_in_form&quot;:&quot;disabled&quot;,&quot;infinite_tolerance&quot;:&quot;0&quot;,&quot;max_pages&quot;:1,&quot;page&quot;:1,&quot;base_permalink&quot;:&quot;\/es\/wp-json\/wp\/v2\/pages\/24523?wpv_view_count=41727-CATTR984260680cb0642bad395d240833bb01&amp;wpv_paged=WPV_PAGE_NUM&quot;,&quot;loop&quot;:{&quot;type&quot;:&quot;&quot;,&quot;name&quot;:&quot;&quot;,&quot;data&quot;:[],&quot;id&quot;:0}}\" data-permalink=\"\/es\/wp-json\/wp\/v2\/pages\/24523?wpv_view_count=41727-CATTR984260680cb0642bad395d240833bb01\">\n\n\t\n<div style=\"margin-top:80px;\"><h2 style=\"text-align:center;\">Art\u00edculos<\/h2><\/div>\n<div class=\"sli-a\">\n\t\n\t\n      <div class=\"diapo\"><!-- <figure><a href=\"[wpv-post-url]\" title=\"[wpv-post-title]\">[wpv-post-featured-image size='medium' class='cropar']<\/a><\/figure> -->\n<h3 class=\"morado\"><a href=\"https:\/\/ospitalarioakfundazioaeuskadi.org\/es\/articulo\/ia4ictus-inteligencia-artificial-neurorrehabilitacion\/\">IA4ICTUS: Nuevo paradigma de neurorrehabilitaci\u00f3n de precisi\u00f3n apoyado por Inteligencia Artificial<\/a><\/h3>\n<time>12 de febrero de 2026<\/time>\n<div style=\"padding-top:15px;border-top:1px solid #72cdd1;\">\n\t\n\t\n\t\t<address class=\"author vcard autor-2a\"><strong>Dr. Juan Ignacio Mar\u00edn Ojea<\/strong><\/address>\n<span class=\"font-1em gris999\" style=\"padding-bottom: 20px;\"><p>Especialista en Medicina F\u00edsica y Rehabilitaci\u00f3n. <a href=\"https:\/\/www.aita-menni.org\/es\/que-hacemos\/dano-cerebral\/\" rel=\"nofollow noopener\" target=\"_blank\">Servicio de Neurorrehabilitaci\u00f3n y Da\u00f1o Cerebral<\/a>. <a href=\"\/es\/\">Ospitalarioak Fundazioa Euskadi<\/a>.<\/p>\n<\/span>\n\t\n\t\n    <\/div><\/div>\n\t\n\t\n<\/div>\n<div class=\"boton-morado\" style=\"padding-top:40px;\"><p style=\"text-align: center;\"><a title=\"Todos los art\u00edculos\" href=\"https:\/\/www.aita-menni.org\/es\/comunicacion\/articulos\/\" rel=\"nofollow noopener\" target=\"_blank\">Todos los art\u00edculos \u2192<\/a><\/p><\/div>\n\t\n\t\n<\/div>\n[\/vc_column_text][\/vc_column][\/vc_row]<\/p>\n<\/div>","protected":false},"excerpt":{"rendered":"<div class=\"link-more\"><a href=\"https:\/\/ospitalarioakfundazioaeuskadi.org\/es\/hospitalidad\/bioetica\/\" class=\"more-link\">Seguir leyendo<span class=\"screen-reader-text\"> &ldquo;Bio\u00e9tica&rdquo;<\/span>&hellip;<\/a><\/div>\n","protected":false},"author":1,"featured_media":0,"parent":24472,"menu_order":94,"comment_status":"closed","ping_status":"closed","template":"templates\/sin-head-h1.php","meta":{"footnotes":""},"class_list":["post-24523","page","type-page","status-publish","hentry","entry"],"_links":{"self":[{"href":"https:\/\/ospitalarioakfundazioaeuskadi.org\/es\/wp-json\/wp\/v2\/pages\/24523","targetHints":{"allow":["GET"]}}],"collection":[{"href":"https:\/\/ospitalarioakfundazioaeuskadi.org\/es\/wp-json\/wp\/v2\/pages"}],"about":[{"href":"https:\/\/ospitalarioakfundazioaeuskadi.org\/es\/wp-json\/wp\/v2\/types\/page"}],"author":[{"embeddable":true,"href":"https:\/\/ospitalarioakfundazioaeuskadi.org\/es\/wp-json\/wp\/v2\/users\/1"}],"replies":[{"embeddable":true,"href":"https:\/\/ospitalarioakfundazioaeuskadi.org\/es\/wp-json\/wp\/v2\/comments?post=24523"}],"version-history":[{"count":4,"href":"https:\/\/ospitalarioakfundazioaeuskadi.org\/es\/wp-json\/wp\/v2\/pages\/24523\/revisions"}],"predecessor-version":[{"id":40945,"href":"https:\/\/ospitalarioakfundazioaeuskadi.org\/es\/wp-json\/wp\/v2\/pages\/24523\/revisions\/40945"}],"up":[{"embeddable":true,"href":"https:\/\/ospitalarioakfundazioaeuskadi.org\/es\/wp-json\/wp\/v2\/pages\/24472"}],"wp:attachment":[{"href":"https:\/\/ospitalarioakfundazioaeuskadi.org\/es\/wp-json\/wp\/v2\/media?parent=24523"}],"curies":[{"name":"wp","href":"https:\/\/api.w.org\/{rel}","templated":true}]}}