{"id":24528,"date":"2021-09-25T18:07:59","date_gmt":"2021-09-25T18:07:59","guid":{"rendered":"http:\/\/194.35.43.170\/~aitamenninueva\/?page_id=24528"},"modified":"2025-01-16T13:49:08","modified_gmt":"2025-01-16T13:49:08","slug":"pastoral-atencion-espiritual","status":"publish","type":"page","link":"https:\/\/ospitalarioakfundazioaeuskadi.org\/es\/hospitalidad\/pastoral-atencion-espiritual\/","title":{"rendered":"Pastoral &#8211; Atenci\u00f3n espiritual"},"content":{"rendered":"<div class=\"wpb-content-wrapper\"><p>[vc_row][vc_column width=\u00bb1\/2&#8243; el_class=\u00bbvc_col-sm-push-6&#8243;][vc_column_text]<\/p>\n<figure><img loading=\"lazy\" decoding=\"async\" width=\"425\" height=\"283\" src=\"https:\/\/ospitalarioakfundazioaeuskadi.org\/wp-content\/uploads\/2022\/04\/pastoral-atencion-espiritual-744x496.jpg\" class=\"attachment-medium size-medium wp-post-image\" alt=\"Una persona reconfortando a otra con sus manos entrelazadas\" srcset=\"https:\/\/ospitalarioakfundazioaeuskadi.org\/wp-content\/uploads\/2022\/04\/pastoral-atencion-espiritual-744x496.jpg 744w, https:\/\/ospitalarioakfundazioaeuskadi.org\/wp-content\/uploads\/2022\/04\/pastoral-atencion-espiritual-768x512.jpg 768w, https:\/\/ospitalarioakfundazioaeuskadi.org\/wp-content\/uploads\/2022\/04\/pastoral-atencion-espiritual.jpg 790w\" sizes=\"auto, (max-width: 425px) 100vw, 425px\" title=\"\"><\/figure>\n<p>[\/vc_column_text][\/vc_column][vc_column width=\u00bb1\/2&#8243; el_class=\u00bbvc_col-sm-pull-6&#8243;][vc_column_text css=\u00bb\u00bb el_class=\u00bbalter-1&#8243;]<\/p>\n<h1>Pastoral &#8211; Atenci\u00f3n espiritual<\/h1>\n<p>En <b>Ospitalarioak Fundazioa Euskadi<\/b>, el cuidado de la salud es un cuidado integral: atiende no s\u00f3lo los aspectos biol\u00f3gicos, psicol\u00f3gicos o sociol\u00f3gicos de la persona, sino tambi\u00e9n sus necesidades espirituales y religiosas.<\/p>\n<p>El <strong>Servicio de Pastoral &#8211; Atenci\u00f3n Espiritual y Religiosa<\/strong> es parte importante de la asistencia integral de nuestros centros. La atenci\u00f3n que prestamos se ofrece a cuantas personas as\u00ed lo deseen, abierta a acompa\u00f1ar a todos nuestros residentes seg\u00fan sus necesidades, requerimientos y posibilidades. La asistencia espiritual respeta los derechos de la persona, su libertad, religiosidad y tradiciones que le son propias.<\/p>\n<p>Nuestra identidad como Instituci\u00f3n es fiel a la Iglesia Cat\u00f3lica, pero la atenci\u00f3n que ofrecemos no es excluyente sino inclusiva, y por ello est\u00e1 abierta a otros credos.[\/vc_column_text][\/vc_column][\/vc_row][vc_row][vc_column][vc_column_text]<\/p>\n<h2>Funciones<\/h2>\n<p>Las <strong>funciones<\/strong> del Servicio de Pastoral son:[\/vc_column_text][vc_row_inner gap=\u00bb35&#8243;][vc_column_inner width=\u00bb1\/2&#8243;][vc_column_text]<\/p>\n<ul>\n<li><strong>Acompa\u00f1amiento<\/strong> individual a todo usuario que as\u00ed lo desee.<br \/>\nCuando nos encontramos con dificultades en nuestra vida, a menudo nos planteamos el sentido de nuestra existencia y el por qu\u00e9 de lo que nos sucede. Quiz\u00e1s no podemos ver m\u00e1s all\u00e1 de nuestros problemas o de nosotros mismos, y entonces cobra importancia el otro, que nos ofrece confianza, ayuda, escucha y compa\u00f1\u00eda.<br \/>\nAnte situaciones de p\u00e9rdida, soledad o fragilidad frente a la enfermedad, a los problemas o a la vida, ofrecemos acompa\u00f1amiento espiritual en los momentos en que nos preguntamos por el sentido de nuestra vida.<\/li>\n<\/ul>\n<p>[\/vc_column_text][\/vc_column_inner][vc_column_inner width=\u00bb1\/2&#8243;][vc_column_text]<\/p>\n<ul>\n<li>Acogida y acompa\u00f1amiento a las <strong>familias<\/strong>.<\/li>\n<li><strong>Sacramentos<\/strong>: posibilitar la administraci\u00f3n de los diferentes sacramentos a los residentes que as\u00ed lo deseen (comuni\u00f3n, unci\u00f3n, reconciliaci\u00f3n).<\/li>\n<li><strong>Celebraciones<\/strong>: facilitar la asistencia de los residentes a las diferentes celebraciones.<\/li>\n<li><strong>Convivencia y animaci\u00f3n comunitaria:<\/strong> en colaboraci\u00f3n con las \u00e1reas de Monitoraje \/ Animaci\u00f3n Sociocultural, Trabajo Social y Voluntariado, colaboramos en la organizaci\u00f3n de actividades y celebraciones en torno a fechas significativas para la Familia Hospitalaria, como son el aniversartio de San Benito Menni, la Navidad o la Semana Santa.<\/li>\n<\/ul>\n<p>[\/vc_column_text][\/vc_column_inner][\/vc_row_inner][\/vc_column][\/vc_row][vc_row full_width=\u00bbstretch_row\u00bb gap=\u00bb35&#8243; el_class=\u00bbnot\u00bb][vc_column width=\u00bb1\/2&#8243;][vc_column_text css=\u00bb\u00bb]<\/p>\n<h3>Responsable del Servicio de Pastoral &#8211; Atenci\u00f3n espiritual<\/h3>\n<p><strong>Egoitz Zabala<\/strong><br \/>\n<a href=\"mailto:ezabala@fundacionhospitalarias.org\">ezabala@fundacionhospitalarias.org<\/a><br \/>\nTel. 943 794 411[\/vc_column_text][\/vc_column][vc_column width=\u00bb1\/2&#8243;][\/vc_column][\/vc_row]<\/p>\n<\/div>","protected":false},"excerpt":{"rendered":"<div class=\"entry-summary\">\n  Pastoral &#8211; Atenci\u00f3n espiritual En Ospitalarioak Fundazioa Euskadi, el cuidado de la salud es un cuidado integral: atiende no s\u00f3lo los aspectos biol\u00f3gicos, psicol\u00f3gicos o sociol\u00f3gicos de la persona, sino tambi\u00e9n sus&hellip;\n<\/div>\n<div class=\"link-more\"><a href=\"https:\/\/ospitalarioakfundazioaeuskadi.org\/es\/hospitalidad\/pastoral-atencion-espiritual\/\" class=\"more-link\">Seguir leyendo<span class=\"screen-reader-text\"> &ldquo;Pastoral &#8211; Atenci\u00f3n espiritual&rdquo;<\/span>&hellip;<\/a><\/div>\n","protected":false},"author":1,"featured_media":42144,"parent":24472,"menu_order":91,"comment_status":"closed","ping_status":"closed","template":"templates\/sin-head-h1.php","meta":{"footnotes":""},"class_list":["post-24528","page","type-page","status-publish","has-post-thumbnail","hentry","entry"],"_links":{"self":[{"href":"https:\/\/ospitalarioakfundazioaeuskadi.org\/es\/wp-json\/wp\/v2\/pages\/24528","targetHints":{"allow":["GET"]}}],"collection":[{"href":"https:\/\/ospitalarioakfundazioaeuskadi.org\/es\/wp-json\/wp\/v2\/pages"}],"about":[{"href":"https:\/\/ospitalarioakfundazioaeuskadi.org\/es\/wp-json\/wp\/v2\/types\/page"}],"author":[{"embeddable":true,"href":"https:\/\/ospitalarioakfundazioaeuskadi.org\/es\/wp-json\/wp\/v2\/users\/1"}],"replies":[{"embeddable":true,"href":"https:\/\/ospitalarioakfundazioaeuskadi.org\/es\/wp-json\/wp\/v2\/comments?post=24528"}],"version-history":[{"count":3,"href":"https:\/\/ospitalarioakfundazioaeuskadi.org\/es\/wp-json\/wp\/v2\/pages\/24528\/revisions"}],"predecessor-version":[{"id":71297,"href":"https:\/\/ospitalarioakfundazioaeuskadi.org\/es\/wp-json\/wp\/v2\/pages\/24528\/revisions\/71297"}],"up":[{"embeddable":true,"href":"https:\/\/ospitalarioakfundazioaeuskadi.org\/es\/wp-json\/wp\/v2\/pages\/24472"}],"wp:featuredmedia":[{"embeddable":true,"href":"https:\/\/ospitalarioakfundazioaeuskadi.org\/es\/wp-json\/wp\/v2\/media\/42144"}],"wp:attachment":[{"href":"https:\/\/ospitalarioakfundazioaeuskadi.org\/es\/wp-json\/wp\/v2\/media?parent=24528"}],"curies":[{"name":"wp","href":"https:\/\/api.w.org\/{rel}","templated":true}]}}