{"id":35031,"date":"2021-09-25T18:40:00","date_gmt":"2021-09-25T18:40:00","guid":{"rendered":"http:\/\/194.35.43.170\/~aitamenninueva\/prentsa-gela\/"},"modified":"2022-11-22T20:09:36","modified_gmt":"2022-11-22T20:09:36","slug":"prentsa-aretoa","status":"publish","type":"page","link":"https:\/\/ospitalarioakfundazioaeuskadi.org\/eu\/komunikazioa\/prentsa-aretoa\/","title":{"rendered":"Prentsa-aretoa"},"content":{"rendered":"<div class=\"wpb-content-wrapper\"><p>[vc_row][vc_column][vc_column_text]<\/p>\n<h1>Agerraldiak komunikabideetan<\/h1>\n<div>\n\n\n<div id=\"wpv-view-layout-38824\" class=\"js-wpv-view-layout js-wpv-layout-responsive js-wpv-view-layout-38824\" data-viewnumber=\"38824\" data-pagination=\"{&quot;id&quot;:38824,&quot;query&quot;:&quot;normal&quot;,&quot;type&quot;:&quot;disabled&quot;,&quot;effect&quot;:&quot;fade&quot;,&quot;duration&quot;:500,&quot;speed&quot;:5,&quot;pause_on_hover&quot;:&quot;enabled&quot;,&quot;stop_rollover&quot;:&quot;false&quot;,&quot;cache_pages&quot;:&quot;enabled&quot;,&quot;preload_images&quot;:&quot;enabled&quot;,&quot;preload_pages&quot;:&quot;enabled&quot;,&quot;preload_reach&quot;:1,&quot;spinner&quot;:&quot;builtin&quot;,&quot;spinner_image&quot;:&quot;https:\/\/www.aita-menni.org\/wp-content\/plugins\/toolset-blocks\/embedded\/res\/img\/ajax-loader.gif&quot;,&quot;callback_next&quot;:&quot;&quot;,&quot;manage_history&quot;:&quot;enabled&quot;,&quot;has_controls_in_form&quot;:&quot;disabled&quot;,&quot;infinite_tolerance&quot;:&quot;0&quot;,&quot;max_pages&quot;:0,&quot;page&quot;:1,&quot;base_permalink&quot;:&quot;\/eu\/wp-json\/wp\/v2\/pages\/35031?wpv_view_count=38824&amp;wpv_paged=WPV_PAGE_NUM&quot;,&quot;loop&quot;:{&quot;type&quot;:&quot;&quot;,&quot;name&quot;:&quot;&quot;,&quot;data&quot;:[],&quot;id&quot;:0}}\" data-permalink=\"\/eu\/wp-json\/wp\/v2\/pages\/35031?wpv_view_count=38824\">\n\n\t\n\t\n\t\n\t\t<div class=\"docu\"><div class=\"eti-m\"><span class=\"etiq-a\">Deia<\/span> <\/div><div style=\"display:table;width:100%;\"><div style=\"display:table-cell;width:99%;\"><h2 class=\"h3\" style=\"margin:0;\"><a style=\"text-decoration:none;\" title=\"Enlace externo a La Cuadri del Hospi, cuando el hospital se convierte en familia\" href=\"https:\/\/www.noticiasdenavarra.com\/gente\/2026\/01\/04\/asociacion-cuadri-hospi-hospital-10537771.html\" rel=\"nofollow noopener\" target=\"_blank\">La Cuadri del Hospi, cuando el hospital se convierte en familia<\/a><\/h2><\/div><div style=\"display:table-cell;\"><a style=\"text-decoration:none;\" title=\"Descargar La Cuadri del Hospi, cuando el hospital se convierte en familia\" href=\"https:\/\/www.noticiasdenavarra.com\/gente\/2026\/01\/04\/asociacion-cuadri-hospi-hospital-10537771.html\" rel=\"nofollow noopener\" target=\"_blank\"><i class=\"fa fa-external-link fa2\" style=\"margin:0 0 0 20px;font-size:1rem;\"><\/i><\/a><\/div><\/div><time>2026(e)ko urtarrila(r)en 5a<\/time><p><\/p><\/div>\n\n\t\n\t\t<div class=\"docu\"><div class=\"eti-m\"><span class=\"etiq-a\">Deia | Noticias de Navarra<\/span> <\/div><div style=\"display:table;width:100%;\"><div style=\"display:table-cell;width:99%;\"><h2 class=\"h3\" style=\"margin:0;\"><a style=\"text-decoration:none;\" title=\"Enlace externo a La Cuadri del Hospi, cuando el hospital se convierte en familia\" href=\"https:\/\/www.noticiasdenavarra.com\/gente\/2026\/01\/04\/asociacion-cuadri-hospi-hospital-10537771.html\" rel=\"nofollow noopener\" target=\"_blank\">La Cuadri del Hospi, cuando el hospital se convierte en familia<\/a><\/h2><\/div><div style=\"display:table-cell;\"><a style=\"text-decoration:none;\" title=\"Descargar La Cuadri del Hospi, cuando el hospital se convierte en familia\" href=\"https:\/\/www.noticiasdenavarra.com\/gente\/2026\/01\/04\/asociacion-cuadri-hospi-hospital-10537771.html\" rel=\"nofollow noopener\" target=\"_blank\"><i class=\"fa fa-external-link fa2\" style=\"margin:0 0 0 20px;font-size:1rem;\"><\/i><\/a><\/div><\/div><time>2026(e)ko urtarrila(r)en 5a<\/time><p><\/p><\/div>\n\n\t\n\t\t<div class=\"docu\"><div class=\"eti-m\"><span class=\"etiq-a\">El Correo<\/span> <\/div><div style=\"display:table;width:100%;\"><div style=\"display:table-cell;width:99%;\"><h2 class=\"h3\" style=\"margin:0;\"><a style=\"text-decoration:none;\" title=\"Enlace externo a La residencia Joxe Miel Barandiaran de Durango reconocida por la Diputaci\u00f3n\" href=\"https:\/\/www.elcorreo.com\/bizkaia\/duranguesado\/residencia-joxe-miel-barandiaran-durango-reconocida-diputacion-20251216145753-nt.html\" rel=\"nofollow noopener\" target=\"_blank\">La residencia Joxe Miel Barandiaran de Durango reconocida por la Diputaci\u00f3n<\/a><\/h2><\/div><div style=\"display:table-cell;\"><a style=\"text-decoration:none;\" title=\"Descargar La residencia Joxe Miel Barandiaran de Durango reconocida por la Diputaci\u00f3n\" href=\"https:\/\/www.elcorreo.com\/bizkaia\/duranguesado\/residencia-joxe-miel-barandiaran-durango-reconocida-diputacion-20251216145753-nt.html\" rel=\"nofollow noopener\" target=\"_blank\"><i class=\"fa fa-external-link fa2\" style=\"margin:0 0 0 20px;font-size:1rem;\"><\/i><\/a><\/div><\/div><time>2025(e)ko abendua(r)en 16a<\/time><p><\/p><\/div>\n\n\t\n\t\t<div class=\"docu\"><div class=\"eti-m\"><span class=\"etiq-a\">Europa Press<\/span> <\/div><div style=\"display:table;width:100%;\"><div style=\"display:table-cell;width:99%;\"><h2 class=\"h3\" style=\"margin:0;\"><a style=\"text-decoration:none;\" title=\"Enlace externo a Bizkaia reconoce las buenas pr\u00e1cticas en la personalizaci\u00f3n de los cuidados de larga duraci\u00f3n\" href=\"https:\/\/www.europapress.es\/euskadi\/noticia-bizkaia-reconoce-buenas-practicas-personalizacion-cuidados-larga-duracion-20251216150418.html\" rel=\"nofollow noopener\" target=\"_blank\">Bizkaia reconoce las buenas pr\u00e1cticas en la personalizaci\u00f3n de los cuidados de larga duraci\u00f3n<\/a><\/h2><\/div><div style=\"display:table-cell;\"><a style=\"text-decoration:none;\" title=\"Descargar Bizkaia reconoce las buenas pr\u00e1cticas en la personalizaci\u00f3n de los cuidados de larga duraci\u00f3n\" href=\"https:\/\/www.europapress.es\/euskadi\/noticia-bizkaia-reconoce-buenas-practicas-personalizacion-cuidados-larga-duracion-20251216150418.html\" rel=\"nofollow noopener\" target=\"_blank\"><i class=\"fa fa-external-link fa2\" style=\"margin:0 0 0 20px;font-size:1rem;\"><\/i><\/a><\/div><\/div><time>2025(e)ko abendua(r)en 16a<\/time><p><\/p><\/div>\n\n\t\n\t\t<div class=\"docu\"><div class=\"eti-m\"><span class=\"etiq-a\">El Diario Vasco<\/span> <\/div><div style=\"display:table;width:100%;\"><div style=\"display:table-cell;width:99%;\"><h2 class=\"h3\" style=\"margin:0;\"><a style=\"text-decoration:none;\" title=\"Enlace externo a Ospitalarioak lanza una recogida de ropa en apoyo a personas privadas de libertad\" href=\"https:\/\/www.diariovasco.com\/alto-deba\/arrasate\/ospitalarioak-lanza-recogida-ropa-apoyo-personas-privadas-20251214204527-nt.html?ref=https%3A%2F%2Fwww.diariovasco.com%2Falto-deba%2Farrasate%2Fospitalarioak-lanza-recogida-ropa-apoyo-personas-privadas-20251214204527-nt.html\" rel=\"nofollow noopener\" target=\"_blank\">Ospitalarioak lanza una recogida de ropa en apoyo a personas privadas de libertad<\/a><\/h2><\/div><div style=\"display:table-cell;\"><a style=\"text-decoration:none;\" title=\"Descargar Ospitalarioak lanza una recogida de ropa en apoyo a personas privadas de libertad\" href=\"https:\/\/www.diariovasco.com\/alto-deba\/arrasate\/ospitalarioak-lanza-recogida-ropa-apoyo-personas-privadas-20251214204527-nt.html?ref=https%3A%2F%2Fwww.diariovasco.com%2Falto-deba%2Farrasate%2Fospitalarioak-lanza-recogida-ropa-apoyo-personas-privadas-20251214204527-nt.html\" rel=\"nofollow noopener\" target=\"_blank\"><i class=\"fa fa-external-link fa2\" style=\"margin:0 0 0 20px;font-size:1rem;\"><\/i><\/a><\/div><\/div><time>2025(e)ko abendua(r)en 13a<\/time><p><\/p><\/div>\n\n\t\n\t\t<div class=\"docu\"><div class=\"eti-m\"><span class=\"etiq-a\">El Diario Vasco<\/span> <\/div><div style=\"display:table;width:100%;\"><div style=\"display:table-cell;width:99%;\"><h2 class=\"h3\" style=\"margin:0;\"><a style=\"text-decoration:none;\" title=\"Enlace externo a Ospitalarioak Fundazioa Euskadi, Premio FAAM de Oro 2025 por su liderazgo e innovaci\u00f3n en investigaci\u00f3n social y cient\u00edfica\" href=\"https:\/\/www.diariovasco.com\/alto-deba\/arrasate\/ospitalarioak-fundazioa-euskadi-premio-faam-oro-2025-20251201171825-nt.html\" rel=\"nofollow noopener\" target=\"_blank\">Ospitalarioak Fundazioa Euskadi, Premio FAAM de Oro 2025 por su liderazgo e innovaci\u00f3n en investigaci\u00f3n social y cient\u00edfica<\/a><\/h2><\/div><div style=\"display:table-cell;\"><a style=\"text-decoration:none;\" title=\"Descargar Ospitalarioak Fundazioa Euskadi, Premio FAAM de Oro 2025 por su liderazgo e innovaci\u00f3n en investigaci\u00f3n social y cient\u00edfica\" href=\"https:\/\/www.diariovasco.com\/alto-deba\/arrasate\/ospitalarioak-fundazioa-euskadi-premio-faam-oro-2025-20251201171825-nt.html\" rel=\"nofollow noopener\" target=\"_blank\"><i class=\"fa fa-external-link fa2\" style=\"margin:0 0 0 20px;font-size:1rem;\"><\/i><\/a><\/div><\/div><time>2025(e)ko abendua(r)en 3a<\/time><p><\/p><\/div>\n\n\t\n\t\t<div class=\"docu\"><div class=\"eti-m\"><span class=\"etiq-a\">Gara<\/span> <\/div><div style=\"display:table;width:100%;\"><div style=\"display:table-cell;width:99%;\"><h2 class=\"h3\" style=\"margin:0;\"><a style=\"text-decoration:none;\" title=\"Enlace externo a La biotecnol\u00f3gica vizcaina Biolan, premio estatal de Innovaci\u00f3n\" href=\"https:\/\/www.naiz.eus\/es\/hemeroteca\/gara\/editions\/2025-11-14\/hemeroteca_articles\/amp\/la-biotecnologica-vizcaina-biolan-premio-estatal-de-innovacion\" rel=\"nofollow noopener\" target=\"_blank\">La biotecnol\u00f3gica vizcaina Biolan, premio estatal de Innovaci\u00f3n<\/a><\/h2><\/div><div style=\"display:table-cell;\"><a style=\"text-decoration:none;\" title=\"Descargar La biotecnol\u00f3gica vizcaina Biolan, premio estatal de Innovaci\u00f3n\" href=\"https:\/\/www.naiz.eus\/es\/hemeroteca\/gara\/editions\/2025-11-14\/hemeroteca_articles\/amp\/la-biotecnologica-vizcaina-biolan-premio-estatal-de-innovacion\" rel=\"nofollow noopener\" target=\"_blank\"><i class=\"fa fa-external-link fa2\" style=\"margin:0 0 0 20px;font-size:1rem;\"><\/i><\/a><\/div><\/div><time>2025(e)ko azaroa(r)en 14a<\/time><p><\/p><\/div>\n\n\t\n\t\t<div class=\"docu\"><div class=\"eti-m\"><span class=\"etiq-a\">Cadena SER - Radio Palencia<\/span> <\/div><div style=\"display:table;width:100%;\"><div style=\"display:table-cell;width:99%;\"><h2 class=\"h3\" style=\"margin:0;\"><a style=\"text-decoration:none;\" title=\"Enlace externo a La comunidad hospitalaria se convierte en peregrina de esperanza\" href=\"https:\/\/cadenaser.com\/castillayleon\/2025\/11\/14\/la-comunidad-hospitalaria-se-convierte-en-peregrina-de-esperanza-radio-palencia\/\" rel=\"nofollow noopener\" target=\"_blank\">La comunidad hospitalaria se convierte en peregrina de esperanza<\/a><\/h2><\/div><div style=\"display:table-cell;\"><a style=\"text-decoration:none;\" title=\"Descargar La comunidad hospitalaria se convierte en peregrina de esperanza\" href=\"https:\/\/cadenaser.com\/castillayleon\/2025\/11\/14\/la-comunidad-hospitalaria-se-convierte-en-peregrina-de-esperanza-radio-palencia\/\" rel=\"nofollow noopener\" target=\"_blank\"><i class=\"fa fa-external-link fa2\" style=\"margin:0 0 0 20px;font-size:1rem;\"><\/i><\/a><\/div><\/div><time>2025(e)ko azaroa(r)en 14a<\/time><p><\/p><\/div>\n\n\t\n\t\t<div class=\"docu\"><div class=\"eti-m\"><span class=\"etiq-a\">Deia<\/span> <\/div><div style=\"display:table;width:100%;\"><div style=\"display:table-cell;width:99%;\"><h2 class=\"h3\" style=\"margin:0;\"><a style=\"text-decoration:none;\" title=\"Enlace externo a La Diputaci\u00f3n Foral abre 50 plazas para personas con discapacidad y enfermedad mental\" href=\"\">La Diputaci\u00f3n Foral abre 50 plazas para personas con discapacidad y enfermedad mental<\/a><\/h2><\/div><div style=\"display:table-cell;\"><a style=\"text-decoration:none;\" title=\"Descargar La Diputaci\u00f3n Foral abre 50 plazas para personas con discapacidad y enfermedad mental\" href=\"\"><i class=\"fa fa-external-link fa2\" style=\"margin:0 0 0 20px;font-size:1rem;\"><\/i><\/a><\/div><\/div><time>2025(e)ko azaroa(r)en 7a<\/time><p><\/p><\/div>\n\n\t\n\t\t<div class=\"docu\"><div class=\"eti-m\"><span class=\"etiq-a\">El Diario Vasco<\/span> <\/div><div style=\"display:table;width:100%;\"><div style=\"display:table-cell;width:99%;\"><h2 class=\"h3\" style=\"margin:0;\"><a style=\"text-decoration:none;\" title=\"Enlace externo a Conocer el da\u00f1o cerebral adquirido\" href=\"https:\/\/www.diariovasco.com\/san-sebastian\/conocer-dano-cerebral-adquirido-20251106081741-nt.html\" rel=\"nofollow noopener\" target=\"_blank\">Conocer el da\u00f1o cerebral adquirido<\/a><\/h2><\/div><div style=\"display:table-cell;\"><a style=\"text-decoration:none;\" title=\"Descargar Conocer el da\u00f1o cerebral adquirido\" href=\"https:\/\/www.diariovasco.com\/san-sebastian\/conocer-dano-cerebral-adquirido-20251106081741-nt.html\" rel=\"nofollow noopener\" target=\"_blank\"><i class=\"fa fa-external-link fa2\" style=\"margin:0 0 0 20px;font-size:1rem;\"><\/i><\/a><\/div><\/div><time>2025(e)ko azaroa(r)en 6a<\/time><p><\/p><\/div>\n\n\t\n\t\t<div class=\"docu\"><div class=\"eti-m\"><span class=\"etiq-a\">Entre Mayores<\/span> <\/div><div style=\"display:table;width:100%;\"><div style=\"display:table-cell;width:99%;\"><h2 class=\"h3\" style=\"margin:0;\"><a style=\"text-decoration:none;\" title=\"Enlace externo a Ospitalarioak Fundazioa Euskadi y Atece reflexionan en una jornada sobre el da\u00f1o cerebral adquirido\" href=\"https:\/\/entremayores.es\/euskadi\/ospitalarioak-fundazioa-euskadi-y-atece-reflexionan-en-una-jornada-sobre-el-dano-cerebral-adquirido\/\" rel=\"nofollow noopener\" target=\"_blank\">Ospitalarioak Fundazioa Euskadi y Atece reflexionan en una jornada sobre el da\u00f1o cerebral adquirido<\/a><\/h2><\/div><div style=\"display:table-cell;\"><a style=\"text-decoration:none;\" title=\"Descargar Ospitalarioak Fundazioa Euskadi y Atece reflexionan en una jornada sobre el da\u00f1o cerebral adquirido\" href=\"https:\/\/entremayores.es\/euskadi\/ospitalarioak-fundazioa-euskadi-y-atece-reflexionan-en-una-jornada-sobre-el-dano-cerebral-adquirido\/\" rel=\"nofollow noopener\" target=\"_blank\"><i class=\"fa fa-external-link fa2\" style=\"margin:0 0 0 20px;font-size:1rem;\"><\/i><\/a><\/div><\/div><time>2025(e)ko urria(r)en 28a<\/time><p><\/p><\/div>\n\n\t\n\t\t<div class=\"docu\"><div class=\"eti-m\"><span class=\"etiq-a\">El Diario Vasco<\/span> <\/div><div style=\"display:table;width:100%;\"><div style=\"display:table-cell;width:99%;\"><h2 class=\"h3\" style=\"margin:0;\"><a style=\"text-decoration:none;\" title=\"Enlace externo a Eleder Lacuesta: \u00abEl ictus me rompi\u00f3 por dentro pero se puede recuperar la independencia\u00bb\" href=\"https:\/\/www.diariovasco.com\/sociedad\/salud\/ictus-rompio-dentro-puede-recuperar-independencia-20251025093856-nt.html\" rel=\"nofollow noopener\" target=\"_blank\">Eleder Lacuesta: \u00abEl ictus me rompi\u00f3 por dentro pero se puede recuperar la independencia\u00bb<\/a><\/h2><\/div><div style=\"display:table-cell;\"><a style=\"text-decoration:none;\" title=\"Descargar Eleder Lacuesta: \u00abEl ictus me rompi\u00f3 por dentro pero se puede recuperar la independencia\u00bb\" href=\"https:\/\/www.diariovasco.com\/sociedad\/salud\/ictus-rompio-dentro-puede-recuperar-independencia-20251025093856-nt.html\" rel=\"nofollow noopener\" target=\"_blank\"><i class=\"fa fa-external-link fa2\" style=\"margin:0 0 0 20px;font-size:1rem;\"><\/i><\/a><\/div><\/div><time>2025(e)ko urria(r)en 25a<\/time><p><\/p><\/div>\n\n\t\n\t\t<div class=\"docu\"><div class=\"eti-m\"><span class=\"etiq-a\">Cadena SER<\/span> <\/div><div style=\"display:table;width:100%;\"><div style=\"display:table-cell;width:99%;\"><h2 class=\"h3\" style=\"margin:0;\"><a style=\"text-decoration:none;\" title=\"Enlace externo a &#8220;Que nadie se rinda, la salud mental tambi\u00e9n se puede recuperar&#8221;, afirma Raquel Corrales durante la marea rosa de San Sebasti\u00e1n\" href=\"https:\/\/cadenaser.com\/euskadi\/2025\/10\/10\/que-nadie-se-rinda-la-salud-mental-tambien-se-puede-recuperar-afirma-raquel-corrales-durante-la-marea-rosa-de-san-sebastian-radio-san-sebastian\/\" rel=\"nofollow noopener\" target=\"_blank\">&#8220;Que nadie se rinda, la salud mental tambi\u00e9n se puede recuperar&#8221;, afirma Raquel Corrales durante la marea rosa de San Sebasti\u00e1n<\/a><\/h2><\/div><div style=\"display:table-cell;\"><a style=\"text-decoration:none;\" title=\"Descargar &#8220;Que nadie se rinda, la salud mental tambi\u00e9n se puede recuperar&#8221;, afirma Raquel Corrales durante la marea rosa de San Sebasti\u00e1n\" href=\"https:\/\/cadenaser.com\/euskadi\/2025\/10\/10\/que-nadie-se-rinda-la-salud-mental-tambien-se-puede-recuperar-afirma-raquel-corrales-durante-la-marea-rosa-de-san-sebastian-radio-san-sebastian\/\" rel=\"nofollow noopener\" target=\"_blank\"><i class=\"fa fa-external-link fa2\" style=\"margin:0 0 0 20px;font-size:1rem;\"><\/i><\/a><\/div><\/div><time>2025(e)ko urria(r)en 11a<\/time><p><\/p><\/div>\n\n\t\n\t\t<div class=\"docu\"><div class=\"eti-m\"><span class=\"etiq-a\">Entre Mayores<\/span> <\/div><div style=\"display:table;width:100%;\"><div style=\"display:table-cell;width:99%;\"><h2 class=\"h3\" style=\"margin:0;\"><a style=\"text-decoration:none;\" title=\"Enlace externo a Jos\u00e9 Luis Gir\u00f3n: \u201cSeguimos siendo los mismos, pero con una imagen m\u00e1s moderna y cohesionada\u201d\" href=\"https:\/\/entremayores.es\/euskadi\/jose-luis-giron-seguimos-siendo-los-mismos-pero-con-una-imagen-mas-moderna-y-cohesionada\/\" rel=\"nofollow noopener\" target=\"_blank\">Jos\u00e9 Luis Gir\u00f3n: \u201cSeguimos siendo los mismos, pero con una imagen m\u00e1s moderna y cohesionada\u201d<\/a><\/h2><\/div><div style=\"display:table-cell;\"><a style=\"text-decoration:none;\" title=\"Descargar Jos\u00e9 Luis Gir\u00f3n: \u201cSeguimos siendo los mismos, pero con una imagen m\u00e1s moderna y cohesionada\u201d\" href=\"https:\/\/entremayores.es\/euskadi\/jose-luis-giron-seguimos-siendo-los-mismos-pero-con-una-imagen-mas-moderna-y-cohesionada\/\" rel=\"nofollow noopener\" target=\"_blank\"><i class=\"fa fa-external-link fa2\" style=\"margin:0 0 0 20px;font-size:1rem;\"><\/i><\/a><\/div><\/div><time>2025(e)ko urria(r)en 9a<\/time><p><\/p><\/div>\n\n\t\n\t\t<div class=\"docu\"><div class=\"eti-m\"><span class=\"etiq-a\">Papel | El Mundo<\/span> <\/div><div style=\"display:table;width:100%;\"><div style=\"display:table-cell;width:99%;\"><h2 class=\"h3\" style=\"margin:0;\"><a style=\"text-decoration:none;\" title=\"Enlace externo a Un &#8220;empuj\u00f3n&#8221; de la ciencia para maximizar la recuperaci\u00f3n del cerebro tras un ictus\" href=\"https:\/\/www.elmundo.es\/ciencia-y-salud\/salud\/2025\/09\/28\/68d6aea7fc6c8313498b457e.html\" rel=\"nofollow noopener\" target=\"_blank\">Un &#8220;empuj\u00f3n&#8221; de la ciencia para maximizar la recuperaci\u00f3n del cerebro tras un ictus<\/a><\/h2><\/div><div style=\"display:table-cell;\"><a style=\"text-decoration:none;\" title=\"Descargar Un &#8220;empuj\u00f3n&#8221; de la ciencia para maximizar la recuperaci\u00f3n del cerebro tras un ictus\" href=\"https:\/\/www.elmundo.es\/ciencia-y-salud\/salud\/2025\/09\/28\/68d6aea7fc6c8313498b457e.html\" rel=\"nofollow noopener\" target=\"_blank\"><i class=\"fa fa-external-link fa2\" style=\"margin:0 0 0 20px;font-size:1rem;\"><\/i><\/a><\/div><\/div><time>2025(e)ko iraila(r)en 28a<\/time><p><\/p><\/div>\n\n\t\n\t\t<div class=\"docu\"><div class=\"eti-m\"><span class=\"etiq-a\">M\u00e1s Salud | El Diario Vasco<\/span> <\/div><div style=\"display:table;width:100%;\"><div style=\"display:table-cell;width:99%;\"><h2 class=\"h3\" style=\"margin:0;\"><a style=\"text-decoration:none;\" title=\"Enlace externo a Experiencia, innovaci\u00f3n y tecnolog\u00eda de \u00faltima generaci\u00f3n al servicio de la neurorrehabilitaci\u00f3n\" href=\"\">Experiencia, innovaci\u00f3n y tecnolog\u00eda de \u00faltima generaci\u00f3n al servicio de la neurorrehabilitaci\u00f3n<\/a><\/h2><\/div><div style=\"display:table-cell;\"><a style=\"text-decoration:none;\" title=\"Descargar Experiencia, innovaci\u00f3n y tecnolog\u00eda de \u00faltima generaci\u00f3n al servicio de la neurorrehabilitaci\u00f3n\" href=\"\"><i class=\"fa fa-external-link fa2\" style=\"margin:0 0 0 20px;font-size:1rem;\"><\/i><\/a><\/div><\/div><time>2025(e)ko iraila(r)en 27a<\/time><p><\/p><\/div>\n\n\t\n\t\t<div class=\"docu\"><div class=\"eti-m\"><span class=\"etiq-a\">El Correo<\/span> <\/div><div style=\"display:table;width:100%;\"><div style=\"display:table-cell;width:99%;\"><h2 class=\"h3\" style=\"margin:0;\"><a style=\"text-decoration:none;\" title=\"Enlace externo a El invento que cambiar\u00e1 la vida a los supervivientes de un ictus que han perdido la funci\u00f3n motora\" href=\"https:\/\/www.elcorreo.com\/economia\/levantate-anda-20250926004938-nt.html\" rel=\"nofollow noopener\" target=\"_blank\">El invento que cambiar\u00e1 la vida a los supervivientes de un ictus que han perdido la funci\u00f3n motora<\/a><\/h2><\/div><div style=\"display:table-cell;\"><a style=\"text-decoration:none;\" title=\"Descargar El invento que cambiar\u00e1 la vida a los supervivientes de un ictus que han perdido la funci\u00f3n motora\" href=\"https:\/\/www.elcorreo.com\/economia\/levantate-anda-20250926004938-nt.html\" rel=\"nofollow noopener\" target=\"_blank\"><i class=\"fa fa-external-link fa2\" style=\"margin:0 0 0 20px;font-size:1rem;\"><\/i><\/a><\/div><\/div><time>2025(e)ko iraila(r)en 26a<\/time><p><\/p><\/div>\n\n\t\n\t\t<div class=\"docu\"><div class=\"eti-m\"><span class=\"etiq-a\">El Diario Vasco<\/span> <\/div><div style=\"display:table;width:100%;\"><div style=\"display:table-cell;width:99%;\"><h2 class=\"h3\" style=\"margin:0;\"><a style=\"text-decoration:none;\" title=\"Enlace externo a &#8216;Ondo ibili ondo izan&#8217; celebra este jueves el retorno de sus paseos saludables\" href=\"https:\/\/www.diariovasco.com\/tolosa-goierri\/beasain\/ondo-ibili-ondo-izan-celebra-manana-retorno-20250924202904-nt.html\" rel=\"nofollow noopener\" target=\"_blank\">&#8216;Ondo ibili ondo izan&#8217; celebra este jueves el retorno de sus paseos saludables<\/a><\/h2><\/div><div style=\"display:table-cell;\"><a style=\"text-decoration:none;\" title=\"Descargar &#8216;Ondo ibili ondo izan&#8217; celebra este jueves el retorno de sus paseos saludables\" href=\"https:\/\/www.diariovasco.com\/tolosa-goierri\/beasain\/ondo-ibili-ondo-izan-celebra-manana-retorno-20250924202904-nt.html\" rel=\"nofollow noopener\" target=\"_blank\"><i class=\"fa fa-external-link fa2\" style=\"margin:0 0 0 20px;font-size:1rem;\"><\/i><\/a><\/div><\/div><time>2025(e)ko iraila(r)en 23a<\/time><p><\/p><\/div>\n\n\t\n\t\t<div class=\"docu\"><div class=\"eti-m\"><span class=\"etiq-a\">Noticias de Gipuzkoa<\/span> <\/div><div style=\"display:table;width:100%;\"><div style=\"display:table-cell;width:99%;\"><h2 class=\"h3\" style=\"margin:0;\"><a style=\"text-decoration:none;\" title=\"Enlace externo a Regresan los paseos saludables a Beasain y Lazkao\" href=\"https:\/\/www.noticiasdegipuzkoa.eus\/gipuzkoa\/bertan\/2025\/09\/23\/regresan-paseos-saludables-beasain-lazkao-10119384.html\" rel=\"nofollow noopener\" target=\"_blank\">Regresan los paseos saludables a Beasain y Lazkao<\/a><\/h2><\/div><div style=\"display:table-cell;\"><a style=\"text-decoration:none;\" title=\"Descargar Regresan los paseos saludables a Beasain y Lazkao\" href=\"https:\/\/www.noticiasdegipuzkoa.eus\/gipuzkoa\/bertan\/2025\/09\/23\/regresan-paseos-saludables-beasain-lazkao-10119384.html\" rel=\"nofollow noopener\" target=\"_blank\"><i class=\"fa fa-external-link fa2\" style=\"margin:0 0 0 20px;font-size:1rem;\"><\/i><\/a><\/div><\/div><time>2025(e)ko iraila(r)en 23a<\/time><p><\/p><\/div>\n\n\t\n\t\t<div class=\"docu\"><div class=\"eti-m\"><span class=\"etiq-a\">Alimarket<\/span> <\/div><div style=\"display:table;width:100%;\"><div style=\"display:table-cell;width:99%;\"><h2 class=\"h3\" style=\"margin:0;\"><a style=\"text-decoration:none;\" title=\"Enlace externo a La Fundaci\u00f3n Hospitalarias elige a Marisa Merino como nueva directora gerente del hospital Fundaci\u00f3n Hospitalarias Euskadi\" href=\"https:\/\/www.alimarket.es\/sanidad\/noticia\/413733\/la-fundacion-hospitalarias-elige-a-marisa-merino-como-nueva-directora-gerente-del-hospital-fundacion-hospitalarias-euskadi\" rel=\"nofollow noopener\" target=\"_blank\">La Fundaci\u00f3n Hospitalarias elige a Marisa Merino como nueva directora gerente del hospital Fundaci\u00f3n Hospitalarias Euskadi<\/a><\/h2><\/div><div style=\"display:table-cell;\"><a style=\"text-decoration:none;\" title=\"Descargar La Fundaci\u00f3n Hospitalarias elige a Marisa Merino como nueva directora gerente del hospital Fundaci\u00f3n Hospitalarias Euskadi\" href=\"https:\/\/www.alimarket.es\/sanidad\/noticia\/413733\/la-fundacion-hospitalarias-elige-a-marisa-merino-como-nueva-directora-gerente-del-hospital-fundacion-hospitalarias-euskadi\" rel=\"nofollow noopener\" target=\"_blank\"><i class=\"fa fa-external-link fa2\" style=\"margin:0 0 0 20px;font-size:1rem;\"><\/i><\/a><\/div><\/div><time>2025(e)ko iraila(r)en 19a<\/time><p><\/p><\/div>\n\n\t\n\t\t<div class=\"docu\"><div class=\"eti-m\"><span class=\"etiq-a\">El Diario Vasco<\/span> <\/div><div style=\"display:table;width:100%;\"><div style=\"display:table-cell;width:99%;\"><h2 class=\"h3\" style=\"margin:0;\"><a style=\"text-decoration:none;\" title=\"Enlace externo a Marisa Merino, nueva directora gerente de Ospitalarioak Fundazioa Euskadi, anterior Hospital Aita Menni\" href=\"https:\/\/www.diariovasco.com\/gipuzkoa\/marisa-merino-nueva-directora-gerente-ospitalarioak-fundazioa-20250918121838-nt.html\" rel=\"nofollow noopener\" target=\"_blank\">Marisa Merino, nueva directora gerente de Ospitalarioak Fundazioa Euskadi, anterior Hospital Aita Menni<\/a><\/h2><\/div><div style=\"display:table-cell;\"><a style=\"text-decoration:none;\" title=\"Descargar Marisa Merino, nueva directora gerente de Ospitalarioak Fundazioa Euskadi, anterior Hospital Aita Menni\" href=\"https:\/\/www.diariovasco.com\/gipuzkoa\/marisa-merino-nueva-directora-gerente-ospitalarioak-fundazioa-20250918121838-nt.html\" rel=\"nofollow noopener\" target=\"_blank\"><i class=\"fa fa-external-link fa2\" style=\"margin:0 0 0 20px;font-size:1rem;\"><\/i><\/a><\/div><\/div><time>2025(e)ko iraila(r)en 18a<\/time><p><\/p><\/div>\n\n\t\n\t\t<div class=\"docu\"><div class=\"eti-m\"><span class=\"etiq-a\">Entre Mayores<\/span> <\/div><div style=\"display:table;width:100%;\"><div style=\"display:table-cell;width:99%;\"><h2 class=\"h3\" style=\"margin:0;\"><a style=\"text-decoration:none;\" title=\"Enlace externo a Marisa Merino Hern\u00e1ndez, nueva directora gerente de Ospitalarioak Fundazioa Euskadi\" href=\"https:\/\/entremayores.es\/euskadi\/marisa-merino-hernandez-nueva-directora-gerente-de-ospitalarioak-fundazioa-euskadi\/\" rel=\"nofollow noopener\" target=\"_blank\">Marisa Merino Hern\u00e1ndez, nueva directora gerente de Ospitalarioak Fundazioa Euskadi<\/a><\/h2><\/div><div style=\"display:table-cell;\"><a style=\"text-decoration:none;\" title=\"Descargar Marisa Merino Hern\u00e1ndez, nueva directora gerente de Ospitalarioak Fundazioa Euskadi\" href=\"https:\/\/entremayores.es\/euskadi\/marisa-merino-hernandez-nueva-directora-gerente-de-ospitalarioak-fundazioa-euskadi\/\" rel=\"nofollow noopener\" target=\"_blank\"><i class=\"fa fa-external-link fa2\" style=\"margin:0 0 0 20px;font-size:1rem;\"><\/i><\/a><\/div><\/div><time>2025(e)ko iraila(r)en 18a<\/time><p><\/p><\/div>\n\n\t\n\t\t<div class=\"docu\"><div class=\"eti-m\"><span class=\"etiq-a\">Diario Enfermero<\/span> <\/div><div style=\"display:table;width:100%;\"><div style=\"display:table-cell;width:99%;\"><h2 class=\"h3\" style=\"margin:0;\"><a style=\"text-decoration:none;\" title=\"Enlace externo a Enfermer\u00eda en una unidad de Psiquiatr\u00eda Legal\" href=\"https:\/\/diarioenfermero.es\/enfermeria-en-una-unidad-de-psiquiatria-legal\/\" rel=\"nofollow noopener\" target=\"_blank\">Enfermer\u00eda en una unidad de Psiquiatr\u00eda Legal<\/a><\/h2><\/div><div style=\"display:table-cell;\"><a style=\"text-decoration:none;\" title=\"Descargar Enfermer\u00eda en una unidad de Psiquiatr\u00eda Legal\" href=\"https:\/\/diarioenfermero.es\/enfermeria-en-una-unidad-de-psiquiatria-legal\/\" rel=\"nofollow noopener\" target=\"_blank\"><i class=\"fa fa-external-link fa2\" style=\"margin:0 0 0 20px;font-size:1rem;\"><\/i><\/a><\/div><\/div><time>2025(e)ko iraila(r)en 17a<\/time><p><\/p><\/div>\n\n\t\n\t\t<div class=\"docu\"><div class=\"eti-m\"><span class=\"etiq-a\">Diario Enfermero<\/span> <\/div><div style=\"display:table;width:100%;\"><div style=\"display:table-cell;width:99%;\"><h2 class=\"h3\" style=\"margin:0;\"><a style=\"text-decoration:none;\" title=\"Enlace externo a Mercedes Go\u00f1i, supervisora de la Unidad de Psiquiatr\u00eda Legal: \u00abEs el equipo de enfermer\u00eda quien garantiza la seguridad y el cuidado terap\u00e9utico\u00bb\" href=\"https:\/\/diarioenfermero.es\/mercedes-goni-supervisora-de-la-unidad-de-psiquiatria-legal-de-ospitalarioak-fundazioa-euskadi-es-el-equipo-de-enfermeria-quien-garantiza-la-seguridad-y-el-cuidado-terapeutico\/\" rel=\"nofollow noopener\" target=\"_blank\">Mercedes Go\u00f1i, supervisora de la Unidad de Psiquiatr\u00eda Legal: \u00abEs el equipo de enfermer\u00eda quien garantiza la seguridad y el cuidado terap\u00e9utico\u00bb<\/a><\/h2><\/div><div style=\"display:table-cell;\"><a style=\"text-decoration:none;\" title=\"Descargar Mercedes Go\u00f1i, supervisora de la Unidad de Psiquiatr\u00eda Legal: \u00abEs el equipo de enfermer\u00eda quien garantiza la seguridad y el cuidado terap\u00e9utico\u00bb\" href=\"https:\/\/diarioenfermero.es\/mercedes-goni-supervisora-de-la-unidad-de-psiquiatria-legal-de-ospitalarioak-fundazioa-euskadi-es-el-equipo-de-enfermeria-quien-garantiza-la-seguridad-y-el-cuidado-terapeutico\/\" rel=\"nofollow noopener\" target=\"_blank\"><i class=\"fa fa-external-link fa2\" style=\"margin:0 0 0 20px;font-size:1rem;\"><\/i><\/a><\/div><\/div><time>2025(e)ko iraila(r)en 17a<\/time><p><\/p><\/div>\n\n\t\n\t\t<div class=\"docu\"><div class=\"eti-m\"><span class=\"etiq-a\">Dato Econ\u00f3mico<\/span> <\/div><div style=\"display:table;width:100%;\"><div style=\"display:table-cell;width:99%;\"><h2 class=\"h3\" style=\"margin:0;\"><a style=\"text-decoration:none;\" title=\"Enlace externo a Los retos de la discapacidad intelectual en \u00c1lava, a debate\" href=\"\">Los retos de la discapacidad intelectual en \u00c1lava, a debate<\/a><\/h2><\/div><div style=\"display:table-cell;\"><a style=\"text-decoration:none;\" title=\"Descargar Los retos de la discapacidad intelectual en \u00c1lava, a debate\" href=\"\"><i class=\"fa fa-external-link fa2\" style=\"margin:0 0 0 20px;font-size:1rem;\"><\/i><\/a><\/div><\/div><time>2025(e)ko iraila(r)en 10a<\/time><p><\/p><\/div>\n\n\t\n\t\t<div class=\"docu\"><div class=\"eti-m\"><span class=\"etiq-a\">Enfermer\u00eda Facultativa<\/span> <\/div><div style=\"display:table;width:100%;\"><div style=\"display:table-cell;width:99%;\"><h2 class=\"h3\" style=\"margin:0;\"><a style=\"text-decoration:none;\" title=\"Enlace externo a La enfermer\u00eda en una unidad de psiquiatr\u00eda legal\" href=\"https:\/\/www.consejogeneralenfermeria.org\/actualidad-y-prensa\/sala-de-prensa\/revistas-enfermeria-facultativa\/cgerevista\/enfermeria-facultativa-numero-437\" rel=\"nofollow noopener\" target=\"_blank\">La enfermer\u00eda en una unidad de psiquiatr\u00eda legal<\/a><\/h2><\/div><div style=\"display:table-cell;\"><a style=\"text-decoration:none;\" title=\"Descargar La enfermer\u00eda en una unidad de psiquiatr\u00eda legal\" href=\"https:\/\/www.consejogeneralenfermeria.org\/actualidad-y-prensa\/sala-de-prensa\/revistas-enfermeria-facultativa\/cgerevista\/enfermeria-facultativa-numero-437\" rel=\"nofollow noopener\" target=\"_blank\"><i class=\"fa fa-external-link fa2\" style=\"margin:0 0 0 20px;font-size:1rem;\"><\/i><\/a><\/div><\/div><time>2025(e)ko iraila(r)en 2a<\/time><p><\/p><\/div>\n\n\t\n\t\t<div class=\"docu\"><div class=\"eti-m\"><span class=\"etiq-a\">Revista de Neurolog\u00eda<\/span> <\/div><div style=\"display:table;width:100%;\"><div style=\"display:table-cell;width:99%;\"><h2 class=\"h3\" style=\"margin:0;\"><a style=\"text-decoration:none;\" title=\"Enlace externo a Funci\u00f3n motora gruesa tras rehabilitaci\u00f3n con exoesqueleto pedi\u00e1trico Atlas 2030 en ni\u00f1os con par\u00e1lisis cerebral\" href=\"https:\/\/storage2.kexunsw.com\/journal\/RN\/80\/7\/10.31083\/RN46141\/pdf\/f85ee562593ee78b0eff89c97240a277.pd\" rel=\"nofollow noopener\" target=\"_blank\">Funci\u00f3n motora gruesa tras rehabilitaci\u00f3n con exoesqueleto pedi\u00e1trico Atlas 2030 en ni\u00f1os con par\u00e1lisis cerebral<\/a><\/h2><\/div><div style=\"display:table-cell;\"><a style=\"text-decoration:none;\" title=\"Descargar Funci\u00f3n motora gruesa tras rehabilitaci\u00f3n con exoesqueleto pedi\u00e1trico Atlas 2030 en ni\u00f1os con par\u00e1lisis cerebral\" href=\"https:\/\/storage2.kexunsw.com\/journal\/RN\/80\/7\/10.31083\/RN46141\/pdf\/f85ee562593ee78b0eff89c97240a277.pd\" rel=\"nofollow noopener\" target=\"_blank\"><i class=\"fa fa-external-link fa2\" style=\"margin:0 0 0 20px;font-size:1rem;\"><\/i><\/a><\/div><\/div><time>2025(e)ko abuztua(r)en 29a<\/time><p><\/p><\/div>\n\n\t\n\t\t<div class=\"docu\"><div class=\"eti-m\"><span class=\"etiq-a\">Entre Mayores<\/span> <\/div><div style=\"display:table;width:100%;\"><div style=\"display:table-cell;width:99%;\"><h2 class=\"h3\" style=\"margin:0;\"><a style=\"text-decoration:none;\" title=\"Enlace externo a Ospitalarioak Fundazioa Euskadi cierra 2024 con un crecimiento cercano al 14% en su actividad asistencial\" href=\"https:\/\/entremayores.es\/euskadi\/ospitalarioak-fundazioa-euskadi-cierra-2024-con-un-crecimiento-cercano-al-14-en-su-actividad-asistencial\/\" rel=\"nofollow noopener\" target=\"_blank\">Ospitalarioak Fundazioa Euskadi cierra 2024 con un crecimiento cercano al 14% en su actividad asistencial<\/a><\/h2><\/div><div style=\"display:table-cell;\"><a style=\"text-decoration:none;\" title=\"Descargar Ospitalarioak Fundazioa Euskadi cierra 2024 con un crecimiento cercano al 14% en su actividad asistencial\" href=\"https:\/\/entremayores.es\/euskadi\/ospitalarioak-fundazioa-euskadi-cierra-2024-con-un-crecimiento-cercano-al-14-en-su-actividad-asistencial\/\" rel=\"nofollow noopener\" target=\"_blank\"><i class=\"fa fa-external-link fa2\" style=\"margin:0 0 0 20px;font-size:1rem;\"><\/i><\/a><\/div><\/div><time>2025(e)ko abuztua(r)en 21a<\/time><p><\/p><\/div>\n\n\t\n\t\t<div class=\"docu\"><div class=\"eti-m\"><span class=\"etiq-a\">Cadena SER<\/span> <\/div><div style=\"display:table;width:100%;\"><div style=\"display:table-cell;width:99%;\"><h2 class=\"h3\" style=\"margin:0;\"><a style=\"text-decoration:none;\" title=\"Enlace externo a Las voces de Kepa Junkera: &#8216;La vida en una partitura&#8217;\" href=\"https:\/\/cadenaser.com\/audio\/1750836588250\/\" rel=\"nofollow noopener\" target=\"_blank\">Las voces de Kepa Junkera: &#8216;La vida en una partitura&#8217;<\/a><\/h2><\/div><div style=\"display:table-cell;\"><a style=\"text-decoration:none;\" title=\"Descargar Las voces de Kepa Junkera: &#8216;La vida en una partitura&#8217;\" href=\"https:\/\/cadenaser.com\/audio\/1750836588250\/\" rel=\"nofollow noopener\" target=\"_blank\"><i class=\"fa fa-external-link fa2\" style=\"margin:0 0 0 20px;font-size:1rem;\"><\/i><\/a><\/div><\/div><time>2025(e)ko ekaina(r)en 26a<\/time><p><\/p><\/div>\n\n\t\n\t\t<div class=\"docu\"><div class=\"eti-m\"><span class=\"etiq-a\">Telecinco.es<\/span> <\/div><div style=\"display:table;width:100%;\"><div style=\"display:table-cell;width:99%;\"><h2 class=\"h3\" style=\"margin:0;\"><a style=\"text-decoration:none;\" title=\"Enlace externo a Tres ni\u00f1os vascos, entre los 40 casos diagnosticados en Espa\u00f1a del s\u00edndrome CTNNB1\" href=\"https:\/\/www.telecinco.es\/noticias\/euskadi\/20250624\/sindrome-ctnnb1-enfermedad-rara-conferencia-40-casos-espana_18_015941178.html\" rel=\"nofollow noopener\" target=\"_blank\">Tres ni\u00f1os vascos, entre los 40 casos diagnosticados en Espa\u00f1a del s\u00edndrome CTNNB1<\/a><\/h2><\/div><div style=\"display:table-cell;\"><a style=\"text-decoration:none;\" title=\"Descargar Tres ni\u00f1os vascos, entre los 40 casos diagnosticados en Espa\u00f1a del s\u00edndrome CTNNB1\" href=\"https:\/\/www.telecinco.es\/noticias\/euskadi\/20250624\/sindrome-ctnnb1-enfermedad-rara-conferencia-40-casos-espana_18_015941178.html\" rel=\"nofollow noopener\" target=\"_blank\"><i class=\"fa fa-external-link fa2\" style=\"margin:0 0 0 20px;font-size:1rem;\"><\/i><\/a><\/div><\/div><time>2025(e)ko ekaina(r)en 24a<\/time><p><\/p><\/div>\n\n\t\n\t\t<div class=\"docu\"><div class=\"eti-m\"><span class=\"etiq-a\">Geriatric Area<\/span> <\/div><div style=\"display:table;width:100%;\"><div style=\"display:table-cell;width:99%;\"><h2 class=\"h3\" style=\"margin:0;\"><a style=\"text-decoration:none;\" title=\"Enlace externo a Ospitalarioak Aita Menni lanza una plataforma online para personas cuidadoras\" href=\"https:\/\/www.geriatricarea.com\/2025\/06\/23\/ospitalarioak-aita-menni-lanza-una-plataforma-online-para-personas-cuidadoras\/\" rel=\"nofollow noopener\" target=\"_blank\">Ospitalarioak Aita Menni lanza una plataforma online para personas cuidadoras<\/a><\/h2><\/div><div style=\"display:table-cell;\"><a style=\"text-decoration:none;\" title=\"Descargar Ospitalarioak Aita Menni lanza una plataforma online para personas cuidadoras\" href=\"https:\/\/www.geriatricarea.com\/2025\/06\/23\/ospitalarioak-aita-menni-lanza-una-plataforma-online-para-personas-cuidadoras\/\" rel=\"nofollow noopener\" target=\"_blank\"><i class=\"fa fa-external-link fa2\" style=\"margin:0 0 0 20px;font-size:1rem;\"><\/i><\/a><\/div><\/div><time>2025(e)ko ekaina(r)en 23a<\/time><p><\/p><\/div>\n\n\t\n\t\t<div class=\"docu\"><div class=\"eti-m\"><span class=\"etiq-a\">Cadena SER<\/span> <\/div><div style=\"display:table;width:100%;\"><div style=\"display:table-cell;width:99%;\"><h2 class=\"h3\" style=\"margin:0;\"><a style=\"text-decoration:none;\" title=\"Enlace externo a Las voces que arropan a Kepa Junkera: \u201cHa sido un tit\u00e1n, lo ha dado todo\u201d\" href=\"https:\/\/cadenaser.com\/euskadi\/2025\/06\/23\/las-voces-que-arropan-a-kepa-junkera-ha-sido-un-titan-lo-ha-dado-todo-radio-bilbao\/\" rel=\"nofollow noopener\" target=\"_blank\">Las voces que arropan a Kepa Junkera: \u201cHa sido un tit\u00e1n, lo ha dado todo\u201d<\/a><\/h2><\/div><div style=\"display:table-cell;\"><a style=\"text-decoration:none;\" title=\"Descargar Las voces que arropan a Kepa Junkera: \u201cHa sido un tit\u00e1n, lo ha dado todo\u201d\" href=\"https:\/\/cadenaser.com\/euskadi\/2025\/06\/23\/las-voces-que-arropan-a-kepa-junkera-ha-sido-un-titan-lo-ha-dado-todo-radio-bilbao\/\" rel=\"nofollow noopener\" target=\"_blank\"><i class=\"fa fa-external-link fa2\" style=\"margin:0 0 0 20px;font-size:1rem;\"><\/i><\/a><\/div><\/div><time>2025(e)ko ekaina(r)en 23a<\/time><p><\/p><\/div>\n\n\t\n\t\t<div class=\"docu\"><div class=\"eti-m\"><span class=\"etiq-a\">El Correo<\/span> <\/div><div style=\"display:table;width:100%;\"><div style=\"display:table-cell;width:99%;\"><h2 class=\"h3\" style=\"margin:0;\"><a style=\"text-decoration:none;\" title=\"Enlace externo a 40 ni\u00f1os afectados por una enfermedad rara que se confunde con par\u00e1lisis cerebral\" href=\"https:\/\/www.elcorreo.com\/bizkaia\/ninos-afectados-enfermedad-rara-confunde-paralisis-cerebral-20250623005232-nt.html\" rel=\"nofollow noopener\" target=\"_blank\">40 ni\u00f1os afectados por una enfermedad rara que se confunde con par\u00e1lisis cerebral<\/a><\/h2><\/div><div style=\"display:table-cell;\"><a style=\"text-decoration:none;\" title=\"Descargar 40 ni\u00f1os afectados por una enfermedad rara que se confunde con par\u00e1lisis cerebral\" href=\"https:\/\/www.elcorreo.com\/bizkaia\/ninos-afectados-enfermedad-rara-confunde-paralisis-cerebral-20250623005232-nt.html\" rel=\"nofollow noopener\" target=\"_blank\"><i class=\"fa fa-external-link fa2\" style=\"margin:0 0 0 20px;font-size:1rem;\"><\/i><\/a><\/div><\/div><time>2025(e)ko ekaina(r)en 23a<\/time><p><\/p><\/div>\n\n\t\n\t\t<div class=\"docu\"><div class=\"eti-m\"><span class=\"etiq-a\">Durangon<\/span> <\/div><div style=\"display:table;width:100%;\"><div style=\"display:table-cell;width:99%;\"><h2 class=\"h3\" style=\"margin:0;\"><a style=\"text-decoration:none;\" title=\"Enlace externo a La residencia Joxe Miel Barandiaran de Durango celebra 20 a\u00f1os de atenci\u00f3n a cerca de 900 personas\" href=\"https:\/\/www.durangon.com\/la-residencia-joxe-miel-barandiaran-de-durango-celebra-20-anos-de-atencion-a-cerca-de-900-personas\/\" rel=\"nofollow noopener\" target=\"_blank\">La residencia Joxe Miel Barandiaran de Durango celebra 20 a\u00f1os de atenci\u00f3n a cerca de 900 personas<\/a><\/h2><\/div><div style=\"display:table-cell;\"><a style=\"text-decoration:none;\" title=\"Descargar La residencia Joxe Miel Barandiaran de Durango celebra 20 a\u00f1os de atenci\u00f3n a cerca de 900 personas\" href=\"https:\/\/www.durangon.com\/la-residencia-joxe-miel-barandiaran-de-durango-celebra-20-anos-de-atencion-a-cerca-de-900-personas\/\" rel=\"nofollow noopener\" target=\"_blank\"><i class=\"fa fa-external-link fa2\" style=\"margin:0 0 0 20px;font-size:1rem;\"><\/i><\/a><\/div><\/div><time>2025(e)ko ekaina(r)en 20a<\/time><p><\/p><\/div>\n\n\t\n\t\t<div class=\"docu\"><div class=\"eti-m\"><span class=\"etiq-a\">El Correo<\/span> <\/div><div style=\"display:table;width:100%;\"><div style=\"display:table-cell;width:99%;\"><h2 class=\"h3\" style=\"margin:0;\"><a style=\"text-decoration:none;\" title=\"Enlace externo a 20 a\u00f1os cuidando a los m\u00e1s mayores\" href=\"https:\/\/www.elcorreo.com\/bizkaia\/duranguesado\/anos-cuidando-mayores-20250619174717-nt.html\" rel=\"nofollow noopener\" target=\"_blank\">20 a\u00f1os cuidando a los m\u00e1s mayores<\/a><\/h2><\/div><div style=\"display:table-cell;\"><a style=\"text-decoration:none;\" title=\"Descargar 20 a\u00f1os cuidando a los m\u00e1s mayores\" href=\"https:\/\/www.elcorreo.com\/bizkaia\/duranguesado\/anos-cuidando-mayores-20250619174717-nt.html\" rel=\"nofollow noopener\" target=\"_blank\"><i class=\"fa fa-external-link fa2\" style=\"margin:0 0 0 20px;font-size:1rem;\"><\/i><\/a><\/div><\/div><time>2025(e)ko ekaina(r)en 19a<\/time><p><\/p><\/div>\n\n\t\n\t\t<div class=\"docu\"><div class=\"eti-m\"><span class=\"etiq-a\">Durangaldeko Telebista<\/span> <\/div><div style=\"display:table;width:100%;\"><div style=\"display:table-cell;width:99%;\"><h2 class=\"h3\" style=\"margin:0;\"><a style=\"text-decoration:none;\" title=\"Enlace externo a La residencia Joxe Miel Barandiaran de Durango atiende a 884 personas en 20 a\u00f1os\" href=\"https:\/\/dotb.eus\/la-residencia-joxe-miel-barandiaran-celebra-20-anos-con-884-personas-atendidas\/\" rel=\"nofollow noopener\" target=\"_blank\">La residencia Joxe Miel Barandiaran de Durango atiende a 884 personas en 20 a\u00f1os<\/a><\/h2><\/div><div style=\"display:table-cell;\"><a style=\"text-decoration:none;\" title=\"Descargar La residencia Joxe Miel Barandiaran de Durango atiende a 884 personas en 20 a\u00f1os\" href=\"https:\/\/dotb.eus\/la-residencia-joxe-miel-barandiaran-celebra-20-anos-con-884-personas-atendidas\/\" rel=\"nofollow noopener\" target=\"_blank\"><i class=\"fa fa-external-link fa2\" style=\"margin:0 0 0 20px;font-size:1rem;\"><\/i><\/a><\/div><\/div><time>2025(e)ko ekaina(r)en 19a<\/time><p><\/p><\/div>\n\n\t\n\t\t<div class=\"docu\"><div class=\"eti-m\"><span class=\"etiq-a\">Donostitik<\/span> <\/div><div style=\"display:table;width:100%;\"><div style=\"display:table-cell;width:99%;\"><h2 class=\"h3\" style=\"margin:0;\"><a style=\"text-decoration:none;\" title=\"Enlace externo a San Sebasti\u00e1n acoge el preestreno de Votemos, sobre salud mental y estigma\" href=\"https:\/\/www.donostitik.com\/donostia-acoge-el-preestreno-de-votemos-sobre-salud-mental-y-estigma\/\" rel=\"nofollow noopener\" target=\"_blank\">San Sebasti\u00e1n acoge el preestreno de Votemos, sobre salud mental y estigma<\/a><\/h2><\/div><div style=\"display:table-cell;\"><a style=\"text-decoration:none;\" title=\"Descargar San Sebasti\u00e1n acoge el preestreno de Votemos, sobre salud mental y estigma\" href=\"https:\/\/www.donostitik.com\/donostia-acoge-el-preestreno-de-votemos-sobre-salud-mental-y-estigma\/\" rel=\"nofollow noopener\" target=\"_blank\"><i class=\"fa fa-external-link fa2\" style=\"margin:0 0 0 20px;font-size:1rem;\"><\/i><\/a><\/div><\/div><time>2025(e)ko maiatza(r)en 31a<\/time><p><\/p><\/div>\n\n\t\n\t\t<div class=\"docu\"><div class=\"eti-m\"><span class=\"etiq-a\">El Diario Vasco<\/span> <\/div><div style=\"display:table;width:100%;\"><div style=\"display:table-cell;width:99%;\"><h2 class=\"h3\" style=\"margin:0;\"><a style=\"text-decoration:none;\" title=\"Enlace externo a Ospitalarioak Aita Menni lanza Zaintza Eskola, una plataforma online para personas que cuidan\" href=\"https:\/\/www.diariovasco.com\/alto-deba\/arrasate\/ospitalarioak-aita-menni-lanza-zaintza-eskola-plataforma-20250513155822-nt.html\" rel=\"nofollow noopener\" target=\"_blank\">Ospitalarioak Aita Menni lanza Zaintza Eskola, una plataforma online para personas que cuidan<\/a><\/h2><\/div><div style=\"display:table-cell;\"><a style=\"text-decoration:none;\" title=\"Descargar Ospitalarioak Aita Menni lanza Zaintza Eskola, una plataforma online para personas que cuidan\" href=\"https:\/\/www.diariovasco.com\/alto-deba\/arrasate\/ospitalarioak-aita-menni-lanza-zaintza-eskola-plataforma-20250513155822-nt.html\" rel=\"nofollow noopener\" target=\"_blank\"><i class=\"fa fa-external-link fa2\" style=\"margin:0 0 0 20px;font-size:1rem;\"><\/i><\/a><\/div><\/div><time>2025(e)ko maiatza(r)en 14a<\/time><p><\/p><\/div>\n\n\t\n\t\t<div class=\"docu\"><div class=\"eti-m\"><span class=\"etiq-a\">News3Edad<\/span> <\/div><div style=\"display:table;width:100%;\"><div style=\"display:table-cell;width:99%;\"><h2 class=\"h3\" style=\"margin:0;\"><a style=\"text-decoration:none;\" title=\"Enlace externo a Ospitalarioak Aita Menni lanza Zaintza Eskola, una plataforma online para personas que cuidan\" href=\"https:\/\/www.news3edad.com\/2025\/05\/14\/ospitalarioak-aita-menni-lanza-zaintza-eskola-una-plataforma-online-para-personas-que-cuidan\/\" rel=\"nofollow noopener\" target=\"_blank\">Ospitalarioak Aita Menni lanza Zaintza Eskola, una plataforma online para personas que cuidan<\/a><\/h2><\/div><div style=\"display:table-cell;\"><a style=\"text-decoration:none;\" title=\"Descargar Ospitalarioak Aita Menni lanza Zaintza Eskola, una plataforma online para personas que cuidan\" href=\"https:\/\/www.news3edad.com\/2025\/05\/14\/ospitalarioak-aita-menni-lanza-zaintza-eskola-una-plataforma-online-para-personas-que-cuidan\/\" rel=\"nofollow noopener\" target=\"_blank\"><i class=\"fa fa-external-link fa2\" style=\"margin:0 0 0 20px;font-size:1rem;\"><\/i><\/a><\/div><\/div><time>2025(e)ko maiatza(r)en 14a<\/time><p><\/p><\/div>\n\n\t\n\t\t<div class=\"docu\"><div class=\"eti-m\"><span class=\"etiq-a\">Noticias de Gipuzkoa<\/span> <\/div><div style=\"display:table;width:100%;\"><div style=\"display:table-cell;width:99%;\"><h2 class=\"h3\" style=\"margin:0;\"><a style=\"text-decoration:none;\" title=\"Enlace externo a Arrasate: la fiestas de Musakola m\u00e1s inclusivas con una cita intergeneracional\" href=\"https:\/\/www.noticiasdegipuzkoa.eus\/gipuzkoa\/bertan\/2025\/05\/13\/arrasate-fiestas-musakola-inclusivas-cita-9630229.html\" rel=\"nofollow noopener\" target=\"_blank\">Arrasate: la fiestas de Musakola m\u00e1s inclusivas con una cita intergeneracional<\/a><\/h2><\/div><div style=\"display:table-cell;\"><a style=\"text-decoration:none;\" title=\"Descargar Arrasate: la fiestas de Musakola m\u00e1s inclusivas con una cita intergeneracional\" href=\"https:\/\/www.noticiasdegipuzkoa.eus\/gipuzkoa\/bertan\/2025\/05\/13\/arrasate-fiestas-musakola-inclusivas-cita-9630229.html\" rel=\"nofollow noopener\" target=\"_blank\"><i class=\"fa fa-external-link fa2\" style=\"margin:0 0 0 20px;font-size:1rem;\"><\/i><\/a><\/div><\/div><time>2025(e)ko maiatza(r)en 13a<\/time><p><\/p><\/div>\n\n\t\n\t\t<div class=\"docu\"><div class=\"eti-m\"><span class=\"etiq-a\">Norte Expr\u00e9s<\/span> <\/div><div style=\"display:table;width:100%;\"><div style=\"display:table-cell;width:99%;\"><h2 class=\"h3\" style=\"margin:0;\"><a style=\"text-decoration:none;\" title=\"Enlace externo a Neurorrehabilitaci\u00f3n post-ictus integrando la IA\" href=\"https:\/\/nortexpres.com\/euskadi-neurorrehabilitacion-post-ictus-integrando-la-ia\/\" rel=\"nofollow noopener\" target=\"_blank\">Neurorrehabilitaci\u00f3n post-ictus integrando la IA<\/a><\/h2><\/div><div style=\"display:table-cell;\"><a style=\"text-decoration:none;\" title=\"Descargar Neurorrehabilitaci\u00f3n post-ictus integrando la IA\" href=\"https:\/\/nortexpres.com\/euskadi-neurorrehabilitacion-post-ictus-integrando-la-ia\/\" rel=\"nofollow noopener\" target=\"_blank\"><i class=\"fa fa-external-link fa2\" style=\"margin:0 0 0 20px;font-size:1rem;\"><\/i><\/a><\/div><\/div><time>2025(e)ko apirila(r)en 29a<\/time><p><\/p><\/div>\n\n\t\n\t\t<div class=\"docu\"><div class=\"eti-m\"><span class=\"etiq-a\">Estrategia Empresarial<\/span> <\/div><div style=\"display:table;width:100%;\"><div style=\"display:table-cell;width:99%;\"><h2 class=\"h3\" style=\"margin:0;\"><a style=\"text-decoration:none;\" title=\"Enlace externo a Aita Menni y Biolan colaboran para mejorar los procesos de neurorrehabilitaci\u00f3n post-ictus integrando la IA\" href=\"https:\/\/www.estrategia.net\/noticias\/aita-menni-y-biolan-colaboran-para-mejorar-los-procesos-de-neurorrehabilitacion-post-ictus-integrando-la-ia\" rel=\"nofollow noopener\" target=\"_blank\">Aita Menni y Biolan colaboran para mejorar los procesos de neurorrehabilitaci\u00f3n post-ictus integrando la IA<\/a><\/h2><\/div><div style=\"display:table-cell;\"><a style=\"text-decoration:none;\" title=\"Descargar Aita Menni y Biolan colaboran para mejorar los procesos de neurorrehabilitaci\u00f3n post-ictus integrando la IA\" href=\"https:\/\/www.estrategia.net\/noticias\/aita-menni-y-biolan-colaboran-para-mejorar-los-procesos-de-neurorrehabilitacion-post-ictus-integrando-la-ia\" rel=\"nofollow noopener\" target=\"_blank\"><i class=\"fa fa-external-link fa2\" style=\"margin:0 0 0 20px;font-size:1rem;\"><\/i><\/a><\/div><\/div><time>2025(e)ko apirila(r)en 29a<\/time><p><\/p><\/div>\n\n\t\n\t\t<div class=\"docu\"><div class=\"eti-m\"><span class=\"etiq-a\">El Diario Vasco<\/span> <\/div><div style=\"display:table;width:100%;\"><div style=\"display:table-cell;width:99%;\"><h2 class=\"h3\" style=\"margin:0;\"><a style=\"text-decoration:none;\" title=\"Enlace externo a Aita Menni y Biolan colaboran para mejorar los procesos de neurorrehabilitaci\u00f3n post-ictus integrando la IA\" href=\"https:\/\/www.diariovasco.com\/alto-deba\/arrasate\/aita-menni-biolan-colaboran-mejorar-procesos-neurorrehabilitacion-20250429124901-nt.html\" rel=\"nofollow noopener\" target=\"_blank\">Aita Menni y Biolan colaboran para mejorar los procesos de neurorrehabilitaci\u00f3n post-ictus integrando la IA<\/a><\/h2><\/div><div style=\"display:table-cell;\"><a style=\"text-decoration:none;\" title=\"Descargar Aita Menni y Biolan colaboran para mejorar los procesos de neurorrehabilitaci\u00f3n post-ictus integrando la IA\" href=\"https:\/\/www.diariovasco.com\/alto-deba\/arrasate\/aita-menni-biolan-colaboran-mejorar-procesos-neurorrehabilitacion-20250429124901-nt.html\" rel=\"nofollow noopener\" target=\"_blank\"><i class=\"fa fa-external-link fa2\" style=\"margin:0 0 0 20px;font-size:1rem;\"><\/i><\/a><\/div><\/div><time>2025(e)ko apirila(r)en 29a<\/time><p><\/p><\/div>\n\n\t\n\t\t<div class=\"docu\"><div class=\"eti-m\"><span class=\"etiq-a\">El Diario Vasco<\/span> <\/div><div style=\"display:table;width:100%;\"><div style=\"display:table-cell;width:99%;\"><h2 class=\"h3\" style=\"margin:0;\"><a style=\"text-decoration:none;\" title=\"Enlace externo a Salud elimina el l\u00edmite de edad para derivar pacientes con da\u00f1o cerebral adquirido a Aita Menni\" href=\"https:\/\/www.diariovasco.com\/sociedad\/salud\/gobierno-vasco-elimina-limite-edad-derivar-pacientes-20250409134354-nt.html\" rel=\"nofollow noopener\" target=\"_blank\">Salud elimina el l\u00edmite de edad para derivar pacientes con da\u00f1o cerebral adquirido a Aita Menni<\/a><\/h2><\/div><div style=\"display:table-cell;\"><a style=\"text-decoration:none;\" title=\"Descargar Salud elimina el l\u00edmite de edad para derivar pacientes con da\u00f1o cerebral adquirido a Aita Menni\" href=\"https:\/\/www.diariovasco.com\/sociedad\/salud\/gobierno-vasco-elimina-limite-edad-derivar-pacientes-20250409134354-nt.html\" rel=\"nofollow noopener\" target=\"_blank\"><i class=\"fa fa-external-link fa2\" style=\"margin:0 0 0 20px;font-size:1rem;\"><\/i><\/a><\/div><\/div><time>2025(e)ko apirila(r)en 9a<\/time><p><\/p><\/div>\n\n\t\n\t\t<div class=\"docu\"><div class=\"eti-m\"><span class=\"etiq-a\">ElDiario.es<\/span> <\/div><div style=\"display:table;width:100%;\"><div style=\"display:table-cell;width:99%;\"><h2 class=\"h3\" style=\"margin:0;\"><a style=\"text-decoration:none;\" title=\"Enlace externo a El Gobierno vasco eliminar\u00e1 el l\u00edmite de edad para derivar pacientes con da\u00f1o cerebral adquirido al hospital Aita Menni\" href=\"https:\/\/www.eldiario.es\/euskadi\/gobierno-vasco-eliminara-limite-edad-derivar-pacientes-dano-cerebral-adquirido-hospital-aita-menni_1_12206300.html\" rel=\"nofollow noopener\" target=\"_blank\">El Gobierno vasco eliminar\u00e1 el l\u00edmite de edad para derivar pacientes con da\u00f1o cerebral adquirido al hospital Aita Menni<\/a><\/h2><\/div><div style=\"display:table-cell;\"><a style=\"text-decoration:none;\" title=\"Descargar El Gobierno vasco eliminar\u00e1 el l\u00edmite de edad para derivar pacientes con da\u00f1o cerebral adquirido al hospital Aita Menni\" href=\"https:\/\/www.eldiario.es\/euskadi\/gobierno-vasco-eliminara-limite-edad-derivar-pacientes-dano-cerebral-adquirido-hospital-aita-menni_1_12206300.html\" rel=\"nofollow noopener\" target=\"_blank\"><i class=\"fa fa-external-link fa2\" style=\"margin:0 0 0 20px;font-size:1rem;\"><\/i><\/a><\/div><\/div><time>2025(e)ko apirila(r)en 9a<\/time><p><\/p><\/div>\n\n\t\n\t\t<div class=\"docu\"><div class=\"eti-m\"><span class=\"etiq-a\">El Correo<\/span> <\/div><div style=\"display:table;width:100%;\"><div style=\"display:table-cell;width:99%;\"><h2 class=\"h3\" style=\"margin:0;\"><a style=\"text-decoration:none;\" title=\"Enlace externo a Kepa Junkera: \u00abEcho de menos sudar, sentir aquella fuerza interior&#8230; Lo daba todo en el escenario\u00bb\" href=\"https:\/\/www.elcorreo.com\/culturas\/musica\/echo-sudar-sentir-fuerza-interior-daba-escenario-20250326003736-nt.html\" rel=\"nofollow noopener\" target=\"_blank\">Kepa Junkera: \u00abEcho de menos sudar, sentir aquella fuerza interior&#8230; Lo daba todo en el escenario\u00bb<\/a><\/h2><\/div><div style=\"display:table-cell;\"><a style=\"text-decoration:none;\" title=\"Descargar Kepa Junkera: \u00abEcho de menos sudar, sentir aquella fuerza interior&#8230; Lo daba todo en el escenario\u00bb\" href=\"https:\/\/www.elcorreo.com\/culturas\/musica\/echo-sudar-sentir-fuerza-interior-daba-escenario-20250326003736-nt.html\" rel=\"nofollow noopener\" target=\"_blank\"><i class=\"fa fa-external-link fa2\" style=\"margin:0 0 0 20px;font-size:1rem;\"><\/i><\/a><\/div><\/div><time>2025(e)ko apirila(r)en 1a<\/time><p><\/p><\/div>\n\n\t\n\t\t<div class=\"docu\"><div class=\"eti-m\"><span class=\"etiq-a\">El Diario Vasco<\/span> <\/div><div style=\"display:table;width:100%;\"><div style=\"display:table-cell;width:99%;\"><h2 class=\"h3\" style=\"margin:0;\"><a style=\"text-decoration:none;\" title=\"Enlace externo a Alumnos de FP de Arizmendi imparten talleres intergenercionales a mayores\" href=\"https:\/\/www.diariovasco.com\/alto-deba\/arrasate\/alumnos-arizmendi-imparten-talleres-intergenercionales-mayores-20250320195554-nt.html\" rel=\"nofollow noopener\" target=\"_blank\">Alumnos de FP de Arizmendi imparten talleres intergenercionales a mayores<\/a><\/h2><\/div><div style=\"display:table-cell;\"><a style=\"text-decoration:none;\" title=\"Descargar Alumnos de FP de Arizmendi imparten talleres intergenercionales a mayores\" href=\"https:\/\/www.diariovasco.com\/alto-deba\/arrasate\/alumnos-arizmendi-imparten-talleres-intergenercionales-mayores-20250320195554-nt.html\" rel=\"nofollow noopener\" target=\"_blank\"><i class=\"fa fa-external-link fa2\" style=\"margin:0 0 0 20px;font-size:1rem;\"><\/i><\/a><\/div><\/div><time>2025(e)ko martxoa(r)en 20a<\/time><p><\/p><\/div>\n\n\t\n\t\t<div class=\"docu\"><div class=\"eti-m\"><span class=\"etiq-a\">Mondraberri<\/span> <\/div><div style=\"display:table;width:100%;\"><div style=\"display:table-cell;width:99%;\"><h2 class=\"h3\" style=\"margin:0;\"><a style=\"text-decoration:none;\" title=\"Enlace externo a Aita Menni Ahizpa Ospitalarioak Fundazioa Euskadi izango da\" href=\"https:\/\/mondraberri.eus\/aita-menni-ahizpa-ospitalarioak-fundazioa-euskadi-izango-da\/\" rel=\"nofollow noopener\" target=\"_blank\">Aita Menni Ahizpa Ospitalarioak Fundazioa Euskadi izango da<\/a><\/h2><\/div><div style=\"display:table-cell;\"><a style=\"text-decoration:none;\" title=\"Descargar Aita Menni Ahizpa Ospitalarioak Fundazioa Euskadi izango da\" href=\"https:\/\/mondraberri.eus\/aita-menni-ahizpa-ospitalarioak-fundazioa-euskadi-izango-da\/\" rel=\"nofollow noopener\" target=\"_blank\"><i class=\"fa fa-external-link fa2\" style=\"margin:0 0 0 20px;font-size:1rem;\"><\/i><\/a><\/div><\/div><time>2025(e)ko urtarrila(r)en 10a<\/time><p><\/p><\/div>\n\n\t\n\t\t<div class=\"docu\"><div class=\"eti-m\"><span class=\"etiq-a\">El Diario Vasco<\/span> <\/div><div style=\"display:table;width:100%;\"><div style=\"display:table-cell;width:99%;\"><h2 class=\"h3\" style=\"margin:0;\"><a style=\"text-decoration:none;\" title=\"Enlace externo a Hermanas Hospitalarias Aita Menni pasa a ser Ospitalarioak Fundazioa Euskadi\" href=\"https:\/\/www.diariovasco.com\/alto-deba\/arrasate\/hermanas-hospitalarias-aita-menni-ospitalarioak-fundazioa-20250110123148-nt.html\" rel=\"nofollow noopener\" target=\"_blank\">Hermanas Hospitalarias Aita Menni pasa a ser Ospitalarioak Fundazioa Euskadi<\/a><\/h2><\/div><div style=\"display:table-cell;\"><a style=\"text-decoration:none;\" title=\"Descargar Hermanas Hospitalarias Aita Menni pasa a ser Ospitalarioak Fundazioa Euskadi\" href=\"https:\/\/www.diariovasco.com\/alto-deba\/arrasate\/hermanas-hospitalarias-aita-menni-ospitalarioak-fundazioa-20250110123148-nt.html\" rel=\"nofollow noopener\" target=\"_blank\"><i class=\"fa fa-external-link fa2\" style=\"margin:0 0 0 20px;font-size:1rem;\"><\/i><\/a><\/div><\/div><time>2025(e)ko urtarrila(r)en 10a<\/time><p><\/p><\/div>\n\n\t\n\t\t<div class=\"docu\"><div class=\"eti-m\"><span class=\"etiq-a\">Goiena<\/span> <\/div><div style=\"display:table;width:100%;\"><div style=\"display:table-cell;width:99%;\"><h2 class=\"h3\" style=\"margin:0;\"><a style=\"text-decoration:none;\" title=\"Enlace externo a Ospitalarioak Fundazioa izatera igaroko da Aita Menni Ospitalea\" href=\"https:\/\/goiena.eus\/arrasate\/1736516788074-ospitalarioak-fundazioa-izatera-igaroko-da-aita-menni-ospitalea\" rel=\"nofollow noopener\" target=\"_blank\">Ospitalarioak Fundazioa izatera igaroko da Aita Menni Ospitalea<\/a><\/h2><\/div><div style=\"display:table-cell;\"><a style=\"text-decoration:none;\" title=\"Descargar Ospitalarioak Fundazioa izatera igaroko da Aita Menni Ospitalea\" href=\"https:\/\/goiena.eus\/arrasate\/1736516788074-ospitalarioak-fundazioa-izatera-igaroko-da-aita-menni-ospitalea\" rel=\"nofollow noopener\" target=\"_blank\"><i class=\"fa fa-external-link fa2\" style=\"margin:0 0 0 20px;font-size:1rem;\"><\/i><\/a><\/div><\/div><time>2025(e)ko urtarrila(r)en 10a<\/time><p><\/p><\/div>\n\n\t\n\t\t<div class=\"docu\"><div class=\"eti-m\"><span class=\"etiq-a\">El Diario Vasco<\/span> <\/div><div style=\"display:table;width:100%;\"><div style=\"display:table-cell;width:99%;\"><h2 class=\"h3\" style=\"margin:0;\"><a style=\"text-decoration:none;\" title=\"Enlace externo a Atece cumple 30 a\u00f1os\" href=\"https:\/\/www.diariovasco.com\/san-sebastian\/atece-cumple-anos-20241228082323-nt.html\" rel=\"nofollow noopener\" target=\"_blank\">Atece cumple 30 a\u00f1os<\/a><\/h2><\/div><div style=\"display:table-cell;\"><a style=\"text-decoration:none;\" title=\"Descargar Atece cumple 30 a\u00f1os\" href=\"https:\/\/www.diariovasco.com\/san-sebastian\/atece-cumple-anos-20241228082323-nt.html\" rel=\"nofollow noopener\" target=\"_blank\"><i class=\"fa fa-external-link fa2\" style=\"margin:0 0 0 20px;font-size:1rem;\"><\/i><\/a><\/div><\/div><time>2024(e)ko abendua(r)en 28a<\/time><p><\/p><\/div>\n\n\t\n\t\t<div class=\"docu\"><div class=\"eti-m\"><span class=\"etiq-a\">Estrategia Empresarial<\/span> <\/div><div style=\"display:table;width:100%;\"><div style=\"display:table-cell;width:99%;\"><h2 class=\"h3\" style=\"margin:0;\"><a style=\"text-decoration:none;\" title=\"Enlace externo a Global Innovation Day 2024: proyectos que demuestran el alto impacto de la inteligencia artificial\" href=\"https:\/\/www.estrategia.net\/noticias\/global-innovation-day-2024-proyectos-que-demuestran-el-alto-impacto-de-la-inteligencia-artificial\" rel=\"nofollow noopener\" target=\"_blank\">Global Innovation Day 2024: proyectos que demuestran el alto impacto de la inteligencia artificial<\/a><\/h2><\/div><div style=\"display:table-cell;\"><a style=\"text-decoration:none;\" title=\"Descargar Global Innovation Day 2024: proyectos que demuestran el alto impacto de la inteligencia artificial\" href=\"https:\/\/www.estrategia.net\/noticias\/global-innovation-day-2024-proyectos-que-demuestran-el-alto-impacto-de-la-inteligencia-artificial\" rel=\"nofollow noopener\" target=\"_blank\"><i class=\"fa fa-external-link fa2\" style=\"margin:0 0 0 20px;font-size:1rem;\"><\/i><\/a><\/div><\/div><time>2024(e)ko abendua(r)en 23a<\/time><p><\/p><\/div>\n\n\t\n\t\t<div class=\"docu\"><div class=\"eti-m\"><span class=\"etiq-a\">Goiena<\/span> <\/div><div style=\"display:table;width:100%;\"><div style=\"display:table-cell;width:99%;\"><h2 class=\"h3\" style=\"margin:0;\"><a style=\"text-decoration:none;\" title=\"Enlace externo a Dualean dabiltzan ikasleei aitortza\" href=\"https:\/\/goiena.eus\/komunitatea\/AretxabaletaLanbideEskola\/1733741510547-dualean-dabiltzan-ikasleei-aitortza\" rel=\"nofollow noopener\" target=\"_blank\">Dualean dabiltzan ikasleei aitortza<\/a><\/h2><\/div><div style=\"display:table-cell;\"><a style=\"text-decoration:none;\" title=\"Descargar Dualean dabiltzan ikasleei aitortza\" href=\"https:\/\/goiena.eus\/komunitatea\/AretxabaletaLanbideEskola\/1733741510547-dualean-dabiltzan-ikasleei-aitortza\" rel=\"nofollow noopener\" target=\"_blank\"><i class=\"fa fa-external-link fa2\" style=\"margin:0 0 0 20px;font-size:1rem;\"><\/i><\/a><\/div><\/div><time>2024(e)ko abendua(r)en 9a<\/time><p><\/p><\/div>\n\n\t\n\t\t<div class=\"docu\"><div class=\"eti-m\"><span class=\"etiq-a\">EITB<\/span> <\/div><div style=\"display:table;width:100%;\"><div style=\"display:table-cell;width:99%;\"><h2 class=\"h3\" style=\"margin:0;\"><a style=\"text-decoration:none;\" title=\"Enlace externo a Aita Menni Ahizpa Ospitalarioen profesionalek gaixotasun kardiobaskularrei arreta gehiago emateko eskatu dute\" href=\"https:\/\/www.eitb.eus\/eu\/eitb-taldea\/eitb-maratoia\/bideoak\/osoa\/9645693\/aita-menni-ahizpa-ospitalariko-profesionalek-gaixotasun-kardiobaskularrei-arreta-gehiago-emateko-eskatu-dute\/\" rel=\"nofollow noopener\" target=\"_blank\">Aita Menni Ahizpa Ospitalarioen profesionalek gaixotasun kardiobaskularrei arreta gehiago emateko eskatu dute<\/a><\/h2><\/div><div style=\"display:table-cell;\"><a style=\"text-decoration:none;\" title=\"Descargar Aita Menni Ahizpa Ospitalarioen profesionalek gaixotasun kardiobaskularrei arreta gehiago emateko eskatu dute\" href=\"https:\/\/www.eitb.eus\/eu\/eitb-taldea\/eitb-maratoia\/bideoak\/osoa\/9645693\/aita-menni-ahizpa-ospitalariko-profesionalek-gaixotasun-kardiobaskularrei-arreta-gehiago-emateko-eskatu-dute\/\" rel=\"nofollow noopener\" target=\"_blank\"><i class=\"fa fa-external-link fa2\" style=\"margin:0 0 0 20px;font-size:1rem;\"><\/i><\/a><\/div><\/div><time>2024(e)ko abendua(r)en 9a<\/time><p><\/p><\/div>\n\n\t\n\t\t<div class=\"docu\"><div class=\"eti-m\"><span class=\"etiq-a\">Deia<\/span> <\/div><div style=\"display:table;width:100%;\"><div style=\"display:table-cell;width:99%;\"><h2 class=\"h3\" style=\"margin:0;\"><a style=\"text-decoration:none;\" title=\"Enlace externo a Gabon Kontua se al\u00eda este a\u00f1o con La Cuadri del Hospi\" href=\"https:\/\/www.deia.eus\/bizkaia\/2024\/12\/07\/gabon-kontua-alia-ano-cuadri-9021563.html\" rel=\"nofollow noopener\" target=\"_blank\">Gabon Kontua se al\u00eda este a\u00f1o con La Cuadri del Hospi<\/a><\/h2><\/div><div style=\"display:table-cell;\"><a style=\"text-decoration:none;\" title=\"Descargar Gabon Kontua se al\u00eda este a\u00f1o con La Cuadri del Hospi\" href=\"https:\/\/www.deia.eus\/bizkaia\/2024\/12\/07\/gabon-kontua-alia-ano-cuadri-9021563.html\" rel=\"nofollow noopener\" target=\"_blank\"><i class=\"fa fa-external-link fa2\" style=\"margin:0 0 0 20px;font-size:1rem;\"><\/i><\/a><\/div><\/div><time>2024(e)ko abendua(r)en 7a<\/time><p><\/p><\/div>\n\n\t\n\t\t<div class=\"docu\"><div class=\"eti-m\"><span class=\"etiq-a\">El Diario Vasco<\/span> <\/div><div style=\"display:table;width:100%;\"><div style=\"display:table-cell;width:99%;\"><h2 class=\"h3\" style=\"margin:0;\"><a style=\"text-decoration:none;\" title=\"Enlace externo a Una furgoneta cargada de solidaridad\" href=\"https:\/\/www.diariovasco.com\/alto-deba\/arrasate\/furgoneta-cargada-solidaridad-20241105200139-nt.html\" rel=\"nofollow noopener\" target=\"_blank\">Una furgoneta cargada de solidaridad<\/a><\/h2><\/div><div style=\"display:table-cell;\"><a style=\"text-decoration:none;\" title=\"Descargar Una furgoneta cargada de solidaridad\" href=\"https:\/\/www.diariovasco.com\/alto-deba\/arrasate\/furgoneta-cargada-solidaridad-20241105200139-nt.html\" rel=\"nofollow noopener\" target=\"_blank\"><i class=\"fa fa-external-link fa2\" style=\"margin:0 0 0 20px;font-size:1rem;\"><\/i><\/a><\/div><\/div><time>2024(e)ko azaroa(r)en 4a<\/time><p><\/p><\/div>\n\n\t\n\t\t<div class=\"docu\"><div class=\"eti-m\"><span class=\"etiq-a\">El Correo<\/span> <\/div><div style=\"display:table;width:100%;\"><div style=\"display:table-cell;width:99%;\"><h2 class=\"h3\" style=\"margin:0;\"><a style=\"text-decoration:none;\" title=\"Enlace externo a Bizkaia activa su ola de solidaridad con Valencia\" href=\"https:\/\/www.elcorreo.com\/bizkaia\/costa\/bizkaia-activa-ola-solidaridad-valencia-20241104152458-nt.html\" rel=\"nofollow noopener\" target=\"_blank\">Bizkaia activa su ola de solidaridad con Valencia<\/a><\/h2><\/div><div style=\"display:table-cell;\"><a style=\"text-decoration:none;\" title=\"Descargar Bizkaia activa su ola de solidaridad con Valencia\" href=\"https:\/\/www.elcorreo.com\/bizkaia\/costa\/bizkaia-activa-ola-solidaridad-valencia-20241104152458-nt.html\" rel=\"nofollow noopener\" target=\"_blank\"><i class=\"fa fa-external-link fa2\" style=\"margin:0 0 0 20px;font-size:1rem;\"><\/i><\/a><\/div><\/div><time>2024(e)ko azaroa(r)en 4a<\/time><p><\/p><\/div>\n\n\t\n\t\t<div class=\"docu\"><div class=\"eti-m\"><span class=\"etiq-a\">Onda Vasca<\/span> <\/div><div style=\"display:table;width:100%;\"><div style=\"display:table-cell;width:99%;\"><h2 class=\"h3\" style=\"margin:0;\"><a style=\"text-decoration:none;\" title=\"Enlace externo a Alfonso S\u00e1ez de Ibarra: &#8220;Estamos en la fase previa del duelo&#8221;\" href=\"https:\/\/www.ondavasca.com\/estamos-en-la-fase-previa-al-duelo\/\" rel=\"nofollow noopener\" target=\"_blank\">Alfonso S\u00e1ez de Ibarra: &#8220;Estamos en la fase previa del duelo&#8221;<\/a><\/h2><\/div><div style=\"display:table-cell;\"><a style=\"text-decoration:none;\" title=\"Descargar Alfonso S\u00e1ez de Ibarra: &#8220;Estamos en la fase previa del duelo&#8221;\" href=\"https:\/\/www.ondavasca.com\/estamos-en-la-fase-previa-al-duelo\/\" rel=\"nofollow noopener\" target=\"_blank\"><i class=\"fa fa-external-link fa2\" style=\"margin:0 0 0 20px;font-size:1rem;\"><\/i><\/a><\/div><\/div><time>2024(e)ko azaroa(r)en 4a<\/time><p><\/p><\/div>\n\n\t\n\t\t<div class=\"docu\"><div class=\"eti-m\"><span class=\"etiq-a\">El Correo<\/span> <\/div><div style=\"display:table;width:100%;\"><div style=\"display:table-cell;width:99%;\"><h2 class=\"h3\" style=\"margin:0;\"><a style=\"text-decoration:none;\" title=\"Enlace externo a El cerebro tambi\u00e9n se rompe: as\u00ed han conseguido salir adelante Arkaitz y Hernando\" href=\"https:\/\/www.elcorreo.com\/sociedad\/salud\/cerebro-rompe-conseguido-salir-adelante-arkaitz-hernando-20241025002209-nt.html\" rel=\"nofollow noopener\" target=\"_blank\">El cerebro tambi\u00e9n se rompe: as\u00ed han conseguido salir adelante Arkaitz y Hernando<\/a><\/h2><\/div><div style=\"display:table-cell;\"><a style=\"text-decoration:none;\" title=\"Descargar El cerebro tambi\u00e9n se rompe: as\u00ed han conseguido salir adelante Arkaitz y Hernando\" href=\"https:\/\/www.elcorreo.com\/sociedad\/salud\/cerebro-rompe-conseguido-salir-adelante-arkaitz-hernando-20241025002209-nt.html\" rel=\"nofollow noopener\" target=\"_blank\"><i class=\"fa fa-external-link fa2\" style=\"margin:0 0 0 20px;font-size:1rem;\"><\/i><\/a><\/div><\/div><time>2024(e)ko urria(r)en 27a<\/time><p><\/p><\/div>\n\n\t\n\t\t<div class=\"docu\"><div class=\"eti-m\"><span class=\"etiq-a\">El Diario Vasco<\/span> <\/div><div style=\"display:table;width:100%;\"><div style=\"display:table-cell;width:99%;\"><h2 class=\"h3\" style=\"margin:0;\"><a style=\"text-decoration:none;\" title=\"Enlace externo a \u00abAunque la carcasa est\u00e9 bien, la cabeza por dentro no\u00bb\" href=\"https:\/\/www.diariovasco.com\/gipuzkoa\/carcasa-bien-cabeza-dentro-20241026081811-nt.html\" rel=\"nofollow noopener\" target=\"_blank\">\u00abAunque la carcasa est\u00e9 bien, la cabeza por dentro no\u00bb<\/a><\/h2><\/div><div style=\"display:table-cell;\"><a style=\"text-decoration:none;\" title=\"Descargar \u00abAunque la carcasa est\u00e9 bien, la cabeza por dentro no\u00bb\" href=\"https:\/\/www.diariovasco.com\/gipuzkoa\/carcasa-bien-cabeza-dentro-20241026081811-nt.html\" rel=\"nofollow noopener\" target=\"_blank\"><i class=\"fa fa-external-link fa2\" style=\"margin:0 0 0 20px;font-size:1rem;\"><\/i><\/a><\/div><\/div><time>2024(e)ko urria(r)en 26a<\/time><p><\/p><\/div>\n\n\t\n\t\t<div class=\"docu\"><div class=\"eti-m\"><span class=\"etiq-a\">Noticias de Gipuzkoa<\/span> <\/div><div style=\"display:table;width:100%;\"><div style=\"display:table-cell;width:99%;\"><h2 class=\"h3\" style=\"margin:0;\"><a style=\"text-decoration:none;\" title=\"Enlace externo a ATECE Gipuzkoa pide crear un c\u00f3digo en las altas hospitalarias\" href=\"https:\/\/www.noticiasdegipuzkoa.eus\/sociedad\/2024\/10\/26\/atece-gipuzkoa-pide-crear-codigo-8852746.html\" rel=\"nofollow noopener\" target=\"_blank\">ATECE Gipuzkoa pide crear un c\u00f3digo en las altas hospitalarias<\/a><\/h2><\/div><div style=\"display:table-cell;\"><a style=\"text-decoration:none;\" title=\"Descargar ATECE Gipuzkoa pide crear un c\u00f3digo en las altas hospitalarias\" href=\"https:\/\/www.noticiasdegipuzkoa.eus\/sociedad\/2024\/10\/26\/atece-gipuzkoa-pide-crear-codigo-8852746.html\" rel=\"nofollow noopener\" target=\"_blank\"><i class=\"fa fa-external-link fa2\" style=\"margin:0 0 0 20px;font-size:1rem;\"><\/i><\/a><\/div><\/div><time>2024(e)ko urria(r)en 26a<\/time><p><\/p><\/div>\n\n\t\n\t\t<div class=\"docu\"><div class=\"eti-m\"><span class=\"etiq-a\">El Diario Vasco<\/span> <\/div><div style=\"display:table;width:100%;\"><div style=\"display:table-cell;width:99%;\"><h2 class=\"h3\" style=\"margin:0;\"><a style=\"text-decoration:none;\" title=\"Enlace externo a Congreso de psiquiatr\u00eda en el Kursaal\" href=\"https:\/\/www.diariovasco.com\/san-sebastian\/congreso-psiquiatria-kursaal-20241025073129-nt.html\" rel=\"nofollow noopener\" target=\"_blank\">Congreso de psiquiatr\u00eda en el Kursaal<\/a><\/h2><\/div><div style=\"display:table-cell;\"><a style=\"text-decoration:none;\" title=\"Descargar Congreso de psiquiatr\u00eda en el Kursaal\" href=\"https:\/\/www.diariovasco.com\/san-sebastian\/congreso-psiquiatria-kursaal-20241025073129-nt.html\" rel=\"nofollow noopener\" target=\"_blank\"><i class=\"fa fa-external-link fa2\" style=\"margin:0 0 0 20px;font-size:1rem;\"><\/i><\/a><\/div><\/div><time>2024(e)ko urria(r)en 25a<\/time><p><\/p><\/div>\n\n\t\n\t\t<div class=\"docu\"><div class=\"eti-m\"><span class=\"etiq-a\">Noticias de Gipuzkoa<\/span> <\/div><div style=\"display:table;width:100%;\"><div style=\"display:table-cell;width:99%;\"><h2 class=\"h3\" style=\"margin:0;\"><a style=\"text-decoration:none;\" title=\"Enlace externo a Donostia acoge este s\u00e1bado el concierto de apoyo a las personas con da\u00f1o cerebral adquirido de Gipuzkoa\" href=\"https:\/\/www.noticiasdegipuzkoa.eus\/sociedad\/2024\/10\/22\/donostia-acoge-sabado-concierto-apoyo-8835648.html\" rel=\"nofollow noopener\" target=\"_blank\">Donostia acoge este s\u00e1bado el concierto de apoyo a las personas con da\u00f1o cerebral adquirido de Gipuzkoa<\/a><\/h2><\/div><div style=\"display:table-cell;\"><a style=\"text-decoration:none;\" title=\"Descargar Donostia acoge este s\u00e1bado el concierto de apoyo a las personas con da\u00f1o cerebral adquirido de Gipuzkoa\" href=\"https:\/\/www.noticiasdegipuzkoa.eus\/sociedad\/2024\/10\/22\/donostia-acoge-sabado-concierto-apoyo-8835648.html\" rel=\"nofollow noopener\" target=\"_blank\"><i class=\"fa fa-external-link fa2\" style=\"margin:0 0 0 20px;font-size:1rem;\"><\/i><\/a><\/div><\/div><time>2024(e)ko urria(r)en 22a<\/time><p><\/p><\/div>\n\n\t\n\t\t<div class=\"docu\"><div class=\"eti-m\"><span class=\"etiq-a\">Cadena Ser<\/span> <\/div><div style=\"display:table;width:100%;\"><div style=\"display:table-cell;width:99%;\"><h2 class=\"h3\" style=\"margin:0;\"><a style=\"text-decoration:none;\" title=\"Enlace externo a &#8220;Volver a escuchar su voz le ha dado fuerzas para seguir&#8221;: la logopeda de Kepa Junkera destaca el impacto de la IA en la rehabilitaci\u00f3n de pacientes con trastornos del habla\" href=\"https:\/\/cadenaser.com\/euskadi\/2024\/10\/21\/volver-a-escuchar-su-voz-le-ha-dado-fuerzas-para-seguir-la-logopeda-de-kepa-junkera-destaca-el-impacto-de-la-ia-en-la-rehabilitacion-de-pacientes-con-trastornos-del-habla-radio-bilbao\/\" rel=\"nofollow noopener\" target=\"_blank\">&#8220;Volver a escuchar su voz le ha dado fuerzas para seguir&#8221;: la logopeda de Kepa Junkera destaca el impacto de la IA en la rehabilitaci\u00f3n de pacientes con trastornos del habla<\/a><\/h2><\/div><div style=\"display:table-cell;\"><a style=\"text-decoration:none;\" title=\"Descargar &#8220;Volver a escuchar su voz le ha dado fuerzas para seguir&#8221;: la logopeda de Kepa Junkera destaca el impacto de la IA en la rehabilitaci\u00f3n de pacientes con trastornos del habla\" href=\"https:\/\/cadenaser.com\/euskadi\/2024\/10\/21\/volver-a-escuchar-su-voz-le-ha-dado-fuerzas-para-seguir-la-logopeda-de-kepa-junkera-destaca-el-impacto-de-la-ia-en-la-rehabilitacion-de-pacientes-con-trastornos-del-habla-radio-bilbao\/\" rel=\"nofollow noopener\" target=\"_blank\"><i class=\"fa fa-external-link fa2\" style=\"margin:0 0 0 20px;font-size:1rem;\"><\/i><\/a><\/div><\/div><time>2024(e)ko urria(r)en 21a<\/time><p><\/p><\/div>\n\n\t\n\t\t<div class=\"docu\"><div class=\"eti-m\"><span class=\"etiq-a\">Estrategia Empresarial<\/span> <\/div><div style=\"display:table;width:100%;\"><div style=\"display:table-cell;width:99%;\"><h2 class=\"h3\" style=\"margin:0;\"><a style=\"text-decoration:none;\" title=\"Enlace externo a La 13\u00aa edici\u00f3n del Global Innovation Day mostrar\u00e1 a trav\u00e9s de 6 casos pr\u00e1cticos c\u00f3mo la IA est\u00e1 transformando el tejido social y empresarial vasco\" href=\"https:\/\/www.estrategia.net\/noticias\/la-13a-edicion-del-global-innovation-day-mostrara-a-traves-de-6-casos-practicos-como-la-ia-esta-transformando-el-tejido-social-y-empresarial-vasco\" rel=\"nofollow noopener\" target=\"_blank\">La 13\u00aa edici\u00f3n del Global Innovation Day mostrar\u00e1 a trav\u00e9s de 6 casos pr\u00e1cticos c\u00f3mo la IA est\u00e1 transformando el tejido social y empresarial vasco<\/a><\/h2><\/div><div style=\"display:table-cell;\"><a style=\"text-decoration:none;\" title=\"Descargar La 13\u00aa edici\u00f3n del Global Innovation Day mostrar\u00e1 a trav\u00e9s de 6 casos pr\u00e1cticos c\u00f3mo la IA est\u00e1 transformando el tejido social y empresarial vasco\" href=\"https:\/\/www.estrategia.net\/noticias\/la-13a-edicion-del-global-innovation-day-mostrara-a-traves-de-6-casos-practicos-como-la-ia-esta-transformando-el-tejido-social-y-empresarial-vasco\" rel=\"nofollow noopener\" target=\"_blank\"><i class=\"fa fa-external-link fa2\" style=\"margin:0 0 0 20px;font-size:1rem;\"><\/i><\/a><\/div><\/div><time>2024(e)ko urria(r)en 21a<\/time><p><\/p><\/div>\n\n\t\n\t\t<div class=\"docu\"><div class=\"eti-m\"><span class=\"etiq-a\">El Pa\u00eds<\/span> <\/div><div style=\"display:table;width:100%;\"><div style=\"display:table-cell;width:99%;\"><h2 class=\"h3\" style=\"margin:0;\"><a style=\"text-decoration:none;\" title=\"Enlace externo a La voz de Kepa Junkera renace en la radio gracias a la inteligencia artificial\" href=\"https:\/\/elpais.com\/espana\/2024-10-20\/la-voz-de-kepa-junkera-renace-en-la-radio-gracias-a-la-inteligencia-artificial.html\" rel=\"nofollow noopener\" target=\"_blank\">La voz de Kepa Junkera renace en la radio gracias a la inteligencia artificial<\/a><\/h2><\/div><div style=\"display:table-cell;\"><a style=\"text-decoration:none;\" title=\"Descargar La voz de Kepa Junkera renace en la radio gracias a la inteligencia artificial\" href=\"https:\/\/elpais.com\/espana\/2024-10-20\/la-voz-de-kepa-junkera-renace-en-la-radio-gracias-a-la-inteligencia-artificial.html\" rel=\"nofollow noopener\" target=\"_blank\"><i class=\"fa fa-external-link fa2\" style=\"margin:0 0 0 20px;font-size:1rem;\"><\/i><\/a><\/div><\/div><time>2024(e)ko urria(r)en 20a<\/time><p><\/p><\/div>\n\n\t\n\t\t<div class=\"docu\"><div class=\"eti-m\"><span class=\"etiq-a\">El Correo Gallego<\/span> <\/div><div style=\"display:table;width:100%;\"><div style=\"display:table-cell;width:99%;\"><h2 class=\"h3\" style=\"margin:0;\"><a style=\"text-decoration:none;\" title=\"Enlace externo a Manuel Mart\u00edn Carrasco: &#8220;Las cruzadas antif\u00e1rmacos no van a favorecer a las personas m\u00e1s vulnerables&#8221;\" href=\"https:\/\/www.elcorreogallego.es\/sociedad\/2024\/10\/18\/manuel-martin-carrasco-cruzadas-antifarmacos-109616010.html\" rel=\"nofollow noopener\" target=\"_blank\">Manuel Mart\u00edn Carrasco: &#8220;Las cruzadas antif\u00e1rmacos no van a favorecer a las personas m\u00e1s vulnerables&#8221;<\/a><\/h2><\/div><div style=\"display:table-cell;\"><a style=\"text-decoration:none;\" title=\"Descargar Manuel Mart\u00edn Carrasco: &#8220;Las cruzadas antif\u00e1rmacos no van a favorecer a las personas m\u00e1s vulnerables&#8221;\" href=\"https:\/\/www.elcorreogallego.es\/sociedad\/2024\/10\/18\/manuel-martin-carrasco-cruzadas-antifarmacos-109616010.html\" rel=\"nofollow noopener\" target=\"_blank\"><i class=\"fa fa-external-link fa2\" style=\"margin:0 0 0 20px;font-size:1rem;\"><\/i><\/a><\/div><\/div><time>2024(e)ko urria(r)en 18a<\/time><p><\/p><\/div>\n\n\t\n\t\t<div class=\"docu\"><div class=\"eti-m\"><span class=\"etiq-a\">El Correo<\/span> <\/div><div style=\"display:table;width:100%;\"><div style=\"display:table-cell;width:99%;\"><h2 class=\"h3\" style=\"margin:0;\"><a style=\"text-decoration:none;\" title=\"Enlace externo a Basauri se vuelca con los actos solidarios para Ane Etxebarria\" href=\"https:\/\/www.elcorreo.com\/bizkaia\/nervion\/basauri-vuelca-actos-solidarios-ane-etxebarria-20241017171623-nt.html\" rel=\"nofollow noopener\" target=\"_blank\">Basauri se vuelca con los actos solidarios para Ane Etxebarria<\/a><\/h2><\/div><div style=\"display:table-cell;\"><a style=\"text-decoration:none;\" title=\"Descargar Basauri se vuelca con los actos solidarios para Ane Etxebarria\" href=\"https:\/\/www.elcorreo.com\/bizkaia\/nervion\/basauri-vuelca-actos-solidarios-ane-etxebarria-20241017171623-nt.html\" rel=\"nofollow noopener\" target=\"_blank\"><i class=\"fa fa-external-link fa2\" style=\"margin:0 0 0 20px;font-size:1rem;\"><\/i><\/a><\/div><\/div><time>2024(e)ko urria(r)en 17a<\/time><p><\/p><\/div>\n\n\t\n\t\t<div class=\"docu\"><div class=\"eti-m\"><span class=\"etiq-a\">El Diario Vasco<\/span> <\/div><div style=\"display:table;width:100%;\"><div style=\"display:table-cell;width:99%;\"><h2 class=\"h3\" style=\"margin:0;\"><a style=\"text-decoration:none;\" title=\"Enlace externo a Los psiquiatras alertan que el sistema de salud mental vive una situaci\u00f3n \u00abcr\u00edtica\u00bb por el aumento de casos y la falta de profesionales\" href=\"https:\/\/www.diariovasco.com\/sociedad\/salud\/psiquiatras-alertan-sistema-salud-mental-vive-situacion-20241016131651-nt.html\" rel=\"nofollow noopener\" target=\"_blank\">Los psiquiatras alertan que el sistema de salud mental vive una situaci\u00f3n \u00abcr\u00edtica\u00bb por el aumento de casos y la falta de profesionales<\/a><\/h2><\/div><div style=\"display:table-cell;\"><a style=\"text-decoration:none;\" title=\"Descargar Los psiquiatras alertan que el sistema de salud mental vive una situaci\u00f3n \u00abcr\u00edtica\u00bb por el aumento de casos y la falta de profesionales\" href=\"https:\/\/www.diariovasco.com\/sociedad\/salud\/psiquiatras-alertan-sistema-salud-mental-vive-situacion-20241016131651-nt.html\" rel=\"nofollow noopener\" target=\"_blank\"><i class=\"fa fa-external-link fa2\" style=\"margin:0 0 0 20px;font-size:1rem;\"><\/i><\/a><\/div><\/div><time>2024(e)ko urria(r)en 16a<\/time><p><\/p><\/div>\n\n\t\n\t\t<div class=\"docu\"><div class=\"eti-m\"><span class=\"etiq-a\">El Peri\u00f3dico<\/span> <\/div><div style=\"display:table;width:100%;\"><div style=\"display:table-cell;width:99%;\"><h2 class=\"h3\" style=\"margin:0;\"><a style=\"text-decoration:none;\" title=\"Enlace externo a Los psiquiatras alertan que el sistema de salud mental vive una situaci\u00f3n &#8220;cr\u00edtica&#8221;\" href=\"https:\/\/www.elperiodico.com\/es\/sana-mente\/20241016\/psiquiatras-alertan-sistema-salud-mental-109410647\" rel=\"nofollow noopener\" target=\"_blank\">Los psiquiatras alertan que el sistema de salud mental vive una situaci\u00f3n &#8220;cr\u00edtica&#8221;<\/a><\/h2><\/div><div style=\"display:table-cell;\"><a style=\"text-decoration:none;\" title=\"Descargar Los psiquiatras alertan que el sistema de salud mental vive una situaci\u00f3n &#8220;cr\u00edtica&#8221;\" href=\"https:\/\/www.elperiodico.com\/es\/sana-mente\/20241016\/psiquiatras-alertan-sistema-salud-mental-109410647\" rel=\"nofollow noopener\" target=\"_blank\"><i class=\"fa fa-external-link fa2\" style=\"margin:0 0 0 20px;font-size:1rem;\"><\/i><\/a><\/div><\/div><time>2024(e)ko urria(r)en 16a<\/time><p><\/p><\/div>\n\n\t\n\t\t<div class=\"docu\"><div class=\"eti-m\"><span class=\"etiq-a\">Cadena Ser<\/span> <\/div><div style=\"display:table;width:100%;\"><div style=\"display:table-cell;width:99%;\"><h2 class=\"h3\" style=\"margin:0;\"><a style=\"text-decoration:none;\" title=\"Enlace externo a La necesidad de profesionales en Osakidetza, los avances farmacol\u00f3gicos y la implantaci\u00f3n de la IA en la salud, a debate en San Sebasti\u00e1n\" href=\"https:\/\/cadenaser.com\/euskadi\/2024\/10\/16\/la-necesidad-de-profesionales-en-osakidetza-los-avances-farmacologicos-y-la-implantacion-de-la-ia-en-la-salud-a-debate-en-san-sebastian-radio-san-sebastian\/\" rel=\"nofollow noopener\" target=\"_blank\">La necesidad de profesionales en Osakidetza, los avances farmacol\u00f3gicos y la implantaci\u00f3n de la IA en la salud, a debate en San Sebasti\u00e1n<\/a><\/h2><\/div><div style=\"display:table-cell;\"><a style=\"text-decoration:none;\" title=\"Descargar La necesidad de profesionales en Osakidetza, los avances farmacol\u00f3gicos y la implantaci\u00f3n de la IA en la salud, a debate en San Sebasti\u00e1n\" href=\"https:\/\/cadenaser.com\/euskadi\/2024\/10\/16\/la-necesidad-de-profesionales-en-osakidetza-los-avances-farmacologicos-y-la-implantacion-de-la-ia-en-la-salud-a-debate-en-san-sebastian-radio-san-sebastian\/\" rel=\"nofollow noopener\" target=\"_blank\"><i class=\"fa fa-external-link fa2\" style=\"margin:0 0 0 20px;font-size:1rem;\"><\/i><\/a><\/div><\/div><time>2024(e)ko urria(r)en 16a<\/time><p><\/p><\/div>\n\n\t\n\t\t<div class=\"docu\"><div class=\"eti-m\"><span class=\"etiq-a\">El Peri\u00f3dico<\/span> <\/div><div style=\"display:table;width:100%;\"><div style=\"display:table-cell;width:99%;\"><h2 class=\"h3\" style=\"margin:0;\"><a style=\"text-decoration:none;\" title=\"Enlace externo a Los profesionales de psiquiatr\u00eda reclaman educaci\u00f3n emocional en el colegio y la empresa\" href=\"https:\/\/www.elperiodico.com\/es\/sana-mente\/20241016\/profesionales-psiquiatria-reclaman-educacion-emocional-109415579\" rel=\"nofollow noopener\" target=\"_blank\">Los profesionales de psiquiatr\u00eda reclaman educaci\u00f3n emocional en el colegio y la empresa<\/a><\/h2><\/div><div style=\"display:table-cell;\"><a style=\"text-decoration:none;\" title=\"Descargar Los profesionales de psiquiatr\u00eda reclaman educaci\u00f3n emocional en el colegio y la empresa\" href=\"https:\/\/www.elperiodico.com\/es\/sana-mente\/20241016\/profesionales-psiquiatria-reclaman-educacion-emocional-109415579\" rel=\"nofollow noopener\" target=\"_blank\"><i class=\"fa fa-external-link fa2\" style=\"margin:0 0 0 20px;font-size:1rem;\"><\/i><\/a><\/div><\/div><time>2024(e)ko urria(r)en 16a<\/time><p><\/p><\/div>\n\n\t\n\t\t<div class=\"docu\"><div class=\"eti-m\"><span class=\"etiq-a\">Art\u00edculo 14<\/span> <\/div><div style=\"display:table;width:100%;\"><div style=\"display:table-cell;width:99%;\"><h2 class=\"h3\" style=\"margin:0;\"><a style=\"text-decoration:none;\" title=\"Enlace externo a Las Hermanas Hospitalarias o c\u00f3mo acompa\u00f1ar los trastornos mentales en todas las etapas\" href=\"https:\/\/www.articulo14.es\/salud\/las-hermanas-hospitalarias-o-como-acompanar-los-trastornos-mentales-en-todas-las-etapas-20241010.html\" rel=\"nofollow noopener\" target=\"_blank\">Las Hermanas Hospitalarias o c\u00f3mo acompa\u00f1ar los trastornos mentales en todas las etapas<\/a><\/h2><\/div><div style=\"display:table-cell;\"><a style=\"text-decoration:none;\" title=\"Descargar Las Hermanas Hospitalarias o c\u00f3mo acompa\u00f1ar los trastornos mentales en todas las etapas\" href=\"https:\/\/www.articulo14.es\/salud\/las-hermanas-hospitalarias-o-como-acompanar-los-trastornos-mentales-en-todas-las-etapas-20241010.html\" rel=\"nofollow noopener\" target=\"_blank\"><i class=\"fa fa-external-link fa2\" style=\"margin:0 0 0 20px;font-size:1rem;\"><\/i><\/a><\/div><\/div><time>2024(e)ko urria(r)en 9a<\/time><p><\/p><\/div>\n\n\t\n\t\t<div class=\"docu\"><div class=\"eti-m\"><span class=\"etiq-a\">Cope<\/span> <\/div><div style=\"display:table;width:100%;\"><div style=\"display:table-cell;width:99%;\"><h2 class=\"h3\" style=\"margin:0;\"><a style=\"text-decoration:none;\" title=\"Enlace externo a Salud mental: m\u00e1s casos, menos tab\u00fa, pero a\u00fan con estigma: &#8220;Todav\u00eda existe ese resquemor&#8221;\" href=\"https:\/\/www.cope.es\/religion\/hoy-en-dia\/iglesia-espanola\/videos\/salud-mental-vez-casos-tabu-aun-estigma-todavia-existe-ese-resquemor-20241009_3025193.html\" rel=\"nofollow noopener\" target=\"_blank\">Salud mental: m\u00e1s casos, menos tab\u00fa, pero a\u00fan con estigma: &#8220;Todav\u00eda existe ese resquemor&#8221;<\/a><\/h2><\/div><div style=\"display:table-cell;\"><a style=\"text-decoration:none;\" title=\"Descargar Salud mental: m\u00e1s casos, menos tab\u00fa, pero a\u00fan con estigma: &#8220;Todav\u00eda existe ese resquemor&#8221;\" href=\"https:\/\/www.cope.es\/religion\/hoy-en-dia\/iglesia-espanola\/videos\/salud-mental-vez-casos-tabu-aun-estigma-todavia-existe-ese-resquemor-20241009_3025193.html\" rel=\"nofollow noopener\" target=\"_blank\"><i class=\"fa fa-external-link fa2\" style=\"margin:0 0 0 20px;font-size:1rem;\"><\/i><\/a><\/div><\/div><time>2024(e)ko urria(r)en 9a<\/time><p><\/p><\/div>\n\n\t\n\t\t<div class=\"docu\"><div class=\"eti-m\"><span class=\"etiq-a\">Trece TV<\/span> <\/div><div style=\"display:table;width:100%;\"><div style=\"display:table-cell;width:99%;\"><h2 class=\"h3\" style=\"margin:0;\"><a style=\"text-decoration:none;\" title=\"Enlace externo a Entrevista con Sor Isabel Mart\u00ednez, superiora de Hermanas Hospitalarias Aita Menni\" href=\"https:\/\/www.cope.es\/trecetv\/programas\/ecclesia-al-dia\/videos\/ecclesia-dia-9-octubre-2024-20241009_3025198.html\" rel=\"nofollow noopener\" target=\"_blank\">Entrevista con Sor Isabel Mart\u00ednez, superiora de Hermanas Hospitalarias Aita Menni<\/a><\/h2><\/div><div style=\"display:table-cell;\"><a style=\"text-decoration:none;\" title=\"Descargar Entrevista con Sor Isabel Mart\u00ednez, superiora de Hermanas Hospitalarias Aita Menni\" href=\"https:\/\/www.cope.es\/trecetv\/programas\/ecclesia-al-dia\/videos\/ecclesia-dia-9-octubre-2024-20241009_3025198.html\" rel=\"nofollow noopener\" target=\"_blank\"><i class=\"fa fa-external-link fa2\" style=\"margin:0 0 0 20px;font-size:1rem;\"><\/i><\/a><\/div><\/div><time>2024(e)ko urria(r)en 9a<\/time><p><\/p><\/div>\n\n\t\n\t\t<div class=\"docu\"><div class=\"eti-m\"><span class=\"etiq-a\">Infosalus<\/span> <\/div><div style=\"display:table;width:100%;\"><div style=\"display:table-cell;width:99%;\"><h2 class=\"h3\" style=\"margin:0;\"><a style=\"text-decoration:none;\" title=\"Enlace externo a San Sebasti\u00e1n reunir\u00e1 la pr\u00f3xima semana a m\u00e1s de 1.500 expertos en salud mental en el Congreso Nacional de Psiquiatr\u00eda\" href=\"https:\/\/www.infosalus.com\/actualidad\/noticia-san-sebastian-reunira-proxima-semana-mas-1500-expertos-salud-mental-congreso-nacional-psiquiatria-20241008114007.html\" rel=\"nofollow noopener\" target=\"_blank\">San Sebasti\u00e1n reunir\u00e1 la pr\u00f3xima semana a m\u00e1s de 1.500 expertos en salud mental en el Congreso Nacional de Psiquiatr\u00eda<\/a><\/h2><\/div><div style=\"display:table-cell;\"><a style=\"text-decoration:none;\" title=\"Descargar San Sebasti\u00e1n reunir\u00e1 la pr\u00f3xima semana a m\u00e1s de 1.500 expertos en salud mental en el Congreso Nacional de Psiquiatr\u00eda\" href=\"https:\/\/www.infosalus.com\/actualidad\/noticia-san-sebastian-reunira-proxima-semana-mas-1500-expertos-salud-mental-congreso-nacional-psiquiatria-20241008114007.html\" rel=\"nofollow noopener\" target=\"_blank\"><i class=\"fa fa-external-link fa2\" style=\"margin:0 0 0 20px;font-size:1rem;\"><\/i><\/a><\/div><\/div><time>2024(e)ko urria(r)en 8a<\/time><p><\/p><\/div>\n\n\t\n\t\t<div class=\"docu\"><div class=\"eti-m\"><span class=\"etiq-a\">Xornal de Galicia<\/span> <\/div><div style=\"display:table;width:100%;\"><div style=\"display:table-cell;width:99%;\"><h2 class=\"h3\" style=\"margin:0;\"><a style=\"text-decoration:none;\" title=\"Enlace externo a Jose Antonio Sierra Premio Vida Senior 2024 de la Fundaci\u00f3n Juan Cruzado de M\u00e1laga\" href=\"https:\/\/www.xornaldegalicia.es\/sociedad\/jose-antonio-sierra-premio-vida-senior-2024-de-la-fundacion-juan-cruzado-de-malaga\" rel=\"nofollow noopener\" target=\"_blank\">Jose Antonio Sierra Premio Vida Senior 2024 de la Fundaci\u00f3n Juan Cruzado de M\u00e1laga<\/a><\/h2><\/div><div style=\"display:table-cell;\"><a style=\"text-decoration:none;\" title=\"Descargar Jose Antonio Sierra Premio Vida Senior 2024 de la Fundaci\u00f3n Juan Cruzado de M\u00e1laga\" href=\"https:\/\/www.xornaldegalicia.es\/sociedad\/jose-antonio-sierra-premio-vida-senior-2024-de-la-fundacion-juan-cruzado-de-malaga\" rel=\"nofollow noopener\" target=\"_blank\"><i class=\"fa fa-external-link fa2\" style=\"margin:0 0 0 20px;font-size:1rem;\"><\/i><\/a><\/div><\/div><time>2024(e)ko urria(r)en 2a<\/time><p><\/p><\/div>\n\n\t\n\t\t<div class=\"docu\"><div class=\"eti-m\"><span class=\"etiq-a\">El Espa\u00f1ol<\/span> <\/div><div style=\"display:table;width:100%;\"><div style=\"display:table-cell;width:99%;\"><h2 class=\"h3\" style=\"margin:0;\"><a style=\"text-decoration:none;\" title=\"Enlace externo a La Fundaci\u00f3n Juan Cruzado entrega los Premios Vida S\u00e9nior\" href=\"https:\/\/www.elespanol.com\/malaga\/vivir\/20221004\/fundacion-juan-cruzado-entrega-premios-vida-senior\/708179596_0.html\" rel=\"nofollow noopener\" target=\"_blank\">La Fundaci\u00f3n Juan Cruzado entrega los Premios Vida S\u00e9nior<\/a><\/h2><\/div><div style=\"display:table-cell;\"><a style=\"text-decoration:none;\" title=\"Descargar La Fundaci\u00f3n Juan Cruzado entrega los Premios Vida S\u00e9nior\" href=\"https:\/\/www.elespanol.com\/malaga\/vivir\/20221004\/fundacion-juan-cruzado-entrega-premios-vida-senior\/708179596_0.html\" rel=\"nofollow noopener\" target=\"_blank\"><i class=\"fa fa-external-link fa2\" style=\"margin:0 0 0 20px;font-size:1rem;\"><\/i><\/a><\/div><\/div><time>2024(e)ko urria(r)en 2a<\/time><p><\/p><\/div>\n\n\t\n\t\t<div class=\"docu\"><div style=\"display:table;width:100%;\"><div style=\"display:table-cell;width:99%;\"><h2 class=\"h3\" style=\"margin:0;\"><a style=\"text-decoration:none;\" title=\"Enlace externo a Fundaci\u00f3n Juan Cruzado entrega los Premios Vida S\u00e9nior 2024\" href=\"https:\/\/www.salud21murcia.es\/fudnacion-juan-cruzado-entrega-los-premios-vida-senior-2024\/\" rel=\"nofollow noopener\" target=\"_blank\">Fundaci\u00f3n Juan Cruzado entrega los Premios Vida S\u00e9nior 2024<\/a><\/h2><\/div><div style=\"display:table-cell;\"><a style=\"text-decoration:none;\" title=\"Descargar Fundaci\u00f3n Juan Cruzado entrega los Premios Vida S\u00e9nior 2024\" href=\"https:\/\/www.salud21murcia.es\/fudnacion-juan-cruzado-entrega-los-premios-vida-senior-2024\/\" rel=\"nofollow noopener\" target=\"_blank\"><i class=\"fa fa-external-link fa2\" style=\"margin:0 0 0 20px;font-size:1rem;\"><\/i><\/a><\/div><\/div><time>2024(e)ko urria(r)en 2a<\/time><p><\/p><\/div>\n\n\t\n\t\t<div class=\"docu\"><div class=\"eti-m\"><span class=\"etiq-a\">El Faro Mortil<\/span> <\/div><div style=\"display:table;width:100%;\"><div style=\"display:table-cell;width:99%;\"><h2 class=\"h3\" style=\"margin:0;\"><a style=\"text-decoration:none;\" title=\"Enlace externo a Premios Vida S\u00e9nior 2024 de la Fundaci\u00f3n Juan Cruzado\" href=\"https:\/\/www.elfaromotril.es\/2024\/10\/02\/premios-vida-senior-2024-de-la-fundacion-juan-cruzado\/\" rel=\"nofollow noopener\" target=\"_blank\">Premios Vida S\u00e9nior 2024 de la Fundaci\u00f3n Juan Cruzado<\/a><\/h2><\/div><div style=\"display:table-cell;\"><a style=\"text-decoration:none;\" title=\"Descargar Premios Vida S\u00e9nior 2024 de la Fundaci\u00f3n Juan Cruzado\" href=\"https:\/\/www.elfaromotril.es\/2024\/10\/02\/premios-vida-senior-2024-de-la-fundacion-juan-cruzado\/\" rel=\"nofollow noopener\" target=\"_blank\"><i class=\"fa fa-external-link fa2\" style=\"margin:0 0 0 20px;font-size:1rem;\"><\/i><\/a><\/div><\/div><time>2024(e)ko urria(r)en 2a<\/time><p><\/p><\/div>\n\n\t\n\t\t<div class=\"docu\"><div class=\"eti-m\"><span class=\"etiq-a\">El Diario Vasco<\/span> <\/div><div style=\"display:table;width:100%;\"><div style=\"display:table-cell;width:99%;\"><h2 class=\"h3\" style=\"margin:0;\"><a style=\"text-decoration:none;\" title=\"Enlace externo a &#8216;Ondo Ibili Ondo Izan&#8217; estrena curso este jueves con su primer paseo semanal\" href=\"https:\/\/www.diariovasco.com\/tolosa-goierri\/beasain\/ondo-ibili-ondo-izan-estrena-curso-manana-20240925195211-nt.html\" rel=\"nofollow noopener\" target=\"_blank\">&#8216;Ondo Ibili Ondo Izan&#8217; estrena curso este jueves con su primer paseo semanal<\/a><\/h2><\/div><div style=\"display:table-cell;\"><a style=\"text-decoration:none;\" title=\"Descargar &#8216;Ondo Ibili Ondo Izan&#8217; estrena curso este jueves con su primer paseo semanal\" href=\"https:\/\/www.diariovasco.com\/tolosa-goierri\/beasain\/ondo-ibili-ondo-izan-estrena-curso-manana-20240925195211-nt.html\" rel=\"nofollow noopener\" target=\"_blank\"><i class=\"fa fa-external-link fa2\" style=\"margin:0 0 0 20px;font-size:1rem;\"><\/i><\/a><\/div><\/div><time>2024(e)ko iraila(r)en 24a<\/time><p><\/p><\/div>\n\n\t\n\t\t<div class=\"docu\"><div class=\"eti-m\"><span class=\"etiq-a\">El Diario Vasco<\/span> <\/div><div style=\"display:table;width:100%;\"><div style=\"display:table-cell;width:99%;\"><h2 class=\"h3\" style=\"margin:0;\"><a style=\"text-decoration:none;\" title=\"Enlace externo a Manuel Murie: \u00abA partir de los 55 deber\u00edamos empezar a hacer un plan de pensiones para el cerebro\u00bb\" href=\"https:\/\/www.diariovasco.com\/sociedad\/salud\/partir-deberiamos-empezar-plan-pensiones-cerebro-20240713001934-nt.html\" rel=\"nofollow noopener\" target=\"_blank\">Manuel Murie: \u00abA partir de los 55 deber\u00edamos empezar a hacer un plan de pensiones para el cerebro\u00bb<\/a><\/h2><\/div><div style=\"display:table-cell;\"><a style=\"text-decoration:none;\" title=\"Descargar Manuel Murie: \u00abA partir de los 55 deber\u00edamos empezar a hacer un plan de pensiones para el cerebro\u00bb\" href=\"https:\/\/www.diariovasco.com\/sociedad\/salud\/partir-deberiamos-empezar-plan-pensiones-cerebro-20240713001934-nt.html\" rel=\"nofollow noopener\" target=\"_blank\"><i class=\"fa fa-external-link fa2\" style=\"margin:0 0 0 20px;font-size:1rem;\"><\/i><\/a><\/div><\/div><time>2024(e)ko uztaila(r)en 13a<\/time><p><\/p><\/div>\n\n\t\n\t\t<div class=\"docu\"><div class=\"eti-m\"><span class=\"etiq-a\">El Correo<\/span> <\/div><div style=\"display:table;width:100%;\"><div style=\"display:table-cell;width:99%;\"><h2 class=\"h3\" style=\"margin:0;\"><a style=\"text-decoration:none;\" title=\"Enlace externo a Nueva residencia foral para discapacitados y enfermos mentales en Artxanda\" href=\"https:\/\/www.elcorreo.com\/bizkaia\/nueva-residencia-foral-discapacitados-enfermos-mentales-artxanda-20240523141932-nt.html\" rel=\"nofollow noopener\" target=\"_blank\">Nueva residencia foral para discapacitados y enfermos mentales en Artxanda<\/a><\/h2><\/div><div style=\"display:table-cell;\"><a style=\"text-decoration:none;\" title=\"Descargar Nueva residencia foral para discapacitados y enfermos mentales en Artxanda\" href=\"https:\/\/www.elcorreo.com\/bizkaia\/nueva-residencia-foral-discapacitados-enfermos-mentales-artxanda-20240523141932-nt.html\" rel=\"nofollow noopener\" target=\"_blank\"><i class=\"fa fa-external-link fa2\" style=\"margin:0 0 0 20px;font-size:1rem;\"><\/i><\/a><\/div><\/div><time>2024(e)ko maiatza(r)en 23a<\/time><p><\/p><\/div>\n\n\t\n\t\t<div class=\"docu\"><div class=\"eti-m\"><span class=\"etiq-a\">Navarra Capital<\/span> <\/div><div style=\"display:table;width:100%;\"><div style=\"display:table-cell;width:99%;\"><h2 class=\"h3\" style=\"margin:0;\"><a style=\"text-decoration:none;\" title=\"Enlace externo a La nueva norma UNE-ISO 45003 para evitar el s\u00edndrome \u2018burnout\u2019 en la empresa navarra\" href=\"https:\/\/navarracapital.es\/la-nueva-norma-une-iso-45003-para-evitar-el-sindrome-burnout-en-la-empresa-navarra\/\" rel=\"nofollow noopener\" target=\"_blank\">La nueva norma UNE-ISO 45003 para evitar el s\u00edndrome \u2018burnout\u2019 en la empresa navarra<\/a><\/h2><\/div><div style=\"display:table-cell;\"><a style=\"text-decoration:none;\" title=\"Descargar La nueva norma UNE-ISO 45003 para evitar el s\u00edndrome \u2018burnout\u2019 en la empresa navarra\" href=\"https:\/\/navarracapital.es\/la-nueva-norma-une-iso-45003-para-evitar-el-sindrome-burnout-en-la-empresa-navarra\/\" rel=\"nofollow noopener\" target=\"_blank\"><i class=\"fa fa-external-link fa2\" style=\"margin:0 0 0 20px;font-size:1rem;\"><\/i><\/a><\/div><\/div><time>2024(e)ko maiatza(r)en 22a<\/time><p><\/p><\/div>\n\n\t\n\t\t<div class=\"docu\"><div class=\"eti-m\"><span class=\"etiq-a\">Goiena<\/span> <\/div><div style=\"display:table;width:100%;\"><div style=\"display:table-cell;width:99%;\"><h2 class=\"h3\" style=\"margin:0;\"><a style=\"text-decoration:none;\" title=\"Enlace externo a Urtean behin bada ere, Atxorrotxera igotzeko eguna gaur\" href=\"https:\/\/goiena.eus\/eskoriatza\/1714909808561-urtean-behin-bada-ere-atxorrotxera-igotzeko-eguna-gaur\" rel=\"nofollow noopener\" target=\"_blank\">Urtean behin bada ere, Atxorrotxera igotzeko eguna gaur<\/a><\/h2><\/div><div style=\"display:table-cell;\"><a style=\"text-decoration:none;\" title=\"Descargar Urtean behin bada ere, Atxorrotxera igotzeko eguna gaur\" href=\"https:\/\/goiena.eus\/eskoriatza\/1714909808561-urtean-behin-bada-ere-atxorrotxera-igotzeko-eguna-gaur\" rel=\"nofollow noopener\" target=\"_blank\"><i class=\"fa fa-external-link fa2\" style=\"margin:0 0 0 20px;font-size:1rem;\"><\/i><\/a><\/div><\/div><time>2024(e)ko maiatza(r)en 10a<\/time><p><\/p><\/div>\n\n\t\n\t\t<div class=\"docu\"><div class=\"eti-m\"><span class=\"etiq-a\">El Diario Vasco<\/span> <\/div><div style=\"display:table;width:100%;\"><div style=\"display:table-cell;width:99%;\"><h2 class=\"h3\" style=\"margin:0;\"><a style=\"text-decoration:none;\" title=\"Enlace externo a Aita Menni recorre en una exposici\u00f3n sus 125 a\u00f1os de trayectoria hospitalaria\" href=\"https:\/\/www.diariovasco.com\/alto-deba\/arrasate\/aita-menni-recorre-exposicion-125-anos-trayectoria-20240228201547-nt.html\" rel=\"nofollow noopener\" target=\"_blank\">Aita Menni recorre en una exposici\u00f3n sus 125 a\u00f1os de trayectoria hospitalaria<\/a><\/h2><\/div><div style=\"display:table-cell;\"><a style=\"text-decoration:none;\" title=\"Descargar Aita Menni recorre en una exposici\u00f3n sus 125 a\u00f1os de trayectoria hospitalaria\" href=\"https:\/\/www.diariovasco.com\/alto-deba\/arrasate\/aita-menni-recorre-exposicion-125-anos-trayectoria-20240228201547-nt.html\" rel=\"nofollow noopener\" target=\"_blank\"><i class=\"fa fa-external-link fa2\" style=\"margin:0 0 0 20px;font-size:1rem;\"><\/i><\/a><\/div><\/div><time>2024(e)ko otsaila(r)en 27a<\/time><p><\/p><\/div>\n\n\t\n\t\t<div class=\"docu\"><div class=\"eti-m\"><span class=\"etiq-a\">Mondraberri<\/span> <\/div><div style=\"display:table;width:100%;\"><div style=\"display:table-cell;width:99%;\"><h2 class=\"h3\" style=\"margin:0;\"><a style=\"text-decoration:none;\" title=\"Enlace externo a Aita Mennik bere 125 urteen argazki erakusketa ireki du, gerora begira\" href=\"https:\/\/mondraberri.eus\/aita-mennik-125-urteen-argazki-erakusketa-ireki-du-gerora-begira\/\" rel=\"nofollow noopener\" target=\"_blank\">Aita Mennik bere 125 urteen argazki erakusketa ireki du, gerora begira<\/a><\/h2><\/div><div style=\"display:table-cell;\"><a style=\"text-decoration:none;\" title=\"Descargar Aita Mennik bere 125 urteen argazki erakusketa ireki du, gerora begira\" href=\"https:\/\/mondraberri.eus\/aita-mennik-125-urteen-argazki-erakusketa-ireki-du-gerora-begira\/\" rel=\"nofollow noopener\" target=\"_blank\"><i class=\"fa fa-external-link fa2\" style=\"margin:0 0 0 20px;font-size:1rem;\"><\/i><\/a><\/div><\/div><time>2024(e)ko otsaila(r)en 26a<\/time><p><\/p><\/div>\n\n\t\n\t\t<div class=\"docu\"><div class=\"eti-m\"><span class=\"etiq-a\">Goiena<\/span> <\/div><div style=\"display:table;width:100%;\"><div style=\"display:table-cell;width:99%;\"><h2 class=\"h3\" style=\"margin:0;\"><a style=\"text-decoration:none;\" title=\"Enlace externo a Aita Menni ospitalearen 125 urteko ibilbidea, erakusketa batean jasota\" href=\"https:\/\/goiena.eus\/arrasate\/1708956716359-aita-menni-ospitalearen-125-urteko-ibilbidea-erakusketa-batean-jasota\" rel=\"nofollow noopener\" target=\"_blank\">Aita Menni ospitalearen 125 urteko ibilbidea, erakusketa batean jasota<\/a><\/h2><\/div><div style=\"display:table-cell;\"><a style=\"text-decoration:none;\" title=\"Descargar Aita Menni ospitalearen 125 urteko ibilbidea, erakusketa batean jasota\" href=\"https:\/\/goiena.eus\/arrasate\/1708956716359-aita-menni-ospitalearen-125-urteko-ibilbidea-erakusketa-batean-jasota\" rel=\"nofollow noopener\" target=\"_blank\"><i class=\"fa fa-external-link fa2\" style=\"margin:0 0 0 20px;font-size:1rem;\"><\/i><\/a><\/div><\/div><time>2024(e)ko otsaila(r)en 26a<\/time><p><\/p><\/div>\n\n\t\n\t\t<div class=\"docu\"><div class=\"eti-m\"><span class=\"etiq-a\">El Diario Vasco<\/span> <\/div><div style=\"display:table;width:100%;\"><div style=\"display:table-cell;width:99%;\"><h2 class=\"h3\" style=\"margin:0;\"><a style=\"text-decoration:none;\" title=\"Enlace externo a Copreci, Aita Menni eta Elkarmediaren ibilbidea saritu dute\" href=\"https:\/\/www.diariovasco.com\/sociedad\/educacion\/copreci-aita-menni-eta-elkarmediaren-ibilbidea-saritu-20240203124954-nt.html\" rel=\"nofollow noopener\" target=\"_blank\">Copreci, Aita Menni eta Elkarmediaren ibilbidea saritu dute<\/a><\/h2><\/div><div style=\"display:table-cell;\"><a style=\"text-decoration:none;\" title=\"Descargar Copreci, Aita Menni eta Elkarmediaren ibilbidea saritu dute\" href=\"https:\/\/www.diariovasco.com\/sociedad\/educacion\/copreci-aita-menni-eta-elkarmediaren-ibilbidea-saritu-20240203124954-nt.html\" rel=\"nofollow noopener\" target=\"_blank\"><i class=\"fa fa-external-link fa2\" style=\"margin:0 0 0 20px;font-size:1rem;\"><\/i><\/a><\/div><\/div><time>2024(e)ko otsaila(r)en 2a<\/time><p><\/p><\/div>\n\n\t\n\t\t<div class=\"docu\"><div class=\"eti-m\"><span class=\"etiq-a\">Cope<\/span> <\/div><div style=\"display:table;width:100%;\"><div style=\"display:table-cell;width:99%;\"><h2 class=\"h3\" style=\"margin:0;\"><a style=\"text-decoration:none;\" title=\"Enlace externo a Premian a Copreci, Aita Menni y Elkarmedia por &#8220;su compromiso ejemplar&#8221; en la promoci\u00f3n del uso del euskara\" href=\"https:\/\/www.cope.es\/actualidad\/espana\/noticias\/premian-copreci-aita-menni-elkarmedia-\" rel=\"nofollow noopener\" target=\"_blank\">Premian a Copreci, Aita Menni y Elkarmedia por &#8220;su compromiso ejemplar&#8221; en la promoci\u00f3n del uso del euskara<\/a><\/h2><\/div><div style=\"display:table-cell;\"><a style=\"text-decoration:none;\" title=\"Descargar Premian a Copreci, Aita Menni y Elkarmedia por &#8220;su compromiso ejemplar&#8221; en la promoci\u00f3n del uso del euskara\" href=\"https:\/\/www.cope.es\/actualidad\/espana\/noticias\/premian-copreci-aita-menni-elkarmedia-\" rel=\"nofollow noopener\" target=\"_blank\"><i class=\"fa fa-external-link fa2\" style=\"margin:0 0 0 20px;font-size:1rem;\"><\/i><\/a><\/div><\/div><time>2024(e)ko otsaila(r)en 2a<\/time><p><\/p><\/div>\n\n\t\n\t\t<div class=\"docu\"><div class=\"eti-m\"><span class=\"etiq-a\">Europa Press<\/span> <\/div><div style=\"display:table;width:100%;\"><div style=\"display:table-cell;width:99%;\"><h2 class=\"h3\" style=\"margin:0;\"><a style=\"text-decoration:none;\" title=\"Enlace externo a Premian a Copreci, Aita Menni y Elkarmedia por &#8220;su compromiso ejemplar&#8221; en la promoci\u00f3n del uso del euskara\" href=\"https:\/\/www.europapress.es\/euskadi\/noticia-premian-copreci-aita-menni-elkarmedia-compromiso-ejemplar-promocion-uso-euskara-20240202171302.html#google_vignette\" rel=\"nofollow noopener\" target=\"_blank\">Premian a Copreci, Aita Menni y Elkarmedia por &#8220;su compromiso ejemplar&#8221; en la promoci\u00f3n del uso del euskara<\/a><\/h2><\/div><div style=\"display:table-cell;\"><a style=\"text-decoration:none;\" title=\"Descargar Premian a Copreci, Aita Menni y Elkarmedia por &#8220;su compromiso ejemplar&#8221; en la promoci\u00f3n del uso del euskara\" href=\"https:\/\/www.europapress.es\/euskadi\/noticia-premian-copreci-aita-menni-elkarmedia-compromiso-ejemplar-promocion-uso-euskara-20240202171302.html#google_vignette\" rel=\"nofollow noopener\" target=\"_blank\"><i class=\"fa fa-external-link fa2\" style=\"margin:0 0 0 20px;font-size:1rem;\"><\/i><\/a><\/div><\/div><time>2024(e)ko otsaila(r)en 2a<\/time><p><\/p><\/div>\n\n\t\n\t\t<div class=\"docu\"><div class=\"eti-m\"><span class=\"etiq-a\">Mondraberri<\/span> <\/div><div style=\"display:table;width:100%;\"><div style=\"display:table-cell;width:99%;\"><h2 class=\"h3\" style=\"margin:0;\"><a style=\"text-decoration:none;\" title=\"Enlace externo a &#8220;Danbor bat, euro bat, bazkari bat&#8221; kanpainarekin bat egin du Aita Mennik\" href=\"https:\/\/mondraberri.eus\/danbor-bat-euro-bat-bazkari-bat-kanpainarekin-bat-egin-du-aita-mennik\/\" rel=\"nofollow noopener\" target=\"_blank\">&#8220;Danbor bat, euro bat, bazkari bat&#8221; kanpainarekin bat egin du Aita Mennik<\/a><\/h2><\/div><div style=\"display:table-cell;\"><a style=\"text-decoration:none;\" title=\"Descargar &#8220;Danbor bat, euro bat, bazkari bat&#8221; kanpainarekin bat egin du Aita Mennik\" href=\"https:\/\/mondraberri.eus\/danbor-bat-euro-bat-bazkari-bat-kanpainarekin-bat-egin-du-aita-mennik\/\" rel=\"nofollow noopener\" target=\"_blank\"><i class=\"fa fa-external-link fa2\" style=\"margin:0 0 0 20px;font-size:1rem;\"><\/i><\/a><\/div><\/div><time>2024(e)ko urtarrila(r)en 19a<\/time><p><\/p><\/div>\n\n\t\n\t\t<div class=\"docu\"><div class=\"eti-m\"><span class=\"etiq-a\">Goiena<\/span> <\/div><div style=\"display:table;width:100%;\"><div style=\"display:table-cell;width:99%;\"><h2 class=\"h3\" style=\"margin:0;\"><a style=\"text-decoration:none;\" title=\"Enlace externo a &#8220;Danbor bat, euro bat, otordu bat&#8221; kanpainarekin egin du bat Aita Mennik\" href=\"https:\/\/goiena.eus\/debagoiena\/1705589655721-danbor-bat-euro-bat-otordu-bat-kanpainarekin-egin-du-bat-aita-mennik\" rel=\"nofollow noopener\" target=\"_blank\">&#8220;Danbor bat, euro bat, otordu bat&#8221; kanpainarekin egin du bat Aita Mennik<\/a><\/h2><\/div><div style=\"display:table-cell;\"><a style=\"text-decoration:none;\" title=\"Descargar &#8220;Danbor bat, euro bat, otordu bat&#8221; kanpainarekin egin du bat Aita Mennik\" href=\"https:\/\/goiena.eus\/debagoiena\/1705589655721-danbor-bat-euro-bat-otordu-bat-kanpainarekin-egin-du-bat-aita-mennik\" rel=\"nofollow noopener\" target=\"_blank\"><i class=\"fa fa-external-link fa2\" style=\"margin:0 0 0 20px;font-size:1rem;\"><\/i><\/a><\/div><\/div><time>2024(e)ko urtarrila(r)en 18a<\/time><p><\/p><\/div>\n\n\t\n\t\t<div class=\"docu\"><div class=\"eti-m\"><span class=\"etiq-a\">Anboto<\/span> <\/div><div style=\"display:table;width:100%;\"><div style=\"display:table-cell;width:99%;\"><h2 class=\"h3\" style=\"margin:0;\"><a style=\"text-decoration:none;\" title=\"Enlace externo a Zaporeak proiektuari laguntzeko intsigniak salgai Barandiaran egoitzan\" href=\"https:\/\/anboto.org\/durango\/1705591971861-zaporeak-proiektuari-laguntzeko-intsigniak-salgai-barandiaran-egoitzan\" rel=\"nofollow noopener\" target=\"_blank\">Zaporeak proiektuari laguntzeko intsigniak salgai Barandiaran egoitzan<\/a><\/h2><\/div><div style=\"display:table-cell;\"><a style=\"text-decoration:none;\" title=\"Descargar Zaporeak proiektuari laguntzeko intsigniak salgai Barandiaran egoitzan\" href=\"https:\/\/anboto.org\/durango\/1705591971861-zaporeak-proiektuari-laguntzeko-intsigniak-salgai-barandiaran-egoitzan\" rel=\"nofollow noopener\" target=\"_blank\"><i class=\"fa fa-external-link fa2\" style=\"margin:0 0 0 20px;font-size:1rem;\"><\/i><\/a><\/div><\/div><time>2024(e)ko urtarrila(r)en 18a<\/time><p><\/p><\/div>\n\n\t\n\t\t<div class=\"docu\"><div class=\"eti-m\"><span class=\"etiq-a\">El Diario Vasco<\/span> <\/div><div style=\"display:table;width:100%;\"><div style=\"display:table-cell;width:99%;\"><h2 class=\"h3\" style=\"margin:0;\"><a style=\"text-decoration:none;\" title=\"Enlace externo a &#8220;Esta visita no tiene precio para nosotros&#8221;\" href=\"https:\/\/www.diariovasco.com\/gipuzkoa\/aita-menni-real-sociedad-20231212194746-nt.html?ref=https%3A%2F%2Fwww.diariovasco.com%2F\" rel=\"nofollow noopener\" target=\"_blank\">&#8220;Esta visita no tiene precio para nosotros&#8221;<\/a><\/h2><\/div><div style=\"display:table-cell;\"><a style=\"text-decoration:none;\" title=\"Descargar &#8220;Esta visita no tiene precio para nosotros&#8221;\" href=\"https:\/\/www.diariovasco.com\/gipuzkoa\/aita-menni-real-sociedad-20231212194746-nt.html?ref=https%3A%2F%2Fwww.diariovasco.com%2F\" rel=\"nofollow noopener\" target=\"_blank\"><i class=\"fa fa-external-link fa2\" style=\"margin:0 0 0 20px;font-size:1rem;\"><\/i><\/a><\/div><\/div><time>2023(e)ko abendua(r)en 12a<\/time><p><\/p><\/div>\n\n\t\n\t\t<div class=\"docu\"><div class=\"eti-m\"><span class=\"etiq-a\">El Diario Vasco<\/span> <\/div><div style=\"display:table;width:100%;\"><div style=\"display:table-cell;width:99%;\"><h2 class=\"h3\" style=\"margin:0;\"><a style=\"text-decoration:none;\" title=\"Enlace externo a Mendoza elogi\u00f3 las instalaciones y el servicio del centro de d\u00eda de Musakola\" href=\"https:\/\/www.diariovasco.com\/alto-deba\/arrasate\/mendoza-elogio-instalaciones-servicio-centro-dia-musakola-20231130214406-nt.html\" rel=\"nofollow noopener\" target=\"_blank\">Mendoza elogi\u00f3 las instalaciones y el servicio del centro de d\u00eda de Musakola<\/a><\/h2><\/div><div style=\"display:table-cell;\"><a style=\"text-decoration:none;\" title=\"Descargar Mendoza elogi\u00f3 las instalaciones y el servicio del centro de d\u00eda de Musakola\" href=\"https:\/\/www.diariovasco.com\/alto-deba\/arrasate\/mendoza-elogio-instalaciones-servicio-centro-dia-musakola-20231130214406-nt.html\" rel=\"nofollow noopener\" target=\"_blank\"><i class=\"fa fa-external-link fa2\" style=\"margin:0 0 0 20px;font-size:1rem;\"><\/i><\/a><\/div><\/div><time>2023(e)ko azaroa(r)en 30a<\/time><p><\/p><\/div>\n\n\t\n\t\t<div class=\"docu\"><div class=\"eti-m\"><span class=\"etiq-a\">Noticias de Gipuzkoa<\/span> <\/div><div style=\"display:table;width:100%;\"><div style=\"display:table-cell;width:99%;\"><h2 class=\"h3\" style=\"margin:0;\"><a style=\"text-decoration:none;\" title=\"Enlace externo a El nuevo centro de d\u00eda de Arrasate ofrece 90 plazas\" href=\"https:\/\/www.noticiasdegipuzkoa.eus\/gipuzkoa\/2023\/11\/30\/nuevo-centro-dia-arrasate-ofrece-7583857.html\" rel=\"nofollow noopener\" target=\"_blank\">El nuevo centro de d\u00eda de Arrasate ofrece 90 plazas<\/a><\/h2><\/div><div style=\"display:table-cell;\"><a style=\"text-decoration:none;\" title=\"Descargar El nuevo centro de d\u00eda de Arrasate ofrece 90 plazas\" href=\"https:\/\/www.noticiasdegipuzkoa.eus\/gipuzkoa\/2023\/11\/30\/nuevo-centro-dia-arrasate-ofrece-7583857.html\" rel=\"nofollow noopener\" target=\"_blank\"><i class=\"fa fa-external-link fa2\" style=\"margin:0 0 0 20px;font-size:1rem;\"><\/i><\/a><\/div><\/div><time>2023(e)ko azaroa(r)en 30a<\/time><p><\/p><\/div>\n\n\t\n\t\t<div class=\"docu\"><div class=\"eti-m\"><span class=\"etiq-a\">MondraBerri<\/span> <\/div><div style=\"display:table;width:100%;\"><div style=\"display:table-cell;width:99%;\"><h2 class=\"h3\" style=\"margin:0;\"><a style=\"text-decoration:none;\" title=\"Enlace externo a Eider Mendoza eta Maite Pe\u00f1ak Musakolako eguneko zentroa bisitatu dute\" href=\"https:\/\/mondraberri.eus\/eider-mendoza-eta-maite-penak-musakolako-eguneko-zentroa-bisitatu-dute\/\" rel=\"nofollow noopener\" target=\"_blank\">Eider Mendoza eta Maite Pe\u00f1ak Musakolako eguneko zentroa bisitatu dute<\/a><\/h2><\/div><div style=\"display:table-cell;\"><a style=\"text-decoration:none;\" title=\"Descargar Eider Mendoza eta Maite Pe\u00f1ak Musakolako eguneko zentroa bisitatu dute\" href=\"https:\/\/mondraberri.eus\/eider-mendoza-eta-maite-penak-musakolako-eguneko-zentroa-bisitatu-dute\/\" rel=\"nofollow noopener\" target=\"_blank\"><i class=\"fa fa-external-link fa2\" style=\"margin:0 0 0 20px;font-size:1rem;\"><\/i><\/a><\/div><\/div><time>2023(e)ko azaroa(r)en 29a<\/time><p><\/p><\/div>\n\n\t\n\t\t<div class=\"docu\"><div class=\"eti-m\"><span class=\"etiq-a\">Goiena<\/span> <\/div><div style=\"display:table;width:100%;\"><div style=\"display:table-cell;width:99%;\"><h2 class=\"h3\" style=\"margin:0;\"><a style=\"text-decoration:none;\" title=\"Enlace externo a Musakolako eguneko zentroaren inaugurazio instituzionala egin dute\" href=\"https:\/\/goiena.eus\/arrasate\/1701270648987-musakolako-eguneko-zentroaren-inaugurazio-instituzionala-egin-dute\" rel=\"nofollow noopener\" target=\"_blank\">Musakolako eguneko zentroaren inaugurazio instituzionala egin dute<\/a><\/h2><\/div><div style=\"display:table-cell;\"><a style=\"text-decoration:none;\" title=\"Descargar Musakolako eguneko zentroaren inaugurazio instituzionala egin dute\" href=\"https:\/\/goiena.eus\/arrasate\/1701270648987-musakolako-eguneko-zentroaren-inaugurazio-instituzionala-egin-dute\" rel=\"nofollow noopener\" target=\"_blank\"><i class=\"fa fa-external-link fa2\" style=\"margin:0 0 0 20px;font-size:1rem;\"><\/i><\/a><\/div><\/div><time>2023(e)ko azaroa(r)en 29a<\/time><p><\/p><\/div>\n\n\t\n\t\t<div class=\"docu\"><div class=\"eti-m\"><span class=\"etiq-a\">TVE - TeleNorte<\/span> <\/div><div style=\"display:table;width:100%;\"><div style=\"display:table-cell;width:99%;\"><h2 class=\"h3\" style=\"margin:0;\"><a style=\"text-decoration:none;\" title=\"Enlace externo a F\u00fatbol contra el olvido\" href=\"https:\/\/www.rtve.es\/play\/videos\/telenorte-pais-vasco\/telenorte-2-pais-vasco-14-11-2023\/7011076\/\" rel=\"nofollow noopener\" target=\"_blank\">F\u00fatbol contra el olvido<\/a><\/h2><\/div><div style=\"display:table-cell;\"><a style=\"text-decoration:none;\" title=\"Descargar F\u00fatbol contra el olvido\" href=\"https:\/\/www.rtve.es\/play\/videos\/telenorte-pais-vasco\/telenorte-2-pais-vasco-14-11-2023\/7011076\/\" rel=\"nofollow noopener\" target=\"_blank\"><i class=\"fa fa-external-link fa2\" style=\"margin:0 0 0 20px;font-size:1rem;\"><\/i><\/a><\/div><\/div><time>2023(e)ko azaroa(r)en 16a<\/time><p><\/p><\/div>\n\n\t\n\t\t<div class=\"docu\"><div class=\"eti-m\"><span class=\"etiq-a\">El Correo<\/span> <\/div><div style=\"display:table;width:100%;\"><div style=\"display:table-cell;width:99%;\"><h2 class=\"h3\" style=\"margin:0;\"><a style=\"text-decoration:none;\" title=\"Enlace externo a \u00ab\u00bfSacaremos la gabarra alg\u00fan d\u00eda? S\u00ed, cuando toree el Papa\u00bb\" href=\"https:\/\/www.elcorreo.com\/bizkaia\/sacaremos-gabarra-dia-toree-papa-20231114010805-nt.html\" rel=\"nofollow noopener\" target=\"_blank\">\u00ab\u00bfSacaremos la gabarra alg\u00fan d\u00eda? S\u00ed, cuando toree el Papa\u00bb<\/a><\/h2><\/div><div style=\"display:table-cell;\"><a style=\"text-decoration:none;\" title=\"Descargar \u00ab\u00bfSacaremos la gabarra alg\u00fan d\u00eda? S\u00ed, cuando toree el Papa\u00bb\" href=\"https:\/\/www.elcorreo.com\/bizkaia\/sacaremos-gabarra-dia-toree-papa-20231114010805-nt.html\" rel=\"nofollow noopener\" target=\"_blank\"><i class=\"fa fa-external-link fa2\" style=\"margin:0 0 0 20px;font-size:1rem;\"><\/i><\/a><\/div><\/div><time>2023(e)ko azaroa(r)en 14a<\/time><p><\/p><\/div>\n\n\t\n\t\t<div class=\"docu\"><div class=\"eti-m\"><span class=\"etiq-a\">El Diario Vasco<\/span> <\/div><div style=\"display:table;width:100%;\"><div style=\"display:table-cell;width:99%;\"><h2 class=\"h3\" style=\"margin:0;\"><a style=\"text-decoration:none;\" title=\"Enlace externo a Da\u00f1o cerebral e integraci\u00f3n social\" href=\"https:\/\/www.diariovasco.com\/san-sebastian\/dano-cerebral-integracion-social-20231104075754-nt.html\" rel=\"nofollow noopener\" target=\"_blank\">Da\u00f1o cerebral e integraci\u00f3n social<\/a><\/h2><\/div><div style=\"display:table-cell;\"><a style=\"text-decoration:none;\" title=\"Descargar Da\u00f1o cerebral e integraci\u00f3n social\" href=\"https:\/\/www.diariovasco.com\/san-sebastian\/dano-cerebral-integracion-social-20231104075754-nt.html\" rel=\"nofollow noopener\" target=\"_blank\"><i class=\"fa fa-external-link fa2\" style=\"margin:0 0 0 20px;font-size:1rem;\"><\/i><\/a><\/div><\/div><time>2023(e)ko azaroa(r)en 7a<\/time><p><\/p><\/div>\n\n\t\n\t\t<div class=\"docu\"><div class=\"eti-m\"><span class=\"etiq-a\">El Correo<\/span> <\/div><div style=\"display:table;width:100%;\"><div style=\"display:table-cell;width:99%;\"><h2 class=\"h3\" style=\"margin:0;\"><a style=\"text-decoration:none;\" title=\"Enlace externo a Naiara Mimentza: &#8220;La ansiedad y no el estr\u00e9s s\u00ed que puede tener una relaci\u00f3n con el ictus&#8221;\" href=\"https:\/\/www.elcorreo.com\/alava\/araba\/ansiedad-estres-puede-tener-relacion-ictus-20231024000342-nt.html\" rel=\"nofollow noopener\" target=\"_blank\">Naiara Mimentza: &#8220;La ansiedad y no el estr\u00e9s s\u00ed que puede tener una relaci\u00f3n con el ictus&#8221;<\/a><\/h2><\/div><div style=\"display:table-cell;\"><a style=\"text-decoration:none;\" title=\"Descargar Naiara Mimentza: &#8220;La ansiedad y no el estr\u00e9s s\u00ed que puede tener una relaci\u00f3n con el ictus&#8221;\" href=\"https:\/\/www.elcorreo.com\/alava\/araba\/ansiedad-estres-puede-tener-relacion-ictus-20231024000342-nt.html\" rel=\"nofollow noopener\" target=\"_blank\"><i class=\"fa fa-external-link fa2\" style=\"margin:0 0 0 20px;font-size:1rem;\"><\/i><\/a><\/div><\/div><time>2023(e)ko urria(r)en 24a<\/time><p><\/p><\/div>\n\n\t\n\t\t<div class=\"docu\"><div class=\"eti-m\"><span class=\"etiq-a\">Naiz<\/span> <\/div><div style=\"display:table;width:100%;\"><div style=\"display:table-cell;width:99%;\"><h2 class=\"h3\" style=\"margin:0;\"><a style=\"text-decoration:none;\" title=\"Enlace externo a Los recuerdos del Athletic y Real estimulan a personas mayores y con da\u00f1o cerebral\" href=\"https:\/\/www.naiz.eus\/es\/info\/noticia\/20231013\/los-recuerdos-del-athletic-y-la-real-sociedad-estimulan-a-personas-mayores-y-con-dano-cerebral\" rel=\"nofollow noopener\" target=\"_blank\">Los recuerdos del Athletic y Real estimulan a personas mayores y con da\u00f1o cerebral<\/a><\/h2><\/div><div style=\"display:table-cell;\"><a style=\"text-decoration:none;\" title=\"Descargar Los recuerdos del Athletic y Real estimulan a personas mayores y con da\u00f1o cerebral\" href=\"https:\/\/www.naiz.eus\/es\/info\/noticia\/20231013\/los-recuerdos-del-athletic-y-la-real-sociedad-estimulan-a-personas-mayores-y-con-dano-cerebral\" rel=\"nofollow noopener\" target=\"_blank\"><i class=\"fa fa-external-link fa2\" style=\"margin:0 0 0 20px;font-size:1rem;\"><\/i><\/a><\/div><\/div><time>2023(e)ko urria(r)en 17a<\/time><p><\/p><\/div>\n\n\t\n\t\t<div class=\"docu\"><div class=\"eti-m\"><span class=\"etiq-a\">Onda Vasca<\/span> <\/div><div style=\"display:table;width:100%;\"><div style=\"display:table-cell;width:99%;\"><h2 class=\"h3\" style=\"margin:0;\"><a style=\"text-decoration:none;\" title=\"Enlace externo a S\u00e1ez de Ibarra: &#8220;La salud mental combina la capacidad de cumplir el est\u00e1ndar social y la valoraci\u00f3n que hacemos de nuestro bienestar&#8221;\" href=\"https:\/\/www.ondavasca.com\/saez-de-ibarra-la-salud-mental-combina-la-capacidad-de-cumplir-el-estandar-social-y-la-valoracion-que-hacemos-de-nuestro-bienestar\/?preview=true\" rel=\"nofollow noopener\" target=\"_blank\">S\u00e1ez de Ibarra: &#8220;La salud mental combina la capacidad de cumplir el est\u00e1ndar social y la valoraci\u00f3n que hacemos de nuestro bienestar&#8221;<\/a><\/h2><\/div><div style=\"display:table-cell;\"><a style=\"text-decoration:none;\" title=\"Descargar S\u00e1ez de Ibarra: &#8220;La salud mental combina la capacidad de cumplir el est\u00e1ndar social y la valoraci\u00f3n que hacemos de nuestro bienestar&#8221;\" href=\"https:\/\/www.ondavasca.com\/saez-de-ibarra-la-salud-mental-combina-la-capacidad-de-cumplir-el-estandar-social-y-la-valoracion-que-hacemos-de-nuestro-bienestar\/?preview=true\" rel=\"nofollow noopener\" target=\"_blank\"><i class=\"fa fa-external-link fa2\" style=\"margin:0 0 0 20px;font-size:1rem;\"><\/i><\/a><\/div><\/div><time>2023(e)ko urria(r)en 10a<\/time><p><\/p><\/div>\n\n\t\n\t\t<div class=\"docu\"><div class=\"eti-m\"><span class=\"etiq-a\">Donostitik<\/span> <\/div><div style=\"display:table;width:100%;\"><div style=\"display:table-cell;width:99%;\"><h2 class=\"h3\" style=\"margin:0;\"><a style=\"text-decoration:none;\" title=\"Enlace externo a Aita Menni y San Juan de Dios de Arrasate, referentes en salud mental, cumplen 125 a\u00f1os\" href=\"https:\/\/www.donostitik.com\/aita-menni-y-san-juan-de-dios-de-arrasate-referentes-en-salud-mental-cumplen-125-anos\/\" rel=\"nofollow noopener\" target=\"_blank\">Aita Menni y San Juan de Dios de Arrasate, referentes en salud mental, cumplen 125 a\u00f1os<\/a><\/h2><\/div><div style=\"display:table-cell;\"><a style=\"text-decoration:none;\" title=\"Descargar Aita Menni y San Juan de Dios de Arrasate, referentes en salud mental, cumplen 125 a\u00f1os\" href=\"https:\/\/www.donostitik.com\/aita-menni-y-san-juan-de-dios-de-arrasate-referentes-en-salud-mental-cumplen-125-anos\/\" rel=\"nofollow noopener\" target=\"_blank\"><i class=\"fa fa-external-link fa2\" style=\"margin:0 0 0 20px;font-size:1rem;\"><\/i><\/a><\/div><\/div><time>2023(e)ko iraila(r)en 11a<\/time><p><\/p><\/div>\n\n\t\n\t\t<div class=\"docu\"><div class=\"eti-m\"><span class=\"etiq-a\">Radio Nervi\u00f3n<\/span> <\/div><div style=\"display:table;width:100%;\"><div style=\"display:table-cell;width:99%;\"><h2 class=\"h3\" style=\"margin:0;\"><a style=\"text-decoration:none;\" title=\"Enlace externo a La salud mental es una prioridad para el Lehendakari\" href=\"https:\/\/www.radionervion.com\/2023\/09\/11\/la-salud-mental-es-una-prioridad-para-el-lehendakari\/\" rel=\"nofollow noopener\" target=\"_blank\">La salud mental es una prioridad para el Lehendakari<\/a><\/h2><\/div><div style=\"display:table-cell;\"><a style=\"text-decoration:none;\" title=\"Descargar La salud mental es una prioridad para el Lehendakari\" href=\"https:\/\/www.radionervion.com\/2023\/09\/11\/la-salud-mental-es-una-prioridad-para-el-lehendakari\/\" rel=\"nofollow noopener\" target=\"_blank\"><i class=\"fa fa-external-link fa2\" style=\"margin:0 0 0 20px;font-size:1rem;\"><\/i><\/a><\/div><\/div><time>2023(e)ko iraila(r)en 11a<\/time><p><\/p><\/div>\n\n\t\n\t\t<div class=\"docu\"><div class=\"eti-m\"><span class=\"etiq-a\">El Diario Vasco<\/span> <\/div><div style=\"display:table;width:100%;\"><div style=\"display:table-cell;width:99%;\"><h2 class=\"h3\" style=\"margin:0;\"><a style=\"text-decoration:none;\" title=\"Enlace externo a Urkullu: \u00abLa salud mental se ha convertido en una de nuestras prioridades\u00bb\" href=\"https:\/\/www.diariovasco.com\/alto-deba\/arrasate\/urkullu-salud-mental-convertido-prioridades-20230911135234-nt.html\" rel=\"nofollow noopener\" target=\"_blank\">Urkullu: \u00abLa salud mental se ha convertido en una de nuestras prioridades\u00bb<\/a><\/h2><\/div><div style=\"display:table-cell;\"><a style=\"text-decoration:none;\" title=\"Descargar Urkullu: \u00abLa salud mental se ha convertido en una de nuestras prioridades\u00bb\" href=\"https:\/\/www.diariovasco.com\/alto-deba\/arrasate\/urkullu-salud-mental-convertido-prioridades-20230911135234-nt.html\" rel=\"nofollow noopener\" target=\"_blank\"><i class=\"fa fa-external-link fa2\" style=\"margin:0 0 0 20px;font-size:1rem;\"><\/i><\/a><\/div><\/div><time>2023(e)ko iraila(r)en 11a<\/time><p><\/p><\/div>\n\n\t\n\t\t<div class=\"docu\"><div class=\"eti-m\"><span class=\"etiq-a\">Noticias de Gipuzkoa<\/span> <\/div><div style=\"display:table;width:100%;\"><div style=\"display:table-cell;width:99%;\"><h2 class=\"h3\" style=\"margin:0;\"><a style=\"text-decoration:none;\" title=\"Enlace externo a Aita Menni y San Juan de Dios cumplen 125 a\u00f1os\" href=\"https:\/\/www.noticiasdegipuzkoa.eus\/sociedad\/2023\/09\/12\/aita-menni-san-juan-dios-7245003.html\" rel=\"nofollow noopener\" target=\"_blank\">Aita Menni y San Juan de Dios cumplen 125 a\u00f1os<\/a><\/h2><\/div><div style=\"display:table-cell;\"><a style=\"text-decoration:none;\" title=\"Descargar Aita Menni y San Juan de Dios cumplen 125 a\u00f1os\" href=\"https:\/\/www.noticiasdegipuzkoa.eus\/sociedad\/2023\/09\/12\/aita-menni-san-juan-dios-7245003.html\" rel=\"nofollow noopener\" target=\"_blank\"><i class=\"fa fa-external-link fa2\" style=\"margin:0 0 0 20px;font-size:1rem;\"><\/i><\/a><\/div><\/div><time>2023(e)ko iraila(r)en 11a<\/time><p><\/p><\/div>\n\n\t\n\t\t<div class=\"docu\"><div class=\"eti-m\"><span class=\"etiq-a\">SER<\/span> <\/div><div style=\"display:table;width:100%;\"><div style=\"display:table-cell;width:99%;\"><h2 class=\"h3\" style=\"margin:0;\"><a style=\"text-decoration:none;\" title=\"Enlace externo a Los hospitales Aita Menni y San Juan de Dios de Arrasate cumplen 125 a\u00f1os como referentes en salud mental\" href=\"https:\/\/cadenaser.com\/euskadi\/2023\/09\/11\/los-hospitales-aita-menni-y-san-juan-de-dios-de-arrasate-cumplen-125-anos-como-referentes-en-salud-mental-radio-san-sebastian\/\" rel=\"nofollow noopener\" target=\"_blank\">Los hospitales Aita Menni y San Juan de Dios de Arrasate cumplen 125 a\u00f1os como referentes en salud mental<\/a><\/h2><\/div><div style=\"display:table-cell;\"><a style=\"text-decoration:none;\" title=\"Descargar Los hospitales Aita Menni y San Juan de Dios de Arrasate cumplen 125 a\u00f1os como referentes en salud mental\" href=\"https:\/\/cadenaser.com\/euskadi\/2023\/09\/11\/los-hospitales-aita-menni-y-san-juan-de-dios-de-arrasate-cumplen-125-anos-como-referentes-en-salud-mental-radio-san-sebastian\/\" rel=\"nofollow noopener\" target=\"_blank\"><i class=\"fa fa-external-link fa2\" style=\"margin:0 0 0 20px;font-size:1rem;\"><\/i><\/a><\/div><\/div><time>2023(e)ko iraila(r)en 11a<\/time><p><\/p><\/div>\n\n\t\n\t\t<div class=\"docu\"><div class=\"eti-m\"><span class=\"etiq-a\">Goiena<\/span> <\/div><div style=\"display:table;width:100%;\"><div style=\"display:table-cell;width:99%;\"><h2 class=\"h3\" style=\"margin:0;\"><a style=\"text-decoration:none;\" title=\"Enlace externo a Urkulluk eta Sagarduik Aita Menni eta San Juan de Dios bisitatu dituzte\" href=\"https:\/\/goiena.eus\/arrasate\/1694435686464-urkulluk-eta-sagarduik-aita-menni-eta-san-juan-de-dios-bisitatu-dituzte\" rel=\"nofollow noopener\" target=\"_blank\">Urkulluk eta Sagarduik Aita Menni eta San Juan de Dios bisitatu dituzte<\/a><\/h2><\/div><div style=\"display:table-cell;\"><a style=\"text-decoration:none;\" title=\"Descargar Urkulluk eta Sagarduik Aita Menni eta San Juan de Dios bisitatu dituzte\" href=\"https:\/\/goiena.eus\/arrasate\/1694435686464-urkulluk-eta-sagarduik-aita-menni-eta-san-juan-de-dios-bisitatu-dituzte\" rel=\"nofollow noopener\" target=\"_blank\"><i class=\"fa fa-external-link fa2\" style=\"margin:0 0 0 20px;font-size:1rem;\"><\/i><\/a><\/div><\/div><time>2023(e)ko iraila(r)en 11a<\/time><p><\/p><\/div>\n\n\t\n\t\t<div class=\"docu\"><div class=\"eti-m\"><span class=\"etiq-a\">Mondraberri<\/span> <\/div><div style=\"display:table;width:100%;\"><div style=\"display:table-cell;width:99%;\"><h2 class=\"h3\" style=\"margin:0;\"><a style=\"text-decoration:none;\" title=\"Enlace externo a Lehendakariak eta Osasun Sailburuak Aita Menni eta San Juan de Dios ospitaleak bisitatu dituzte\" href=\"https:\/\/mondraberri.eus\/lehendakariak-eta-osasun-sailburuak-aita-menni-eta-san-juan-de-dios-ospitaleak-bisitatu-dituzte\/\" rel=\"nofollow noopener\" target=\"_blank\">Lehendakariak eta Osasun Sailburuak Aita Menni eta San Juan de Dios ospitaleak bisitatu dituzte<\/a><\/h2><\/div><div style=\"display:table-cell;\"><a style=\"text-decoration:none;\" title=\"Descargar Lehendakariak eta Osasun Sailburuak Aita Menni eta San Juan de Dios ospitaleak bisitatu dituzte\" href=\"https:\/\/mondraberri.eus\/lehendakariak-eta-osasun-sailburuak-aita-menni-eta-san-juan-de-dios-ospitaleak-bisitatu-dituzte\/\" rel=\"nofollow noopener\" target=\"_blank\"><i class=\"fa fa-external-link fa2\" style=\"margin:0 0 0 20px;font-size:1rem;\"><\/i><\/a><\/div><\/div><time>2023(e)ko iraila(r)en 11a<\/time><p><\/p><\/div>\n\n\t\n\t\t<div class=\"docu\"><div class=\"eti-m\"><span class=\"etiq-a\">Jalgi<\/span> <\/div><div style=\"display:table;width:100%;\"><div style=\"display:table-cell;width:99%;\"><h2 class=\"h3\" style=\"margin:0;\"><a style=\"text-decoration:none;\" title=\"Enlace externo a Nerea Guti\u00e9rrez, directora de Enfermer\u00eda de Aita Menni: &#8220;Profesionales y pacientes conviven, se apoyan y cuidan mutuamente&#8221;\" href=\"https:\/\/coegi.org\/jalgies\/flipbook\/74\" rel=\"nofollow noopener\" target=\"_blank\">Nerea Guti\u00e9rrez, directora de Enfermer\u00eda de Aita Menni: &#8220;Profesionales y pacientes conviven, se apoyan y cuidan mutuamente&#8221;<\/a><\/h2><\/div><div style=\"display:table-cell;\"><a style=\"text-decoration:none;\" title=\"Descargar Nerea Guti\u00e9rrez, directora de Enfermer\u00eda de Aita Menni: &#8220;Profesionales y pacientes conviven, se apoyan y cuidan mutuamente&#8221;\" href=\"https:\/\/coegi.org\/jalgies\/flipbook\/74\" rel=\"nofollow noopener\" target=\"_blank\"><i class=\"fa fa-external-link fa2\" style=\"margin:0 0 0 20px;font-size:1rem;\"><\/i><\/a><\/div><\/div><time>2023(e)ko abuztua(r)en 17a<\/time><p><\/p><\/div>\n\n\t\n\t\t<div class=\"docu\"><div class=\"eti-m\"><span class=\"etiq-a\">Puntua - Goiena<\/span> <\/div><div style=\"display:table;width:100%;\"><div style=\"display:table-cell;width:99%;\"><h2 class=\"h3\" style=\"margin:0;\"><a style=\"text-decoration:none;\" title=\"Enlace externo a Nerea Guti\u00e9rrez: &#8220;Pertsonen esentzia ezagutzeko gai gara&#8221;\" href=\"https:\/\/goiena.eus\/debagoiena\/1684417950068-zaintza-zainetan-duen-ogibidea\" rel=\"nofollow noopener\" target=\"_blank\">Nerea Guti\u00e9rrez: &#8220;Pertsonen esentzia ezagutzeko gai gara&#8221;<\/a><\/h2><\/div><div style=\"display:table-cell;\"><a style=\"text-decoration:none;\" title=\"Descargar Nerea Guti\u00e9rrez: &#8220;Pertsonen esentzia ezagutzeko gai gara&#8221;\" href=\"https:\/\/goiena.eus\/debagoiena\/1684417950068-zaintza-zainetan-duen-ogibidea\" rel=\"nofollow noopener\" target=\"_blank\"><i class=\"fa fa-external-link fa2\" style=\"margin:0 0 0 20px;font-size:1rem;\"><\/i><\/a><\/div><\/div><time>2023(e)ko maiatza(r)en 18a<\/time><p><\/p><\/div>\n\n\t\n\t\t<div class=\"docu\"><div class=\"eti-m\"><span class=\"etiq-a\">El Diario Vasco<\/span> <\/div><div style=\"display:table;width:100%;\"><div style=\"display:table-cell;width:99%;\"><h2 class=\"h3\" style=\"margin:0;\"><a style=\"text-decoration:none;\" title=\"Enlace externo a Pongamos la guinda al pastel\" href=\"https:\/\/www.diariovasco.com\/deportes\/ciclismo\/tour-francia\/pongamos-guinda-pastel-20230703225948-nt.html\" rel=\"nofollow noopener\" target=\"_blank\">Pongamos la guinda al pastel<\/a><\/h2><\/div><div style=\"display:table-cell;\"><a style=\"text-decoration:none;\" title=\"Descargar Pongamos la guinda al pastel\" href=\"https:\/\/www.diariovasco.com\/deportes\/ciclismo\/tour-francia\/pongamos-guinda-pastel-20230703225948-nt.html\" rel=\"nofollow noopener\" target=\"_blank\"><i class=\"fa fa-external-link fa2\" style=\"margin:0 0 0 20px;font-size:1rem;\"><\/i><\/a><\/div><\/div><time>2023(e)ko uztaila(r)en 3a<\/time><p><\/p><\/div>\n\n\t\n\t\t<div class=\"docu\"><div class=\"eti-m\"><span class=\"etiq-a\">El Diario Vasco<\/span> <\/div><div style=\"display:table;width:100%;\"><div style=\"display:table-cell;width:99%;\"><h2 class=\"h3\" style=\"margin:0;\"><a style=\"text-decoration:none;\" title=\"Enlace externo a El Tour llega a Gipuzkoa por una Arrasate entregada\" href=\"https:\/\/www.diariovasco.com\/alto-deba\/arrasate\/tour-llega-gipuzkoa-arrasate-entregada-20230702140702-nt.html\" rel=\"nofollow noopener\" target=\"_blank\">El Tour llega a Gipuzkoa por una Arrasate entregada<\/a><\/h2><\/div><div style=\"display:table-cell;\"><a style=\"text-decoration:none;\" title=\"Descargar El Tour llega a Gipuzkoa por una Arrasate entregada\" href=\"https:\/\/www.diariovasco.com\/alto-deba\/arrasate\/tour-llega-gipuzkoa-arrasate-entregada-20230702140702-nt.html\" rel=\"nofollow noopener\" target=\"_blank\"><i class=\"fa fa-external-link fa2\" style=\"margin:0 0 0 20px;font-size:1rem;\"><\/i><\/a><\/div><\/div><time>2023(e)ko uztaila(r)en 2a<\/time><p><\/p><\/div>\n\n\t\n\t\t<div class=\"docu\"><div class=\"eti-m\"><span class=\"etiq-a\">El Diario Vasco<\/span> <\/div><div style=\"display:table;width:100%;\"><div style=\"display:table-cell;width:99%;\"><h2 class=\"h3\" style=\"margin:0;\"><a style=\"text-decoration:none;\" title=\"Enlace externo a As\u00ed ha mostrado el Tour Gipuzkoa para todo el mundo\" href=\"https:\/\/www.diariovasco.com\/deportes\/ciclismo\/tour-francia\/muestra-tour-gipuzkoa-mundo-20230702155718-nt.html\" rel=\"nofollow noopener\" target=\"_blank\">As\u00ed ha mostrado el Tour Gipuzkoa para todo el mundo<\/a><\/h2><\/div><div style=\"display:table-cell;\"><a style=\"text-decoration:none;\" title=\"Descargar As\u00ed ha mostrado el Tour Gipuzkoa para todo el mundo\" href=\"https:\/\/www.diariovasco.com\/deportes\/ciclismo\/tour-francia\/muestra-tour-gipuzkoa-mundo-20230702155718-nt.html\" rel=\"nofollow noopener\" target=\"_blank\"><i class=\"fa fa-external-link fa2\" style=\"margin:0 0 0 20px;font-size:1rem;\"><\/i><\/a><\/div><\/div><time>2023(e)ko uztaila(r)en 2a<\/time><p><\/p><\/div>\n\n\t\n\t\t<div class=\"docu\"><div class=\"eti-m\"><span class=\"etiq-a\">El Diario Vasco<\/span> <\/div><div style=\"display:table;width:100%;\"><div style=\"display:table-cell;width:99%;\"><h2 class=\"h3\" style=\"margin:0;\"><a style=\"text-decoration:none;\" title=\"Enlace externo a Coros por Aita Menni y San Juan de Dios\" href=\"https:\/\/www.diariovasco.com\/san-sebastian\/coros-aita-menni-san-juan-dios-20230701082705-nt.html\" rel=\"nofollow noopener\" target=\"_blank\">Coros por Aita Menni y San Juan de Dios<\/a><\/h2><\/div><div style=\"display:table-cell;\"><a style=\"text-decoration:none;\" title=\"Descargar Coros por Aita Menni y San Juan de Dios\" href=\"https:\/\/www.diariovasco.com\/san-sebastian\/coros-aita-menni-san-juan-dios-20230701082705-nt.html\" rel=\"nofollow noopener\" target=\"_blank\"><i class=\"fa fa-external-link fa2\" style=\"margin:0 0 0 20px;font-size:1rem;\"><\/i><\/a><\/div><\/div><time>2023(e)ko uztaila(r)en 1a<\/time><p><\/p><\/div>\n\n\t\n\t\t<div class=\"docu\"><div class=\"eti-m\"><span class=\"etiq-a\">Psiquiatr\u00eda.com<\/span> <\/div><div style=\"display:table;width:100%;\"><div style=\"display:table-cell;width:99%;\"><h2 class=\"h3\" style=\"margin:0;\"><a style=\"text-decoration:none;\" title=\"Enlace externo a El Aquarium de Donostia acoge una jornada sobre el presente y el futuro de la atenci\u00f3n psiqui\u00e1trica\" href=\"https:\/\/psiquiatria.com\/salud-mental\/el-aquarium-de-donostia-acoge-este-viernes-una-jornada-sobre-el-presente-y-el-futuro-de-la-atencion-psiquiatrica\" rel=\"nofollow noopener\" target=\"_blank\">El Aquarium de Donostia acoge una jornada sobre el presente y el futuro de la atenci\u00f3n psiqui\u00e1trica<\/a><\/h2><\/div><div style=\"display:table-cell;\"><a style=\"text-decoration:none;\" title=\"Descargar El Aquarium de Donostia acoge una jornada sobre el presente y el futuro de la atenci\u00f3n psiqui\u00e1trica\" href=\"https:\/\/psiquiatria.com\/salud-mental\/el-aquarium-de-donostia-acoge-este-viernes-una-jornada-sobre-el-presente-y-el-futuro-de-la-atencion-psiquiatrica\" rel=\"nofollow noopener\" target=\"_blank\"><i class=\"fa fa-external-link fa2\" style=\"margin:0 0 0 20px;font-size:1rem;\"><\/i><\/a><\/div><\/div><time>2023(e)ko ekaina(r)en 22a<\/time><p><\/p><\/div>\n\n\t\n\t\t<div class=\"docu\"><div class=\"eti-m\"><span class=\"etiq-a\">El Diario Vasco<\/span> <\/div><div style=\"display:table;width:100%;\"><div style=\"display:table-cell;width:99%;\"><h2 class=\"h3\" style=\"margin:0;\"><a style=\"text-decoration:none;\" title=\"Enlace externo a 125 a\u00f1os de Aita Menni y San Juan de Dios\" href=\"https:\/\/www.diariovasco.com\/san-sebastian\/125-anos-aita-menni-san-juan-dios-20230617120155-nt.html\" rel=\"nofollow noopener\" target=\"_blank\">125 a\u00f1os de Aita Menni y San Juan de Dios<\/a><\/h2><\/div><div style=\"display:table-cell;\"><a style=\"text-decoration:none;\" title=\"Descargar 125 a\u00f1os de Aita Menni y San Juan de Dios\" href=\"https:\/\/www.diariovasco.com\/san-sebastian\/125-anos-aita-menni-san-juan-dios-20230617120155-nt.html\" rel=\"nofollow noopener\" target=\"_blank\"><i class=\"fa fa-external-link fa2\" style=\"margin:0 0 0 20px;font-size:1rem;\"><\/i><\/a><\/div><\/div><time>2023(e)ko ekaina(r)en 17a<\/time><p><\/p><\/div>\n\n\t\n\t\t<div class=\"docu\"><div class=\"eti-m\"><span class=\"etiq-a\">Psiquiatr\u00eda.com<\/span> <\/div><div style=\"display:table;width:100%;\"><div style=\"display:table-cell;width:99%;\"><h2 class=\"h3\" style=\"margin:0;\"><a style=\"text-decoration:none;\" title=\"Enlace externo a Aita Menni y San Juan de Dios cumplen 125 a\u00f1os atendiendo la salud mental de Euskadi\" href=\"https:\/\/psiquiatria.com\/psiquiatria-general\/aita-menni-y-san-juan-de-dios-cumplen-125-anos-atendiendo-la-salud-mental-de-euskadi\/\" rel=\"nofollow noopener\" target=\"_blank\">Aita Menni y San Juan de Dios cumplen 125 a\u00f1os atendiendo la salud mental de Euskadi<\/a><\/h2><\/div><div style=\"display:table-cell;\"><a style=\"text-decoration:none;\" title=\"Descargar Aita Menni y San Juan de Dios cumplen 125 a\u00f1os atendiendo la salud mental de Euskadi\" href=\"https:\/\/psiquiatria.com\/psiquiatria-general\/aita-menni-y-san-juan-de-dios-cumplen-125-anos-atendiendo-la-salud-mental-de-euskadi\/\" rel=\"nofollow noopener\" target=\"_blank\"><i class=\"fa fa-external-link fa2\" style=\"margin:0 0 0 20px;font-size:1rem;\"><\/i><\/a><\/div><\/div><time>2023(e)ko ekaina(r)en 5a<\/time><p><\/p><\/div>\n\n\t\n\t\t<div class=\"docu\"><div class=\"eti-m\"><span class=\"etiq-a\">Noticias de Gipuzkoa<\/span> <\/div><div style=\"display:table;width:100%;\"><div style=\"display:table-cell;width:99%;\"><h2 class=\"h3\" style=\"margin:0;\"><a style=\"text-decoration:none;\" title=\"Enlace externo a Aita Menni y San Juan de Dios cumplen 125 a\u00f1os\" href=\"https:\/\/www.noticiasdegipuzkoa.eus\/sociedad\/2023\/06\/03\/aita-menni-san-juan-dios-6884985.html\" rel=\"nofollow noopener\" target=\"_blank\">Aita Menni y San Juan de Dios cumplen 125 a\u00f1os<\/a><\/h2><\/div><div style=\"display:table-cell;\"><a style=\"text-decoration:none;\" title=\"Descargar Aita Menni y San Juan de Dios cumplen 125 a\u00f1os\" href=\"https:\/\/www.noticiasdegipuzkoa.eus\/sociedad\/2023\/06\/03\/aita-menni-san-juan-dios-6884985.html\" rel=\"nofollow noopener\" target=\"_blank\"><i class=\"fa fa-external-link fa2\" style=\"margin:0 0 0 20px;font-size:1rem;\"><\/i><\/a><\/div><\/div><time>2023(e)ko ekaina(r)en 3a<\/time><p><\/p><\/div>\n\n\t\n\t\t<div class=\"docu\"><div class=\"eti-m\"><span class=\"etiq-a\">Mondraberri<\/span> <\/div><div style=\"display:table;width:100%;\"><div style=\"display:table-cell;width:99%;\"><h2 class=\"h3\" style=\"margin:0;\"><a style=\"text-decoration:none;\" title=\"Enlace externo a Aita Mennik eta San Juan de Diosek 125 urte bete dituzte\" href=\"https:\/\/mondraberri.eus\/aita-mennik-eta-san-juan-de-diosek-125-urte-bete-dituzte\/\" rel=\"nofollow noopener\" target=\"_blank\">Aita Mennik eta San Juan de Diosek 125 urte bete dituzte<\/a><\/h2><\/div><div style=\"display:table-cell;\"><a style=\"text-decoration:none;\" title=\"Descargar Aita Mennik eta San Juan de Diosek 125 urte bete dituzte\" href=\"https:\/\/mondraberri.eus\/aita-mennik-eta-san-juan-de-diosek-125-urte-bete-dituzte\/\" rel=\"nofollow noopener\" target=\"_blank\"><i class=\"fa fa-external-link fa2\" style=\"margin:0 0 0 20px;font-size:1rem;\"><\/i><\/a><\/div><\/div><time>2023(e)ko ekaina(r)en 2a<\/time><p><\/p><\/div>\n\n\t\n\t\t<div class=\"docu\"><div class=\"eti-m\"><span class=\"etiq-a\">El Diario Vasco<\/span> <\/div><div style=\"display:table;width:100%;\"><div style=\"display:table-cell;width:99%;\"><h2 class=\"h3\" style=\"margin:0;\"><a style=\"text-decoration:none;\" title=\"Enlace externo a 125 a\u00f1os de \u00abcompromiso\u00bb con la salud mental\" href=\"https:\/\/www.diariovasco.com\/gipuzkoa\/125-anos-compromiso-salud-mental-20230602204952-nt.html\" rel=\"nofollow noopener\" target=\"_blank\">125 a\u00f1os de \u00abcompromiso\u00bb con la salud mental<\/a><\/h2><\/div><div style=\"display:table-cell;\"><a style=\"text-decoration:none;\" title=\"Descargar 125 a\u00f1os de \u00abcompromiso\u00bb con la salud mental\" href=\"https:\/\/www.diariovasco.com\/gipuzkoa\/125-anos-compromiso-salud-mental-20230602204952-nt.html\" rel=\"nofollow noopener\" target=\"_blank\"><i class=\"fa fa-external-link fa2\" style=\"margin:0 0 0 20px;font-size:1rem;\"><\/i><\/a><\/div><\/div><time>2023(e)ko ekaina(r)en 2a<\/time><p><\/p><\/div>\n\n\t\n\t\t<div class=\"docu\"><div class=\"eti-m\"><span class=\"etiq-a\">El Diario Vasco<\/span> <\/div><div style=\"display:table;width:100%;\"><div style=\"display:table-cell;width:99%;\"><h2 class=\"h3\" style=\"margin:0;\"><a style=\"text-decoration:none;\" title=\"Enlace externo a Manuel Mart\u00edn Carrasco: \u00abLa falta de objetivos y referentes genera un vac\u00edo que afecta a la salud mental\u00bb\" href=\"https:\/\/www.diariovasco.com\/sociedad\/salud\/gipuzkoa-adolescentes-salud-mental-20230512062953-nt.html\" rel=\"nofollow noopener\" target=\"_blank\">Manuel Mart\u00edn Carrasco: \u00abLa falta de objetivos y referentes genera un vac\u00edo que afecta a la salud mental\u00bb<\/a><\/h2><\/div><div style=\"display:table-cell;\"><a style=\"text-decoration:none;\" title=\"Descargar Manuel Mart\u00edn Carrasco: \u00abLa falta de objetivos y referentes genera un vac\u00edo que afecta a la salud mental\u00bb\" href=\"https:\/\/www.diariovasco.com\/sociedad\/salud\/gipuzkoa-adolescentes-salud-mental-20230512062953-nt.html\" rel=\"nofollow noopener\" target=\"_blank\"><i class=\"fa fa-external-link fa2\" style=\"margin:0 0 0 20px;font-size:1rem;\"><\/i><\/a><\/div><\/div><time>2023(e)ko maiatza(r)en 13a<\/time><p><\/p><\/div>\n\n\t\n\t\t<div class=\"docu\"><div class=\"eti-m\"><span class=\"etiq-a\">El Diario Vasco<\/span> <\/div><div style=\"display:table;width:100%;\"><div style=\"display:table-cell;width:99%;\"><h2 class=\"h3\" style=\"margin:0;\"><a style=\"text-decoration:none;\" title=\"Enlace externo a Anesvad reconoce la trayectoria de una misionera en un centro de salud de \u00c1frica hermanado con Aita Menni\" href=\"https:\/\/www.diariovasco.com\/alto-deba\/arrasate\/anesvad-reconoce-trayectoria-misionera-centro-salud-africa-20230510144402-nt.html\" rel=\"nofollow noopener\" target=\"_blank\">Anesvad reconoce la trayectoria de una misionera en un centro de salud de \u00c1frica hermanado con Aita Menni<\/a><\/h2><\/div><div style=\"display:table-cell;\"><a style=\"text-decoration:none;\" title=\"Descargar Anesvad reconoce la trayectoria de una misionera en un centro de salud de \u00c1frica hermanado con Aita Menni\" href=\"https:\/\/www.diariovasco.com\/alto-deba\/arrasate\/anesvad-reconoce-trayectoria-misionera-centro-salud-africa-20230510144402-nt.html\" rel=\"nofollow noopener\" target=\"_blank\"><i class=\"fa fa-external-link fa2\" style=\"margin:0 0 0 20px;font-size:1rem;\"><\/i><\/a><\/div><\/div><time>2023(e)ko maiatza(r)en 10a<\/time><p><\/p><\/div>\n\n\t\n\t\t<div class=\"docu\"><div class=\"eti-m\"><span class=\"etiq-a\">El Correo<\/span> <\/div><div style=\"display:table;width:100%;\"><div style=\"display:table-cell;width:99%;\"><h2 class=\"h3\" style=\"margin:0;\"><a style=\"text-decoration:none;\" title=\"Enlace externo a Ejemplos de solidaridad\" href=\"https:\/\/www.elcorreo.com\/bizkaia\/ejemplos-solidaridad-20230510225928-nt.html\" rel=\"nofollow noopener\" target=\"_blank\">Ejemplos de solidaridad<\/a><\/h2><\/div><div style=\"display:table-cell;\"><a style=\"text-decoration:none;\" title=\"Descargar Ejemplos de solidaridad\" href=\"https:\/\/www.elcorreo.com\/bizkaia\/ejemplos-solidaridad-20230510225928-nt.html\" rel=\"nofollow noopener\" target=\"_blank\"><i class=\"fa fa-external-link fa2\" style=\"margin:0 0 0 20px;font-size:1rem;\"><\/i><\/a><\/div><\/div><time>2023(e)ko maiatza(r)en 10a<\/time><p><\/p><\/div>\n\n\t\n\t\t<div class=\"docu\"><div class=\"eti-m\"><span class=\"etiq-a\">ElDIario.es<\/span> <\/div><div style=\"display:table;width:100%;\"><div style=\"display:table-cell;width:99%;\"><h2 class=\"h3\" style=\"margin:0;\"><a style=\"text-decoration:none;\" title=\"Enlace externo a Cooperaci\u00f3n entre pa\u00edses para mejorar el derecho a la salud: \u201cHay que ser solidarios, pero \u00c1frica no necesita que nadie la salve\u201d\" href=\"https:\/\/www.eldiario.es\/euskadi\/cooperacion-paises-mejorar-derecho-salud-hay-solidarios-africa-no-necesita-nadie-salve_1_10189927.html\" rel=\"nofollow noopener\" target=\"_blank\">Cooperaci\u00f3n entre pa\u00edses para mejorar el derecho a la salud: \u201cHay que ser solidarios, pero \u00c1frica no necesita que nadie la salve\u201d<\/a><\/h2><\/div><div style=\"display:table-cell;\"><a style=\"text-decoration:none;\" title=\"Descargar Cooperaci\u00f3n entre pa\u00edses para mejorar el derecho a la salud: \u201cHay que ser solidarios, pero \u00c1frica no necesita que nadie la salve\u201d\" href=\"https:\/\/www.eldiario.es\/euskadi\/cooperacion-paises-mejorar-derecho-salud-hay-solidarios-africa-no-necesita-nadie-salve_1_10189927.html\" rel=\"nofollow noopener\" target=\"_blank\"><i class=\"fa fa-external-link fa2\" style=\"margin:0 0 0 20px;font-size:1rem;\"><\/i><\/a><\/div><\/div><time>2023(e)ko maiatza(r)en 10a<\/time><p><\/p><\/div>\n\n\t\n\t\t<div class=\"docu\"><div class=\"eti-m\"><span class=\"etiq-a\">Goiena<\/span> <\/div><div style=\"display:table;width:100%;\"><div style=\"display:table-cell;width:99%;\"><h2 class=\"h3\" style=\"margin:0;\"><a style=\"text-decoration:none;\" title=\"Enlace externo a Juan Carlos Irizar omendu du Aita Mennik\" href=\"https:\/\/goiena.eus\/debagoiena\/1681822689511-juan-carlos-irizar-omendu-du-aita-mennik\" rel=\"nofollow noopener\" target=\"_blank\">Juan Carlos Irizar omendu du Aita Mennik<\/a><\/h2><\/div><div style=\"display:table-cell;\"><a style=\"text-decoration:none;\" title=\"Descargar Juan Carlos Irizar omendu du Aita Mennik\" href=\"https:\/\/goiena.eus\/debagoiena\/1681822689511-juan-carlos-irizar-omendu-du-aita-mennik\" rel=\"nofollow noopener\" target=\"_blank\"><i class=\"fa fa-external-link fa2\" style=\"margin:0 0 0 20px;font-size:1rem;\"><\/i><\/a><\/div><\/div><time>2023(e)ko apirila(r)en 18a<\/time><p><\/p><\/div>\n\n\t\n\t\t<div class=\"docu\"><div class=\"eti-m\"><span class=\"etiq-a\">Mondraberri<\/span> <\/div><div style=\"display:table;width:100%;\"><div style=\"display:table-cell;width:99%;\"><h2 class=\"h3\" style=\"margin:0;\"><a style=\"text-decoration:none;\" title=\"Enlace externo a Juan Carlos Irizar eta Elkarrekin Bila omendu ditu Aita Menni Ospitaleak\" href=\"https:\/\/mondraberri.eus\/juan-carlos-irizar-eta-elkarrekin-bila-omendu-ditu-aita-mennik\/\" rel=\"nofollow noopener\" target=\"_blank\">Juan Carlos Irizar eta Elkarrekin Bila omendu ditu Aita Menni Ospitaleak<\/a><\/h2><\/div><div style=\"display:table-cell;\"><a style=\"text-decoration:none;\" title=\"Descargar Juan Carlos Irizar eta Elkarrekin Bila omendu ditu Aita Menni Ospitaleak\" href=\"https:\/\/mondraberri.eus\/juan-carlos-irizar-eta-elkarrekin-bila-omendu-ditu-aita-mennik\/\" rel=\"nofollow noopener\" target=\"_blank\"><i class=\"fa fa-external-link fa2\" style=\"margin:0 0 0 20px;font-size:1rem;\"><\/i><\/a><\/div><\/div><time>2023(e)ko apirila(r)en 18a<\/time><p><\/p><\/div>\n\n\t\n\t\t<div class=\"docu\"><div class=\"eti-m\"><span class=\"etiq-a\">Goiena<\/span> <\/div><div style=\"display:table;width:100%;\"><div style=\"display:table-cell;width:99%;\"><h2 class=\"h3\" style=\"margin:0;\"><a style=\"text-decoration:none;\" title=\"Enlace externo a Baserritarren azokan da berriro ere Ereiaro proiektua\" href=\"https:\/\/goiena.eus\/arrasate\/1681744794105-baserritarren-azokan-da-berriro-ere-ereiaro-proiektua\" rel=\"nofollow noopener\" target=\"_blank\">Baserritarren azokan da berriro ere Ereiaro proiektua<\/a><\/h2><\/div><div style=\"display:table-cell;\"><a style=\"text-decoration:none;\" title=\"Descargar Baserritarren azokan da berriro ere Ereiaro proiektua\" href=\"https:\/\/goiena.eus\/arrasate\/1681744794105-baserritarren-azokan-da-berriro-ere-ereiaro-proiektua\" rel=\"nofollow noopener\" target=\"_blank\"><i class=\"fa fa-external-link fa2\" style=\"margin:0 0 0 20px;font-size:1rem;\"><\/i><\/a><\/div><\/div><time>2023(e)ko apirila(r)en 17a<\/time><p><\/p><\/div>\n\n\t\n\t\t<div class=\"docu\"><div class=\"eti-m\"><span class=\"etiq-a\">Goiena<\/span> <\/div><div style=\"display:table;width:100%;\"><div style=\"display:table-cell;width:99%;\"><h2 class=\"h3\" style=\"margin:0;\"><a style=\"text-decoration:none;\" title=\"Enlace externo a Ereiaro proiektu integratzaileko kideak itzuli dira Arrasateko baserritarren azokara\" href=\"https:\/\/goiena.eus\/arrasate\/1681571764839-ereiaro-proiektu-integratzaileko-kideak-itzuli-dira-arrasateko-baserritarren-azokara\" rel=\"nofollow noopener\" target=\"_blank\">Ereiaro proiektu integratzaileko kideak itzuli dira Arrasateko baserritarren azokara<\/a><\/h2><\/div><div style=\"display:table-cell;\"><a style=\"text-decoration:none;\" title=\"Descargar Ereiaro proiektu integratzaileko kideak itzuli dira Arrasateko baserritarren azokara\" href=\"https:\/\/goiena.eus\/arrasate\/1681571764839-ereiaro-proiektu-integratzaileko-kideak-itzuli-dira-arrasateko-baserritarren-azokara\" rel=\"nofollow noopener\" target=\"_blank\"><i class=\"fa fa-external-link fa2\" style=\"margin:0 0 0 20px;font-size:1rem;\"><\/i><\/a><\/div><\/div><time>2023(e)ko apirila(r)en 15a<\/time><p><\/p><\/div>\n\n\t\n\t\t<div class=\"docu\"><div class=\"eti-m\"><span class=\"etiq-a\">Mondraberri<\/span> <\/div><div style=\"display:table;width:100%;\"><div style=\"display:table-cell;width:99%;\"><h2 class=\"h3\" style=\"margin:0;\"><a style=\"text-decoration:none;\" title=\"Enlace externo a Aita Mennik Juan Carlos Irizar, bere langile beteranoak eta Elkarrekin Bila omenduko ditu\" href=\"https:\/\/mondraberri.eus\/aita-mennik-juan-carlos-irizar-bere-langile-beteranoak-eta-elkarrekin-bila-omenduko-ditu\/\" rel=\"nofollow noopener\" target=\"_blank\">Aita Mennik Juan Carlos Irizar, bere langile beteranoak eta Elkarrekin Bila omenduko ditu<\/a><\/h2><\/div><div style=\"display:table-cell;\"><a style=\"text-decoration:none;\" title=\"Descargar Aita Mennik Juan Carlos Irizar, bere langile beteranoak eta Elkarrekin Bila omenduko ditu\" href=\"https:\/\/mondraberri.eus\/aita-mennik-juan-carlos-irizar-bere-langile-beteranoak-eta-elkarrekin-bila-omenduko-ditu\/\" rel=\"nofollow noopener\" target=\"_blank\"><i class=\"fa fa-external-link fa2\" style=\"margin:0 0 0 20px;font-size:1rem;\"><\/i><\/a><\/div><\/div><time>2023(e)ko apirila(r)en 14a<\/time><p><\/p><\/div>\n\n\t\n\t\t<div class=\"docu\"><div class=\"eti-m\"><span class=\"etiq-a\">ABC<\/span> <\/div><div style=\"display:table;width:100%;\"><div style=\"display:table-cell;width:99%;\"><h2 class=\"h3\" style=\"margin:0;\"><a style=\"text-decoration:none;\" title=\"Enlace externo a El primer exoesqueleto pedi\u00e1trico del mundo, creado por una empresa espa\u00f1ola\" href=\"https:\/\/www.abc.es\/espana\/primer-exoesqueleto-pediatrico-mundo-creado-empresa-espanola-20230315092751-vi.html\" rel=\"nofollow noopener\" target=\"_blank\">El primer exoesqueleto pedi\u00e1trico del mundo, creado por una empresa espa\u00f1ola<\/a><\/h2><\/div><div style=\"display:table-cell;\"><a style=\"text-decoration:none;\" title=\"Descargar El primer exoesqueleto pedi\u00e1trico del mundo, creado por una empresa espa\u00f1ola\" href=\"https:\/\/www.abc.es\/espana\/primer-exoesqueleto-pediatrico-mundo-creado-empresa-espanola-20230315092751-vi.html\" rel=\"nofollow noopener\" target=\"_blank\"><i class=\"fa fa-external-link fa2\" style=\"margin:0 0 0 20px;font-size:1rem;\"><\/i><\/a><\/div><\/div><time>2023(e)ko martxoa(r)en 15a<\/time><p><\/p><\/div>\n\n\t\n\t\t<div class=\"docu\"><div class=\"eti-m\"><span class=\"etiq-a\">Las Provincias<\/span> <\/div><div style=\"display:table;width:100%;\"><div style=\"display:table-cell;width:99%;\"><h2 class=\"h3\" style=\"margin:0;\"><a style=\"text-decoration:none;\" title=\"Enlace externo a El primer exoesqueleto pedi\u00e1trico del mundo se prueba en el Pa\u00eds Vasco\" href=\"https:\/\/www.lasprovincias.es\/sucesos\/primer-exoesqueleto-pediatrico-mundo-prueba-pais-vasco-20230314163505-vi.html?ref=https%3A%2F%2Fwww.google.com%2F\" rel=\"nofollow noopener\" target=\"_blank\">El primer exoesqueleto pedi\u00e1trico del mundo se prueba en el Pa\u00eds Vasco<\/a><\/h2><\/div><div style=\"display:table-cell;\"><a style=\"text-decoration:none;\" title=\"Descargar El primer exoesqueleto pedi\u00e1trico del mundo se prueba en el Pa\u00eds Vasco\" href=\"https:\/\/www.lasprovincias.es\/sucesos\/primer-exoesqueleto-pediatrico-mundo-prueba-pais-vasco-20230314163505-vi.html?ref=https%3A%2F%2Fwww.google.com%2F\" rel=\"nofollow noopener\" target=\"_blank\"><i class=\"fa fa-external-link fa2\" style=\"margin:0 0 0 20px;font-size:1rem;\"><\/i><\/a><\/div><\/div><time>2023(e)ko martxoa(r)en 14a<\/time><p><\/p><\/div>\n\n\t\n\t\t<div class=\"docu\"><div class=\"eti-m\"><span class=\"etiq-a\">P\u00fablico<\/span> <\/div><div style=\"display:table;width:100%;\"><div style=\"display:table-cell;width:99%;\"><h2 class=\"h3\" style=\"margin:0;\"><a style=\"text-decoration:none;\" title=\"Enlace externo a El primer exoesqueleto pedi\u00e1trico del mundo se prueba en el Pa\u00eds Vasco\" href=\"https:\/\/www.publico.es\/videos\/1047809\/el-primer-exoesqueleto-pediatrico-del-mundo-se-prueba-en-el-pais-vasco\" rel=\"nofollow noopener\" target=\"_blank\">El primer exoesqueleto pedi\u00e1trico del mundo se prueba en el Pa\u00eds Vasco<\/a><\/h2><\/div><div style=\"display:table-cell;\"><a style=\"text-decoration:none;\" title=\"Descargar El primer exoesqueleto pedi\u00e1trico del mundo se prueba en el Pa\u00eds Vasco\" href=\"https:\/\/www.publico.es\/videos\/1047809\/el-primer-exoesqueleto-pediatrico-del-mundo-se-prueba-en-el-pais-vasco\" rel=\"nofollow noopener\" target=\"_blank\"><i class=\"fa fa-external-link fa2\" style=\"margin:0 0 0 20px;font-size:1rem;\"><\/i><\/a><\/div><\/div><time>2023(e)ko martxoa(r)en 14a<\/time><p><\/p><\/div>\n\n\t\n\t\t<div class=\"docu\"><div class=\"eti-m\"><span class=\"etiq-a\">RNE<\/span> <\/div><div style=\"display:table;width:100%;\"><div style=\"display:table-cell;width:99%;\"><h2 class=\"h3\" style=\"margin:0;\"><a style=\"text-decoration:none;\" title=\"Enlace externo a Dejar de fumar, farmacias rurales y exoesqueletos\" href=\"https:\/\/www.rtve.es\/play\/audios\/por-tres-razones\/fumar-tabaco-mundo-rural-paralisis-cerebral-aspace\/6834455\/\" rel=\"nofollow noopener\" target=\"_blank\">Dejar de fumar, farmacias rurales y exoesqueletos<\/a><\/h2><\/div><div style=\"display:table-cell;\"><a style=\"text-decoration:none;\" title=\"Descargar Dejar de fumar, farmacias rurales y exoesqueletos\" href=\"https:\/\/www.rtve.es\/play\/audios\/por-tres-razones\/fumar-tabaco-mundo-rural-paralisis-cerebral-aspace\/6834455\/\" rel=\"nofollow noopener\" target=\"_blank\"><i class=\"fa fa-external-link fa2\" style=\"margin:0 0 0 20px;font-size:1rem;\"><\/i><\/a><\/div><\/div><time>2023(e)ko martxoa(r)en 14a<\/time><p><\/p><\/div>\n\n\t\n\t\t<div class=\"docu\"><div class=\"eti-m\"><span class=\"etiq-a\">Telecinco<\/span> <\/div><div style=\"display:table;width:100%;\"><div style=\"display:table-cell;width:99%;\"><h2 class=\"h3\" style=\"margin:0;\"><a style=\"text-decoration:none;\" title=\"Enlace externo a El primer exoesqueleto pedi\u00e1trico del mundo llena de ilusi\u00f3n a 15 ni\u00f1os y ni\u00f1as de Guip\u00fazcoa\" href=\"https:\/\/www.telecinco.es\/informativos\/sociedad\/20230314\/primer-exoesqueleto-pediatrico-mundo-ninos-guipuzoa-be5ma_18_08992142.html\" rel=\"nofollow noopener\" target=\"_blank\">El primer exoesqueleto pedi\u00e1trico del mundo llena de ilusi\u00f3n a 15 ni\u00f1os y ni\u00f1as de Guip\u00fazcoa<\/a><\/h2><\/div><div style=\"display:table-cell;\"><a style=\"text-decoration:none;\" title=\"Descargar El primer exoesqueleto pedi\u00e1trico del mundo llena de ilusi\u00f3n a 15 ni\u00f1os y ni\u00f1as de Guip\u00fazcoa\" href=\"https:\/\/www.telecinco.es\/informativos\/sociedad\/20230314\/primer-exoesqueleto-pediatrico-mundo-ninos-guipuzoa-be5ma_18_08992142.html\" rel=\"nofollow noopener\" target=\"_blank\"><i class=\"fa fa-external-link fa2\" style=\"margin:0 0 0 20px;font-size:1rem;\"><\/i><\/a><\/div><\/div><time>2023(e)ko martxoa(r)en 14a<\/time><p><\/p><\/div>\n\n\t\n\t\t<div class=\"docu\"><div class=\"eti-m\"><span class=\"etiq-a\">Noticias de Gipuzkoa<\/span> <\/div><div style=\"display:table;width:100%;\"><div style=\"display:table-cell;width:99%;\"><h2 class=\"h3\" style=\"margin:0;\"><a style=\"text-decoration:none;\" title=\"Enlace externo a 15 ni\u00f1os y ni\u00f1as con par\u00e1lisis cerebral de Gipuzkoa participan en una prueba piloto con un exoesqueleto pedi\u00e1trico\" href=\"https:\/\/www.noticiasdegipuzkoa.eus\/sociedad\/2023\/03\/13\/exoesqueleto-pediatrico-15-ninos-ninas-6559148.html\" rel=\"nofollow noopener\" target=\"_blank\">15 ni\u00f1os y ni\u00f1as con par\u00e1lisis cerebral de Gipuzkoa participan en una prueba piloto con un exoesqueleto pedi\u00e1trico<\/a><\/h2><\/div><div style=\"display:table-cell;\"><a style=\"text-decoration:none;\" title=\"Descargar 15 ni\u00f1os y ni\u00f1as con par\u00e1lisis cerebral de Gipuzkoa participan en una prueba piloto con un exoesqueleto pedi\u00e1trico\" href=\"https:\/\/www.noticiasdegipuzkoa.eus\/sociedad\/2023\/03\/13\/exoesqueleto-pediatrico-15-ninos-ninas-6559148.html\" rel=\"nofollow noopener\" target=\"_blank\"><i class=\"fa fa-external-link fa2\" style=\"margin:0 0 0 20px;font-size:1rem;\"><\/i><\/a><\/div><\/div><time>2023(e)ko martxoa(r)en 13a<\/time><p><\/p><\/div>\n\n\t\n\t\t<div class=\"docu\"><div class=\"eti-m\"><span class=\"etiq-a\">El Diario Vasco<\/span> <\/div><div style=\"display:table;width:100%;\"><div style=\"display:table-cell;width:99%;\"><h2 class=\"h3\" style=\"margin:0;\"><a style=\"text-decoration:none;\" title=\"Enlace externo a Danele logra caminar gracias a un exoesqueleto\" href=\"https:\/\/www.diariovasco.com\/gipuzkoa\/danele-logra-caminar-gracias-exoesqueleto-20230313134740-nt.html\" rel=\"nofollow noopener\" target=\"_blank\">Danele logra caminar gracias a un exoesqueleto<\/a><\/h2><\/div><div style=\"display:table-cell;\"><a style=\"text-decoration:none;\" title=\"Descargar Danele logra caminar gracias a un exoesqueleto\" href=\"https:\/\/www.diariovasco.com\/gipuzkoa\/danele-logra-caminar-gracias-exoesqueleto-20230313134740-nt.html\" rel=\"nofollow noopener\" target=\"_blank\"><i class=\"fa fa-external-link fa2\" style=\"margin:0 0 0 20px;font-size:1rem;\"><\/i><\/a><\/div><\/div><time>2023(e)ko martxoa(r)en 13a<\/time><p><\/p><\/div>\n\n\t\n\t\t<div class=\"docu\"><div class=\"eti-m\"><span class=\"etiq-a\">Noticias de Navarra<\/span> <\/div><div style=\"display:table;width:100%;\"><div style=\"display:table-cell;width:99%;\"><h2 class=\"h3\" style=\"margin:0;\"><a style=\"text-decoration:none;\" title=\"Enlace externo a Exoesqueleto pedi\u00e1trico: Danele se pone de pie\" href=\"https:\/\/www.noticiasdenavarra.com\/fotos\/general\/sociedad\/2023\/03\/14\/exoesqueleto-pediatrico-danele-pone-pie-6562341.html\" rel=\"nofollow noopener\" target=\"_blank\">Exoesqueleto pedi\u00e1trico: Danele se pone de pie<\/a><\/h2><\/div><div style=\"display:table-cell;\"><a style=\"text-decoration:none;\" title=\"Descargar Exoesqueleto pedi\u00e1trico: Danele se pone de pie\" href=\"https:\/\/www.noticiasdenavarra.com\/fotos\/general\/sociedad\/2023\/03\/14\/exoesqueleto-pediatrico-danele-pone-pie-6562341.html\" rel=\"nofollow noopener\" target=\"_blank\"><i class=\"fa fa-external-link fa2\" style=\"margin:0 0 0 20px;font-size:1rem;\"><\/i><\/a><\/div><\/div><time>2023(e)ko martxoa(r)en 13a<\/time><p><\/p><\/div>\n\n\t\n\t\t<div class=\"docu\"><div class=\"eti-m\"><span class=\"etiq-a\">SER<\/span> <\/div><div style=\"display:table;width:100%;\"><div style=\"display:table-cell;width:99%;\"><h2 class=\"h3\" style=\"margin:0;\"><a style=\"text-decoration:none;\" title=\"Enlace externo a Un exoesqueleto para 15 ni\u00f1os de Gipuzkoa: un paso m\u00e1s en la vida de Danele\" href=\"https:\/\/cadenaser.com\/euskadi\/2023\/03\/13\/un-paso-mas-en-la-vida-de-danele-radio-san-sebastian\/\" rel=\"nofollow noopener\" target=\"_blank\">Un exoesqueleto para 15 ni\u00f1os de Gipuzkoa: un paso m\u00e1s en la vida de Danele<\/a><\/h2><\/div><div style=\"display:table-cell;\"><a style=\"text-decoration:none;\" title=\"Descargar Un exoesqueleto para 15 ni\u00f1os de Gipuzkoa: un paso m\u00e1s en la vida de Danele\" href=\"https:\/\/cadenaser.com\/euskadi\/2023\/03\/13\/un-paso-mas-en-la-vida-de-danele-radio-san-sebastian\/\" rel=\"nofollow noopener\" target=\"_blank\"><i class=\"fa fa-external-link fa2\" style=\"margin:0 0 0 20px;font-size:1rem;\"><\/i><\/a><\/div><\/div><time>2023(e)ko martxoa(r)en 13a<\/time><p><\/p><\/div>\n\n\t\n\t\t<div class=\"docu\"><div class=\"eti-m\"><span class=\"etiq-a\">EITB<\/span> <\/div><div style=\"display:table;width:100%;\"><div style=\"display:table-cell;width:99%;\"><h2 class=\"h3\" style=\"margin:0;\"><a style=\"text-decoration:none;\" title=\"Enlace externo a Menores con par\u00e1lisis cerebral trabajan con un nuevo exoesqueleto pedi\u00e1trico\" href=\"https:\/\/www.eitb.eus\/es\/noticias\/sociedad\/videos\/detalle\/9137007\/video-menores-con-paralisis-cerebral-trabajan-con-nuevo-exoesqueleto-pediatrico\/\" rel=\"nofollow noopener\" target=\"_blank\">Menores con par\u00e1lisis cerebral trabajan con un nuevo exoesqueleto pedi\u00e1trico<\/a><\/h2><\/div><div style=\"display:table-cell;\"><a style=\"text-decoration:none;\" title=\"Descargar Menores con par\u00e1lisis cerebral trabajan con un nuevo exoesqueleto pedi\u00e1trico\" href=\"https:\/\/www.eitb.eus\/es\/noticias\/sociedad\/videos\/detalle\/9137007\/video-menores-con-paralisis-cerebral-trabajan-con-nuevo-exoesqueleto-pediatrico\/\" rel=\"nofollow noopener\" target=\"_blank\"><i class=\"fa fa-external-link fa2\" style=\"margin:0 0 0 20px;font-size:1rem;\"><\/i><\/a><\/div><\/div><time>2023(e)ko martxoa(r)en 13a<\/time><p><\/p><\/div>\n\n\t\n\t\t<div class=\"docu\"><div class=\"eti-m\"><span class=\"etiq-a\">Onda Cero<\/span> <\/div><div style=\"display:table;width:100%;\"><div style=\"display:table-cell;width:99%;\"><h2 class=\"h3\" style=\"margin:0;\"><a style=\"text-decoration:none;\" title=\"Enlace externo a Ni\u00f1os y ni\u00f1as con par\u00e1lisis cerebral &#8220;prueban&#8221; el primer exoesqueleto pedi\u00e1trico del mundo\" href=\"https:\/\/www.ondacero.es\/emisoras\/pais-vasco\/noticias\/ninos-ninas-paralisis-cerebral-prueban-primer-exoesqueleto-pediatrico-mundo_20230313640f14bc079ac900016e2b34.html\" rel=\"nofollow noopener\" target=\"_blank\">Ni\u00f1os y ni\u00f1as con par\u00e1lisis cerebral &#8220;prueban&#8221; el primer exoesqueleto pedi\u00e1trico del mundo<\/a><\/h2><\/div><div style=\"display:table-cell;\"><a style=\"text-decoration:none;\" title=\"Descargar Ni\u00f1os y ni\u00f1as con par\u00e1lisis cerebral &#8220;prueban&#8221; el primer exoesqueleto pedi\u00e1trico del mundo\" href=\"https:\/\/www.ondacero.es\/emisoras\/pais-vasco\/noticias\/ninos-ninas-paralisis-cerebral-prueban-primer-exoesqueleto-pediatrico-mundo_20230313640f14bc079ac900016e2b34.html\" rel=\"nofollow noopener\" target=\"_blank\"><i class=\"fa fa-external-link fa2\" style=\"margin:0 0 0 20px;font-size:1rem;\"><\/i><\/a><\/div><\/div><time>2023(e)ko martxoa(r)en 13a<\/time><p><\/p><\/div>\n\n\t\n\t\t<div class=\"docu\"><div class=\"eti-m\"><span class=\"etiq-a\">El Diario Vasco<\/span> <\/div><div style=\"display:table;width:100%;\"><div style=\"display:table-cell;width:99%;\"><h2 class=\"h3\" style=\"margin:0;\"><a style=\"text-decoration:none;\" title=\"Enlace externo a Gipuzkoa avanza hacia la integraci\u00f3n de personas con discapacidad y problemas de salud mental\" href=\"https:\/\/www.diariovasco.com\/suplementos\/brandedcontent\/gipuzkoa-avanza-integracion-personas-discapacidad-problema-salud-20230303071453-nt.html\" rel=\"nofollow noopener\" target=\"_blank\">Gipuzkoa avanza hacia la integraci\u00f3n de personas con discapacidad y problemas de salud mental<\/a><\/h2><\/div><div style=\"display:table-cell;\"><a style=\"text-decoration:none;\" title=\"Descargar Gipuzkoa avanza hacia la integraci\u00f3n de personas con discapacidad y problemas de salud mental\" href=\"https:\/\/www.diariovasco.com\/suplementos\/brandedcontent\/gipuzkoa-avanza-integracion-personas-discapacidad-problema-salud-20230303071453-nt.html\" rel=\"nofollow noopener\" target=\"_blank\"><i class=\"fa fa-external-link fa2\" style=\"margin:0 0 0 20px;font-size:1rem;\"><\/i><\/a><\/div><\/div><time>2023(e)ko martxoa(r)en 7a<\/time><p><\/p><\/div>\n\n\t\n\t\t<div class=\"docu\"><div class=\"eti-m\"><span class=\"etiq-a\">SER<\/span> <\/div><div style=\"display:table;width:100%;\"><div style=\"display:table-cell;width:99%;\"><h2 class=\"h3\" style=\"margin:0;\"><a style=\"text-decoration:none;\" title=\"Enlace externo a \u00a1Yo tambi\u00e9n cumplo 80 a\u00f1os, como el Txopo!\" href=\"https:\/\/cadenaser.com\/euskadi\/2023\/03\/01\/yo-tambien-cumplo-80-anos-como-el-txopo-radio-bilbao\/\" rel=\"nofollow noopener\" target=\"_blank\">\u00a1Yo tambi\u00e9n cumplo 80 a\u00f1os, como el Txopo!<\/a><\/h2><\/div><div style=\"display:table-cell;\"><a style=\"text-decoration:none;\" title=\"Descargar \u00a1Yo tambi\u00e9n cumplo 80 a\u00f1os, como el Txopo!\" href=\"https:\/\/cadenaser.com\/euskadi\/2023\/03\/01\/yo-tambien-cumplo-80-anos-como-el-txopo-radio-bilbao\/\" rel=\"nofollow noopener\" target=\"_blank\"><i class=\"fa fa-external-link fa2\" style=\"margin:0 0 0 20px;font-size:1rem;\"><\/i><\/a><\/div><\/div><time>2023(e)ko martxoa(r)en 1a<\/time><p><\/p><\/div>\n\n\t\n\t\t<div class=\"docu\"><div class=\"eti-m\"><span class=\"etiq-a\">Diario de Navarra<\/span> <\/div><div style=\"display:table;width:100%;\"><div style=\"display:table-cell;width:99%;\"><h2 class=\"h3\" style=\"margin:0;\"><a style=\"text-decoration:none;\" title=\"Enlace externo a Uno de cada tres menores no saldr\u00eda de casa si sus padres no le obligaran\" href=\"https:\/\/www.diariodenavarra.es\/noticias\/navarra\/2023\/02\/27\/tres-menores-no-saldria-casa-si-padres-no-le-obligaran-559608-300.html\" rel=\"nofollow noopener\" target=\"_blank\">Uno de cada tres menores no saldr\u00eda de casa si sus padres no le obligaran<\/a><\/h2><\/div><div style=\"display:table-cell;\"><a style=\"text-decoration:none;\" title=\"Descargar Uno de cada tres menores no saldr\u00eda de casa si sus padres no le obligaran\" href=\"https:\/\/www.diariodenavarra.es\/noticias\/navarra\/2023\/02\/27\/tres-menores-no-saldria-casa-si-padres-no-le-obligaran-559608-300.html\" rel=\"nofollow noopener\" target=\"_blank\"><i class=\"fa fa-external-link fa2\" style=\"margin:0 0 0 20px;font-size:1rem;\"><\/i><\/a><\/div><\/div><time>2023(e)ko otsaila(r)en 27a<\/time><p><\/p><\/div>\n\n\t\n\t\t<div class=\"docu\"><div class=\"eti-m\"><span class=\"etiq-a\">El Correo<\/span> <\/div><div style=\"display:table;width:100%;\"><div style=\"display:table-cell;width:99%;\"><h2 class=\"h3\" style=\"margin:0;\"><a style=\"text-decoration:none;\" title=\"Enlace externo a 1.015 a\u00f1os en diez retratos\" href=\"https:\/\/www.elcorreo.com\/bizkaia\/1015-anos-diez-retratos-20230226180417-nt.html\" rel=\"nofollow noopener\" target=\"_blank\">1.015 a\u00f1os en diez retratos<\/a><\/h2><\/div><div style=\"display:table-cell;\"><a style=\"text-decoration:none;\" title=\"Descargar 1.015 a\u00f1os en diez retratos\" href=\"https:\/\/www.elcorreo.com\/bizkaia\/1015-anos-diez-retratos-20230226180417-nt.html\" rel=\"nofollow noopener\" target=\"_blank\"><i class=\"fa fa-external-link fa2\" style=\"margin:0 0 0 20px;font-size:1rem;\"><\/i><\/a><\/div><\/div><time>2023(e)ko otsaila(r)en 26a<\/time><p><\/p><\/div>\n\n\t\n\t\t<div class=\"docu\"><div class=\"eti-m\"><span class=\"etiq-a\">El Correo<\/span> <\/div><div style=\"display:table;width:100%;\"><div style=\"display:table-cell;width:99%;\"><h2 class=\"h3\" style=\"margin:0;\"><a style=\"text-decoration:none;\" title=\"Enlace externo a As\u00ed reconstruyeron el cerebro de Julio: \u00abMe arroll\u00f3 un autob\u00fas en Bilbao y mi mente se desconect\u00f3\u00bb\" href=\"https:\/\/www.elcorreo.com\/sociedad\/salud\/reconstruyeron-cerebro-julio-arrollo-autobus-bilbao-mente-20230226200055-nt.html\" rel=\"nofollow noopener\" target=\"_blank\">As\u00ed reconstruyeron el cerebro de Julio: \u00abMe arroll\u00f3 un autob\u00fas en Bilbao y mi mente se desconect\u00f3\u00bb<\/a><\/h2><\/div><div style=\"display:table-cell;\"><a style=\"text-decoration:none;\" title=\"Descargar As\u00ed reconstruyeron el cerebro de Julio: \u00abMe arroll\u00f3 un autob\u00fas en Bilbao y mi mente se desconect\u00f3\u00bb\" href=\"https:\/\/www.elcorreo.com\/sociedad\/salud\/reconstruyeron-cerebro-julio-arrollo-autobus-bilbao-mente-20230226200055-nt.html\" rel=\"nofollow noopener\" target=\"_blank\"><i class=\"fa fa-external-link fa2\" style=\"margin:0 0 0 20px;font-size:1rem;\"><\/i><\/a><\/div><\/div><time>2023(e)ko otsaila(r)en 26a<\/time><p><\/p><\/div>\n\n\t\n\t\t<div class=\"docu\"><div class=\"eti-m\"><span class=\"etiq-a\">Mondraberri<\/span> <\/div><div style=\"display:table;width:100%;\"><div style=\"display:table-cell;width:99%;\"><h2 class=\"h3\" style=\"margin:0;\"><a style=\"text-decoration:none;\" title=\"Enlace externo a Zaporeak eta Aita Mennik Turkia eta Siriarako elikagaiak bilduko dituzte igandera arte\" href=\"https:\/\/mondraberri.eus\/zaporeak-eta-aita-mennik-turkia-eta-siriarako-elikagaiak-bilduko-dituzte-igandera-arte\/\" rel=\"nofollow noopener\" target=\"_blank\">Zaporeak eta Aita Mennik Turkia eta Siriarako elikagaiak bilduko dituzte igandera arte<\/a><\/h2><\/div><div style=\"display:table-cell;\"><a style=\"text-decoration:none;\" title=\"Descargar Zaporeak eta Aita Mennik Turkia eta Siriarako elikagaiak bilduko dituzte igandera arte\" href=\"https:\/\/mondraberri.eus\/zaporeak-eta-aita-mennik-turkia-eta-siriarako-elikagaiak-bilduko-dituzte-igandera-arte\/\" rel=\"nofollow noopener\" target=\"_blank\"><i class=\"fa fa-external-link fa2\" style=\"margin:0 0 0 20px;font-size:1rem;\"><\/i><\/a><\/div><\/div><time>2023(e)ko otsaila(r)en 24a<\/time><p><\/p><\/div>\n\n\t\n\t\t<div class=\"docu\"><div class=\"eti-m\"><span class=\"etiq-a\">Goiena<\/span> <\/div><div style=\"display:table;width:100%;\"><div style=\"display:table-cell;width:99%;\"><h2 class=\"h3\" style=\"margin:0;\"><a style=\"text-decoration:none;\" title=\"Enlace externo a 1.500 kilo elikagai jaso dituzte Aita Mennik eta Zaporeakek Turkiara eta Siriara bidaltzeko\" href=\"https:\/\/goiena.eus\/arrasate\/1677153389075-1500-kilo-elikagai-jaso-dituzte-aita-mennik-eta-zaporeakek-turkiara-eta-siriara-bidaltzeko\" rel=\"nofollow noopener\" target=\"_blank\">1.500 kilo elikagai jaso dituzte Aita Mennik eta Zaporeakek Turkiara eta Siriara bidaltzeko<\/a><\/h2><\/div><div style=\"display:table-cell;\"><a style=\"text-decoration:none;\" title=\"Descargar 1.500 kilo elikagai jaso dituzte Aita Mennik eta Zaporeakek Turkiara eta Siriara bidaltzeko\" href=\"https:\/\/goiena.eus\/arrasate\/1677153389075-1500-kilo-elikagai-jaso-dituzte-aita-mennik-eta-zaporeakek-turkiara-eta-siriara-bidaltzeko\" rel=\"nofollow noopener\" target=\"_blank\"><i class=\"fa fa-external-link fa2\" style=\"margin:0 0 0 20px;font-size:1rem;\"><\/i><\/a><\/div><\/div><time>2023(e)ko otsaila(r)en 24a<\/time><p><\/p><\/div>\n\n\t\n\t\t<div class=\"docu\"><div class=\"eti-m\"><span class=\"etiq-a\">El Diario Vasco<\/span> <\/div><div style=\"display:table;width:100%;\"><div style=\"display:table-cell;width:99%;\"><h2 class=\"h3\" style=\"margin:0;\"><a style=\"text-decoration:none;\" title=\"Enlace externo a Aita Menni y Zaporeak recogen 1.500 kilos de alimentos para Turqu\u00eda y Siria\" href=\"https:\/\/www.diariovasco.com\/alto-deba\/arrasate\/aita-menni-zaporeak-recogen-1500-kilos-alimentos-20230224002139-nt.html\" rel=\"nofollow noopener\" target=\"_blank\">Aita Menni y Zaporeak recogen 1.500 kilos de alimentos para Turqu\u00eda y Siria<\/a><\/h2><\/div><div style=\"display:table-cell;\"><a style=\"text-decoration:none;\" title=\"Descargar Aita Menni y Zaporeak recogen 1.500 kilos de alimentos para Turqu\u00eda y Siria\" href=\"https:\/\/www.diariovasco.com\/alto-deba\/arrasate\/aita-menni-zaporeak-recogen-1500-kilos-alimentos-20230224002139-nt.html\" rel=\"nofollow noopener\" target=\"_blank\"><i class=\"fa fa-external-link fa2\" style=\"margin:0 0 0 20px;font-size:1rem;\"><\/i><\/a><\/div><\/div><time>2023(e)ko otsaila(r)en 24a<\/time><p><\/p><\/div>\n\n\t\n\t\t<div class=\"docu\"><div class=\"eti-m\"><span class=\"etiq-a\">Redacci\u00f3n M\u00e9dica<\/span> <\/div><div style=\"display:table;width:100%;\"><div style=\"display:table-cell;width:99%;\"><h2 class=\"h3\" style=\"margin:0;\"><a style=\"text-decoration:none;\" title=\"Enlace externo a Manuel Mart\u00edn Carrasco, sobre la relaci\u00f3n entre violencia contra las mujeres y enfermedad mental\" href=\"https:\/\/www.redaccionmedica.com\/secciones\/psiquiatria\/psiquiatria-rebate-al-cis-el-agresor-sexual-no-es-un-enfermo-mental--9528\" rel=\"nofollow noopener\" target=\"_blank\">Manuel Mart\u00edn Carrasco, sobre la relaci\u00f3n entre violencia contra las mujeres y enfermedad mental<\/a><\/h2><\/div><div style=\"display:table-cell;\"><a style=\"text-decoration:none;\" title=\"Descargar Manuel Mart\u00edn Carrasco, sobre la relaci\u00f3n entre violencia contra las mujeres y enfermedad mental\" href=\"https:\/\/www.redaccionmedica.com\/secciones\/psiquiatria\/psiquiatria-rebate-al-cis-el-agresor-sexual-no-es-un-enfermo-mental--9528\" rel=\"nofollow noopener\" target=\"_blank\"><i class=\"fa fa-external-link fa2\" style=\"margin:0 0 0 20px;font-size:1rem;\"><\/i><\/a><\/div><\/div><time>2023(e)ko otsaila(r)en 23a<\/time><p><\/p><\/div>\n\n\t\n\t\t<div class=\"docu\"><div class=\"eti-m\"><span class=\"etiq-a\">Onda Vasca<\/span> <\/div><div style=\"display:table;width:100%;\"><div style=\"display:table-cell;width:99%;\"><h2 class=\"h3\" style=\"margin:0;\"><a style=\"text-decoration:none;\" title=\"Enlace externo a Zaporeak cocina una raci\u00f3n extra de ayuda a Siria tras el terremoto\" href=\"https:\/\/www.ondavasca.com\/zaporeak-redobla-sus-esfuerzos-en-siria-tras-el-terremoto\/\" rel=\"nofollow noopener\" target=\"_blank\">Zaporeak cocina una raci\u00f3n extra de ayuda a Siria tras el terremoto<\/a><\/h2><\/div><div style=\"display:table-cell;\"><a style=\"text-decoration:none;\" title=\"Descargar Zaporeak cocina una raci\u00f3n extra de ayuda a Siria tras el terremoto\" href=\"https:\/\/www.ondavasca.com\/zaporeak-redobla-sus-esfuerzos-en-siria-tras-el-terremoto\/\" rel=\"nofollow noopener\" target=\"_blank\"><i class=\"fa fa-external-link fa2\" style=\"margin:0 0 0 20px;font-size:1rem;\"><\/i><\/a><\/div><\/div><time>2023(e)ko otsaila(r)en 10a<\/time><p><\/p><\/div>\n\n\t\n\t\t<div class=\"docu\"><div class=\"eti-m\"><span class=\"etiq-a\">La Vanguardia<\/span> <\/div><div style=\"display:table;width:100%;\"><div style=\"display:table-cell;width:99%;\"><h2 class=\"h3\" style=\"margin:0;\"><a style=\"text-decoration:none;\" title=\"Enlace externo a Hospital Aita Menni y Zaporeak recogen alimentos para los afectados por los terremotos de Turqu\u00eda y Siria\" href=\"https:\/\/www.lavanguardia.com\/local\/paisvasco\/20230209\/8745957\/hospital-aita-menni-zaporeak-recogen-alimentos-afectados-terremotos-turquia-siria.html\" rel=\"nofollow noopener\" target=\"_blank\">Hospital Aita Menni y Zaporeak recogen alimentos para los afectados por los terremotos de Turqu\u00eda y Siria<\/a><\/h2><\/div><div style=\"display:table-cell;\"><a style=\"text-decoration:none;\" title=\"Descargar Hospital Aita Menni y Zaporeak recogen alimentos para los afectados por los terremotos de Turqu\u00eda y Siria\" href=\"https:\/\/www.lavanguardia.com\/local\/paisvasco\/20230209\/8745957\/hospital-aita-menni-zaporeak-recogen-alimentos-afectados-terremotos-turquia-siria.html\" rel=\"nofollow noopener\" target=\"_blank\"><i class=\"fa fa-external-link fa2\" style=\"margin:0 0 0 20px;font-size:1rem;\"><\/i><\/a><\/div><\/div><time>2023(e)ko otsaila(r)en 10a<\/time><p><\/p><\/div>\n\n\t\n\t\t<div class=\"docu\"><div class=\"eti-m\"><span class=\"etiq-a\">Europa Press<\/span> <\/div><div style=\"display:table;width:100%;\"><div style=\"display:table-cell;width:99%;\"><h2 class=\"h3\" style=\"margin:0;\"><a style=\"text-decoration:none;\" title=\"Enlace externo a Hospital Aita Menni y Zaporeak recogen alimentos para los afectados por los terremotos de Turqu\u00eda y Siria\" href=\"https:\/\/www.europapress.es\/euskadi\/noticia-hospital-aita-menni-zaporeak-recogen-alimentos-afectados-terremotos-turquia-siria-20230209173026.html\" rel=\"nofollow noopener\" target=\"_blank\">Hospital Aita Menni y Zaporeak recogen alimentos para los afectados por los terremotos de Turqu\u00eda y Siria<\/a><\/h2><\/div><div style=\"display:table-cell;\"><a style=\"text-decoration:none;\" title=\"Descargar Hospital Aita Menni y Zaporeak recogen alimentos para los afectados por los terremotos de Turqu\u00eda y Siria\" href=\"https:\/\/www.europapress.es\/euskadi\/noticia-hospital-aita-menni-zaporeak-recogen-alimentos-afectados-terremotos-turquia-siria-20230209173026.html\" rel=\"nofollow noopener\" target=\"_blank\"><i class=\"fa fa-external-link fa2\" style=\"margin:0 0 0 20px;font-size:1rem;\"><\/i><\/a><\/div><\/div><time>2023(e)ko otsaila(r)en 10a<\/time><p><\/p><\/div>\n\n\t\n\t\t<div class=\"docu\"><div class=\"eti-m\"><span class=\"etiq-a\">El Diario Vasco<\/span> <\/div><div style=\"display:table;width:100%;\"><div style=\"display:table-cell;width:99%;\"><h2 class=\"h3\" style=\"margin:0;\"><a style=\"text-decoration:none;\" title=\"Enlace externo a El Hospital Aita Menni y Zaporeak recogen alimentos para enviar a Turqu\u00eda y Siria\" href=\"https:\/\/www.diariovasco.com\/alto-deba\/arrasate\/hospital-aita-menni-20230210212846-ntvo.html\" rel=\"nofollow noopener\" target=\"_blank\">El Hospital Aita Menni y Zaporeak recogen alimentos para enviar a Turqu\u00eda y Siria<\/a><\/h2><\/div><div style=\"display:table-cell;\"><a style=\"text-decoration:none;\" title=\"Descargar El Hospital Aita Menni y Zaporeak recogen alimentos para enviar a Turqu\u00eda y Siria\" href=\"https:\/\/www.diariovasco.com\/alto-deba\/arrasate\/hospital-aita-menni-20230210212846-ntvo.html\" rel=\"nofollow noopener\" target=\"_blank\"><i class=\"fa fa-external-link fa2\" style=\"margin:0 0 0 20px;font-size:1rem;\"><\/i><\/a><\/div><\/div><time>2023(e)ko otsaila(r)en 10a<\/time><p><\/p><\/div>\n\n\t\n\t\t<div class=\"docu\"><div class=\"eti-m\"><span class=\"etiq-a\">Noticias de \u00c1lava<\/span> <\/div><div style=\"display:table;width:100%;\"><div style=\"display:table-cell;width:99%;\"><h2 class=\"h3\" style=\"margin:0;\"><a style=\"text-decoration:none;\" title=\"Enlace externo a Nueve ONG vascas trabajan ya sobre el terreno tras el devastador terremoto de Turqu\u00eda y Siria\" href=\"\">Nueve ONG vascas trabajan ya sobre el terreno tras el devastador terremoto de Turqu\u00eda y Siria<\/a><\/h2><\/div><div style=\"display:table-cell;\"><a style=\"text-decoration:none;\" title=\"Descargar Nueve ONG vascas trabajan ya sobre el terreno tras el devastador terremoto de Turqu\u00eda y Siria\" href=\"\"><i class=\"fa fa-external-link fa2\" style=\"margin:0 0 0 20px;font-size:1rem;\"><\/i><\/a><\/div><\/div><time>2023(e)ko otsaila(r)en 9a<\/time><p><\/p><\/div>\n\n\t\n\t\t<div class=\"docu\"><div class=\"eti-m\"><span class=\"etiq-a\">Donostitik<\/span> <\/div><div style=\"display:table;width:100%;\"><div style=\"display:table-cell;width:99%;\"><h2 class=\"h3\" style=\"margin:0;\"><a style=\"text-decoration:none;\" title=\"Enlace externo a Euskadi se mueve para ayudar a Turqu\u00eda y Siria\" href=\"https:\/\/www.donostitik.com\/euskadi-se-mueve-para-ayudar-a-turquia-y-siria\/\" rel=\"nofollow noopener\" target=\"_blank\">Euskadi se mueve para ayudar a Turqu\u00eda y Siria<\/a><\/h2><\/div><div style=\"display:table-cell;\"><a style=\"text-decoration:none;\" title=\"Descargar Euskadi se mueve para ayudar a Turqu\u00eda y Siria\" href=\"https:\/\/www.donostitik.com\/euskadi-se-mueve-para-ayudar-a-turquia-y-siria\/\" rel=\"nofollow noopener\" target=\"_blank\"><i class=\"fa fa-external-link fa2\" style=\"margin:0 0 0 20px;font-size:1rem;\"><\/i><\/a><\/div><\/div><time>2023(e)ko otsaila(r)en 9a<\/time><p><\/p><\/div>\n\n\t\n\t\t<div class=\"docu\"><div class=\"eti-m\"><span class=\"etiq-a\">Naiz<\/span> <\/div><div style=\"display:table;width:100%;\"><div style=\"display:table-cell;width:99%;\"><h2 class=\"h3\" style=\"margin:0;\"><a style=\"text-decoration:none;\" title=\"Enlace externo a Zaporeak impulsa una campa\u00f1a de recogida de alimentos para los afectados por el terremoto\" href=\"https:\/\/www.naiz.eus\/es\/info\/noticia\/amp\/20230209\/zaporeak-impulsa-campana-de-recogida-de-alimentos-para-los-afectados-por-el-terremoto\" rel=\"nofollow noopener\" target=\"_blank\">Zaporeak impulsa una campa\u00f1a de recogida de alimentos para los afectados por el terremoto<\/a><\/h2><\/div><div style=\"display:table-cell;\"><a style=\"text-decoration:none;\" title=\"Descargar Zaporeak impulsa una campa\u00f1a de recogida de alimentos para los afectados por el terremoto\" href=\"https:\/\/www.naiz.eus\/es\/info\/noticia\/amp\/20230209\/zaporeak-impulsa-campana-de-recogida-de-alimentos-para-los-afectados-por-el-terremoto\" rel=\"nofollow noopener\" target=\"_blank\"><i class=\"fa fa-external-link fa2\" style=\"margin:0 0 0 20px;font-size:1rem;\"><\/i><\/a><\/div><\/div><time>2023(e)ko otsaila(r)en 9a<\/time><p><\/p><\/div>\n\n\t\n\t\t<div class=\"docu\"><div class=\"eti-m\"><span class=\"etiq-a\">Mondraberri<\/span> <\/div><div style=\"display:table;width:100%;\"><div style=\"display:table-cell;width:99%;\"><h2 class=\"h3\" style=\"margin:0;\"><a style=\"text-decoration:none;\" title=\"Enlace externo a Zaporeak eta Aita Mennik Turkia eta Siriarako elikagaiak bilduko dituzte\" href=\"https:\/\/mondraberri.eus\/zaporeak-eta-aita-mennik-turkiako-eta-siriako-lurrikaretan-kaltetutakoentzako-elikagaiak-bilduko-dituzte\/\" rel=\"nofollow noopener\" target=\"_blank\">Zaporeak eta Aita Mennik Turkia eta Siriarako elikagaiak bilduko dituzte<\/a><\/h2><\/div><div style=\"display:table-cell;\"><a style=\"text-decoration:none;\" title=\"Descargar Zaporeak eta Aita Mennik Turkia eta Siriarako elikagaiak bilduko dituzte\" href=\"https:\/\/mondraberri.eus\/zaporeak-eta-aita-mennik-turkiako-eta-siriako-lurrikaretan-kaltetutakoentzako-elikagaiak-bilduko-dituzte\/\" rel=\"nofollow noopener\" target=\"_blank\"><i class=\"fa fa-external-link fa2\" style=\"margin:0 0 0 20px;font-size:1rem;\"><\/i><\/a><\/div><\/div><time>2023(e)ko otsaila(r)en 9a<\/time><p><\/p><\/div>\n\n\t\n\t\t<div class=\"docu\"><div class=\"eti-m\"><span class=\"etiq-a\">EFE<\/span> <\/div><div style=\"display:table;width:100%;\"><div style=\"display:table-cell;width:99%;\"><h2 class=\"h3\" style=\"margin:0;\"><a style=\"text-decoration:none;\" title=\"Enlace externo a Nueve ONG vascas trabajan ya en el terremoto de Turqu\u00eda y Siria\" href=\"https:\/\/efe.com\/pais-vasco\/ong-terremoto-turquia\/\" rel=\"nofollow noopener\" target=\"_blank\">Nueve ONG vascas trabajan ya en el terremoto de Turqu\u00eda y Siria<\/a><\/h2><\/div><div style=\"display:table-cell;\"><a style=\"text-decoration:none;\" title=\"Descargar Nueve ONG vascas trabajan ya en el terremoto de Turqu\u00eda y Siria\" href=\"https:\/\/efe.com\/pais-vasco\/ong-terremoto-turquia\/\" rel=\"nofollow noopener\" target=\"_blank\"><i class=\"fa fa-external-link fa2\" style=\"margin:0 0 0 20px;font-size:1rem;\"><\/i><\/a><\/div><\/div><time>2023(e)ko otsaila(r)en 9a<\/time><p><\/p><\/div>\n\n\t\n\t\t<div class=\"docu\"><div class=\"eti-m\"><span class=\"etiq-a\">DocNews<\/span> <\/div><div style=\"display:table;width:100%;\"><div style=\"display:table-cell;width:99%;\"><h2 class=\"h3\" style=\"margin:0;\"><a style=\"text-decoration:none;\" title=\"Enlace externo a Recogida de alimentos para los miles de afectados por los terremotos de Turqu\u00eda y Siria\" href=\"https:\/\/www.docnews.es\/recogida-de-alimentos-para-los-miles-de-afectados-por-los-terremotos-de-turquia-y-siria\/?fbclid=IwAR3hj45XFBw_4zQuu91xeHBZMI23bsaueFGWatKn663KeckjYKFV23P_qNk\" rel=\"nofollow noopener\" target=\"_blank\">Recogida de alimentos para los miles de afectados por los terremotos de Turqu\u00eda y Siria<\/a><\/h2><\/div><div style=\"display:table-cell;\"><a style=\"text-decoration:none;\" title=\"Descargar Recogida de alimentos para los miles de afectados por los terremotos de Turqu\u00eda y Siria\" href=\"https:\/\/www.docnews.es\/recogida-de-alimentos-para-los-miles-de-afectados-por-los-terremotos-de-turquia-y-siria\/?fbclid=IwAR3hj45XFBw_4zQuu91xeHBZMI23bsaueFGWatKn663KeckjYKFV23P_qNk\" rel=\"nofollow noopener\" target=\"_blank\"><i class=\"fa fa-external-link fa2\" style=\"margin:0 0 0 20px;font-size:1rem;\"><\/i><\/a><\/div><\/div><time>2023(e)ko otsaila(r)en 9a<\/time><p><\/p><\/div>\n\n\t\n\t\t<div class=\"docu\"><div class=\"eti-m\"><span class=\"etiq-a\">El Diario Vasco<\/span> <\/div><div style=\"display:table;width:100%;\"><div style=\"display:table-cell;width:99%;\"><h2 class=\"h3\" style=\"margin:0;\"><a style=\"text-decoration:none;\" title=\"Enlace externo a Manuel Mart\u00edn Carrasco: \u00abEn salud mental hay una tendencia importante al infradiagn\u00f3stico\u00bb\" href=\"https:\/\/www.diariovasco.com\/sociedad\/salud\/salud-mental-tendencia-20230128202757-nt.html\" rel=\"nofollow noopener\" target=\"_blank\">Manuel Mart\u00edn Carrasco: \u00abEn salud mental hay una tendencia importante al infradiagn\u00f3stico\u00bb<\/a><\/h2><\/div><div style=\"display:table-cell;\"><a style=\"text-decoration:none;\" title=\"Descargar Manuel Mart\u00edn Carrasco: \u00abEn salud mental hay una tendencia importante al infradiagn\u00f3stico\u00bb\" href=\"https:\/\/www.diariovasco.com\/sociedad\/salud\/salud-mental-tendencia-20230128202757-nt.html\" rel=\"nofollow noopener\" target=\"_blank\"><i class=\"fa fa-external-link fa2\" style=\"margin:0 0 0 20px;font-size:1rem;\"><\/i><\/a><\/div><\/div><time>2023(e)ko urtarrila(r)en 28a<\/time><p><\/p><\/div>\n\n\t\n\t\t<div class=\"docu\"><div class=\"eti-m\"><span class=\"etiq-a\">Diario de Navarra<\/span> <\/div><div style=\"display:table;width:100%;\"><div style=\"display:table-cell;width:99%;\"><h2 class=\"h3\" style=\"margin:0;\"><a style=\"text-decoration:none;\" title=\"Enlace externo a Diez consejos contra la depresi\u00f3n\" href=\"https:\/\/www.diariodenavarra.es\/noticias\/navarra\/2023\/02\/27\/tres-menores-no-saldria-casa-si-padres-no-le-obligaran-559608-300.html\" rel=\"nofollow noopener\" target=\"_blank\">Diez consejos contra la depresi\u00f3n<\/a><\/h2><\/div><div style=\"display:table-cell;\"><a style=\"text-decoration:none;\" title=\"Descargar Diez consejos contra la depresi\u00f3n\" href=\"https:\/\/www.diariodenavarra.es\/noticias\/navarra\/2023\/02\/27\/tres-menores-no-saldria-casa-si-padres-no-le-obligaran-559608-300.html\" rel=\"nofollow noopener\" target=\"_blank\"><i class=\"fa fa-external-link fa2\" style=\"margin:0 0 0 20px;font-size:1rem;\"><\/i><\/a><\/div><\/div><time>2023(e)ko urtarrila(r)en 13a<\/time><p><\/p><\/div>\n\n\t\n\t\t<div class=\"docu\"><div class=\"eti-m\"><span class=\"etiq-a\">Goiena<\/span> <\/div><div style=\"display:table;width:100%;\"><div style=\"display:table-cell;width:99%;\"><h2 class=\"h3\" style=\"margin:0;\"><a style=\"text-decoration:none;\" title=\"Enlace externo a Manuel Martin Carrasco: &#8220;Buruko osasun arazoen gaiak tabu izaten jarraitzen du&#8221;\" href=\"https:\/\/goiena.eus\/debagoiena\/1673366833264-manuel-martin-carrasco-buruko-osasun-arazoen-gaiak-tabu-izaten-jarraitzen-du\" rel=\"nofollow noopener\" target=\"_blank\">Manuel Martin Carrasco: &#8220;Buruko osasun arazoen gaiak tabu izaten jarraitzen du&#8221;<\/a><\/h2><\/div><div style=\"display:table-cell;\"><a style=\"text-decoration:none;\" title=\"Descargar Manuel Martin Carrasco: &#8220;Buruko osasun arazoen gaiak tabu izaten jarraitzen du&#8221;\" href=\"https:\/\/goiena.eus\/debagoiena\/1673366833264-manuel-martin-carrasco-buruko-osasun-arazoen-gaiak-tabu-izaten-jarraitzen-du\" rel=\"nofollow noopener\" target=\"_blank\"><i class=\"fa fa-external-link fa2\" style=\"margin:0 0 0 20px;font-size:1rem;\"><\/i><\/a><\/div><\/div><time>2023(e)ko urtarrila(r)en 10a<\/time><p><\/p><\/div>\n\n\t\n\t\t<div class=\"docu\"><div class=\"eti-m\"><span class=\"etiq-a\">Diario de Navarra<\/span> <\/div><div style=\"display:table;width:100%;\"><div style=\"display:table-cell;width:99%;\"><h2 class=\"h3\" style=\"margin:0;\"><a style=\"text-decoration:none;\" title=\"Enlace externo a Manuel Mart\u00edn: \u201cLos padres deben estar alerta si sus hijos se autolesionan, est\u00e1n tristes y no duermen\u201d\" href=\"https:\/\/www.diariodenavarra.es\/noticias\/vivir\/educacion\/2023\/01\/08\/manuel-martin-padres-deben-alerta-si-hijos-autolesionan-tristes-no-duermen-553874-3198.html\" rel=\"nofollow noopener\" target=\"_blank\">Manuel Mart\u00edn: \u201cLos padres deben estar alerta si sus hijos se autolesionan, est\u00e1n tristes y no duermen\u201d<\/a><\/h2><\/div><div style=\"display:table-cell;\"><a style=\"text-decoration:none;\" title=\"Descargar Manuel Mart\u00edn: \u201cLos padres deben estar alerta si sus hijos se autolesionan, est\u00e1n tristes y no duermen\u201d\" href=\"https:\/\/www.diariodenavarra.es\/noticias\/vivir\/educacion\/2023\/01\/08\/manuel-martin-padres-deben-alerta-si-hijos-autolesionan-tristes-no-duermen-553874-3198.html\" rel=\"nofollow noopener\" target=\"_blank\"><i class=\"fa fa-external-link fa2\" style=\"margin:0 0 0 20px;font-size:1rem;\"><\/i><\/a><\/div><\/div><time>2023(e)ko urtarrila(r)en 8a<\/time><p><\/p><\/div>\n\n\t\n\t\t<div class=\"docu\"><div class=\"eti-m\"><span class=\"etiq-a\">Goiena<\/span> <\/div><div style=\"display:table;width:100%;\"><div style=\"display:table-cell;width:99%;\"><h2 class=\"h3\" style=\"margin:0;\"><a style=\"text-decoration:none;\" title=\"Enlace externo a Manuel Martin izango da Psikiatriako eta Osasun Mentaleko Espainiako Elkarteko lehendakaria\" href=\"https:\/\/goiena.eus\/arrasate\/1668771450087-manuel-carrasco-izango-da-psikiatriako-eta-osasun-mentaleko-espainiako-elkarteko-lehendakaria\" rel=\"nofollow noopener\" target=\"_blank\">Manuel Martin izango da Psikiatriako eta Osasun Mentaleko Espainiako Elkarteko lehendakaria<\/a><\/h2><\/div><div style=\"display:table-cell;\"><a style=\"text-decoration:none;\" title=\"Descargar Manuel Martin izango da Psikiatriako eta Osasun Mentaleko Espainiako Elkarteko lehendakaria\" href=\"https:\/\/goiena.eus\/arrasate\/1668771450087-manuel-carrasco-izango-da-psikiatriako-eta-osasun-mentaleko-espainiako-elkarteko-lehendakaria\" rel=\"nofollow noopener\" target=\"_blank\"><i class=\"fa fa-external-link fa2\" style=\"margin:0 0 0 20px;font-size:1rem;\"><\/i><\/a><\/div><\/div><time>2022(e)ko azaroa(r)en 19a<\/time><p><\/p><\/div>\n\n\t\n\t\t<div class=\"docu\"><div class=\"eti-m\"><span class=\"etiq-a\">Mondraberri<\/span> <\/div><div style=\"display:table;width:100%;\"><div style=\"display:table-cell;width:99%;\"><h2 class=\"h3\" style=\"margin:0;\"><a style=\"text-decoration:none;\" title=\"Enlace externo a Aita Menniko zuzendari medikua estatu mailako Psikiatria eta Buru Osasuneko lehendakari izendatu dute\" href=\"https:\/\/mondraberri.eus\/aita-menniko-zuzendari-medikua-estatu-mailako-psikiatria-eta-buru-osasuneko-lehendakari-izendatu-dute\/\" rel=\"nofollow noopener\" target=\"_blank\">Aita Menniko zuzendari medikua estatu mailako Psikiatria eta Buru Osasuneko lehendakari izendatu dute<\/a><\/h2><\/div><div style=\"display:table-cell;\"><a style=\"text-decoration:none;\" title=\"Descargar Aita Menniko zuzendari medikua estatu mailako Psikiatria eta Buru Osasuneko lehendakari izendatu dute\" href=\"https:\/\/mondraberri.eus\/aita-menniko-zuzendari-medikua-estatu-mailako-psikiatria-eta-buru-osasuneko-lehendakari-izendatu-dute\/\" rel=\"nofollow noopener\" target=\"_blank\"><i class=\"fa fa-external-link fa2\" style=\"margin:0 0 0 20px;font-size:1rem;\"><\/i><\/a><\/div><\/div><time>2022(e)ko azaroa(r)en 18a<\/time><p><\/p><\/div>\n\n\t\n\t\t<div class=\"docu\"><div class=\"eti-m\"><span class=\"etiq-a\">El Diario Vasco<\/span> <\/div><div style=\"display:table;width:100%;\"><div style=\"display:table-cell;width:99%;\"><h2 class=\"h3\" style=\"margin:0;\"><a style=\"text-decoration:none;\" title=\"Enlace externo a El director m\u00e9dico de Aita Menni, nuevo presidente de la Sociedad Espa\u00f1ola de Psiquiatr\u00eda y Salud Mental\" href=\"https:\/\/www.diariovasco.com\/alto-deba\/arrasate\/director-medico-aita-20221118122004-nt.html\" rel=\"nofollow noopener\" target=\"_blank\">El director m\u00e9dico de Aita Menni, nuevo presidente de la Sociedad Espa\u00f1ola de Psiquiatr\u00eda y Salud Mental<\/a><\/h2><\/div><div style=\"display:table-cell;\"><a style=\"text-decoration:none;\" title=\"Descargar El director m\u00e9dico de Aita Menni, nuevo presidente de la Sociedad Espa\u00f1ola de Psiquiatr\u00eda y Salud Mental\" href=\"https:\/\/www.diariovasco.com\/alto-deba\/arrasate\/director-medico-aita-20221118122004-nt.html\" rel=\"nofollow noopener\" target=\"_blank\"><i class=\"fa fa-external-link fa2\" style=\"margin:0 0 0 20px;font-size:1rem;\"><\/i><\/a><\/div><\/div><time>2022(e)ko azaroa(r)en 18a<\/time><p><\/p><\/div>\n\n\t\n\t\t<div class=\"docu\"><div class=\"eti-m\"><span class=\"etiq-a\">El Diario Vasco<\/span> <\/div><div style=\"display:table;width:100%;\"><div style=\"display:table-cell;width:99%;\"><h2 class=\"h3\" style=\"margin:0;\"><a style=\"text-decoration:none;\" title=\"Enlace externo a Gipuzkoa abre un nuevo centro para j\u00f3venes con problemas de salud mental y discapacidad intelectual\" href=\"\">Gipuzkoa abre un nuevo centro para j\u00f3venes con problemas de salud mental y discapacidad intelectual<\/a><\/h2><\/div><div style=\"display:table-cell;\"><a style=\"text-decoration:none;\" title=\"Descargar Gipuzkoa abre un nuevo centro para j\u00f3venes con problemas de salud mental y discapacidad intelectual\" href=\"\"><i class=\"fa fa-external-link fa2\" style=\"margin:0 0 0 20px;font-size:1rem;\"><\/i><\/a><\/div><\/div><time>2022(e)ko azaroa(r)en 15a<\/time><p><\/p><\/div>\n\n\t\n\t\t<div class=\"docu\"><div class=\"eti-m\"><span class=\"etiq-a\">Europa Press<\/span> <\/div><div style=\"display:table;width:100%;\"><div style=\"display:table-cell;width:99%;\"><h2 class=\"h3\" style=\"margin:0;\"><a style=\"text-decoration:none;\" title=\"Enlace externo a Diputaci\u00f3n de Gipuzkoa ampl\u00eda en 12 plazas su red de salud mental con un recurso espec\u00edfico para j\u00f3venes\" href=\"\">Diputaci\u00f3n de Gipuzkoa ampl\u00eda en 12 plazas su red de salud mental con un recurso espec\u00edfico para j\u00f3venes<\/a><\/h2><\/div><div style=\"display:table-cell;\"><a style=\"text-decoration:none;\" title=\"Descargar Diputaci\u00f3n de Gipuzkoa ampl\u00eda en 12 plazas su red de salud mental con un recurso espec\u00edfico para j\u00f3venes\" href=\"\"><i class=\"fa fa-external-link fa2\" style=\"margin:0 0 0 20px;font-size:1rem;\"><\/i><\/a><\/div><\/div><time>2022(e)ko azaroa(r)en 15a<\/time><p><\/p><\/div>\n\n\t\n\t\t<div class=\"docu\"><div class=\"eti-m\"><span class=\"etiq-a\">El Diario Vasco<\/span> <\/div><div style=\"display:table;width:100%;\"><div style=\"display:table-cell;width:99%;\"><h2 class=\"h3\" style=\"margin:0;\"><a style=\"text-decoration:none;\" title=\"Enlace externo a Cinco a\u00f1os de salud mental en Liberia\" href=\"https:\/\/www.diariovasco.com\/alto-deba\/arrasate\/cinco-anos-salud-20221111180819-nt.html\" rel=\"nofollow noopener\" target=\"_blank\">Cinco a\u00f1os de salud mental en Liberia<\/a><\/h2><\/div><div style=\"display:table-cell;\"><a style=\"text-decoration:none;\" title=\"Descargar Cinco a\u00f1os de salud mental en Liberia\" href=\"https:\/\/www.diariovasco.com\/alto-deba\/arrasate\/cinco-anos-salud-20221111180819-nt.html\" rel=\"nofollow noopener\" target=\"_blank\"><i class=\"fa fa-external-link fa2\" style=\"margin:0 0 0 20px;font-size:1rem;\"><\/i><\/a><\/div><\/div><time>2022(e)ko azaroa(r)en 11a<\/time><p><\/p><\/div>\n\n\t\n\t\t<div class=\"docu\"><div class=\"eti-m\"><span class=\"etiq-a\">El Diario Vasco<\/span> <\/div><div style=\"display:table;width:100%;\"><div style=\"display:table-cell;width:99%;\"><h2 class=\"h3\" style=\"margin:0;\"><a style=\"text-decoration:none;\" title=\"Enlace externo a La direcci\u00f3n de Enfermer\u00eda del Hospital Aita Menni, premiada por su reputaci\u00f3n\" href=\"https:\/\/www.diariovasco.com\/alto-deba\/arrasate\/direccion-enfermeria-hospital-20221018124800-nt.html\" rel=\"nofollow noopener\" target=\"_blank\">La direcci\u00f3n de Enfermer\u00eda del Hospital Aita Menni, premiada por su reputaci\u00f3n<\/a><\/h2><\/div><div style=\"display:table-cell;\"><a style=\"text-decoration:none;\" title=\"Descargar La direcci\u00f3n de Enfermer\u00eda del Hospital Aita Menni, premiada por su reputaci\u00f3n\" href=\"https:\/\/www.diariovasco.com\/alto-deba\/arrasate\/direccion-enfermeria-hospital-20221018124800-nt.html\" rel=\"nofollow noopener\" target=\"_blank\"><i class=\"fa fa-external-link fa2\" style=\"margin:0 0 0 20px;font-size:1rem;\"><\/i><\/a><\/div><\/div><time>2022(e)ko urria(r)en 19a<\/time><p><\/p><\/div>\n\n\t\n\t\t<div class=\"docu\"><div class=\"eti-m\"><span class=\"etiq-a\">COEGI<\/span> <\/div><div style=\"display:table;width:100%;\"><div style=\"display:table-cell;width:99%;\"><h2 class=\"h3\" style=\"margin:0;\"><a style=\"text-decoration:none;\" title=\"Enlace externo a Irune Galarraga: \u201cSari hau Aita Menniko Erizaintza taldeko kide guztiena da\u201d\" href=\"https:\/\/coegi.org\/notices\/notice\/879\" rel=\"nofollow noopener\" target=\"_blank\">Irune Galarraga: \u201cSari hau Aita Menniko Erizaintza taldeko kide guztiena da\u201d<\/a><\/h2><\/div><div style=\"display:table-cell;\"><a style=\"text-decoration:none;\" title=\"Descargar Irune Galarraga: \u201cSari hau Aita Menniko Erizaintza taldeko kide guztiena da\u201d\" href=\"https:\/\/coegi.org\/notices\/notice\/879\" rel=\"nofollow noopener\" target=\"_blank\"><i class=\"fa fa-external-link fa2\" style=\"margin:0 0 0 20px;font-size:1rem;\"><\/i><\/a><\/div><\/div><time>2022(e)ko urria(r)en 19a<\/time><p><\/p><\/div>\n\n\t\n\t\t<div class=\"docu\"><div class=\"eti-m\"><span class=\"etiq-a\">Tele7<\/span> <\/div><div style=\"display:table;width:100%;\"><div style=\"display:table-cell;width:99%;\"><h2 class=\"h3\" style=\"margin:0;\"><a style=\"text-decoration:none;\" title=\"Enlace externo a \u2018Zarena Gara\u2019 filma, Noticias Tele7-an\" href=\"https:\/\/www.youtube.com\/watch?v=6attz-X41Ug&#038;t=2300s\" rel=\"nofollow noopener\" target=\"_blank\">\u2018Zarena Gara\u2019 filma, Noticias Tele7-an<\/a><\/h2><\/div><div style=\"display:table-cell;\"><a style=\"text-decoration:none;\" title=\"Descargar \u2018Zarena Gara\u2019 filma, Noticias Tele7-an\" href=\"https:\/\/www.youtube.com\/watch?v=6attz-X41Ug&#038;t=2300s\" rel=\"nofollow noopener\" target=\"_blank\"><i class=\"fa fa-external-link fa2\" style=\"margin:0 0 0 20px;font-size:1rem;\"><\/i><\/a><\/div><\/div><time>2022(e)ko otsaila(r)en 1a<\/time><p><\/p><\/div>\n\n\t\n\t\t<div class=\"docu\"><div class=\"eti-m\"><span class=\"etiq-a\">Cadena SER<\/span> <\/div><div style=\"display:table;width:100%;\"><div style=\"display:table-cell;width:99%;\"><h2 class=\"h3\" style=\"margin:0;\"><a style=\"text-decoration:none;\" title=\"Enlace externo a \u00c1ngel Mart\u00edn, la oportunidad de la locura\" href=\"https:\/\/cadenaser.com\/emisora\/2021\/12\/18\/radio_bilbao\/1639829883_947907.html\" rel=\"nofollow noopener\" target=\"_blank\">\u00c1ngel Mart\u00edn, la oportunidad de la locura<\/a><\/h2><\/div><div style=\"display:table-cell;\"><a style=\"text-decoration:none;\" title=\"Descargar \u00c1ngel Mart\u00edn, la oportunidad de la locura\" href=\"https:\/\/cadenaser.com\/emisora\/2021\/12\/18\/radio_bilbao\/1639829883_947907.html\" rel=\"nofollow noopener\" target=\"_blank\"><i class=\"fa fa-external-link fa2\" style=\"margin:0 0 0 20px;font-size:1rem;\"><\/i><\/a><\/div><\/div><time>2022(e)ko otsaila(r)en 1a<\/time><p><\/p><\/div>\n\n\t\n\t\n\t\n\t\n<\/div>\n<\/div>\n<p>[\/vc_column_text][\/vc_column][\/vc_row]<\/p>\n<\/div>","protected":false},"excerpt":{"rendered":"<div class=\"link-more\"><a href=\"https:\/\/ospitalarioakfundazioaeuskadi.org\/eu\/komunikazioa\/prentsa-aretoa\/\" class=\"more-link\">Jarraitu irakurtzen<span class=\"screen-reader-text\"> &ldquo;Prentsa-aretoa&rdquo;<\/span>&#8230;<\/a><\/div>\n","protected":false},"author":1,"featured_media":39631,"parent":43535,"menu_order":107,"comment_status":"closed","ping_status":"closed","template":"templates\/sin-head-h1.php","meta":{"footnotes":""},"class_list":["post-35031","page","type-page","status-publish","has-post-thumbnail","hentry","entry"],"_links":{"self":[{"href":"https:\/\/ospitalarioakfundazioaeuskadi.org\/eu\/wp-json\/wp\/v2\/pages\/35031","targetHints":{"allow":["GET"]}}],"collection":[{"href":"https:\/\/ospitalarioakfundazioaeuskadi.org\/eu\/wp-json\/wp\/v2\/pages"}],"about":[{"href":"https:\/\/ospitalarioakfundazioaeuskadi.org\/eu\/wp-json\/wp\/v2\/types\/page"}],"author":[{"embeddable":true,"href":"https:\/\/ospitalarioakfundazioaeuskadi.org\/eu\/wp-json\/wp\/v2\/users\/1"}],"replies":[{"embeddable":true,"href":"https:\/\/ospitalarioakfundazioaeuskadi.org\/eu\/wp-json\/wp\/v2\/comments?post=35031"}],"version-history":[{"count":2,"href":"https:\/\/ospitalarioakfundazioaeuskadi.org\/eu\/wp-json\/wp\/v2\/pages\/35031\/revisions"}],"predecessor-version":[{"id":56186,"href":"https:\/\/ospitalarioakfundazioaeuskadi.org\/eu\/wp-json\/wp\/v2\/pages\/35031\/revisions\/56186"}],"up":[{"embeddable":true,"href":"https:\/\/ospitalarioakfundazioaeuskadi.org\/eu\/wp-json\/wp\/v2\/pages\/43535"}],"wp:featuredmedia":[{"embeddable":true,"href":"https:\/\/ospitalarioakfundazioaeuskadi.org\/eu\/wp-json\/wp\/v2\/media\/39631"}],"wp:attachment":[{"href":"https:\/\/ospitalarioakfundazioaeuskadi.org\/eu\/wp-json\/wp\/v2\/media?parent=35031"}],"curies":[{"name":"wp","href":"https:\/\/api.w.org\/{rel}","templated":true}]}}