{"id":43522,"date":"2022-03-23T15:51:33","date_gmt":"2022-03-23T15:51:33","guid":{"rendered":"http:\/\/194.35.43.170\/~aitamenninueva\/?page_id=43522"},"modified":"2025-08-04T10:10:24","modified_gmt":"2025-08-04T10:10:24","slug":"neuroerrehabilitazioa-kalte-zerebrala","status":"publish","type":"page","link":"https:\/\/ospitalarioakfundazioaeuskadi.org\/eu\/zer-egiten-dugun\/neuroerrehabilitazioa-kalte-zerebrala\/","title":{"rendered":"Neuroerrehabilitazioa eta kalte zerebrala"},"content":{"rendered":"<div class=\"wpb-content-wrapper\"><p>[vc_row el_class=&#8221;que&#8221;][vc_column width=&#8221;1\/2&#8243; el_class=&#8221;vc_col-sm-push-6&#8243;][vc_column_text]<\/p>\n<figure><img loading=\"lazy\" decoding=\"async\" width=\"547\" height=\"790\" src=\"https:\/\/ospitalarioakfundazioaeuskadi.org\/wp-content\/uploads\/2022\/04\/rehabilitacion-dano-cerebral-san-sebastian-cinta.jpg\" class=\"attachment-large size-large wp-post-image\" alt=\"Da\u00f1o cerebral - Cinta de rehabilitaci\u00f3n de la marcha en San Sebasti\u00e1n\" title=\"\"><\/figure>\n<p>[\/vc_column_text][\/vc_column][vc_column width=&#8221;1\/2&#8243; el_class=&#8221;vc_col-sm-pull-6&#8243;][vc_single_image image=&#8221;39942&#8243; img_size=&#8221;120&#215;110&#8243; el_class=&#8221;icono-por&#8221;][vc_column_text css=&#8221;&#8221; el_class=&#8221;alter-1-icon&#8221;]<\/p>\n<h1>Neuroerrehabilitazioa eta kalte zerebrala<\/h1>\n<p><strong>Dena ematen kalte zerebralaren ondoren bizi kalitatea berreskuratzen laguntzeko<\/strong><\/p>\n<p>Gure <strong>Neuroerrehabilitazio eta\u00a0Kalte Zerebraleko Zerbitzuak<\/strong> garuneko lesio esanguratsua izan duten pertsonak artatzen ditu, lesioak bizi kalitatean eragina duten aldi baterako zein behin betiko sekuelak eragiten baititu. Kausarik ohikoenak <strong>iktusak<\/strong> eta <strong>traumatismo kranioentzefalikoak<\/strong> izaten dira.[\/vc_column_text][vc_column_text css=&#8221;&#8221;]Garuneko lesio horien ondoriozko sintomen esparrua oso zabala da, eta honelakoak agertzen dira: <strong>mugikortasun arazoak, elikadura arazoak, komunikazio arazoak, kognizio arazoak eta jokabide arazoak<\/strong>. Ondorioen multzo horrek, sarritan, autonomia nabarmen galtzea dakar. Koadro klinikoak konplexuak eta heterogeneoak dira beren aurkezpenetan, denboran zehar hedatzen dira eta diziplina anitzeko lanketak behar dituzte.<\/p>\n<p><strong>Neuroerrehabilitazio eta Kalte Zerebraleko Zerbitzuaren<\/strong> eginkizuna da <strong>errehabilitazio intentsibo eta espezializatua<\/strong> eskaintzea, bai ospitale-fasean, bai fase anbulatorioan, neuroerrehabilitazio robotikoko teknologia modernoena duten diziplina anitzeko talde profesionalen bidez. Bere misioan sartzen da, halaber, <strong>egunez okupatzeko laguntzak<\/strong> garatzea eta <strong>egoitzarako alternatibak<\/strong> sortzea lesio zerebralek eragindako ondorioak dituzten pertsonentzat.[\/vc_column_text][vc_column_text css=&#8221;&#8221; el_class=&#8221;alter-0-g&#8221;]<strong>Neuroerrehabilitazio eta Kalte Zerebraleko Zerbitzua<\/strong> <a href=\"https:\/\/xn--daocerebral-2db.es\/eu\/\" target=\"_blank\" rel=\"noopener nofollow\">Ospitalarioak Fundazioaren Kalte Zerebraleko eta Neuroerrehabilitazioko Sareko<\/a> parte da, eta horretara biltzen dira <strong>garuneko lesioek eragindako sekuelen errehabilitazioan espezializatuta<\/strong> dauden zentroetako zerbitzuak eta unitateak.[\/vc_column_text][\/vc_column][\/vc_row][vc_row full_width=&#8221;stretch_row&#8221; css=&#8221;.vc_custom_1649935902397{margin-bottom: 20px !important;}&#8221; el_class=&#8221;not&#8221;][vc_column][vc_row_inner][vc_column_inner width=&#8221;1\/2&#8243;][vc_single_image image=&#8221;73701&#8243; img_size=&#8221;large&#8221; css=&#8221;&#8221;][\/vc_column_inner][vc_column_inner width=&#8221;1\/2&#8243;][vc_column_text css=&#8221;&#8221; el_class=&#8221;alter-2&#8243;]<\/p>\n<h2>Neuroerrehabilitazio robotikoa: aitzindariak teknologiarik aurreratuenarekin<\/h2>\n<p><strong>Neuroerrehabilitazio eta Kalte Zerebraleko Zerbitzua <\/strong>aitzindaria da <strong>sistema teknologiko aurreratuen <\/strong>erabileran, funtzio motor eta sentsorialak berreskuratzeko eta errehabilitazio neuropsikologikorako.<\/p>\n<p><i class=\"fa fa-check\" aria-hidden=\"true\"><\/i> <strong>Goiko adarra errehabilitatzeko<\/strong> robotak: Amadeo, Diego, Pablo (Tyromotion).<br \/>\n<i class=\"fa fa-check\" aria-hidden=\"true\"><\/i> <strong>Exoeskeletoak<\/strong>: Atlas 2023 (Marsi Bionics).<br \/>\n<i class=\"fa fa-check\" aria-hidden=\"true\"><\/i> Zinta konputerizatuak eta <strong>martxa eta orekaren errehabilitaziorako<\/strong> gailuak: Lexo, Omego Pus, Tymo (Tyromotion), Tigo (TheraTrainer), Efo, Motomed, Dual ebike, Balance Tutor, Vibrosphere, Wii Balance Board, bipedestadoreak\u2026<br \/>\n<i class=\"fa fa-check\" aria-hidden=\"true\"><\/i> <strong>Etxebizitza egokitua<\/strong>, ingurunearen kontrol domotikoarekin, etxera itzuli aurretik eguneroko bizitzako jarduerak entrenatzeko.<br \/>\n<i class=\"fa fa-check\" aria-hidden=\"true\"><\/i> <strong>Estimulazio magnetiko transkraneala: Magstim.<\/strong><br \/>\n<i class=\"fa fa-check\" aria-hidden=\"true\"><\/i> <strong>Irensketaren errehabilitazioa eta orofaziala:<\/strong> Vital Stim Plus, Neurotec Novafon, IOPI monitorea\u2026<br \/>\n<i class=\"fa fa-check\" aria-hidden=\"true\"><\/i> <strong>Errehabilitazio kognitiboa:<\/strong> Neuron Up.<br \/>\n<i class=\"fa fa-check\" aria-hidden=\"true\"><\/i> <strong>Komunikazioaren sistema alternatiboak eta handigarriak:<\/strong> Iriscom, Tobii, The Grid, Toby, Ahots-anplifikadorea\u2026<br \/>\n<i class=\"fa fa-check\" aria-hidden=\"true\"><\/i> <strong>Errealitate birtualeko errehabilitazioa:<\/strong> Virtual Rehab.<\/p>\n<p>Halaber, partner teknologikoekin lankidetzan aritzen gara, kalte zerebrala duten pertsonen errehabilitazio funtzionalari eta kognitiboari aplikatutako I+G+B proiektuen garapenean.<\/p>\n<p>[\/vc_column_text][\/vc_column_inner][\/vc_row_inner][\/vc_column][\/vc_row][vc_row][vc_column][vc_column_text el_class=&#8221;ray-m-b-3&#8243;]<\/p>\n<h2>Unitateak eta Zerbitzuak<\/h2>\n<p>[\/vc_column_text][vc_row_inner][vc_column_inner width=&#8221;2\/3&#8243;][vc_column_text el_class=&#8221;alter-1&#8243;]<\/p>\n<h3><a href=\"https:\/\/ospitalarioakfundazioaeuskadi.org\/eu\/unitatea\/ospitaleratze-unitatea-arrasate\/\">Ospitaleratze Unitatea<\/a><\/h3>\n<p><strong>Kalte Zerebraleko Ospitaleratze Unitateak<\/strong> ospitaleratze erregimeneko errehabilitazioa lantzen du, fase subakutu goiztiarrenean.[\/vc_column_text][\/vc_column_inner][vc_column_inner width=&#8221;1\/3&#8243;][vc_column_text css=&#8221;&#8221; el_class=&#8221;alter-0-g cen&#8221;]<\/p>\n<p>Hemen dago:<\/p>\n<p style=\"margin-bottom: 0;\">ARRASATE<\/p>\n<h4 style=\"margin-top: 0;\"><a href=\"https:\/\/ospitalarioakfundazioaeuskadi.org\/eu\/zentroa\/aita-menni-ospitalea\/\">Ospitalarioak Fundazioa Euskadi &#8211; Ospitalea<\/a><\/h4>\n<p>[\/vc_column_text][\/vc_column_inner][\/vc_row_inner][vc_row_inner][vc_column_inner width=&#8221;2\/3&#8243;][vc_column_text css=&#8221;&#8221; el_class=&#8221;alter-1&#8243;]<\/p>\n<h3>Errehabilitazio Anbulatorioko Unitateak<\/h3>\n<p><strong>Errehabilitazio Anbulatorioko Unitateek<\/strong>\u00a0jarraipena ematen diete \u00a0<strong>kalte zerebraleko errehabilitazio programei<\/strong>\u00a0,\u00a0<strong>fisioterapia<\/strong>,\u00a0<strong>terapia okupazional<\/strong>,\u00a0<strong>logopedia<\/strong>\u00a0eta\u00a0<strong>neuropsikologia<\/strong> arloetan.<\/p>\n<p>Gainera, hau eskaintzen dute:<\/p>\n<ul>\n<li>Mediku errehabilitatzaile, neurologo eta psikiatraren <strong>kontsultak<\/strong>.<\/li>\n<li><strong>Kontrol medikoa<\/strong>.<\/li>\n<li><strong>Peritatze<\/strong>mediko-legalak.<\/li>\n<\/ul>\n<h4><a href=\"https:\/\/ospitalarioakfundazioaeuskadi.org\/eu\/unitatea\/errehabilitazio-anbulatorioko-unitatea-arrasate\/\">Arrasateko Errehabilitazio Anbulatorioko Unitatea<\/a><\/h4>\n<h4><a href=\"https:\/\/ospitalarioakfundazioaeuskadi.org\/eu\/unitatea\/errehabilitazio-anbulatorioko-unitatea-arrasate-bilbo\/\">Bilboko Errehabilitazio Anbulatorioko Unitatea<\/a><\/h4>\n<h4><a href=\"https:\/\/ospitalarioakfundazioaeuskadi.org\/eu\/unitatea\/errehabilitazio-anbulatorioko-unitatea-donostia\/\">Donostiako Errehabilitazio Anbulatorioko Unitatea<\/a><\/h4>\n<p>[\/vc_column_text][\/vc_column_inner][vc_column_inner width=&#8221;1\/3&#8243;][vc_column_text css=&#8221;&#8221; el_class=&#8221;alter-0-g cen&#8221;]<\/p>\n<p>Hemen daude:<\/p>\n<p style=\"margin-bottom: 0;\">ARRASATE<\/p>\n<h4 style=\"margin-top: 0;\"><a href=\"https:\/\/ospitalarioakfundazioaeuskadi.org\/eu\/zentroa\/aita-menni-ospitalea\/\">Ospitalarioak Fundazioa Euskadi &#8211; Ospitalea<\/a><\/h4>\n<p style=\"margin-bottom: 0;\">BILBO<\/p>\n<h4 style=\"margin-top: 0;\"><a href=\"https:\/\/ospitalarioakfundazioaeuskadi.org\/eu\/zentroa\/aita-menni-donostiako-neuroerrehabilitazio-zentroa\/\">Neuroerrehabilitazio-zentroa<\/a><\/h4>\n<p style=\"margin-bottom: 0;\">DONOSTIA<\/p>\n<h4 style=\"margin-top: 0;\"><a href=\"https:\/\/ospitalarioakfundazioaeuskadi.org\/eu\/zentroa\/aita-menni-donostiako-neuroerrehabilitazio-zentroa\/\">Neuroerrehabilitazio-zentroa<\/a><\/h4>\n<p>[\/vc_column_text][\/vc_column_inner][\/vc_row_inner][vc_row_inner][vc_column_inner width=&#8221;2\/3&#8243;][vc_column_text el_class=&#8221;alter-1&#8243;]<\/p>\n<h3><a href=\"https:\/\/ospitalarioakfundazioaeuskadi.org\/eu\/unitatea\/haurren-errehabilitazio-unitatea\/\">Haurren Errehabilitazio Unitatea<\/a><\/h3>\n<p>Programa espezializatua\u00a0<strong>0 eta 18 urte bitarteko haurren diziplina anitzeko errehabilitazioan<\/strong>,\u00a0<strong>garapen psikomotorrean<\/strong> nahasmendua edo atzerapena,\u00a0<strong>garuneko paralisia<\/strong>,\u00a0<strong>hartutako kalte zerebrala<\/strong>\u00a0edo\u00a0<strong>prozesu onkologikoen<\/strong>\u00a0edo horien tratamenduaren ondorioz sekuelak badituzte.<\/p>\n<h3><a href=\"https:\/\/ospitalarioakfundazioaeuskadi.org\/eu\/unitatea\/arreta-goiztiarreko-zentroa\/\">Arreta Goiztiarreko Zentroa<\/a><\/h3>\n<p><strong>0 &#8211; 6 urtekoentzat<\/strong>\u00a0\u00a0<strong>Arreta Goitiarreko Zentro<\/strong>\u00a0bat daukagu, Bizkaiko Foru Aldundiarekin itunduta.[\/vc_column_text][\/vc_column_inner][vc_column_inner width=&#8221;1\/3&#8243;][vc_column_text css=&#8221;&#8221; el_class=&#8221;alter-0-g cen&#8221;]<\/p>\n<p>Hemen dago:<\/p>\n<p style=\"margin-bottom: 0;\">BILBO<\/p>\n<h4 style=\"margin-top: 0;\"><a href=\"https:\/\/ospitalarioakfundazioaeuskadi.org\/eu\/zentroa\/aita-menni-donostiako-neuroerrehabilitazio-zentroa\/\">Neuroerrehabilitazio-zentroa<\/a><\/h4>\n<p>&nbsp;<\/p>\n<p>[\/vc_column_text][\/vc_column_inner][\/vc_row_inner][vc_row_inner][vc_column_inner width=&#8221;2\/3&#8243;][vc_column_text css=&#8221;&#8221; el_class=&#8221;alter-1&#8243;]<\/p>\n<h3>Eguneko zentroak<\/h3>\n<p><strong>Kalte zerebraleko eguneko zentroek<\/strong>\u00a0<strong>eguneko programak<\/strong>\u00a0eskaintzen dituzte, kalte zerebral baten ondorioz desgaitasun larria duten pertsonen bizi kalitatea hobetzeko. Gainera, beste helburu nagusi bat da <strong>familiei laguntzea<\/strong> zaintzaile lanetan.<\/p>\n<h4><a href=\"https:\/\/ospitalarioakfundazioaeuskadi.org\/eu\/unitatea\/kalte-zerebraleko-eguneko-zentroa-arrasate\/\">Arrasateko Kalte Zerebraleko Eguneko Zentroa<\/a><\/h4>\n<h4><a href=\"https:\/\/ospitalarioakfundazioaeuskadi.org\/eu\/unitatea\/kalte-zerebraleko-eguneko-zentroa-donostia\/\">Donostiako Kalte Zerebraleko Eguneko Zentroa<\/a><\/h4>\n<p>[\/vc_column_text][\/vc_column_inner][vc_column_inner width=&#8221;1\/3&#8243;][vc_column_text css=&#8221;&#8221; el_class=&#8221;alter-0-g cen&#8221;]Hemen daude:<\/p>\n<p style=\"margin-bottom: 0;\">ARRASATE<\/p>\n<h4 style=\"margin-top: 0;\"><a href=\"https:\/\/ospitalarioakfundazioaeuskadi.org\/eu\/zentroa\/musakola-zentroa\/\">Musakola Zentroa<\/a><\/h4>\n<p style=\"margin-bottom: 0;\">DONOSTIA<\/p>\n<h4 style=\"margin-top: 0;\"><a href=\"https:\/\/ospitalarioakfundazioaeuskadi.org\/eu\/zentroa\/aita-menni-donostiako-neuroerrehabilitazio-zentroa\/\">Neuroerrehabilitazio-zentroa<\/a><\/h4>\n<p>[\/vc_column_text][\/vc_column_inner][\/vc_row_inner][\/vc_column][\/vc_row][vc_row][vc_column][vc_column_text el_class=&#8221;ray-m-b-3&#8243;]<\/p>\n<h2>Aholkularitza<\/h2>\n<p>[\/vc_column_text][vc_row_inner][vc_column_inner width=&#8221;2\/3&#8243;][vc_column_text css=&#8221;&#8221; el_class=&#8221;alter-1&#8243;]Zentro propioetan kalte zerebrala duten pertsonei arreta emateaz gain, <strong>Ospitalarioak Fundazioa Euskadik <\/strong>horri lotutako zerbitzu espezifikoak ematen ditu \u2013logopedia, neuropsikologia, psikiatria&#8230;\u2013 beste erakunde batzuen <strong>kalte zerebraleko zentroetan<\/strong>.[\/vc_column_text][\/vc_column_inner][vc_column_inner width=&#8221;1\/3&#8243;][vc_column_text el_class=&#8221;alter-0-g cen&#8221;]<\/p>\n<p style=\"margin-bottom: 0;\">BILBO<\/p>\n<h4 style=\"margin-top: 0;\"><a href=\"https:\/\/ospitalarioakfundazioaeuskadi.org\/eu\/zentroa\/ifas-bekoetxe-kalte-zerebraleko-eguneko-zentroa\/\">IFAS &#8211; Bekoetxe Kalte Zerebraleko Eguneko Zentroa<\/a><\/h4>\n<p>[\/vc_column_text][\/vc_column_inner][\/vc_row_inner][\/vc_column][\/vc_row][vc_row full_width=&#8221;stretch_row_content&#8221; css=&#8221;.vc_custom_1659382081916{margin-top: 60px !important;padding-right: 40px !important;padding-left: 40px !important;}&#8221; el_class=&#8221;not&#8221;][vc_column][vc_column_text]\n\n\n<div id=\"wpv-view-layout-38384\" class=\"js-wpv-view-layout js-wpv-layout-responsive js-wpv-view-layout-38384\" data-viewnumber=\"38384\" data-pagination=\"{&quot;id&quot;:38384,&quot;query&quot;:&quot;normal&quot;,&quot;type&quot;:&quot;disabled&quot;,&quot;effect&quot;:&quot;fade&quot;,&quot;duration&quot;:500,&quot;speed&quot;:5,&quot;pause_on_hover&quot;:&quot;enabled&quot;,&quot;stop_rollover&quot;:&quot;false&quot;,&quot;cache_pages&quot;:&quot;enabled&quot;,&quot;preload_images&quot;:&quot;enabled&quot;,&quot;preload_pages&quot;:&quot;enabled&quot;,&quot;preload_reach&quot;:1,&quot;spinner&quot;:&quot;builtin&quot;,&quot;spinner_image&quot;:&quot;https:\/\/www.aita-menni.org\/wp-content\/plugins\/toolset-blocks\/embedded\/res\/img\/ajax-loader.gif&quot;,&quot;callback_next&quot;:&quot;&quot;,&quot;manage_history&quot;:&quot;enabled&quot;,&quot;has_controls_in_form&quot;:&quot;disabled&quot;,&quot;infinite_tolerance&quot;:&quot;0&quot;,&quot;max_pages&quot;:1,&quot;page&quot;:1,&quot;base_permalink&quot;:&quot;\/eu\/wp-json\/wp\/v2\/pages\/43522?wpv_view_count=38384&amp;wpv_paged=WPV_PAGE_NUM&quot;,&quot;loop&quot;:{&quot;type&quot;:&quot;&quot;,&quot;name&quot;:&quot;&quot;,&quot;data&quot;:[],&quot;id&quot;:0}}\" data-permalink=\"\/eu\/wp-json\/wp\/v2\/pages\/43522?wpv_view_count=38384\">\n\n\t\n<h2 style=\"text-align:center;margin-top:60px;\">Gaurkotasuna<\/h2>\n<div class=\"sli\">\n\n\t\n\t\t<div class=\"diapo\"><div style=\"margin-bottom:0px;padding-bottom:20px;\">\n<figure><a href=\"https:\/\/ospitalarioakfundazioaeuskadi.org\/eu\/fisioterapeutak-fisioterapia-neurologikoa-euskadiko-jardunaldiak-2025\/\"><img loading=\"lazy\" decoding=\"async\" width=\"425\" height=\"233\" src=\"https:\/\/ospitalarioakfundazioaeuskadi.org\/wp-content\/uploads\/2025\/10\/ospitalarioak-jornadas-fisioterapia-neurologica-2-425x233.jpg\" class=\"attachment-medium size-medium cropar wp-post-image\" alt=\"Bost emakume eta lau gizon\" srcset=\"https:\/\/ospitalarioakfundazioaeuskadi.org\/wp-content\/uploads\/2025\/10\/ospitalarioak-jornadas-fisioterapia-neurologica-2-425x233.jpg 425w, https:\/\/ospitalarioakfundazioaeuskadi.org\/wp-content\/uploads\/2025\/10\/ospitalarioak-jornadas-fisioterapia-neurologica-2-768x420.jpg 768w, https:\/\/ospitalarioakfundazioaeuskadi.org\/wp-content\/uploads\/2025\/10\/ospitalarioak-jornadas-fisioterapia-neurologica-2.jpg 850w\" sizes=\"auto, (max-width: 425px) 100vw, 425px\" title=\"\"><\/a><\/figure>\n<p><time>2025(e)ko urria(r)en 29a<\/time><\/p>\n<h3 class=\"morado\"><a href=\"https:\/\/ospitalarioakfundazioaeuskadi.org\/eu\/fisioterapeutak-fisioterapia-neurologikoa-euskadiko-jardunaldiak-2025\/\">Gure fisioterapeutak, Fisioterapia Neurologikoa Euskadiko I. Jardunaldietan<\/a><\/h3>\n<\/div>\n <\/div>\n\t\n\t\t<div class=\"diapo\"><div style=\"margin-bottom:0px;padding-bottom:20px;\">\n<figure><a href=\"https:\/\/ospitalarioakfundazioaeuskadi.org\/eu\/iktus-arreta-aurrerapena-jardunaldia-atece-gipuzkoa-2025\/\"><img loading=\"lazy\" decoding=\"async\" width=\"425\" height=\"319\" src=\"https:\/\/ospitalarioakfundazioaeuskadi.org\/wp-content\/uploads\/2025\/10\/20251024-jornada-ictus-ofe-atece-11-1-425x319.jpg\" class=\"attachment-medium size-medium cropar wp-post-image\" alt=\"Bost pertsona agertoki batean eserita, pantaila baten azpian, Aurrerapenak iktusaren osasun- eta gizarte-arretan jardunaldiari buruzko informazioarekin\" srcset=\"https:\/\/ospitalarioakfundazioaeuskadi.org\/wp-content\/uploads\/2025\/10\/20251024-jornada-ictus-ofe-atece-11-1-425x319.jpg 425w, https:\/\/ospitalarioakfundazioaeuskadi.org\/wp-content\/uploads\/2025\/10\/20251024-jornada-ictus-ofe-atece-11-1-850x638.jpg 850w, https:\/\/ospitalarioakfundazioaeuskadi.org\/wp-content\/uploads\/2025\/10\/20251024-jornada-ictus-ofe-atece-11-1-768x576.jpg 768w, https:\/\/ospitalarioakfundazioaeuskadi.org\/wp-content\/uploads\/2025\/10\/20251024-jornada-ictus-ofe-atece-11-1.jpg 1024w\" sizes=\"auto, (max-width: 425px) 100vw, 425px\" title=\"\"><\/a><\/figure>\n<p><time>2025(e)ko urria(r)en 27a<\/time><\/p>\n<h3 class=\"morado\"><a href=\"https:\/\/ospitalarioakfundazioaeuskadi.org\/eu\/iktus-arreta-aurrerapena-jardunaldia-atece-gipuzkoa-2025\/\">Iktusaren arretari buruzko azken aurrerapenak, Ospitalarioak Fundazioa Euskadiren eta ATECE Gipuzkoaren jardunaldian<\/a><\/h3>\n<\/div>\n <\/div>\n\t\n\t\t<div class=\"diapo\"><div style=\"margin-bottom:0px;padding-bottom:20px;\">\n<figure><a href=\"https:\/\/ospitalarioakfundazioaeuskadi.org\/eu\/neurorrehabilitazioa-kalte-zerebrala-2024\/\"><img loading=\"lazy\" decoding=\"async\" width=\"319\" height=\"425\" src=\"https:\/\/ospitalarioakfundazioaeuskadi.org\/wp-content\/uploads\/2025\/10\/dano-cerebral-terapia-319x425.jpg\" class=\"attachment-medium size-medium cropar wp-post-image\" alt=\"Martxa-zinta batean dabilen gizon batek pilota bat jaurti dio fisioterapeuta bati\" srcset=\"https:\/\/ospitalarioakfundazioaeuskadi.org\/wp-content\/uploads\/2025\/10\/dano-cerebral-terapia-319x425.jpg 319w, https:\/\/ospitalarioakfundazioaeuskadi.org\/wp-content\/uploads\/2025\/10\/dano-cerebral-terapia.jpg 638w\" sizes=\"auto, (max-width: 319px) 100vw, 319px\" title=\"\"><\/a><\/figure>\n<p><time>2025(e)ko urria(r)en 17a<\/time><\/p>\n<h3 class=\"morado\"><a href=\"https:\/\/ospitalarioakfundazioaeuskadi.org\/eu\/neurorrehabilitazioa-kalte-zerebrala-2024\/\">Gure Neurorrehabilitazio eta Kalte Zerebraleko Zerbitzuak 958 lagun artatu zituen 2024an<\/a><\/h3>\n<\/div>\n <\/div>\n\t\n\t\t<div class=\"diapo\"><div style=\"margin-bottom:0px;padding-bottom:20px;\">\n<figure><a href=\"https:\/\/ospitalarioakfundazioaeuskadi.org\/eu\/marsi-bionics-ek-jardunbide-egoki-gisa-atlas-2030-exoeskeletoa-erabili-dugun-kasuetako-bat-argitaratzen-du\/\"><img loading=\"lazy\" decoding=\"async\" width=\"425\" height=\"243\" src=\"https:\/\/ospitalarioakfundazioaeuskadi.org\/wp-content\/uploads\/2025\/09\/exoesqueleto-irma-garcia-nerea-meabe-425x243.jpg\" class=\"attachment-medium size-medium cropar wp-post-image\" alt=\"Dos fisioterapeutas, junto al exoesqueleto Atlas 2030, muestran un libro\" srcset=\"https:\/\/ospitalarioakfundazioaeuskadi.org\/wp-content\/uploads\/2025\/09\/exoesqueleto-irma-garcia-nerea-meabe-425x243.jpg 425w, https:\/\/ospitalarioakfundazioaeuskadi.org\/wp-content\/uploads\/2025\/09\/exoesqueleto-irma-garcia-nerea-meabe-850x486.jpg 850w, https:\/\/ospitalarioakfundazioaeuskadi.org\/wp-content\/uploads\/2025\/09\/exoesqueleto-irma-garcia-nerea-meabe-768x439.jpg 768w, https:\/\/ospitalarioakfundazioaeuskadi.org\/wp-content\/uploads\/2025\/09\/exoesqueleto-irma-garcia-nerea-meabe.jpg 1001w\" sizes=\"auto, (max-width: 425px) 100vw, 425px\" title=\"\"><\/a><\/figure>\n<p><time>2025(e)ko iraila(r)en 30a<\/time><\/p>\n<h3 class=\"morado\"><a href=\"https:\/\/ospitalarioakfundazioaeuskadi.org\/eu\/marsi-bionics-ek-jardunbide-egoki-gisa-atlas-2030-exoeskeletoa-erabili-dugun-kasuetako-bat-argitaratzen-du\/\">Marsi Bionics-ek jardunbide egoki gisa Atlas 2030 exoeskeletoa erabili dugun kasuetako bat argitaratzen du<\/a><\/h3>\n<\/div>\n <\/div>\n\t\n\t\t<div class=\"diapo\"><div style=\"margin-bottom:0px;padding-bottom:20px;\">\n<figure><a href=\"https:\/\/ospitalarioakfundazioaeuskadi.org\/eu\/neurologia-aldizkaria-atlas-2030-exoeskeletoa-ikerketa\/\"><img loading=\"lazy\" decoding=\"async\" width=\"425\" height=\"319\" src=\"https:\/\/ospitalarioakfundazioaeuskadi.org\/wp-content\/uploads\/2025\/09\/exoesqueleto-atlas-2030-paralisis-infantil-425x319.jpg\" class=\"attachment-medium size-medium cropar wp-post-image\" alt=\"Proiektuan parte hartu duen neskatxo bat, exoeskeletoa erabiliz, Inma Garc\u00eda eta Nerea Meaberekin\" srcset=\"https:\/\/ospitalarioakfundazioaeuskadi.org\/wp-content\/uploads\/2025\/09\/exoesqueleto-atlas-2030-paralisis-infantil-425x319.jpg 425w, https:\/\/ospitalarioakfundazioaeuskadi.org\/wp-content\/uploads\/2025\/09\/exoesqueleto-atlas-2030-paralisis-infantil-768x576.jpg 768w, https:\/\/ospitalarioakfundazioaeuskadi.org\/wp-content\/uploads\/2025\/09\/exoesqueleto-atlas-2030-paralisis-infantil.jpg 850w\" sizes=\"auto, (max-width: 425px) 100vw, 425px\" title=\"\"><\/a><\/figure>\n<p><time>2025(e)ko iraila(r)en 16a<\/time><\/p>\n<h3 class=\"morado\"><a href=\"https:\/\/ospitalarioakfundazioaeuskadi.org\/eu\/neurologia-aldizkaria-atlas-2030-exoeskeletoa-ikerketa\/\">&#8220;Revista de Neurolog\u00eda&#8221; aldizkariak Atlas 2030 exoeskeletoari buruzko gure ikerketa argitaratu du<\/a><\/h3>\n<\/div>\n <\/div>\n\t\n\t\t<div class=\"diapo\"><div style=\"margin-bottom:0px;padding-bottom:20px;\">\n<figure><a href=\"https:\/\/ospitalarioakfundazioaeuskadi.org\/eu\/martina-arreta-goiztiarraren-bidez-tratatutako-fires-sindromearen-kasu-bat\/\"><img loading=\"lazy\" decoding=\"async\" width=\"319\" height=\"425\" src=\"https:\/\/ospitalarioakfundazioaeuskadi.org\/wp-content\/uploads\/2025\/08\/20250807-sindrome-fires-martina-1-319x425.jpg\" class=\"attachment-medium size-medium cropar wp-post-image\" alt=\"Ohiana Ramos logopeda, Martinarekin saio batean\" srcset=\"https:\/\/ospitalarioakfundazioaeuskadi.org\/wp-content\/uploads\/2025\/08\/20250807-sindrome-fires-martina-1-319x425.jpg 319w, https:\/\/ospitalarioakfundazioaeuskadi.org\/wp-content\/uploads\/2025\/08\/20250807-sindrome-fires-martina-1.jpg 638w\" sizes=\"auto, (max-width: 319px) 100vw, 319px\" title=\"\"><\/a><\/figure>\n<p><time>2025(e)ko abuztua(r)en 7a<\/time><\/p>\n<h3 class=\"morado\"><a href=\"https:\/\/ospitalarioakfundazioaeuskadi.org\/eu\/martina-arreta-goiztiarraren-bidez-tratatutako-fires-sindromearen-kasu-bat\/\">Martina, arreta goiztiarraren bidez tratatutako FIRES sindromearen kasu bat<\/a><\/h3>\n<\/div>\n <\/div>\n\t\n\t\t<div class=\"diapo\"><div style=\"margin-bottom:0px;padding-bottom:20px;\">\n<figure><a href=\"https:\/\/ospitalarioakfundazioaeuskadi.org\/eu\/ctnnb1-dragonfly-azterketa-fisioterapeutak\/\"><img loading=\"lazy\" decoding=\"async\" width=\"425\" height=\"213\" src=\"https:\/\/ospitalarioakfundazioaeuskadi.org\/wp-content\/uploads\/2025\/06\/ctnnb1-congreso-bilbao-425x213.jpg\" class=\"attachment-medium size-medium cropar wp-post-image\" alt=\"De izquierda a derecha, Irma Garc\u00eda, E\u00f1ena Tamp\u00e1n y Est\u00edbaliz Mart\u00edn.\" srcset=\"https:\/\/ospitalarioakfundazioaeuskadi.org\/wp-content\/uploads\/2025\/06\/ctnnb1-congreso-bilbao-425x213.jpg 425w, https:\/\/ospitalarioakfundazioaeuskadi.org\/wp-content\/uploads\/2025\/06\/ctnnb1-congreso-bilbao-768x384.jpg 768w, https:\/\/ospitalarioakfundazioaeuskadi.org\/wp-content\/uploads\/2025\/06\/ctnnb1-congreso-bilbao.jpg 850w\" sizes=\"auto, (max-width: 425px) 100vw, 425px\" title=\"\"><\/a><\/figure>\n<p><time>2025(e)ko ekaina(r)en 19a<\/time><\/p>\n<h3 class=\"morado\"><a href=\"https:\/\/ospitalarioakfundazioaeuskadi.org\/eu\/ctnnb1-dragonfly-azterketa-fisioterapeutak\/\">Ospitalarioak Fundazioa Euskadiko fisioterapeutek CTNNB1i buruzko Dragonfly Azterketan parte hartzen dute<\/a><\/h3>\n<\/div>\n <\/div>\n\t\n\t\t<div class=\"diapo\"><div style=\"margin-bottom:0px;padding-bottom:20px;\">\n<figure><a href=\"https:\/\/ospitalarioakfundazioaeuskadi.org\/eu\/garuneko-neuromodulazioa-estimulazioa-magnetiko-transkraniala\/\"><img loading=\"lazy\" decoding=\"async\" width=\"425\" height=\"213\" src=\"https:\/\/ospitalarioakfundazioaeuskadi.org\/wp-content\/uploads\/2025\/05\/neuromodulacion-cerebral-estimulacion-magnetica-transcraneal-425x213.jpg\" class=\"attachment-medium size-medium cropar wp-post-image\" alt=\"Una terapeuta aplica una estimulador magn\u00e9tico transcraneal sobre la cabeza de una mujer\" srcset=\"https:\/\/ospitalarioakfundazioaeuskadi.org\/wp-content\/uploads\/2025\/05\/neuromodulacion-cerebral-estimulacion-magnetica-transcraneal-425x213.jpg 425w, https:\/\/ospitalarioakfundazioaeuskadi.org\/wp-content\/uploads\/2025\/05\/neuromodulacion-cerebral-estimulacion-magnetica-transcraneal-768x384.jpg 768w, https:\/\/ospitalarioakfundazioaeuskadi.org\/wp-content\/uploads\/2025\/05\/neuromodulacion-cerebral-estimulacion-magnetica-transcraneal.jpg 850w\" sizes=\"auto, (max-width: 425px) 100vw, 425px\" title=\"\"><\/a><\/figure>\n<p><time>2025(e)ko maiatza(r)en 28a<\/time><\/p>\n<h3 class=\"morado\"><a href=\"https:\/\/ospitalarioakfundazioaeuskadi.org\/eu\/garuneko-neuromodulazioa-estimulazioa-magnetiko-transkraniala\/\">Estimulazio magnetiko transkraniala erabiltzen hasia gara<\/a><\/h3>\n<\/div>\n <\/div>\n\t\n\t\t<div class=\"diapo\"><div style=\"margin-bottom:0px;padding-bottom:20px;\">\n<figure><a href=\"https:\/\/ospitalarioakfundazioaeuskadi.org\/eu\/explorer-exoeskeleto-pediatrikoa-fisioterapia\/\"><img loading=\"lazy\" decoding=\"async\" width=\"425\" height=\"213\" src=\"https:\/\/ospitalarioakfundazioaeuskadi.org\/wp-content\/uploads\/2025\/05\/exoesqueleto-pediatrico-explorer-formacion-425x213.jpg\" class=\"attachment-medium size-medium cropar wp-post-image\" alt=\"Fisioterapeutas ante un ordenador\" srcset=\"https:\/\/ospitalarioakfundazioaeuskadi.org\/wp-content\/uploads\/2025\/05\/exoesqueleto-pediatrico-explorer-formacion-425x213.jpg 425w, https:\/\/ospitalarioakfundazioaeuskadi.org\/wp-content\/uploads\/2025\/05\/exoesqueleto-pediatrico-explorer-formacion-850x425.jpg 850w, https:\/\/ospitalarioakfundazioaeuskadi.org\/wp-content\/uploads\/2025\/05\/exoesqueleto-pediatrico-explorer-formacion-768x384.jpg 768w, https:\/\/ospitalarioakfundazioaeuskadi.org\/wp-content\/uploads\/2025\/05\/exoesqueleto-pediatrico-explorer-formacion.jpg 1024w\" sizes=\"auto, (max-width: 425px) 100vw, 425px\" title=\"\"><\/a><\/figure>\n<p><time>2025(e)ko maiatza(r)en 27a<\/time><\/p>\n<h3 class=\"morado\"><a href=\"https:\/\/ospitalarioakfundazioaeuskadi.org\/eu\/explorer-exoeskeleto-pediatrikoa-fisioterapia\/\">Gure fisioterapeutak Explorer exoeskeleto pediatrikoaren erabileran trebatzen dira<\/a><\/h3>\n<\/div>\n <\/div>\n\t\n\t\t<div class=\"diapo\"><div style=\"margin-bottom:0px;padding-bottom:20px;\">\n<figure><a href=\"https:\/\/ospitalarioakfundazioaeuskadi.org\/eu\/reale-arenak-harrera-egin-dio-berriro-gure-erreminiszentzia-tailerrari\/\"><img loading=\"lazy\" decoding=\"async\" width=\"425\" height=\"213\" src=\"https:\/\/ospitalarioakfundazioaeuskadi.org\/wp-content\/uploads\/2025\/04\/20250407-centro-dano-cerebral-zuatzu-reale-arena-425x213.jpg\" class=\"attachment-medium size-medium cropar wp-post-image\" alt=\"Un grupo de personas, con bufandas de la Real Sociedad, en el c\u00e9sped del estadio de Anoeta\" srcset=\"https:\/\/ospitalarioakfundazioaeuskadi.org\/wp-content\/uploads\/2025\/04\/20250407-centro-dano-cerebral-zuatzu-reale-arena-425x213.jpg 425w, https:\/\/ospitalarioakfundazioaeuskadi.org\/wp-content\/uploads\/2025\/04\/20250407-centro-dano-cerebral-zuatzu-reale-arena-850x425.jpg 850w, https:\/\/ospitalarioakfundazioaeuskadi.org\/wp-content\/uploads\/2025\/04\/20250407-centro-dano-cerebral-zuatzu-reale-arena-768x384.jpg 768w, https:\/\/ospitalarioakfundazioaeuskadi.org\/wp-content\/uploads\/2025\/04\/20250407-centro-dano-cerebral-zuatzu-reale-arena.jpg 950w\" sizes=\"auto, (max-width: 425px) 100vw, 425px\" title=\"\"><\/a><\/figure>\n<p><time>2025(e)ko apirila(r)en 14a<\/time><\/p>\n<h3 class=\"morado\"><a href=\"https:\/\/ospitalarioakfundazioaeuskadi.org\/eu\/reale-arenak-harrera-egin-dio-berriro-gure-erreminiszentzia-tailerrari\/\">Reale Arenak harrera egin dio berriro gure Erreminiszentzia Tailerrari<\/a><\/h3>\n<\/div>\n <\/div>\n\t\n\t\t<div class=\"diapo\"><div style=\"margin-bottom:0px;padding-bottom:20px;\">\n<figure><a href=\"https:\/\/ospitalarioakfundazioaeuskadi.org\/eu\/kepa-junkera-iktus-afasia-adimen-artifiziala\/\"><img loading=\"lazy\" decoding=\"async\" width=\"425\" height=\"213\" src=\"https:\/\/ospitalarioakfundazioaeuskadi.org\/wp-content\/uploads\/2025\/04\/podcast-kepa-junkera-425x213.jpg\" class=\"attachment-medium size-medium cropar wp-post-image\" alt=\"Oihana Ramo e Iban Arrien, con Jon Ega\u00f1a e I\u00f1aki Mardones, en una mesa con dos micr\u00f3fonos de la Cadena Ser\" srcset=\"https:\/\/ospitalarioakfundazioaeuskadi.org\/wp-content\/uploads\/2025\/04\/podcast-kepa-junkera-425x213.jpg 425w, https:\/\/ospitalarioakfundazioaeuskadi.org\/wp-content\/uploads\/2025\/04\/podcast-kepa-junkera-850x425.jpg 850w, https:\/\/ospitalarioakfundazioaeuskadi.org\/wp-content\/uploads\/2025\/04\/podcast-kepa-junkera-768x384.jpg 768w, https:\/\/ospitalarioakfundazioaeuskadi.org\/wp-content\/uploads\/2025\/04\/podcast-kepa-junkera.jpg 1024w\" sizes=\"auto, (max-width: 425px) 100vw, 425px\" title=\"\"><\/a><\/figure>\n<p><time>2025(e)ko apirila(r)en 10a<\/time><\/p>\n<h3 class=\"morado\"><a href=\"https:\/\/ospitalarioakfundazioaeuskadi.org\/eu\/kepa-junkera-iktus-afasia-adimen-artifiziala\/\">Kepa Junkerak iktusaren osteko afasia gainditu du adimen artifizialari esker<\/a><\/h3>\n<\/div>\n <\/div>\n\t\n\t\t<div class=\"diapo\"><div style=\"margin-bottom:0px;padding-bottom:20px;\">\n<figure><a href=\"https:\/\/ospitalarioakfundazioaeuskadi.org\/eu\/atlas-2030-exoeskeletoa-haurren-errehabilitazioa-gaixotasun-arraroa\/\"><img loading=\"lazy\" decoding=\"async\" width=\"425\" height=\"213\" src=\"https:\/\/ospitalarioakfundazioaeuskadi.org\/wp-content\/uploads\/2025\/03\/exoesqueleto-atlas-2030-nerea-meabe-425x213.jpg\" class=\"attachment-medium size-medium cropar wp-post-image\" alt=\"\" srcset=\"https:\/\/ospitalarioakfundazioaeuskadi.org\/wp-content\/uploads\/2025\/03\/exoesqueleto-atlas-2030-nerea-meabe-425x213.jpg 425w, https:\/\/ospitalarioakfundazioaeuskadi.org\/wp-content\/uploads\/2025\/03\/exoesqueleto-atlas-2030-nerea-meabe-850x425.jpg 850w, https:\/\/ospitalarioakfundazioaeuskadi.org\/wp-content\/uploads\/2025\/03\/exoesqueleto-atlas-2030-nerea-meabe-768x384.jpg 768w, https:\/\/ospitalarioakfundazioaeuskadi.org\/wp-content\/uploads\/2025\/03\/exoesqueleto-atlas-2030-nerea-meabe.jpg 1080w\" sizes=\"auto, (max-width: 425px) 100vw, 425px\" title=\"\"><\/a><\/figure>\n<p><time>2025(e)ko martxoa(r)en 24a<\/time><\/p>\n<h3 class=\"morado\"><a href=\"https:\/\/ospitalarioakfundazioaeuskadi.org\/eu\/atlas-2030-exoeskeletoa-haurren-errehabilitazioa-gaixotasun-arraroa\/\">Atlas 2030 exoeskeletoaz eta haurren errehabilitazioaz hitz egin dugu Euskadiko Gaixotasun Arraroei buruzko XXVI. Jardunaldietan<\/a><\/h3>\n<\/div>\n <\/div>\n\t\n\t\n  <\/div>\n<div class=\"boton-morado\"><p style=\"text-align: center;\"><a title=\"Albiste guztiak\" href=\"https:\/\/ospitalarioakfundazioaeuskadi.org\/eu\/komunikazioa\/gaurkotasuna\/\">Albiste guztiak \u2192<\/a><\/p><\/div> \n\t\n\t\n<\/div>\n\t[\/vc_column_text][\/vc_column][\/vc_row][vc_row full_width=&#8221;stretch_row_content&#8221; el_class=&#8221;pad-60-t-b&#8221; css=&#8221;.vc_custom_1659382098847{padding-right: 40px !important;padding-left: 40px !important;}&#8221;][vc_column][vc_column_text]\n\n\n<div id=\"wpv-view-layout-38386\" class=\"js-wpv-view-layout js-wpv-layout-responsive js-wpv-view-layout-38386\" data-viewnumber=\"38386\" data-pagination=\"{&quot;id&quot;:38386,&quot;query&quot;:&quot;normal&quot;,&quot;type&quot;:&quot;disabled&quot;,&quot;effect&quot;:&quot;fade&quot;,&quot;duration&quot;:500,&quot;speed&quot;:5,&quot;pause_on_hover&quot;:&quot;enabled&quot;,&quot;stop_rollover&quot;:&quot;false&quot;,&quot;cache_pages&quot;:&quot;enabled&quot;,&quot;preload_images&quot;:&quot;enabled&quot;,&quot;preload_pages&quot;:&quot;enabled&quot;,&quot;preload_reach&quot;:1,&quot;spinner&quot;:&quot;builtin&quot;,&quot;spinner_image&quot;:&quot;https:\/\/www.aita-menni.org\/wp-content\/plugins\/toolset-blocks\/embedded\/res\/img\/ajax-loader.gif&quot;,&quot;callback_next&quot;:&quot;&quot;,&quot;manage_history&quot;:&quot;enabled&quot;,&quot;has_controls_in_form&quot;:&quot;disabled&quot;,&quot;infinite_tolerance&quot;:&quot;0&quot;,&quot;max_pages&quot;:1,&quot;page&quot;:1,&quot;base_permalink&quot;:&quot;\/eu\/wp-json\/wp\/v2\/pages\/43522?wpv_view_count=38386&amp;wpv_paged=WPV_PAGE_NUM&quot;,&quot;loop&quot;:{&quot;type&quot;:&quot;&quot;,&quot;name&quot;:&quot;&quot;,&quot;data&quot;:[],&quot;id&quot;:0}}\" data-permalink=\"\/eu\/wp-json\/wp\/v2\/pages\/43522?wpv_view_count=38386\">\n\n\t\n<h2 style=\"text-align:center;margin-top:60px;\">Artikuluak<\/h2>\n<div class=\"sli-a\">\n\t\n\t\n      <div class=\"diapo\"><!-- <figure><a href=\"[wpv-post-url]\" title=\"[wpv-post-title]\">[wpv-post-featured-image size='medium' class='cropar']<\/a><\/figure> -->\n<h3 class=\"morado\"><a href=\"https:\/\/ospitalarioakfundazioaeuskadi.org\/eu\/artikulua\/kalte-zerebrala-balorazioa-adimen-artifiziala-juan-marin\/\">Adimen artifiziala kalte zerebralaren balorazioan eta diagnostikoan: eredu prediktiboetatik eguneroko praktika klinikora<\/a><\/h3>\n<time>2025(e)ko azaroa(r)en 20a<\/time>\n<div style=\"padding-top:15px;border-top:1px solid #72cdd1;\">\n\t\n\t\n\t\t<address class=\"author vcard autor-2a\"><strong>Dr. Juan Ignacio Mar\u00edn Ojea<\/strong><\/address>\n<span class=\"font-1em gris999\" style=\"padding-bottom: 20px;\"><p>Medikuntza Fisiko eta Errehabilitazioko espezialista. <a href=\"https:\/\/ospitalarioakfundazioaeuskadi.org\/eu\/zer-egiten-dugun\/neuroerrehabilitazioa-kalte-zerebrala\/\">Neuroerrehabilitazio eta\u00a0Kalte Zerebraleko Zerbitzua<\/a>. <a href=\"\/eu\/\">Ospitalarioak Fundazioa Euskadi<\/a>.<\/p>\n<\/span>\n\t\n\t\n    <\/div><\/div>\n\t\n      <div class=\"diapo\"><!-- <figure><a href=\"[wpv-post-url]\" title=\"[wpv-post-title]\">[wpv-post-featured-image size='medium' class='cropar']<\/a><\/figure> -->\n<h3 class=\"morado\"><a href=\"https:\/\/ospitalarioakfundazioaeuskadi.org\/eu\/artikulua\/kalte-zerebrala-errehabilitazioa-pronostikoa-expektatibak\/\">Kalte zerebralaren pronostikoa eta errehabilitaziorako espektatibak: laguntasun zintzoko eredu baterantz<\/a><\/h3>\n<time>2025(e)ko ekaina(r)en 20a<\/time>\n<div style=\"padding-top:15px;border-top:1px solid #72cdd1;\">\n\t\n\t\n\t\t<address class=\"author vcard autor-2a\"><strong>Dr. Juan Ignacio Mar\u00edn Ojea<\/strong><\/address>\n<span class=\"font-1em gris999\" style=\"padding-bottom: 20px;\"><p>Medikuntza Fisiko eta Errehabilitazioko espezialista. <a href=\"https:\/\/ospitalarioakfundazioaeuskadi.org\/eu\/zer-egiten-dugun\/neuroerrehabilitazioa-kalte-zerebrala\/\">Neuroerrehabilitazio eta\u00a0Kalte Zerebraleko Zerbitzua<\/a>. <a href=\"\/eu\/\">Ospitalarioak Fundazioa Euskadi<\/a>.<\/p>\n<\/span>\n\t\n\t\n    <\/div><\/div>\n\t\n      <div class=\"diapo\"><!-- <figure><a href=\"[wpv-post-url]\" title=\"[wpv-post-title]\">[wpv-post-featured-image size='medium' class='cropar']<\/a><\/figure> -->\n<h3 class=\"morado\"><a href=\"https:\/\/ospitalarioakfundazioaeuskadi.org\/eu\/artikulua\/estimulazio-magnetiko-transkraniala-garuneko-plastikotasunerako-leiho-bat-errehabilitazioan\/\">Estimulazio magnetiko transkraniala: garuneko plastikotasunerako leiho bat, errehabilitazioan<\/a><\/h3>\n<time>2025(e)ko ekaina(r)en 6a<\/time>\n<div style=\"padding-top:15px;border-top:1px solid #72cdd1;\">\n\t\n\t\n\t\t<address class=\"author vcard autor-2a\"><strong>Dr. Juan Ignacio Mar\u00edn Ojea<\/strong><\/address>\n<span class=\"font-1em gris999\" style=\"padding-bottom: 20px;\"><p>Medikuntza Fisiko eta Errehabilitazioko espezialista. <a href=\"https:\/\/ospitalarioakfundazioaeuskadi.org\/eu\/zer-egiten-dugun\/neuroerrehabilitazioa-kalte-zerebrala\/\">Neuroerrehabilitazio eta\u00a0Kalte Zerebraleko Zerbitzua<\/a>. <a href=\"\/eu\/\">Ospitalarioak Fundazioa Euskadi<\/a>.<\/p>\n<\/span>\n\t\n\t\n    <\/div><\/div>\n\t\n      <div class=\"diapo\"><!-- <figure><a href=\"[wpv-post-url]\" title=\"[wpv-post-title]\">[wpv-post-featured-image size='medium' class='cropar']<\/a><\/figure> -->\n<h3 class=\"morado\"><a href=\"https:\/\/ospitalarioakfundazioaeuskadi.org\/eu\/artikulua\/goiko-gorputz-adarraren-errehabilitazio-robotikoa-berrikuntza-funtzionalaren-eboluzioa\/\">Goiko gorputz adarraren errehabilitazio robotikoa: berrikuntza funtzionalaren eboluzioa<\/a><\/h3>\n<time>2025(e)ko maiatza(r)en 13a<\/time>\n<div style=\"padding-top:15px;border-top:1px solid #72cdd1;\">\n\t\n\t\n\t\t<address class=\"author vcard autor-2a\"><strong>Neuroerrehabilitazio eta Kalte Zerebraleko Zerbitzua<\/strong><\/address>\n<span class=\"font-1em gris999\" style=\"padding-bottom: 20px;\"><p><a href=\"https:\/\/ospitalarioakfundazioaeuskadi.org\/eu\/zer-egiten-dugun\/neuroerrehabilitazioa-kalte-zerebrala\/\">Neuroerrehabilitazio eta Kalte Zerebraleko Zerbitzua<\/a>. <a href=\"\/eu\/\">Ospitalarioak Fundazioa Euskadi<\/a>.<\/p>\n<\/span>\n\t\n\t\n    <\/div><\/div>\n\t\n      <div class=\"diapo\"><!-- <figure><a href=\"[wpv-post-url]\" title=\"[wpv-post-title]\">[wpv-post-featured-image size='medium' class='cropar']<\/a><\/figure> -->\n<h3 class=\"morado\"><a href=\"https:\/\/ospitalarioakfundazioaeuskadi.org\/eu\/artikulua\/atlas-2030-exoeskeletoa-gaixotasun-arraroak\/\">Atlas 2030 exoeskeletoaren erabilera gaixotasun arraroen tratamenduan<\/a><\/h3>\n<time>2025(e)ko martxoa(r)en 25a<\/time>\n<div style=\"padding-top:15px;border-top:1px solid #72cdd1;\">\n\t\n\t\n\t\t<address class=\"author vcard autor-2a\"><strong>Irma Garc\u00eda<\/strong><\/address>\n<span class=\"font-1em gris999\" style=\"padding-bottom: 20px;\"><p>Fisioterapeuta pediatrikoa. Aita Menniko Haurren Errehabilitazioko Unitateko koordinatzailea. <a href=\"https:\/\/www.aita-menni.org\/eu\/centro\/aita-menni-bilboko-neuroerrehabilitazio-zentroa\/\" rel=\"nofollow noopener\" target=\"_blank\">Aita Menni Neuroerrehabilitazio Zentroa<\/a> (Bilbo).<\/p>\n<\/span>\n\t\n\t\t<address class=\"author vcard autor-2a\"><strong>Nerea Meabe<\/strong><\/address>\n<span class=\"font-1em gris999\" style=\"padding-bottom: 20px;\"><p>Fisioterapeuta. <a href=\"https:\/\/www.aita-menni.org\/eu\/zentroa\/aita-menni-ospitalea\/\" rel=\"nofollow noopener\" target=\"_blank\">Aita Menni Ospitalea<\/a>.<\/p>\n<\/span>\n\t\n\t\n    <\/div><\/div>\n\t\n      <div class=\"diapo\"><!-- <figure><a href=\"[wpv-post-url]\" title=\"[wpv-post-title]\">[wpv-post-featured-image size='medium' class='cropar']<\/a><\/figure> -->\n<h3 class=\"morado\"><a href=\"https:\/\/ospitalarioakfundazioaeuskadi.org\/eu\/artikulua\/iktus-baten-ondoren-goiko-gorputz-adarraren-errehabilitazio-motorraren-lanketak-esplorazio-ludikoaren-eta-zereginetara-bideratutako-entrenamenduaren-integrazioa\/\">Iktus baten ondoren goiko gorputz adarraren errehabilitazio motorraren lanketak: esplorazio ludikoaren eta zereginetara bideratutako entrenamenduaren integrazioa<\/a><\/h3>\n<time>2025(e)ko otsaila(r)en 27a<\/time>\n<div style=\"padding-top:15px;border-top:1px solid #72cdd1;\">\n\t\n\t\n\t\t<address class=\"author vcard autor-2a\"><strong>Dr. Juan Ignacio Mar\u00edn Ojea<\/strong><\/address>\n<span class=\"font-1em gris999\" style=\"padding-bottom: 20px;\"><p>Medikuntza Fisiko eta Errehabilitazioko espezialista. <a href=\"https:\/\/ospitalarioakfundazioaeuskadi.org\/eu\/zer-egiten-dugun\/neuroerrehabilitazioa-kalte-zerebrala\/\">Neuroerrehabilitazio eta\u00a0Kalte Zerebraleko Zerbitzua<\/a>. <a href=\"\/eu\/\">Ospitalarioak Fundazioa Euskadi<\/a>.<\/p>\n<\/span>\n\t\n\t\n    <\/div><\/div>\n\t\n      <div class=\"diapo\"><!-- <figure><a href=\"[wpv-post-url]\" title=\"[wpv-post-title]\">[wpv-post-featured-image size='medium' class='cropar']<\/a><\/figure> -->\n<h3 class=\"morado\"><a href=\"https:\/\/ospitalarioakfundazioaeuskadi.org\/eu\/artikulua\/haur-fisioterapia-uretan-errehabilitazioa\/\">Haur fisioterapia uretan: ingurune urtarra, errehabilitazioaren aliatu<\/a><\/h3>\n<time>2025(e)ko otsaila(r)en 20a<\/time>\n<div style=\"padding-top:15px;border-top:1px solid #72cdd1;\">\n\t\n\t\n\t\t<address class=\"author vcard autor-2a\"><strong>Elena Tamp\u00e1n<\/strong><\/address>\n<span class=\"font-1em gris999\" style=\"padding-bottom: 20px;\"><p>Fisioterapeuta pediatrikoa. Aita Menni Haurren Errehabilitazio Unitatea. <a href=\"https:\/\/www.aita-menni.org\/eu\/centro\/aita-menni-bilboko-neuroerrehabilitazio-zentroa\/\" rel=\"nofollow noopener\" target=\"_blank\">Aita Menni Neuroerrehabilitazio Zentroa<\/a> (Bilbo).<\/p>\n<\/span>\n\t\n\t\t<address class=\"author vcard autor-2a\"><strong>Irma Garc\u00eda<\/strong><\/address>\n<span class=\"font-1em gris999\" style=\"padding-bottom: 20px;\"><p>Fisioterapeuta pediatrikoa. Aita Menniko Haurren Errehabilitazioko Unitateko koordinatzailea. <a href=\"https:\/\/www.aita-menni.org\/eu\/centro\/aita-menni-bilboko-neuroerrehabilitazio-zentroa\/\" rel=\"nofollow noopener\" target=\"_blank\">Aita Menni Neuroerrehabilitazio Zentroa<\/a> (Bilbo).<\/p>\n<\/span>\n\t\n\t\n    <\/div><\/div>\n\t\n      <div class=\"diapo\"><!-- <figure><a href=\"[wpv-post-url]\" title=\"[wpv-post-title]\">[wpv-post-featured-image size='medium' class='cropar']<\/a><\/figure> -->\n<h3 class=\"morado\"><a href=\"https:\/\/ospitalarioakfundazioaeuskadi.org\/eu\/artikulua\/zer-da-malgutasun-kognitiboa\/\">Zer da malgutasun kognitiboa?<\/a><\/h3>\n<time>2024(e)ko ekaina(r)en 25a<\/time>\n<div style=\"padding-top:15px;border-top:1px solid #72cdd1;\">\n\t\n\t\n\t\t<address class=\"author vcard autor-2a\"><strong>Ane Mart\u00ednez Oficialdegui<\/strong><\/address>\n<span class=\"font-1em gris999\" style=\"padding-bottom: 20px;\"><p>Psikologoa. <a href=\"https:\/\/www.aita-menni.org\/eu\/zer-egiten-dugun\/kalte-zerebrala\/\" rel=\"nofollow noopener\" target=\"_blank\">Kalte Zerebraleko Zerbitzua.<\/a> <a href=\"\/eu\/\">Ospitalarioak Fundazioa Euskadi.<\/a><\/p>\n<\/span>\n\t\n\t\t<address class=\"author vcard autor-2a\"><strong>Jos\u00e9 Ignacio Quemada Ubis<\/strong><\/address>\n<span class=\"font-1em gris999\" style=\"padding-bottom: 20px;\"><p>Psikiatra. Ospitalarioak Fundazioaren <a href=\"http:\/\/www.da\u00f1ocereberal.es\" rel=\"nofollow noopener\" target=\"_blank\">Kalte Zerebraleko Menni Sareko<\/a> zuzendaria.<\/p>\n<\/span>\n\t\n\t\n    <\/div><\/div>\n\t\n      <div class=\"diapo\"><!-- <figure><a href=\"[wpv-post-url]\" title=\"[wpv-post-title]\">[wpv-post-featured-image size='medium' class='cropar']<\/a><\/figure> -->\n<h3 class=\"morado\"><a href=\"https:\/\/ospitalarioakfundazioaeuskadi.org\/eu\/artikulua\/kalte-zerebralaren-errehabilitazioari-buruzko-neuropsikologia-klinikoa\/\">Kalte zerebralaren errehabilitazioari buruzko neuropsikologia klinikoa<\/a><\/h3>\n<time>2024(e)ko otsaila(r)en 26a<\/time>\n<div style=\"padding-top:15px;border-top:1px solid #72cdd1;\">\n\t\n\t\n\t\t<address class=\"author vcard autor-2a\"><strong>Ainhoa Espinosa de Luzarraga<\/strong><\/address>\n<span class=\"font-1em gris999\" style=\"padding-bottom: 20px;\"><p><a href=\"\/eu\/\">Ospitalarioak Fundazioa Euskadiko<\/a> neuropsikologoa <a href=\"https:\/\/www.aita-menni.org\/eu\/centro\/ifas-bekoetxe-kalte-zerebraleko-eguneko-zentroa\/\" rel=\"nofollow noopener\" target=\"_blank\">IFAS Bekoetxeko Kalte Zerebralaren Eguneko Zentroan<\/a>. Neuropsikologia eta sexualitateko hezitzailea.<\/p>\n<\/span>\n\t\n\t\n    <\/div><\/div>\n\t\n      <div class=\"diapo\"><!-- <figure><a href=\"[wpv-post-url]\" title=\"[wpv-post-title]\">[wpv-post-featured-image size='medium' class='cropar']<\/a><\/figure> -->\n<h3 class=\"morado\"><a href=\"https:\/\/ospitalarioakfundazioaeuskadi.org\/eu\/artikulua\/nahasmendu-kognitibo-konduktualen-maneiua-etikan-eta-duintasunean-oinarrituta\/\">Nahasmendu kognitibo-konduktualen maneiua, etikan eta duintasunean oinarrituta<\/a><\/h3>\n<time>2024(e)ko otsaila(r)en 7a<\/time>\n<div style=\"padding-top:15px;border-top:1px solid #72cdd1;\">\n\t\n\t\n\t\t<address class=\"author vcard autor-2a\"><strong>Ainhoa Espinosa de Luzarraga<\/strong><\/address>\n<span class=\"font-1em gris999\" style=\"padding-bottom: 20px;\"><p><a href=\"\/eu\/\">Ospitalarioak Fundazioa Euskadiko<\/a> neuropsikologoa <a href=\"https:\/\/www.aita-menni.org\/eu\/centro\/ifas-bekoetxe-kalte-zerebraleko-eguneko-zentroa\/\" rel=\"nofollow noopener\" target=\"_blank\">IFAS Bekoetxeko Kalte Zerebralaren Eguneko Zentroan<\/a>. Neuropsikologia eta sexualitateko hezitzailea.<\/p>\n<\/span>\n\t\n\t\n    <\/div><\/div>\n\t\n      <div class=\"diapo\"><!-- <figure><a href=\"[wpv-post-url]\" title=\"[wpv-post-title]\">[wpv-post-featured-image size='medium' class='cropar']<\/a><\/figure> -->\n<h3 class=\"morado\"><a href=\"https:\/\/ospitalarioakfundazioaeuskadi.org\/eu\/artikulua\/patologia-psikiatrikoa-larriagotzea-trafiko-istripu-baten-ondoren\/\">Patologia psikiatrikoa larriagotzea trafiko istripu baten ondoren<\/a><\/h3>\n<time>2023(e)ko abendua(r)en 14a<\/time>\n<div style=\"padding-top:15px;border-top:1px solid #72cdd1;\">\n\t\n\t\n\t\t<address class=\"author vcard autor-2a\"><strong>Jos\u00e9 Ignacio Quemada Ubis<\/strong><\/address>\n<span class=\"font-1em gris999\" style=\"padding-bottom: 20px;\"><p>Psikiatra. Ospitalarioak Fundazioaren <a href=\"http:\/\/www.da\u00f1ocereberal.es\" rel=\"nofollow noopener\" target=\"_blank\">Kalte Zerebraleko Menni Sareko<\/a> zuzendaria.<\/p>\n<\/span>\n\t\n\t\n    <\/div><\/div>\n\t\n      <div class=\"diapo\"><!-- <figure><a href=\"[wpv-post-url]\" title=\"[wpv-post-title]\">[wpv-post-featured-image size='medium' class='cropar']<\/a><\/figure> -->\n<h3 class=\"morado\"><a href=\"https:\/\/ospitalarioakfundazioaeuskadi.org\/eu\/artikulua\/suizidioa-prebenitzeko-lan-egiten-dugu\/\">Suizidioa prebenitzeko lan egiten dugu<\/a><\/h3>\n<time>2023(e)ko iraila(r)en 20a<\/time>\n<div style=\"padding-top:15px;border-top:1px solid #72cdd1;\">\n\t\n\t\n\t\t<address class=\"author vcard autor-2a\"><strong>Beatriz Nogueras Ormazabal<\/strong><\/address>\n<span class=\"font-1em gris999\" style=\"padding-bottom: 20px;\"><p>Psikiatra. Arduradun klinikoa. <a href=\"https:\/\/www.aita-menni.org\/es\/unidad\/unidad-de-media-estancia\/\" rel=\"nofollow noopener\" target=\"_blank\">Egonaldi Ertaineko Unitatea<\/a>. <a href=\"https:\/\/www.aita-menni.org\/eu\/zentroa\/aita-menni-ospitalea\/\" rel=\"nofollow noopener\" target=\"_blank\">Aita Menni Opitalea<\/a>.<\/p>\n<\/span>\n\t\n\t\n    <\/div><\/div>\n\t\n\t\n<\/div>\n<div class=\"boton-morado\"><p style=\"text-align: center;\"><a title=\"Artikulu guztiak\" href=\"https:\/\/ospitalarioakfundazioaeuskadi.org\/eu\/komunikazioa\/artikuluak\/\">Artikulu guztiak \u2192<\/a><\/p><\/div> \n\t\n\t\n<\/div>\n[\/vc_column_text][\/vc_column][\/vc_row]<\/p>\n<\/div>","protected":false},"excerpt":{"rendered":"<div class=\"link-more\"><a href=\"https:\/\/ospitalarioakfundazioaeuskadi.org\/eu\/zer-egiten-dugun\/neuroerrehabilitazioa-kalte-zerebrala\/\" class=\"more-link\">Jarraitu irakurtzen<span class=\"screen-reader-text\"> &ldquo;Neuroerrehabilitazioa eta kalte zerebrala&rdquo;<\/span>&#8230;<\/a><\/div>\n","protected":false},"author":1,"featured_media":41465,"parent":43519,"menu_order":29,"comment_status":"closed","ping_status":"closed","template":"templates\/sin-head-h1.php","meta":{"footnotes":""},"class_list":["post-43522","page","type-page","status-publish","has-post-thumbnail","hentry","entry"],"_links":{"self":[{"href":"https:\/\/ospitalarioakfundazioaeuskadi.org\/eu\/wp-json\/wp\/v2\/pages\/43522","targetHints":{"allow":["GET"]}}],"collection":[{"href":"https:\/\/ospitalarioakfundazioaeuskadi.org\/eu\/wp-json\/wp\/v2\/pages"}],"about":[{"href":"https:\/\/ospitalarioakfundazioaeuskadi.org\/eu\/wp-json\/wp\/v2\/types\/page"}],"author":[{"embeddable":true,"href":"https:\/\/ospitalarioakfundazioaeuskadi.org\/eu\/wp-json\/wp\/v2\/users\/1"}],"replies":[{"embeddable":true,"href":"https:\/\/ospitalarioakfundazioaeuskadi.org\/eu\/wp-json\/wp\/v2\/comments?post=43522"}],"version-history":[{"count":3,"href":"https:\/\/ospitalarioakfundazioaeuskadi.org\/eu\/wp-json\/wp\/v2\/pages\/43522\/revisions"}],"predecessor-version":[{"id":74642,"href":"https:\/\/ospitalarioakfundazioaeuskadi.org\/eu\/wp-json\/wp\/v2\/pages\/43522\/revisions\/74642"}],"up":[{"embeddable":true,"href":"https:\/\/ospitalarioakfundazioaeuskadi.org\/eu\/wp-json\/wp\/v2\/pages\/43519"}],"wp:featuredmedia":[{"embeddable":true,"href":"https:\/\/ospitalarioakfundazioaeuskadi.org\/eu\/wp-json\/wp\/v2\/media\/41465"}],"wp:attachment":[{"href":"https:\/\/ospitalarioakfundazioaeuskadi.org\/eu\/wp-json\/wp\/v2\/media?parent=43522"}],"curies":[{"name":"wp","href":"https:\/\/api.w.org\/{rel}","templated":true}]}}